{"id":25294,"date":"2023-11-29T14:59:04","date_gmt":"2023-11-29T14:59:04","guid":{"rendered":"https:\/\/www.tvm.co.mz\/novosite\/?page_id=25294"},"modified":"2024-03-19T13:42:53","modified_gmt":"2024-03-19T13:42:53","slug":"arte-e-cultura","status":"publish","type":"page","link":"https:\/\/www.tvm.co.mz\/novosite\/arte-e-cultura\/","title":{"rendered":"Arte e Cultura"},"content":{"rendered":"\t\t<div data-elementor-type=\"wp-page\" data-elementor-id=\"25294\" class=\"elementor elementor-25294\">\n\t\t\t\t\t\t<section class=\"elementor-section elementor-top-section elementor-element elementor-element-536459f elementor-section-boxed elementor-section-height-default elementor-section-height-default wpr-particle-no wpr-jarallax-no wpr-parallax-no wpr-sticky-section-no\" data-id=\"536459f\" data-element_type=\"section\" data-e-type=\"section\" data-settings=\"{&quot;background_background&quot;:&quot;classic&quot;}\">\n\t\t\t\t\t\t<div class=\"elementor-container elementor-column-gap-default\">\n\t\t\t\t\t<div class=\"elementor-column elementor-col-100 elementor-top-column elementor-element elementor-element-609c004\" data-id=\"609c004\" data-element_type=\"column\" data-e-type=\"column\">\n\t\t\t<div class=\"elementor-widget-wrap elementor-element-populated\">\n\t\t\t\t\t\t<div class=\"elementor-element elementor-element-03158d8 elementor-widget__width-auto elementor-widget elementor-widget-heading\" data-id=\"03158d8\" data-element_type=\"widget\" data-e-type=\"widget\" data-widget_type=\"heading.default\">\n\t\t\t\t<div class=\"elementor-widget-container\">\n\t\t\t\t\t<h2 class=\"elementor-heading-title elementor-size-default\">ENTRETENIMENTO<\/h2>\t\t\t\t<\/div>\n\t\t\t\t<\/div>\n\t\t\t\t<div class=\"elementor-element elementor-element-2eae189 elementor-widget__width-auto eael_simple_menu_hamburger_disable_selected_menu_no eael-simple-menu-hamburger-align-right eael-hamburger--tablet elementor-widget elementor-widget-eael-simple-menu\" data-id=\"2eae189\" data-element_type=\"widget\" data-e-type=\"widget\" data-widget_type=\"eael-simple-menu.default\">\n\t\t\t\t<div class=\"elementor-widget-container\">\n\t\t\t\t\t<style>\n                        @media screen and (max-width: 1024px) {\n                            .eael-hamburger--tablet {\n                                .eael-simple-menu-horizontal,\n                                .eael-simple-menu-vertical {\n                                    display: none;\n                                }\n                            }\n                            .eael-hamburger--tablet {\n                                .eael-simple-menu-container .eael-simple-menu-toggle {\n                                    display: block;\n                                }\n                            }\n                        }\n                        .eael-simple-menu-container.eael-simple-menu--loading > ul {\n                            display: -webkit-box !important;\n                            display: -ms-flexbox !important;\n                            display: flex !important;\n                            list-style: none !important;\n                        }\n                        .eael-simple-menu-container.eael-simple-menu--loading li ul {\n                            visibility: hidden !important;\n                            opacity: 0 !important;\n                        }\n                    <\/style>            <div data-hamburger-icon=\"&lt;i aria-hidden=&quot;true&quot; class=&quot;fas fa-bars&quot;&gt;&lt;\/i&gt;\" data-indicator-icon=\"&lt;i aria-hidden=&quot;true&quot; class=&quot;fas fa-angle-down&quot;&gt;&lt;\/i&gt;\" data-dropdown-indicator-icon=\"&lt;i class=&quot;fas fa-angle-down&quot;&gt;&lt;\/i&gt;\" class=\"eael-simple-menu-container eael-simple-menu--loading eael-simple-menu-align-left eael-simple-menu-dropdown-align-left preset-1\" data-hamburger-breakpoints=\"{&quot;mobile&quot;:&quot;Mobile ao alto (&gt; 767px)&quot;,&quot;tablet&quot;:&quot;Tablet Portrait (&gt; 1024px)&quot;,&quot;desktop&quot;:&quot;Desktop (&gt; 2400px)&quot;,&quot;none&quot;:&quot;None&quot;}\" data-hamburger-device=\"tablet\">\n                <ul id=\"menu-entretenimento\" class=\"eael-simple-menu eael-simple-menu-dropdown-animate-to-top eael-simple-menu-indicator eael-simple-menu-horizontal\"><li id=\"menu-item-25311\" class=\"menu-item menu-item-type-post_type menu-item-object-page menu-item-25311\"><a href=\"https:\/\/www.tvm.co.mz\/novosite\/cinema\/\" class=\"menu-link\">Cinema<\/a><\/li>\n<li id=\"menu-item-25310\" class=\"menu-item menu-item-type-post_type menu-item-object-page menu-item-25310\"><a href=\"https:\/\/www.tvm.co.mz\/novosite\/eventos\/\" class=\"menu-link\">Eventos<\/a><\/li>\n<li id=\"menu-item-25309\" class=\"menu-item menu-item-type-post_type menu-item-object-page menu-item-25309\"><a href=\"https:\/\/www.tvm.co.mz\/novosite\/saude-e-lazer\/\" class=\"menu-link\">Sa\u00fade e Lazer<\/a><\/li>\n<li id=\"menu-item-25308\" class=\"menu-item menu-item-type-post_type menu-item-object-page menu-item-25308\"><a href=\"https:\/\/www.tvm.co.mz\/novosite\/curiosidades\/\" class=\"menu-link\">Curiosidades<\/a><\/li>\n<li id=\"menu-item-25307\" class=\"menu-item menu-item-type-post_type menu-item-object-page menu-item-25307\"><a href=\"https:\/\/www.tvm.co.mz\/novosite\/receitas\/\" class=\"menu-link\">Receitas<\/a><\/li>\n<li id=\"menu-item-25306\" class=\"menu-item menu-item-type-post_type menu-item-object-page menu-item-25306\"><a href=\"https:\/\/www.tvm.co.mz\/novosite\/tecnologia\/\" class=\"menu-link\">Tecnologia<\/a><\/li>\n<li id=\"menu-item-25305\" class=\"menu-item menu-item-type-post_type menu-item-object-page menu-item-25305\"><a href=\"https:\/\/www.tvm.co.mz\/novosite\/arte-e-cultura\/\" class=\"menu-link\">Arte e Cultura<\/a><\/li>\n<li id=\"menu-item-25304\" class=\"menu-item menu-item-type-post_type menu-item-object-page menu-item-25304\"><a href=\"https:\/\/www.tvm.co.mz\/novosite\/passatempo\/\" class=\"menu-link\">Passatempo<\/a><\/li>\n<\/ul>                <button class=\"eael-simple-menu-toggle\">\n                    <span class=\"sr-only \">Hamburger Toggle Menu<\/span>\n                    <i aria-hidden=\"true\" class=\"fas fa-bars\"><\/i>                <\/button>\n            <\/div>\n            \t\t\t\t<\/div>\n\t\t\t\t<\/div>\n\t\t\t\t\t<\/div>\n\t\t<\/div>\n\t\t\t\t\t<\/div>\n\t\t<\/section>\n\t\t\t\t<section class=\"elementor-section elementor-top-section elementor-element elementor-element-d6a8c4b elementor-section-boxed elementor-section-height-default elementor-section-height-default wpr-particle-no wpr-jarallax-no wpr-parallax-no wpr-sticky-section-no\" data-id=\"d6a8c4b\" data-element_type=\"section\" data-e-type=\"section\">\n\t\t\t\t\t\t<div class=\"elementor-container elementor-column-gap-default\">\n\t\t\t\t\t<div class=\"elementor-column elementor-col-66 elementor-top-column elementor-element elementor-element-11307b3\" data-id=\"11307b3\" data-element_type=\"column\" data-e-type=\"column\">\n\t\t\t<div class=\"elementor-widget-wrap elementor-element-populated\">\n\t\t\t\t\t\t<div class=\"elementor-element elementor-element-8ef39eb elementor-widget elementor-widget-heading\" data-id=\"8ef39eb\" data-element_type=\"widget\" data-e-type=\"widget\" data-widget_type=\"heading.default\">\n\t\t\t\t<div class=\"elementor-widget-container\">\n\t\t\t\t\t<h2 class=\"elementor-heading-title elementor-size-default\">ARTE E CULTURA<\/h2>\t\t\t\t<\/div>\n\t\t\t\t<\/div>\n\t\t\t\t<div class=\"elementor-element elementor-element-928f58a elementor-widget elementor-widget-upk-maple-grid\" data-id=\"928f58a\" data-element_type=\"widget\" data-e-type=\"widget\" data-widget_type=\"upk-maple-grid.default\">\n\t\t\t\t<div class=\"elementor-widget-container\">\n\t\t\t\t\t\t\t<div class=\"upk-maple-grid upk-ajax-grid\" data-loadmore=\"[]\">\n\t\t\t<div class=\"upk-post-grid upk-ajax-grid-wrap upk-style-4\">\n\n\t\t\t\t\n\t\t\t\t\t\t\t<div class=\"upk-item\">\n\t\t\t<div class=\"upk-item-box\">\n\t\t\t\t<div class=\"upk-image-wrap\">\n\t\t\t\t\t<div class=\"upk-main-image\">\n\t\t\t\t\t\t<img fetchpriority=\"high\" decoding=\"async\" width=\"850\" height=\"470\" src=\"https:\/\/www.tvm.co.mz\/novosite\/wp-content\/uploads\/2025\/01\/hbgvcdxszaqeit.png\" class=\"upk-img\" alt=\"Catorze anos sem Malangatana:A fam\u00edlia pede apoio para a constru\u00e7\u00e3o de projecto para imortaliza\u00e7\u00e3o\" srcset=\"https:\/\/www.tvm.co.mz\/novosite\/wp-content\/uploads\/2025\/01\/hbgvcdxszaqeit.png 850w, https:\/\/www.tvm.co.mz\/novosite\/wp-content\/uploads\/2025\/01\/hbgvcdxszaqeit-300x166.png 300w, https:\/\/www.tvm.co.mz\/novosite\/wp-content\/uploads\/2025\/01\/hbgvcdxszaqeit-768x425.png 768w\" sizes=\"(max-width: 850px) 100vw, 850px\" \/>\t\t\t\t\t<\/div>\n\n\t\t\t\t\t\t\t\t\t\t\t\t\t\t\t\t\t\t\t<div class=\"upk-category\">\n\t\t\t<a href=\"https:\/\/www.tvm.co.mz\/novosite\/category\/site-de-entretenimento\/arte-e-cultura\/\" \n\t\t\t\t\t\t\taria-label=\"Category Arte e Cultura\">Arte e Cultura<\/a>\t\t<\/div>\n\t\t\t\t\t\t\n\t\t\t\t<\/div>\n\n\t\t\t\t<div class=\"upk-content\">\n\t\t\t\t\t<div class=\"upk-content-inner\">\n\n\t\t\t\t\t\t\t\t\t\t\t\t\t<div class=\"upk-meta\">\n\t\t\t\t\t\t\t\t\t\t\t\t\t\t\t\t\t\t\t\n\t\t\t\t\t\t\t\t\t\n\t\t\t\t\t\t\t\t\t\t\t\t\t\t\t\t\t<div class=\"upk-blog-date\" data-separator=\"-\">\n\t\t\t\t\t\t\t\t\t\t<div class=\"upk-blog-date\">\n\t\t\t\t\t\t\t\t\t\t\t<a class=\"date\" href=\"#\">\n\t\t\t\t\t\t\t\t\t\t\t\t<i class=\"upk-icon-calendar\" aria-hidden=\"true\"><\/i>6 de Janeiro, 2025\t\t\t\t\t\t\t\t\t\t\t<\/a>\n\t\t\t\t\t\t\t\t\t\t<\/div>\n\n\t\t\t\t\t\t\t\t\t\t\t\t\t\t\t\t\t\t\t<\/div>\n\t\t\t\t\t\t\t\t\n\t\t\t\t\t\t\t\t\n\t\t\t\t\t\t\t<\/div>\n\t\t\t\t\t\t\n\t\t\t\t\t\t<h3 class=\"upk-title\"><a href=\"https:\/\/www.tvm.co.mz\/novosite\/2025\/01\/06\/catorze-anos-sem-malangatana-a-familia-pede-apoio-para-a-construcao-de-projecto-para-imortalizacao\/\" title=\"Catorze anos sem Malangatana:A fam\u00edlia pede apoio para a constru\u00e7\u00e3o de projecto para imortaliza\u00e7\u00e3o\" class=\"title-animation-underline\" aria-label=\"Catorze anos sem Malangatana:A fam\u00edlia pede apoio para a constru\u00e7\u00e3o de projecto para imortaliza\u00e7\u00e3o\">Catorze anos sem Malangatana:A fam\u00edlia pede apoio para a constru\u00e7\u00e3o de projecto para imortaliza\u00e7\u00e3o<\/a><\/h3>\n\t\t\t\t\t\t\t\t\t\t\t\t\t\t\t\t\t\t\t\t\t\t\t\t<\/div>\n\t\t\t\t<\/div>\n\n\t\t\t<\/div>\n\t\t<\/div>\n\n\n\t\n\t\t\t\t\n\t\t\t\t\t\t\t<div class=\"upk-item\">\n\t\t\t<div class=\"upk-item-box\">\n\t\t\t\t<div class=\"upk-image-wrap\">\n\t\t\t\t\t<div class=\"upk-main-image\">\n\t\t\t\t\t\t<img decoding=\"async\" width=\"850\" height=\"475\" src=\"https:\/\/www.tvm.co.mz\/novosite\/wp-content\/uploads\/2024\/12\/BVCXZAPOLIKJHGF.png\" class=\"upk-img\" alt=\"Ind\u00fastria extractiva e conte\u00fado local: Lan\u00e7ado livro que aborda a cadeia de valor do sector mineiro\" srcset=\"https:\/\/www.tvm.co.mz\/novosite\/wp-content\/uploads\/2024\/12\/BVCXZAPOLIKJHGF.png 850w, https:\/\/www.tvm.co.mz\/novosite\/wp-content\/uploads\/2024\/12\/BVCXZAPOLIKJHGF-300x168.png 300w, https:\/\/www.tvm.co.mz\/novosite\/wp-content\/uploads\/2024\/12\/BVCXZAPOLIKJHGF-768x429.png 768w\" sizes=\"(max-width: 850px) 100vw, 850px\" \/>\t\t\t\t\t<\/div>\n\n\t\t\t\t\t\t\t\t\t\t\t\t\t\t\t\t\t\t\t<div class=\"upk-category\">\n\t\t\t<a href=\"https:\/\/www.tvm.co.mz\/novosite\/category\/site-de-entretenimento\/arte-e-cultura\/\" \n\t\t\t\t\t\t\taria-label=\"Category Arte e Cultura\">Arte e Cultura<\/a>\t\t<\/div>\n\t\t\t\t\t\t\n\t\t\t\t<\/div>\n\n\t\t\t\t<div class=\"upk-content\">\n\t\t\t\t\t<div class=\"upk-content-inner\">\n\n\t\t\t\t\t\t\t\t\t\t\t\t\t<div class=\"upk-meta\">\n\t\t\t\t\t\t\t\t\t\t\t\t\t\t\t\t\t\t\t\n\t\t\t\t\t\t\t\t\t\n\t\t\t\t\t\t\t\t\t\t\t\t\t\t\t\t\t<div class=\"upk-blog-date\" data-separator=\"-\">\n\t\t\t\t\t\t\t\t\t\t<div class=\"upk-blog-date\">\n\t\t\t\t\t\t\t\t\t\t\t<a class=\"date\" href=\"#\">\n\t\t\t\t\t\t\t\t\t\t\t\t<i class=\"upk-icon-calendar\" aria-hidden=\"true\"><\/i>20 de Dezembro, 2024\t\t\t\t\t\t\t\t\t\t\t<\/a>\n\t\t\t\t\t\t\t\t\t\t<\/div>\n\n\t\t\t\t\t\t\t\t\t\t\t\t\t\t\t\t\t\t\t<\/div>\n\t\t\t\t\t\t\t\t\n\t\t\t\t\t\t\t\t\n\t\t\t\t\t\t\t<\/div>\n\t\t\t\t\t\t\n\t\t\t\t\t\t<h3 class=\"upk-title\"><a href=\"https:\/\/www.tvm.co.mz\/novosite\/2024\/12\/20\/industria-extractiva-e-conteudo-local-lancado-livro-que-aborda-a-cadeia-de-valor-do-sector-mineiro\/\" title=\"Ind\u00fastria extractiva e conte\u00fado local: Lan\u00e7ado livro que aborda a cadeia de valor do sector mineiro\" class=\"title-animation-underline\" aria-label=\"Ind\u00fastria extractiva e conte\u00fado local: Lan\u00e7ado livro que aborda a cadeia de valor do sector mineiro\">Ind\u00fastria extractiva e conte\u00fado local: Lan\u00e7ado livro que aborda a cadeia de valor do sector mineiro<\/a><\/h3>\n\t\t\t\t\t\t\t\t\t\t\t\t\t\t\t\t\t\t\t\t\t\t\t\t<\/div>\n\t\t\t\t<\/div>\n\n\t\t\t<\/div>\n\t\t<\/div>\n\n\n\t\n\t\t\t\t\n\t\t\t\t\t\t\t<div class=\"upk-item\">\n\t\t\t<div class=\"upk-item-box\">\n\t\t\t\t<div class=\"upk-image-wrap\">\n\t\t\t\t\t<div class=\"upk-main-image\">\n\t\t\t\t\t\t<img decoding=\"async\" width=\"850\" height=\"476\" src=\"https:\/\/www.tvm.co.mz\/novosite\/wp-content\/uploads\/2024\/12\/nhbgvfcdxsaq.png\" class=\"upk-img\" alt=\"Dia Mundial da L\u00edngua \u00c1rabe:Museu Nacional de Geologia acolheu as celebra\u00e7\u00f5es em Maputo\" srcset=\"https:\/\/www.tvm.co.mz\/novosite\/wp-content\/uploads\/2024\/12\/nhbgvfcdxsaq.png 850w, https:\/\/www.tvm.co.mz\/novosite\/wp-content\/uploads\/2024\/12\/nhbgvfcdxsaq-300x168.png 300w, https:\/\/www.tvm.co.mz\/novosite\/wp-content\/uploads\/2024\/12\/nhbgvfcdxsaq-768x430.png 768w\" sizes=\"(max-width: 850px) 100vw, 850px\" \/>\t\t\t\t\t<\/div>\n\n\t\t\t\t\t\t\t\t\t\t\t\t\t\t\t\t\t\t\t<div class=\"upk-category\">\n\t\t\t<a href=\"https:\/\/www.tvm.co.mz\/novosite\/category\/site-de-entretenimento\/arte-e-cultura\/\" \n\t\t\t\t\t\t\taria-label=\"Category Arte e Cultura\">Arte e Cultura<\/a>\t\t<\/div>\n\t\t\t\t\t\t\n\t\t\t\t<\/div>\n\n\t\t\t\t<div class=\"upk-content\">\n\t\t\t\t\t<div class=\"upk-content-inner\">\n\n\t\t\t\t\t\t\t\t\t\t\t\t\t<div class=\"upk-meta\">\n\t\t\t\t\t\t\t\t\t\t\t\t\t\t\t\t\t\t\t\n\t\t\t\t\t\t\t\t\t\n\t\t\t\t\t\t\t\t\t\t\t\t\t\t\t\t\t<div class=\"upk-blog-date\" data-separator=\"-\">\n\t\t\t\t\t\t\t\t\t\t<div class=\"upk-blog-date\">\n\t\t\t\t\t\t\t\t\t\t\t<a class=\"date\" href=\"#\">\n\t\t\t\t\t\t\t\t\t\t\t\t<i class=\"upk-icon-calendar\" aria-hidden=\"true\"><\/i>19 de Dezembro, 2024\t\t\t\t\t\t\t\t\t\t\t<\/a>\n\t\t\t\t\t\t\t\t\t\t<\/div>\n\n\t\t\t\t\t\t\t\t\t\t\t\t\t\t\t\t\t\t\t<\/div>\n\t\t\t\t\t\t\t\t\n\t\t\t\t\t\t\t\t\n\t\t\t\t\t\t\t<\/div>\n\t\t\t\t\t\t\n\t\t\t\t\t\t<h3 class=\"upk-title\"><a href=\"https:\/\/www.tvm.co.mz\/novosite\/2024\/12\/19\/dia-mundial-da-lingua-arabe-museu-nacional-de-geologia-acolheu-as-celebracoes-em-maputo\/\" title=\"Dia Mundial da L\u00edngua \u00c1rabe:Museu Nacional de Geologia acolheu as celebra\u00e7\u00f5es em Maputo\" class=\"title-animation-underline\" aria-label=\"Dia Mundial da L\u00edngua \u00c1rabe:Museu Nacional de Geologia acolheu as celebra\u00e7\u00f5es em Maputo\">Dia Mundial da L\u00edngua \u00c1rabe:Museu Nacional de Geologia acolheu as celebra\u00e7\u00f5es em Maputo<\/a><\/h3>\n\t\t\t\t\t\t\t\t\t\t\t\t\t\t\t\t\t\t\t\t\t\t\t\t<\/div>\n\t\t\t\t<\/div>\n\n\t\t\t<\/div>\n\t\t<\/div>\n\n\n\t\n\t\t\t\t\n\t\t\t\t\t\t\t<div class=\"upk-item\">\n\t\t\t<div class=\"upk-item-box\">\n\t\t\t\t<div class=\"upk-image-wrap\">\n\t\t\t\t\t<div class=\"upk-main-image\">\n\t\t\t\t\t\t<img loading=\"lazy\" decoding=\"async\" width=\"850\" height=\"479\" src=\"https:\/\/www.tvm.co.mz\/novosite\/wp-content\/uploads\/2024\/12\/BGVFCDXSZAQEIY.png\" class=\"upk-img\" alt=\"Ex\u00e9quias de Noel Langa:Restos mortais do artista pl\u00e1stico foram a enterrar no cemit\u00e9rio de Lhanguene\" srcset=\"https:\/\/www.tvm.co.mz\/novosite\/wp-content\/uploads\/2024\/12\/BGVFCDXSZAQEIY.png 850w, https:\/\/www.tvm.co.mz\/novosite\/wp-content\/uploads\/2024\/12\/BGVFCDXSZAQEIY-300x169.png 300w, https:\/\/www.tvm.co.mz\/novosite\/wp-content\/uploads\/2024\/12\/BGVFCDXSZAQEIY-768x433.png 768w\" sizes=\"(max-width: 850px) 100vw, 850px\" \/>\t\t\t\t\t<\/div>\n\n\t\t\t\t\t\t\t\t\t\t\t\t\t\t\t\t\t\t\t<div class=\"upk-category\">\n\t\t\t<a href=\"https:\/\/www.tvm.co.mz\/novosite\/category\/site-de-entretenimento\/arte-e-cultura\/\" \n\t\t\t\t\t\t\taria-label=\"Category Arte e Cultura\">Arte e Cultura<\/a>\t\t<\/div>\n\t\t\t\t\t\t\n\t\t\t\t<\/div>\n\n\t\t\t\t<div class=\"upk-content\">\n\t\t\t\t\t<div class=\"upk-content-inner\">\n\n\t\t\t\t\t\t\t\t\t\t\t\t\t<div class=\"upk-meta\">\n\t\t\t\t\t\t\t\t\t\t\t\t\t\t\t\t\t\t\t\n\t\t\t\t\t\t\t\t\t\n\t\t\t\t\t\t\t\t\t\t\t\t\t\t\t\t\t<div class=\"upk-blog-date\" data-separator=\"-\">\n\t\t\t\t\t\t\t\t\t\t<div class=\"upk-blog-date\">\n\t\t\t\t\t\t\t\t\t\t\t<a class=\"date\" href=\"#\">\n\t\t\t\t\t\t\t\t\t\t\t\t<i class=\"upk-icon-calendar\" aria-hidden=\"true\"><\/i>17 de Dezembro, 2024\t\t\t\t\t\t\t\t\t\t\t<\/a>\n\t\t\t\t\t\t\t\t\t\t<\/div>\n\n\t\t\t\t\t\t\t\t\t\t\t\t\t\t\t\t\t\t\t<\/div>\n\t\t\t\t\t\t\t\t\n\t\t\t\t\t\t\t\t\n\t\t\t\t\t\t\t<\/div>\n\t\t\t\t\t\t\n\t\t\t\t\t\t<h3 class=\"upk-title\"><a href=\"https:\/\/www.tvm.co.mz\/novosite\/2024\/12\/17\/exequias-de-noel-langa-restos-mortais-do-artista-plastico-foram-a-enterrar-no-cemiterio-de-lhanguene\/\" title=\"Ex\u00e9quias de Noel Langa:Restos mortais do artista pl\u00e1stico foram a enterrar no cemit\u00e9rio de Lhanguene\" class=\"title-animation-underline\" aria-label=\"Ex\u00e9quias de Noel Langa:Restos mortais do artista pl\u00e1stico foram a enterrar no cemit\u00e9rio de Lhanguene\">Ex\u00e9quias de Noel Langa:Restos mortais do artista pl\u00e1stico foram a enterrar no cemit\u00e9rio de Lhanguene<\/a><\/h3>\n\t\t\t\t\t\t\t\t\t\t\t\t\t\t\t\t\t\t\t\t\t\t\t\t<\/div>\n\t\t\t\t<\/div>\n\n\t\t\t<\/div>\n\t\t<\/div>\n\n\n\t\n\t\t\t\t\n\t\t\t\t\t\t\t<div class=\"upk-item\">\n\t\t\t<div class=\"upk-item-box\">\n\t\t\t\t<div class=\"upk-image-wrap\">\n\t\t\t\t\t<div class=\"upk-main-image\">\n\t\t\t\t\t\t<img loading=\"lazy\" decoding=\"async\" width=\"850\" height=\"464\" src=\"https:\/\/www.tvm.co.mz\/novosite\/wp-content\/uploads\/2024\/12\/onhbgvfcdxszaqwru.png\" class=\"upk-img\" alt=\"Promo\u00e7\u00e3o da cultura em Tete:RM divulga m\u00fasica tradicional na programa\u00e7\u00e3o local\" srcset=\"https:\/\/www.tvm.co.mz\/novosite\/wp-content\/uploads\/2024\/12\/onhbgvfcdxszaqwru.png 850w, https:\/\/www.tvm.co.mz\/novosite\/wp-content\/uploads\/2024\/12\/onhbgvfcdxszaqwru-300x164.png 300w, https:\/\/www.tvm.co.mz\/novosite\/wp-content\/uploads\/2024\/12\/onhbgvfcdxszaqwru-768x419.png 768w\" sizes=\"(max-width: 850px) 100vw, 850px\" \/>\t\t\t\t\t<\/div>\n\n\t\t\t\t\t\t\t\t\t\t\t\t\t\t\t\t\t\t\t<div class=\"upk-category\">\n\t\t\t<a href=\"https:\/\/www.tvm.co.mz\/novosite\/category\/site-de-entretenimento\/arte-e-cultura\/\" \n\t\t\t\t\t\t\taria-label=\"Category Arte e Cultura\">Arte e Cultura<\/a>\t\t<\/div>\n\t\t\t\t\t\t\n\t\t\t\t<\/div>\n\n\t\t\t\t<div class=\"upk-content\">\n\t\t\t\t\t<div class=\"upk-content-inner\">\n\n\t\t\t\t\t\t\t\t\t\t\t\t\t<div class=\"upk-meta\">\n\t\t\t\t\t\t\t\t\t\t\t\t\t\t\t\t\t\t\t\n\t\t\t\t\t\t\t\t\t\n\t\t\t\t\t\t\t\t\t\t\t\t\t\t\t\t\t<div class=\"upk-blog-date\" data-separator=\"-\">\n\t\t\t\t\t\t\t\t\t\t<div class=\"upk-blog-date\">\n\t\t\t\t\t\t\t\t\t\t\t<a class=\"date\" href=\"#\">\n\t\t\t\t\t\t\t\t\t\t\t\t<i class=\"upk-icon-calendar\" aria-hidden=\"true\"><\/i>16 de Dezembro, 2024\t\t\t\t\t\t\t\t\t\t\t<\/a>\n\t\t\t\t\t\t\t\t\t\t<\/div>\n\n\t\t\t\t\t\t\t\t\t\t\t\t\t\t\t\t\t\t\t<\/div>\n\t\t\t\t\t\t\t\t\n\t\t\t\t\t\t\t\t\n\t\t\t\t\t\t\t<\/div>\n\t\t\t\t\t\t\n\t\t\t\t\t\t<h3 class=\"upk-title\"><a href=\"https:\/\/www.tvm.co.mz\/novosite\/2024\/12\/16\/promocao-da-cultura-em-tete-rm-divulga-musica-tradicional-na-programacao-local\/\" title=\"Promo\u00e7\u00e3o da cultura em Tete:RM divulga m\u00fasica tradicional na programa\u00e7\u00e3o local\" class=\"title-animation-underline\" aria-label=\"Promo\u00e7\u00e3o da cultura em Tete:RM divulga m\u00fasica tradicional na programa\u00e7\u00e3o local\">Promo\u00e7\u00e3o da cultura em Tete:RM divulga m\u00fasica tradicional na programa\u00e7\u00e3o local<\/a><\/h3>\n\t\t\t\t\t\t\t\t\t\t\t\t\t\t\t\t\t\t\t\t\t\t\t\t<\/div>\n\t\t\t\t<\/div>\n\n\t\t\t<\/div>\n\t\t<\/div>\n\n\n\t\n\t\t\t\t\n\t\t\t\t\t\t\t<div class=\"upk-item\">\n\t\t\t<div class=\"upk-item-box\">\n\t\t\t\t<div class=\"upk-image-wrap\">\n\t\t\t\t\t<div class=\"upk-main-image\">\n\t\t\t\t\t\t<img loading=\"lazy\" decoding=\"async\" width=\"850\" height=\"467\" src=\"https:\/\/www.tvm.co.mz\/novosite\/wp-content\/uploads\/2024\/12\/gvfcdxszaqyte.png\" class=\"upk-img\" alt=\"Morreu Noel Langa: O mestre das artes pl\u00e1sticas n\u00e3o resistiu a uma doen\u00e7a\" srcset=\"https:\/\/www.tvm.co.mz\/novosite\/wp-content\/uploads\/2024\/12\/gvfcdxszaqyte.png 850w, https:\/\/www.tvm.co.mz\/novosite\/wp-content\/uploads\/2024\/12\/gvfcdxszaqyte-300x165.png 300w, https:\/\/www.tvm.co.mz\/novosite\/wp-content\/uploads\/2024\/12\/gvfcdxszaqyte-768x422.png 768w\" sizes=\"(max-width: 850px) 100vw, 850px\" \/>\t\t\t\t\t<\/div>\n\n\t\t\t\t\t\t\t\t\t\t\t\t\t\t\t\t\t\t\t<div class=\"upk-category\">\n\t\t\t<a href=\"https:\/\/www.tvm.co.mz\/novosite\/category\/site-de-entretenimento\/arte-e-cultura\/\" \n\t\t\t\t\t\t\taria-label=\"Category Arte e Cultura\">Arte e Cultura<\/a>\t\t<\/div>\n\t\t\t\t\t\t\n\t\t\t\t<\/div>\n\n\t\t\t\t<div class=\"upk-content\">\n\t\t\t\t\t<div class=\"upk-content-inner\">\n\n\t\t\t\t\t\t\t\t\t\t\t\t\t<div class=\"upk-meta\">\n\t\t\t\t\t\t\t\t\t\t\t\t\t\t\t\t\t\t\t\n\t\t\t\t\t\t\t\t\t\n\t\t\t\t\t\t\t\t\t\t\t\t\t\t\t\t\t<div class=\"upk-blog-date\" data-separator=\"-\">\n\t\t\t\t\t\t\t\t\t\t<div class=\"upk-blog-date\">\n\t\t\t\t\t\t\t\t\t\t\t<a class=\"date\" href=\"#\">\n\t\t\t\t\t\t\t\t\t\t\t\t<i class=\"upk-icon-calendar\" aria-hidden=\"true\"><\/i>13 de Dezembro, 2024\t\t\t\t\t\t\t\t\t\t\t<\/a>\n\t\t\t\t\t\t\t\t\t\t<\/div>\n\n\t\t\t\t\t\t\t\t\t\t\t\t\t\t\t\t\t\t\t<\/div>\n\t\t\t\t\t\t\t\t\n\t\t\t\t\t\t\t\t\n\t\t\t\t\t\t\t<\/div>\n\t\t\t\t\t\t\n\t\t\t\t\t\t<h3 class=\"upk-title\"><a href=\"https:\/\/www.tvm.co.mz\/novosite\/2024\/12\/13\/morreu-noel-langa-o-mestre-das-artes-plasticas-nao-resistiu-a-uma-doenca\/\" title=\"Morreu Noel Langa: O mestre das artes pl\u00e1sticas n\u00e3o resistiu a uma doen\u00e7a\" class=\"title-animation-underline\" aria-label=\"Morreu Noel Langa: O mestre das artes pl\u00e1sticas n\u00e3o resistiu a uma doen\u00e7a\">Morreu Noel Langa: O mestre das artes pl\u00e1sticas n\u00e3o resistiu a uma doen\u00e7a<\/a><\/h3>\n\t\t\t\t\t\t\t\t\t\t\t\t\t\t\t\t\t\t\t\t\t\t\t\t<\/div>\n\t\t\t\t<\/div>\n\n\t\t\t<\/div>\n\t\t<\/div>\n\n\n\t\n\t\t\t\t\n\t\t\t\t\t\t\t<div class=\"upk-item\">\n\t\t\t<div class=\"upk-item-box\">\n\t\t\t\t<div class=\"upk-image-wrap\">\n\t\t\t\t\t<div class=\"upk-main-image\">\n\t\t\t\t\t\t<img loading=\"lazy\" decoding=\"async\" width=\"850\" height=\"479\" src=\"https:\/\/www.tvm.co.mz\/novosite\/wp-content\/uploads\/2024\/12\/libvcxszaqeyfd.png\" class=\"upk-img\" alt=\"Obra \u201cRap em Mo\u00e7ambique\u201d:L\u00e1zaro Janu\u00e1rio lan\u00e7a livro na Beira intitulado\" srcset=\"https:\/\/www.tvm.co.mz\/novosite\/wp-content\/uploads\/2024\/12\/libvcxszaqeyfd.png 850w, https:\/\/www.tvm.co.mz\/novosite\/wp-content\/uploads\/2024\/12\/libvcxszaqeyfd-300x169.png 300w, https:\/\/www.tvm.co.mz\/novosite\/wp-content\/uploads\/2024\/12\/libvcxszaqeyfd-768x433.png 768w\" sizes=\"(max-width: 850px) 100vw, 850px\" \/>\t\t\t\t\t<\/div>\n\n\t\t\t\t\t\t\t\t\t\t\t\t\t\t\t\t\t\t\t<div class=\"upk-category\">\n\t\t\t<a href=\"https:\/\/www.tvm.co.mz\/novosite\/category\/site-de-entretenimento\/arte-e-cultura\/\" \n\t\t\t\t\t\t\taria-label=\"Category Arte e Cultura\">Arte e Cultura<\/a>\t\t<\/div>\n\t\t\t\t\t\t\n\t\t\t\t<\/div>\n\n\t\t\t\t<div class=\"upk-content\">\n\t\t\t\t\t<div class=\"upk-content-inner\">\n\n\t\t\t\t\t\t\t\t\t\t\t\t\t<div class=\"upk-meta\">\n\t\t\t\t\t\t\t\t\t\t\t\t\t\t\t\t\t\t\t\n\t\t\t\t\t\t\t\t\t\n\t\t\t\t\t\t\t\t\t\t\t\t\t\t\t\t\t<div class=\"upk-blog-date\" data-separator=\"-\">\n\t\t\t\t\t\t\t\t\t\t<div class=\"upk-blog-date\">\n\t\t\t\t\t\t\t\t\t\t\t<a class=\"date\" href=\"#\">\n\t\t\t\t\t\t\t\t\t\t\t\t<i class=\"upk-icon-calendar\" aria-hidden=\"true\"><\/i>13 de Dezembro, 2024\t\t\t\t\t\t\t\t\t\t\t<\/a>\n\t\t\t\t\t\t\t\t\t\t<\/div>\n\n\t\t\t\t\t\t\t\t\t\t\t\t\t\t\t\t\t\t\t<\/div>\n\t\t\t\t\t\t\t\t\n\t\t\t\t\t\t\t\t\n\t\t\t\t\t\t\t<\/div>\n\t\t\t\t\t\t\n\t\t\t\t\t\t<h3 class=\"upk-title\"><a href=\"https:\/\/www.tvm.co.mz\/novosite\/2024\/12\/13\/obra-rap-em-mocambique-lazaro-januario-lanca-livro-na-beira-intitulado\/\" title=\"Obra \u201cRap em Mo\u00e7ambique\u201d:L\u00e1zaro Janu\u00e1rio lan\u00e7a livro na Beira intitulado\" class=\"title-animation-underline\" aria-label=\"Obra \u201cRap em Mo\u00e7ambique\u201d:L\u00e1zaro Janu\u00e1rio lan\u00e7a livro na Beira intitulado\">Obra \u201cRap em Mo\u00e7ambique\u201d:L\u00e1zaro Janu\u00e1rio lan\u00e7a livro na Beira intitulado<\/a><\/h3>\n\t\t\t\t\t\t\t\t\t\t\t\t\t\t\t\t\t\t\t\t\t\t\t\t<\/div>\n\t\t\t\t<\/div>\n\n\t\t\t<\/div>\n\t\t<\/div>\n\n\n\t\n\t\t\t\t\n\t\t\t\t\t\t\t<div class=\"upk-item\">\n\t\t\t<div class=\"upk-item-box\">\n\t\t\t\t<div class=\"upk-image-wrap\">\n\t\t\t\t\t<div class=\"upk-main-image\">\n\t\t\t\t\t\t<img loading=\"lazy\" decoding=\"async\" width=\"850\" height=\"471\" src=\"https:\/\/www.tvm.co.mz\/novosite\/wp-content\/uploads\/2024\/12\/bgvfcdxszaquytre.png\" class=\"upk-img\" alt=\"Casa da Cultura em Cabo Delgado: Gestores desafiados a formar mais artistas da prov\u00edncia\" srcset=\"https:\/\/www.tvm.co.mz\/novosite\/wp-content\/uploads\/2024\/12\/bgvfcdxszaquytre.png 850w, https:\/\/www.tvm.co.mz\/novosite\/wp-content\/uploads\/2024\/12\/bgvfcdxszaquytre-300x166.png 300w, https:\/\/www.tvm.co.mz\/novosite\/wp-content\/uploads\/2024\/12\/bgvfcdxszaquytre-768x426.png 768w\" sizes=\"(max-width: 850px) 100vw, 850px\" \/>\t\t\t\t\t<\/div>\n\n\t\t\t\t\t\t\t\t\t\t\t\t\t\t\t\t\t\t\t<div class=\"upk-category\">\n\t\t\t<a href=\"https:\/\/www.tvm.co.mz\/novosite\/category\/site-de-entretenimento\/arte-e-cultura\/\" \n\t\t\t\t\t\t\taria-label=\"Category Arte e Cultura\">Arte e Cultura<\/a>\t\t<\/div>\n\t\t\t\t\t\t\n\t\t\t\t<\/div>\n\n\t\t\t\t<div class=\"upk-content\">\n\t\t\t\t\t<div class=\"upk-content-inner\">\n\n\t\t\t\t\t\t\t\t\t\t\t\t\t<div class=\"upk-meta\">\n\t\t\t\t\t\t\t\t\t\t\t\t\t\t\t\t\t\t\t\n\t\t\t\t\t\t\t\t\t\n\t\t\t\t\t\t\t\t\t\t\t\t\t\t\t\t\t<div class=\"upk-blog-date\" data-separator=\"-\">\n\t\t\t\t\t\t\t\t\t\t<div class=\"upk-blog-date\">\n\t\t\t\t\t\t\t\t\t\t\t<a class=\"date\" href=\"#\">\n\t\t\t\t\t\t\t\t\t\t\t\t<i class=\"upk-icon-calendar\" aria-hidden=\"true\"><\/i>12 de Dezembro, 2024\t\t\t\t\t\t\t\t\t\t\t<\/a>\n\t\t\t\t\t\t\t\t\t\t<\/div>\n\n\t\t\t\t\t\t\t\t\t\t\t\t\t\t\t\t\t\t\t<\/div>\n\t\t\t\t\t\t\t\t\n\t\t\t\t\t\t\t\t\n\t\t\t\t\t\t\t<\/div>\n\t\t\t\t\t\t\n\t\t\t\t\t\t<h3 class=\"upk-title\"><a href=\"https:\/\/www.tvm.co.mz\/novosite\/2024\/12\/12\/casa-da-cultura-em-cabo-delgado-gestores-desafiados-a-formar-mais-artistas-da-provincia\/\" title=\"Casa da Cultura em Cabo Delgado: Gestores desafiados a formar mais artistas da prov\u00edncia\" class=\"title-animation-underline\" aria-label=\"Casa da Cultura em Cabo Delgado: Gestores desafiados a formar mais artistas da prov\u00edncia\">Casa da Cultura em Cabo Delgado: Gestores desafiados a formar mais artistas da prov\u00edncia<\/a><\/h3>\n\t\t\t\t\t\t\t\t\t\t\t\t\t\t\t\t\t\t\t\t\t\t\t\t<\/div>\n\t\t\t\t<\/div>\n\n\t\t\t<\/div>\n\t\t<\/div>\n\n\n\t\n\t\t\t\t\n\t\t\t\t\t\t\t<div class=\"upk-item\">\n\t\t\t<div class=\"upk-item-box\">\n\t\t\t\t<div class=\"upk-image-wrap\">\n\t\t\t\t\t<div class=\"upk-main-image\">\n\t\t\t\t\t\t<img loading=\"lazy\" decoding=\"async\" width=\"850\" height=\"463\" src=\"https:\/\/www.tvm.co.mz\/novosite\/wp-content\/uploads\/2024\/12\/bvfcdxszaqiuyrr.png\" class=\"upk-img\" alt=\"Luto na cultura em Quelimane: Foi a enterrar H\u00e9lder Falso, bailarino e director da Casa de Cultura\" srcset=\"https:\/\/www.tvm.co.mz\/novosite\/wp-content\/uploads\/2024\/12\/bvfcdxszaqiuyrr.png 850w, https:\/\/www.tvm.co.mz\/novosite\/wp-content\/uploads\/2024\/12\/bvfcdxszaqiuyrr-300x163.png 300w, https:\/\/www.tvm.co.mz\/novosite\/wp-content\/uploads\/2024\/12\/bvfcdxszaqiuyrr-768x418.png 768w\" sizes=\"(max-width: 850px) 100vw, 850px\" \/>\t\t\t\t\t<\/div>\n\n\t\t\t\t\t\t\t\t\t\t\t\t\t\t\t\t\t\t\t<div class=\"upk-category\">\n\t\t\t<a href=\"https:\/\/www.tvm.co.mz\/novosite\/category\/site-de-entretenimento\/arte-e-cultura\/\" \n\t\t\t\t\t\t\taria-label=\"Category Arte e Cultura\">Arte e Cultura<\/a>\t\t<\/div>\n\t\t\t\t\t\t\n\t\t\t\t<\/div>\n\n\t\t\t\t<div class=\"upk-content\">\n\t\t\t\t\t<div class=\"upk-content-inner\">\n\n\t\t\t\t\t\t\t\t\t\t\t\t\t<div class=\"upk-meta\">\n\t\t\t\t\t\t\t\t\t\t\t\t\t\t\t\t\t\t\t\n\t\t\t\t\t\t\t\t\t\n\t\t\t\t\t\t\t\t\t\t\t\t\t\t\t\t\t<div class=\"upk-blog-date\" data-separator=\"-\">\n\t\t\t\t\t\t\t\t\t\t<div class=\"upk-blog-date\">\n\t\t\t\t\t\t\t\t\t\t\t<a class=\"date\" href=\"#\">\n\t\t\t\t\t\t\t\t\t\t\t\t<i class=\"upk-icon-calendar\" aria-hidden=\"true\"><\/i>5 de Dezembro, 2024\t\t\t\t\t\t\t\t\t\t\t<\/a>\n\t\t\t\t\t\t\t\t\t\t<\/div>\n\n\t\t\t\t\t\t\t\t\t\t\t\t\t\t\t\t\t\t\t<\/div>\n\t\t\t\t\t\t\t\t\n\t\t\t\t\t\t\t\t\n\t\t\t\t\t\t\t<\/div>\n\t\t\t\t\t\t\n\t\t\t\t\t\t<h3 class=\"upk-title\"><a href=\"https:\/\/www.tvm.co.mz\/novosite\/2024\/12\/05\/luto-na-cultura-em-quelimane-foi-a-enterrar-helder-falso-bailarino-e-director-da-casa-de-cultura\/\" title=\"Luto na cultura em Quelimane: Foi a enterrar H\u00e9lder Falso, bailarino e director da Casa de Cultura\" class=\"title-animation-underline\" aria-label=\"Luto na cultura em Quelimane: Foi a enterrar H\u00e9lder Falso, bailarino e director da Casa de Cultura\">Luto na cultura em Quelimane: Foi a enterrar H\u00e9lder Falso, bailarino e director da Casa de Cultura<\/a><\/h3>\n\t\t\t\t\t\t\t\t\t\t\t\t\t\t\t\t\t\t\t\t\t\t\t\t<\/div>\n\t\t\t\t<\/div>\n\n\t\t\t<\/div>\n\t\t<\/div>\n\n\n\t\n\t\t\t\t\n\t\t\t\t\t\t\t<div class=\"upk-item\">\n\t\t\t<div class=\"upk-item-box\">\n\t\t\t\t<div class=\"upk-image-wrap\">\n\t\t\t\t\t<div class=\"upk-main-image\">\n\t\t\t\t\t\t<img loading=\"lazy\" decoding=\"async\" width=\"850\" height=\"474\" src=\"https:\/\/www.tvm.co.mz\/novosite\/wp-content\/uploads\/2024\/12\/bgvfcdxszaitredsaq.png\" class=\"upk-img\" alt=\"Joana Saene ganha o \u201cNgoma Dzo Manica\u201d:Puto \u00d3rf\u00e3o ficou com o pr\u00e9mio \u201cCan\u00e7\u00e3o Mais Votada\u201d\" srcset=\"https:\/\/www.tvm.co.mz\/novosite\/wp-content\/uploads\/2024\/12\/bgvfcdxszaitredsaq.png 850w, https:\/\/www.tvm.co.mz\/novosite\/wp-content\/uploads\/2024\/12\/bgvfcdxszaitredsaq-300x167.png 300w, https:\/\/www.tvm.co.mz\/novosite\/wp-content\/uploads\/2024\/12\/bgvfcdxszaitredsaq-768x428.png 768w\" sizes=\"(max-width: 850px) 100vw, 850px\" \/>\t\t\t\t\t<\/div>\n\n\t\t\t\t\t\t\t\t\t\t\t\t\t\t\t\t\t\t\t<div class=\"upk-category\">\n\t\t\t<a href=\"https:\/\/www.tvm.co.mz\/novosite\/category\/site-de-entretenimento\/arte-e-cultura\/\" \n\t\t\t\t\t\t\taria-label=\"Category Arte e Cultura\">Arte e Cultura<\/a>\t\t<\/div>\n\t\t\t\t\t\t\n\t\t\t\t<\/div>\n\n\t\t\t\t<div class=\"upk-content\">\n\t\t\t\t\t<div class=\"upk-content-inner\">\n\n\t\t\t\t\t\t\t\t\t\t\t\t\t<div class=\"upk-meta\">\n\t\t\t\t\t\t\t\t\t\t\t\t\t\t\t\t\t\t\t\n\t\t\t\t\t\t\t\t\t\n\t\t\t\t\t\t\t\t\t\t\t\t\t\t\t\t\t<div class=\"upk-blog-date\" data-separator=\"-\">\n\t\t\t\t\t\t\t\t\t\t<div class=\"upk-blog-date\">\n\t\t\t\t\t\t\t\t\t\t\t<a class=\"date\" href=\"#\">\n\t\t\t\t\t\t\t\t\t\t\t\t<i class=\"upk-icon-calendar\" aria-hidden=\"true\"><\/i>2 de Dezembro, 2024\t\t\t\t\t\t\t\t\t\t\t<\/a>\n\t\t\t\t\t\t\t\t\t\t<\/div>\n\n\t\t\t\t\t\t\t\t\t\t\t\t\t\t\t\t\t\t\t<\/div>\n\t\t\t\t\t\t\t\t\n\t\t\t\t\t\t\t\t\n\t\t\t\t\t\t\t<\/div>\n\t\t\t\t\t\t\n\t\t\t\t\t\t<h3 class=\"upk-title\"><a href=\"https:\/\/www.tvm.co.mz\/novosite\/2024\/12\/02\/joana-saene-ganha-o-ngoma-dzo-manica-puto-orfao-ficou-com-o-premio-cancao-mais-votada\/\" title=\"Joana Saene ganha o \u201cNgoma Dzo Manica\u201d:Puto \u00d3rf\u00e3o ficou com o pr\u00e9mio \u201cCan\u00e7\u00e3o Mais Votada\u201d\" class=\"title-animation-underline\" aria-label=\"Joana Saene ganha o \u201cNgoma Dzo Manica\u201d:Puto \u00d3rf\u00e3o ficou com o pr\u00e9mio \u201cCan\u00e7\u00e3o Mais Votada\u201d\">Joana Saene ganha o \u201cNgoma Dzo Manica\u201d:Puto \u00d3rf\u00e3o ficou com o pr\u00e9mio \u201cCan\u00e7\u00e3o Mais Votada\u201d<\/a><\/h3>\n\t\t\t\t\t\t\t\t\t\t\t\t\t\t\t\t\t\t\t\t\t\t\t\t<\/div>\n\t\t\t\t<\/div>\n\n\t\t\t<\/div>\n\t\t<\/div>\n\n\n\t\n\t\t\t\t\n\t\t\t\t\t\t\t<div class=\"upk-item\">\n\t\t\t<div class=\"upk-item-box\">\n\t\t\t\t<div class=\"upk-image-wrap\">\n\t\t\t\t\t<div class=\"upk-main-image\">\n\t\t\t\t\t\t<img loading=\"lazy\" decoding=\"async\" width=\"850\" height=\"481\" src=\"https:\/\/www.tvm.co.mz\/novosite\/wp-content\/uploads\/2024\/11\/nhbgvcdxszaqpuytr.png\" class=\"upk-img\" alt=\"Espect\u00e1culo dos Kool &#038; Gang: A actua\u00e7\u00e3o da banda, em Maputo, passou para 8 de Julho de 2025\" srcset=\"https:\/\/www.tvm.co.mz\/novosite\/wp-content\/uploads\/2024\/11\/nhbgvcdxszaqpuytr.png 850w, https:\/\/www.tvm.co.mz\/novosite\/wp-content\/uploads\/2024\/11\/nhbgvcdxszaqpuytr-300x170.png 300w, https:\/\/www.tvm.co.mz\/novosite\/wp-content\/uploads\/2024\/11\/nhbgvcdxszaqpuytr-768x435.png 768w\" sizes=\"(max-width: 850px) 100vw, 850px\" \/>\t\t\t\t\t<\/div>\n\n\t\t\t\t\t\t\t\t\t\t\t\t\t\t\t\t\t\t\t<div class=\"upk-category\">\n\t\t\t<a href=\"https:\/\/www.tvm.co.mz\/novosite\/category\/site-de-entretenimento\/arte-e-cultura\/\" \n\t\t\t\t\t\t\taria-label=\"Category Arte e Cultura\">Arte e Cultura<\/a>\t\t<\/div>\n\t\t\t\t\t\t\n\t\t\t\t<\/div>\n\n\t\t\t\t<div class=\"upk-content\">\n\t\t\t\t\t<div class=\"upk-content-inner\">\n\n\t\t\t\t\t\t\t\t\t\t\t\t\t<div class=\"upk-meta\">\n\t\t\t\t\t\t\t\t\t\t\t\t\t\t\t\t\t\t\t\n\t\t\t\t\t\t\t\t\t\n\t\t\t\t\t\t\t\t\t\t\t\t\t\t\t\t\t<div class=\"upk-blog-date\" data-separator=\"-\">\n\t\t\t\t\t\t\t\t\t\t<div class=\"upk-blog-date\">\n\t\t\t\t\t\t\t\t\t\t\t<a class=\"date\" href=\"#\">\n\t\t\t\t\t\t\t\t\t\t\t\t<i class=\"upk-icon-calendar\" aria-hidden=\"true\"><\/i>25 de Novembro, 2024\t\t\t\t\t\t\t\t\t\t\t<\/a>\n\t\t\t\t\t\t\t\t\t\t<\/div>\n\n\t\t\t\t\t\t\t\t\t\t\t\t\t\t\t\t\t\t\t<\/div>\n\t\t\t\t\t\t\t\t\n\t\t\t\t\t\t\t\t\n\t\t\t\t\t\t\t<\/div>\n\t\t\t\t\t\t\n\t\t\t\t\t\t<h3 class=\"upk-title\"><a href=\"https:\/\/www.tvm.co.mz\/novosite\/2024\/11\/25\/espectaculo-dos-kool-gang-a-actuacao-da-banda-em-maputo-passou-para-8-de-julho-de-2025-2\/\" title=\"Espect\u00e1culo dos Kool &#038; Gang: A actua\u00e7\u00e3o da banda, em Maputo, passou para 8 de Julho de 2025\" class=\"title-animation-underline\" aria-label=\"Espect\u00e1culo dos Kool &#038; Gang: A actua\u00e7\u00e3o da banda, em Maputo, passou para 8 de Julho de 2025\">Espect\u00e1culo dos Kool &#038; Gang: A actua\u00e7\u00e3o da banda, em Maputo, passou para 8 de Julho de 2025<\/a><\/h3>\n\t\t\t\t\t\t\t\t\t\t\t\t\t\t\t\t\t\t\t\t\t\t\t\t<\/div>\n\t\t\t\t<\/div>\n\n\t\t\t<\/div>\n\t\t<\/div>\n\n\n\t\n\t\t\t\t\n\t\t\t\t\t\t\t<div class=\"upk-item\">\n\t\t\t<div class=\"upk-item-box\">\n\t\t\t\t<div class=\"upk-image-wrap\">\n\t\t\t\t\t<div class=\"upk-main-image\">\n\t\t\t\t\t\t<img loading=\"lazy\" decoding=\"async\" width=\"850\" height=\"481\" src=\"https:\/\/www.tvm.co.mz\/novosite\/wp-content\/uploads\/2024\/11\/nhbgvcdxszaqpuytr.png\" class=\"upk-img\" alt=\"Espect\u00e1culo dos Kool &#038; Gang: A actua\u00e7\u00e3o da banda, em Maputo, passou para 8 de Julho de 2025\" srcset=\"https:\/\/www.tvm.co.mz\/novosite\/wp-content\/uploads\/2024\/11\/nhbgvcdxszaqpuytr.png 850w, https:\/\/www.tvm.co.mz\/novosite\/wp-content\/uploads\/2024\/11\/nhbgvcdxszaqpuytr-300x170.png 300w, https:\/\/www.tvm.co.mz\/novosite\/wp-content\/uploads\/2024\/11\/nhbgvcdxszaqpuytr-768x435.png 768w\" sizes=\"(max-width: 850px) 100vw, 850px\" \/>\t\t\t\t\t<\/div>\n\n\t\t\t\t\t\t\t\t\t\t\t\t\t\t\t\t\t\t\t<div class=\"upk-category\">\n\t\t\t<a href=\"https:\/\/www.tvm.co.mz\/novosite\/category\/site-de-entretenimento\/arte-e-cultura\/\" \n\t\t\t\t\t\t\taria-label=\"Category Arte e Cultura\">Arte e Cultura<\/a>\t\t<\/div>\n\t\t\t\t\t\t\n\t\t\t\t<\/div>\n\n\t\t\t\t<div class=\"upk-content\">\n\t\t\t\t\t<div class=\"upk-content-inner\">\n\n\t\t\t\t\t\t\t\t\t\t\t\t\t<div class=\"upk-meta\">\n\t\t\t\t\t\t\t\t\t\t\t\t\t\t\t\t\t\t\t\n\t\t\t\t\t\t\t\t\t\n\t\t\t\t\t\t\t\t\t\t\t\t\t\t\t\t\t<div class=\"upk-blog-date\" data-separator=\"-\">\n\t\t\t\t\t\t\t\t\t\t<div class=\"upk-blog-date\">\n\t\t\t\t\t\t\t\t\t\t\t<a class=\"date\" href=\"#\">\n\t\t\t\t\t\t\t\t\t\t\t\t<i class=\"upk-icon-calendar\" aria-hidden=\"true\"><\/i>25 de Novembro, 2024\t\t\t\t\t\t\t\t\t\t\t<\/a>\n\t\t\t\t\t\t\t\t\t\t<\/div>\n\n\t\t\t\t\t\t\t\t\t\t\t\t\t\t\t\t\t\t\t<\/div>\n\t\t\t\t\t\t\t\t\n\t\t\t\t\t\t\t\t\n\t\t\t\t\t\t\t<\/div>\n\t\t\t\t\t\t\n\t\t\t\t\t\t<h3 class=\"upk-title\"><a href=\"https:\/\/www.tvm.co.mz\/novosite\/2024\/11\/25\/espectaculo-dos-kool-gang-a-actuacao-da-banda-em-maputo-passou-para-8-de-julho-de-2025-3\/\" title=\"Espect\u00e1culo dos Kool &#038; Gang: A actua\u00e7\u00e3o da banda, em Maputo, passou para 8 de Julho de 2025\" class=\"title-animation-underline\" aria-label=\"Espect\u00e1culo dos Kool &#038; Gang: A actua\u00e7\u00e3o da banda, em Maputo, passou para 8 de Julho de 2025\">Espect\u00e1culo dos Kool &#038; Gang: A actua\u00e7\u00e3o da banda, em Maputo, passou para 8 de Julho de 2025<\/a><\/h3>\n\t\t\t\t\t\t\t\t\t\t\t\t\t\t\t\t\t\t\t\t\t\t\t\t<\/div>\n\t\t\t\t<\/div>\n\n\t\t\t<\/div>\n\t\t<\/div>\n\n\n\t\n\t\t\t\t\t\t\t<\/div>\n\t\t<\/div>\n\n\t\t\n\t\t\t\t\t<div class=\"ep-pagination\">\n\t\t\t\t<ul class=\"upk-pagination\" data-widget-id=\"928f58a\">\n<li class=\"upk-active\"><a href=\"https:\/\/www.tvm.co.mz\/novosite\/wp-json\/wp\/v2\/pages\/25294\/\">1<\/a><\/li>\n<li><a href=\"https:\/\/www.tvm.co.mz\/novosite\/wp-json\/wp\/v2\/pages\/25294\/page\/2\/\">2<\/a><\/li>\n<li><a href=\"https:\/\/www.tvm.co.mz\/novosite\/wp-json\/wp\/v2\/pages\/25294\/page\/3\/\">3<\/a><\/li>\n<li class=\"upk-pagination-dot-dot\"><span>...<\/span><\/li>\n<li><a href=\"https:\/\/www.tvm.co.mz\/novosite\/wp-json\/wp\/v2\/pages\/25294\/page\/47\/\">47<\/a><\/li>\n<li class=\"upk-pagination-next\"><a href=\"https:\/\/www.tvm.co.mz\/novosite\/wp-json\/wp\/v2\/pages\/25294\/page\/2\/\" aria-label=\"Next Page\"><span data-upk-pagination-next><i class=\"upk-icon-arrow-right-5\" aria-hidden=\"true\"><\/i><\/span><\/a><\/li>\n<\/ul>\n\t\t\t<\/div>\n\t\t\t\t<\/div>\n\t\t\t\t<\/div>\n\t\t\t\t\t<\/div>\n\t\t<\/div>\n\t\t\t\t<div class=\"elementor-column elementor-col-33 elementor-top-column elementor-element elementor-element-82083db\" data-id=\"82083db\" data-element_type=\"column\" data-e-type=\"column\">\n\t\t\t<div class=\"elementor-widget-wrap elementor-element-populated\">\n\t\t\t\t\t\t<div class=\"elementor-element elementor-element-953010a elementor-widget elementor-widget-heading\" data-id=\"953010a\" data-element_type=\"widget\" data-e-type=\"widget\" data-widget_type=\"heading.default\">\n\t\t\t\t<div class=\"elementor-widget-container\">\n\t\t\t\t\t<h2 class=\"elementor-heading-title elementor-size-default\">Mais recentes<\/h2>\t\t\t\t<\/div>\n\t\t\t\t<\/div>\n\t\t\t\t<div class=\"elementor-element elementor-element-07104bc elementor-widget elementor-widget-upk-scott-list\" data-id=\"07104bc\" data-element_type=\"widget\" data-e-type=\"widget\" data-widget_type=\"upk-scott-list.default\">\n\t\t\t\t<div class=\"elementor-widget-container\">\n\t\t\t\t\t\t\t<div class=\"upk-scott-list upk-ajax-grid\" data-loadmore=\"[]\">\n\t\t\t<div class=\"upk-scott-list upk-ajax-grid-wrap\">\n\t\t\t\t\n\t\t\t\t\t\t\t<div class=\"upk-item\">\n\t\t\t\t\t<a class=\"upk-image-wrap\" href=\"https:\/\/www.tvm.co.mz\/novosite\/2025\/01\/08\/nao-houve-clientes-na-quadra-festiva-artistas-e-revendedores-de-obras-de-arte-sofreram-prejuizos\/\">\n\t\t\t<img decoding=\"async\" src=\"https:\/\/www.tvm.co.mz\/novosite\/wp-content\/uploads\/2025\/01\/hbgvfdsauqrecjw-300x171.png\" alt=\"N\u00e3o houve clientes na quadra festiva:Artistas e revendedores de obras de arte sofreram preju\u00edzos\">\n\t\t\t<span class=\"upk-img-overlay\"><\/span>\n\t\t<\/a>\n\t\t\t\t<div class=\"upk-content\">\n\t\t\t\t\t\t<div class=\"upk-category\">\n\t\t\t<a href=\"https:\/\/www.tvm.co.mz\/novosite\/category\/site-de-entretenimento\/arte-e-cultura\/\" \n\t\t\t\t\t\t\taria-label=\"Category Arte e Cultura\">Arte e Cultura<\/a>\t\t<\/div>\n\t\t\t\t\t<h3 class=\"upk-title\"><a href=\"https:\/\/www.tvm.co.mz\/novosite\/2025\/01\/08\/nao-houve-clientes-na-quadra-festiva-artistas-e-revendedores-de-obras-de-arte-sofreram-prejuizos\/\" title=\"N\u00e3o houve clientes na quadra festiva:Artistas e revendedores de obras de arte sofreram preju\u00edzos\" class=\"title-animation-underline\" aria-label=\"N\u00e3o houve clientes na quadra festiva:Artistas e revendedores de obras de arte sofreram preju\u00edzos\">N\u00e3o houve clientes na quadra festiva:Artistas e revendedores de obras de arte sofreram preju\u00edzos<\/a><\/h3>\t\t\t\t\t\t\t\t\t<div class=\"upk-meta upk-flex upk-flex-middle\">\n\t\t\t\t\t\t\n\t\t\t\t\t\t\t\t\t\t\t\t\t<div data-separator=\"\">\n\t\t\t\t\t\t\t\t\t<div class=\"upk-date\">\n\t\t\t8 de Janeiro, 2025\t\t<\/div>\n\n\t\t\t\t\t\t\t\t\t\t<\/div>\n\t\t\t\t\t\t\n\t\t\t\t\t\t\n\t\t\t\t\t\t\n\t\t\t\t\t<\/div>\n\t\t\t\t\t\t\t<\/div>\n\t\t<\/div>\n\t\t\t\t\t\t\n\t\t\t\t\n\t\t\t\t\t\t\t<div class=\"upk-item\">\n\t\t\t\t\t<a class=\"upk-image-wrap\" href=\"https:\/\/www.tvm.co.mz\/novosite\/2025\/01\/06\/catorze-anos-sem-malangatana-a-familia-pede-apoio-para-a-construcao-de-projecto-para-imortalizacao\/\">\n\t\t\t<img decoding=\"async\" src=\"https:\/\/www.tvm.co.mz\/novosite\/wp-content\/uploads\/2025\/01\/hbgvcdxszaqeit-300x166.png\" alt=\"Catorze anos sem Malangatana:A fam\u00edlia pede apoio para a constru\u00e7\u00e3o de projecto para imortaliza\u00e7\u00e3o\">\n\t\t\t<span class=\"upk-img-overlay\"><\/span>\n\t\t<\/a>\n\t\t\t\t<div class=\"upk-content\">\n\t\t\t\t\t\t<div class=\"upk-category\">\n\t\t\t<a href=\"https:\/\/www.tvm.co.mz\/novosite\/category\/site-de-entretenimento\/arte-e-cultura\/\" \n\t\t\t\t\t\t\taria-label=\"Category Arte e Cultura\">Arte e Cultura<\/a>\t\t<\/div>\n\t\t\t\t\t<h3 class=\"upk-title\"><a href=\"https:\/\/www.tvm.co.mz\/novosite\/2025\/01\/06\/catorze-anos-sem-malangatana-a-familia-pede-apoio-para-a-construcao-de-projecto-para-imortalizacao\/\" title=\"Catorze anos sem Malangatana:A fam\u00edlia pede apoio para a constru\u00e7\u00e3o de projecto para imortaliza\u00e7\u00e3o\" class=\"title-animation-underline\" aria-label=\"Catorze anos sem Malangatana:A fam\u00edlia pede apoio para a constru\u00e7\u00e3o de projecto para imortaliza\u00e7\u00e3o\">Catorze anos sem Malangatana:A fam\u00edlia pede apoio para a constru\u00e7\u00e3o de projecto para imortaliza\u00e7\u00e3o<\/a><\/h3>\t\t\t\t\t\t\t\t\t<div class=\"upk-meta upk-flex upk-flex-middle\">\n\t\t\t\t\t\t\n\t\t\t\t\t\t\t\t\t\t\t\t\t<div data-separator=\"\">\n\t\t\t\t\t\t\t\t\t<div class=\"upk-date\">\n\t\t\t6 de Janeiro, 2025\t\t<\/div>\n\n\t\t\t\t\t\t\t\t\t\t<\/div>\n\t\t\t\t\t\t\n\t\t\t\t\t\t\n\t\t\t\t\t\t\n\t\t\t\t\t<\/div>\n\t\t\t\t\t\t\t<\/div>\n\t\t<\/div>\n\t\t\t\t\t\t\n\t\t\t\t\n\t\t\t\t\t\t\t<div class=\"upk-item\">\n\t\t\t\t\t<a class=\"upk-image-wrap\" href=\"https:\/\/www.tvm.co.mz\/novosite\/2024\/12\/20\/industria-extractiva-e-conteudo-local-lancado-livro-que-aborda-a-cadeia-de-valor-do-sector-mineiro\/\">\n\t\t\t<img decoding=\"async\" src=\"https:\/\/www.tvm.co.mz\/novosite\/wp-content\/uploads\/2024\/12\/BVCXZAPOLIKJHGF-300x168.png\" alt=\"Ind\u00fastria extractiva e conte\u00fado local: Lan\u00e7ado livro que aborda a cadeia de valor do sector mineiro\">\n\t\t\t<span class=\"upk-img-overlay\"><\/span>\n\t\t<\/a>\n\t\t\t\t<div class=\"upk-content\">\n\t\t\t\t\t\t<div class=\"upk-category\">\n\t\t\t<a href=\"https:\/\/www.tvm.co.mz\/novosite\/category\/site-de-entretenimento\/arte-e-cultura\/\" \n\t\t\t\t\t\t\taria-label=\"Category Arte e Cultura\">Arte e Cultura<\/a>\t\t<\/div>\n\t\t\t\t\t<h3 class=\"upk-title\"><a href=\"https:\/\/www.tvm.co.mz\/novosite\/2024\/12\/20\/industria-extractiva-e-conteudo-local-lancado-livro-que-aborda-a-cadeia-de-valor-do-sector-mineiro\/\" title=\"Ind\u00fastria extractiva e conte\u00fado local: Lan\u00e7ado livro que aborda a cadeia de valor do sector mineiro\" class=\"title-animation-underline\" aria-label=\"Ind\u00fastria extractiva e conte\u00fado local: Lan\u00e7ado livro que aborda a cadeia de valor do sector mineiro\">Ind\u00fastria extractiva e conte\u00fado local: Lan\u00e7ado livro que aborda a cadeia de valor do sector mineiro<\/a><\/h3>\t\t\t\t\t\t\t\t\t<div class=\"upk-meta upk-flex upk-flex-middle\">\n\t\t\t\t\t\t\n\t\t\t\t\t\t\t\t\t\t\t\t\t<div data-separator=\"\">\n\t\t\t\t\t\t\t\t\t<div class=\"upk-date\">\n\t\t\t20 de Dezembro, 2024\t\t<\/div>\n\n\t\t\t\t\t\t\t\t\t\t<\/div>\n\t\t\t\t\t\t\n\t\t\t\t\t\t\n\t\t\t\t\t\t\n\t\t\t\t\t<\/div>\n\t\t\t\t\t\t\t<\/div>\n\t\t<\/div>\n\t\t\t\t\t\t\n\t\t\t\t\n\t\t\t\t\t\t\t<div class=\"upk-item\">\n\t\t\t\t\t<a class=\"upk-image-wrap\" href=\"https:\/\/www.tvm.co.mz\/novosite\/2024\/12\/19\/dia-mundial-da-lingua-arabe-museu-nacional-de-geologia-acolheu-as-celebracoes-em-maputo\/\">\n\t\t\t<img decoding=\"async\" src=\"https:\/\/www.tvm.co.mz\/novosite\/wp-content\/uploads\/2024\/12\/nhbgvfcdxsaq-300x168.png\" alt=\"Dia Mundial da L\u00edngua \u00c1rabe:Museu Nacional de Geologia acolheu as celebra\u00e7\u00f5es em Maputo\">\n\t\t\t<span class=\"upk-img-overlay\"><\/span>\n\t\t<\/a>\n\t\t\t\t<div class=\"upk-content\">\n\t\t\t\t\t\t<div class=\"upk-category\">\n\t\t\t<a href=\"https:\/\/www.tvm.co.mz\/novosite\/category\/site-de-entretenimento\/arte-e-cultura\/\" \n\t\t\t\t\t\t\taria-label=\"Category Arte e Cultura\">Arte e Cultura<\/a>\t\t<\/div>\n\t\t\t\t\t<h3 class=\"upk-title\"><a href=\"https:\/\/www.tvm.co.mz\/novosite\/2024\/12\/19\/dia-mundial-da-lingua-arabe-museu-nacional-de-geologia-acolheu-as-celebracoes-em-maputo\/\" title=\"Dia Mundial da L\u00edngua \u00c1rabe:Museu Nacional de Geologia acolheu as celebra\u00e7\u00f5es em Maputo\" class=\"title-animation-underline\" aria-label=\"Dia Mundial da L\u00edngua \u00c1rabe:Museu Nacional de Geologia acolheu as celebra\u00e7\u00f5es em Maputo\">Dia Mundial da L\u00edngua \u00c1rabe:Museu Nacional de Geologia acolheu as celebra\u00e7\u00f5es em Maputo<\/a><\/h3>\t\t\t\t\t\t\t\t\t<div class=\"upk-meta upk-flex upk-flex-middle\">\n\t\t\t\t\t\t\n\t\t\t\t\t\t\t\t\t\t\t\t\t<div data-separator=\"\">\n\t\t\t\t\t\t\t\t\t<div class=\"upk-date\">\n\t\t\t19 de Dezembro, 2024\t\t<\/div>\n\n\t\t\t\t\t\t\t\t\t\t<\/div>\n\t\t\t\t\t\t\n\t\t\t\t\t\t\n\t\t\t\t\t\t\n\t\t\t\t\t<\/div>\n\t\t\t\t\t\t\t<\/div>\n\t\t<\/div>\n\t\t\t\t\t\t\n\t\t\t\t\n\t\t\t\t\t\t\t<div class=\"upk-item\">\n\t\t\t\t\t<a class=\"upk-image-wrap\" href=\"https:\/\/www.tvm.co.mz\/novosite\/2024\/12\/17\/exequias-de-noel-langa-restos-mortais-do-artista-plastico-foram-a-enterrar-no-cemiterio-de-lhanguene\/\">\n\t\t\t<img decoding=\"async\" src=\"https:\/\/www.tvm.co.mz\/novosite\/wp-content\/uploads\/2024\/12\/BGVFCDXSZAQEIY-300x169.png\" alt=\"Ex\u00e9quias de Noel Langa:Restos mortais do artista pl\u00e1stico foram a enterrar no cemit\u00e9rio de Lhanguene\">\n\t\t\t<span class=\"upk-img-overlay\"><\/span>\n\t\t<\/a>\n\t\t\t\t<div class=\"upk-content\">\n\t\t\t\t\t\t<div class=\"upk-category\">\n\t\t\t<a href=\"https:\/\/www.tvm.co.mz\/novosite\/category\/site-de-entretenimento\/arte-e-cultura\/\" \n\t\t\t\t\t\t\taria-label=\"Category Arte e Cultura\">Arte e Cultura<\/a>\t\t<\/div>\n\t\t\t\t\t<h3 class=\"upk-title\"><a href=\"https:\/\/www.tvm.co.mz\/novosite\/2024\/12\/17\/exequias-de-noel-langa-restos-mortais-do-artista-plastico-foram-a-enterrar-no-cemiterio-de-lhanguene\/\" title=\"Ex\u00e9quias de Noel Langa:Restos mortais do artista pl\u00e1stico foram a enterrar no cemit\u00e9rio de Lhanguene\" class=\"title-animation-underline\" aria-label=\"Ex\u00e9quias de Noel Langa:Restos mortais do artista pl\u00e1stico foram a enterrar no cemit\u00e9rio de Lhanguene\">Ex\u00e9quias de Noel Langa:Restos mortais do artista pl\u00e1stico foram a enterrar no cemit\u00e9rio de Lhanguene<\/a><\/h3>\t\t\t\t\t\t\t\t\t<div class=\"upk-meta upk-flex upk-flex-middle\">\n\t\t\t\t\t\t\n\t\t\t\t\t\t\t\t\t\t\t\t\t<div data-separator=\"\">\n\t\t\t\t\t\t\t\t\t<div class=\"upk-date\">\n\t\t\t17 de Dezembro, 2024\t\t<\/div>\n\n\t\t\t\t\t\t\t\t\t\t<\/div>\n\t\t\t\t\t\t\n\t\t\t\t\t\t\n\t\t\t\t\t\t\n\t\t\t\t\t<\/div>\n\t\t\t\t\t\t\t<\/div>\n\t\t<\/div>\n\t\t\t\t\t\t\n\t\t\t\t\t\t\t<\/div>\n\t\t<\/div>\n\n\t\t\n\t\t\t\t\t\t<\/div>\n\t\t\t\t<\/div>\n\t\t\t\t\t<\/div>\n\t\t<\/div>\n\t\t\t\t\t<\/div>\n\t\t<\/section>\n\t\t\t\t<\/div>\n\t\t","protected":false},"excerpt":{"rendered":"<div class='heateorSssClear'><\/div><div  class='heateor_sss_sharing_container heateor_sss_horizontal_sharing' data-heateor-sss-href='https:\/\/www.tvm.co.mz\/novosite\/2024\/12\/17\/exequias-de-noel-langa-restos-mortais-do-artista-plastico-foram-a-enterrar-no-cemiterio-de-lhanguene\/'><div class='heateor_sss_sharing_title' style=\"font-weight:bold\" >Partilhe<\/div><div class=\"heateor_sss_sharing_ul\"><a aria-label=\"Facebook\" class=\"heateor_sss_facebook\" href=\"https:\/\/www.facebook.com\/sharer\/sharer.php?u=https%3A%2F%2Fwww.tvm.co.mz%2Fnovosite%2F2024%2F12%2F17%2Fexequias-de-noel-langa-restos-mortais-do-artista-plastico-foram-a-enterrar-no-cemiterio-de-lhanguene%2F\" title=\"Facebook\" rel=\"nofollow noopener\" target=\"_blank\" style=\"font-size:32px!important;box-shadow:none;display:inline-block;vertical-align:middle\"><span class=\"heateor_sss_svg\" style=\"background-color:#0765FE;width:26px;height:26px;border-radius:999px;display:inline-block;opacity:1;float:left;font-size:32px;box-shadow:none;display:inline-block;font-size:16px;padding:0 4px;vertical-align:middle;background-repeat:repeat;overflow:hidden;padding:0;cursor:pointer;box-sizing:content-box\"><svg style=\"display:block;border-radius:999px;\" focusable=\"false\" aria-hidden=\"true\" xmlns=\"http:\/\/www.w3.org\/2000\/svg\" width=\"100%\" height=\"100%\" viewBox=\"0 0 32 32\"><path fill=\"#fff\" d=\"M28 16c0-6.627-5.373-12-12-12S4 9.373 4 16c0 5.628 3.875 10.35 9.101 11.647v-7.98h-2.474V16H13.1v-1.58c0-4.085 1.849-5.978 5.859-5.978.76 0 2.072.15 2.608.298v3.325c-.283-.03-.775-.045-1.386-.045-1.967 0-2.728.745-2.728 2.683V16h3.92l-.673 3.667h-3.247v8.245C23.395 27.195 28 22.135 28 16Z\"><\/path><\/svg><\/span><\/a><a aria-label=\"X\" class=\"heateor_sss_button_x\" href=\"https:\/\/twitter.com\/intent\/tweet?text=Ex%C3%A9quias%20de%20Noel%20Langa%3ARestos%20mortais%20do%20artista%20pl%C3%A1stico%20foram%20a%20enterrar%20no%20cemit%C3%A9rio%20de%20Lhanguene&url=https%3A%2F%2Fwww.tvm.co.mz%2Fnovosite%2F2024%2F12%2F17%2Fexequias-de-noel-langa-restos-mortais-do-artista-plastico-foram-a-enterrar-no-cemiterio-de-lhanguene%2F\" title=\"X\" rel=\"nofollow noopener\" target=\"_blank\" style=\"font-size:32px!important;box-shadow:none;display:inline-block;vertical-align:middle\"><span class=\"heateor_sss_svg heateor_sss_s__default heateor_sss_s_x\" style=\"background-color:#2a2a2a;width:26px;height:26px;border-radius:999px;display:inline-block;opacity:1;float:left;font-size:32px;box-shadow:none;display:inline-block;font-size:16px;padding:0 4px;vertical-align:middle;background-repeat:repeat;overflow:hidden;padding:0;cursor:pointer;box-sizing:content-box\"><svg width=\"100%\" height=\"100%\" style=\"display:block;border-radius:999px;\" focusable=\"false\" aria-hidden=\"true\" xmlns=\"http:\/\/www.w3.org\/2000\/svg\" viewBox=\"0 0 32 32\"><path fill=\"#fff\" d=\"M21.751 7h3.067l-6.7 7.658L26 25.078h-6.172l-4.833-6.32-5.531 6.32h-3.07l7.167-8.19L6 7h6.328l4.37 5.777L21.75 7Zm-1.076 16.242h1.7L11.404 8.74H9.58l11.094 14.503Z\"><\/path><\/svg><\/span><\/a><a aria-label=\"Reddit\" class=\"heateor_sss_button_reddit\" href=\"https:\/\/reddit.com\/submit?url=https%3A%2F%2Fwww.tvm.co.mz%2Fnovosite%2F2024%2F12%2F17%2Fexequias-de-noel-langa-restos-mortais-do-artista-plastico-foram-a-enterrar-no-cemiterio-de-lhanguene%2F&title=Ex%C3%A9quias%20de%20Noel%20Langa%3ARestos%20mortais%20do%20artista%20pl%C3%A1stico%20foram%20a%20enterrar%20no%20cemit%C3%A9rio%20de%20Lhanguene\" title=\"Reddit\" rel=\"nofollow noopener\" target=\"_blank\" style=\"font-size:32px!important;box-shadow:none;display:inline-block;vertical-align:middle\"><span class=\"heateor_sss_svg heateor_sss_s__default heateor_sss_s_reddit\" style=\"background-color:#ff5700;width:26px;height:26px;border-radius:999px;display:inline-block;opacity:1;float:left;font-size:32px;box-shadow:none;display:inline-block;font-size:16px;padding:0 4px;vertical-align:middle;background-repeat:repeat;overflow:hidden;padding:0;cursor:pointer;box-sizing:content-box\"><svg style=\"display:block;border-radius:999px;\" focusable=\"false\" aria-hidden=\"true\" xmlns=\"http:\/\/www.w3.org\/2000\/svg\" width=\"100%\" height=\"100%\" viewBox=\"-3.5 -3.5 39 39\"><path d=\"M28.543 15.774a2.953 2.953 0 0 0-2.951-2.949 2.882 2.882 0 0 0-1.9.713 14.075 14.075 0 0 0-6.85-2.044l1.38-4.349 3.768.884a2.452 2.452 0 1 0 .24-1.176l-4.274-1a.6.6 0 0 0-.709.4l-1.659 5.224a14.314 14.314 0 0 0-7.316 2.029 2.908 2.908 0 0 0-1.872-.681 2.942 2.942 0 0 0-1.618 5.4 5.109 5.109 0 0 0-.062.765c0 4.158 5.037 7.541 11.229 7.541s11.22-3.383 11.22-7.541a5.2 5.2 0 0 0-.053-.706 2.963 2.963 0 0 0 1.427-2.51zm-18.008 1.88a1.753 1.753 0 0 1 1.73-1.74 1.73 1.73 0 0 1 1.709 1.74 1.709 1.709 0 0 1-1.709 1.711 1.733 1.733 0 0 1-1.73-1.711zm9.565 4.968a5.573 5.573 0 0 1-4.081 1.272h-.032a5.576 5.576 0 0 1-4.087-1.272.6.6 0 0 1 .844-.854 4.5 4.5 0 0 0 3.238.927h.032a4.5 4.5 0 0 0 3.237-.927.6.6 0 1 1 .844.854zm-.331-3.256a1.726 1.726 0 1 1 1.709-1.712 1.717 1.717 0 0 1-1.712 1.712z\" fill=\"#fff\"\/><\/svg><\/span><\/a><a aria-label=\"Linkedin\" class=\"heateor_sss_button_linkedin\" href=\"https:\/\/www.linkedin.com\/sharing\/share-offsite\/?url=https%3A%2F%2Fwww.tvm.co.mz%2Fnovosite%2F2024%2F12%2F17%2Fexequias-de-noel-langa-restos-mortais-do-artista-plastico-foram-a-enterrar-no-cemiterio-de-lhanguene%2F\" title=\"Linkedin\" rel=\"nofollow noopener\" target=\"_blank\" style=\"font-size:32px!important;box-shadow:none;display:inline-block;vertical-align:middle\"><span class=\"heateor_sss_svg heateor_sss_s__default heateor_sss_s_linkedin\" style=\"background-color:#0077b5;width:26px;height:26px;border-radius:999px;display:inline-block;opacity:1;float:left;font-size:32px;box-shadow:none;display:inline-block;font-size:16px;padding:0 4px;vertical-align:middle;background-repeat:repeat;overflow:hidden;padding:0;cursor:pointer;box-sizing:content-box\"><svg style=\"display:block;border-radius:999px;\" focusable=\"false\" aria-hidden=\"true\" xmlns=\"http:\/\/www.w3.org\/2000\/svg\" width=\"100%\" height=\"100%\" viewBox=\"0 0 32 32\"><path d=\"M6.227 12.61h4.19v13.48h-4.19V12.61zm2.095-6.7a2.43 2.43 0 0 1 0 4.86c-1.344 0-2.428-1.09-2.428-2.43s1.084-2.43 2.428-2.43m4.72 6.7h4.02v1.84h.058c.56-1.058 1.927-2.176 3.965-2.176 4.238 0 5.02 2.792 5.02 6.42v7.395h-4.183v-6.56c0-1.564-.03-3.574-2.178-3.574-2.18 0-2.514 1.7-2.514 3.46v6.668h-4.187V12.61z\" fill=\"#fff\"><\/path><\/svg><\/span><\/a><a aria-label=\"Pinterest\" class=\"heateor_sss_button_pinterest\" href=\"https:\/\/www.tvm.co.mz\/novosite\/2024\/12\/17\/exequias-de-noel-langa-restos-mortais-do-artista-plastico-foram-a-enterrar-no-cemiterio-de-lhanguene\/\" onclick=\"event.preventDefault();javascript:void( (function() {var e=document.createElement('script' );e.setAttribute('type','text\/javascript' );e.setAttribute('charset','UTF-8' );e.setAttribute('src','\/\/assets.pinterest.com\/js\/pinmarklet.js?r='+Math.random()*99999999);document.body.appendChild(e)})());\" title=\"Pinterest\" rel=\"noopener\" style=\"font-size:32px!important;box-shadow:none;display:inline-block;vertical-align:middle\"><span class=\"heateor_sss_svg heateor_sss_s__default heateor_sss_s_pinterest\" style=\"background-color:#cc2329;width:26px;height:26px;border-radius:999px;display:inline-block;opacity:1;float:left;font-size:32px;box-shadow:none;display:inline-block;font-size:16px;padding:0 4px;vertical-align:middle;background-repeat:repeat;overflow:hidden;padding:0;cursor:pointer;box-sizing:content-box\"><svg style=\"display:block;border-radius:999px;\" focusable=\"false\" aria-hidden=\"true\" xmlns=\"http:\/\/www.w3.org\/2000\/svg\" width=\"100%\" height=\"100%\" viewBox=\"-2 -2 35 35\"><path fill=\"#fff\" d=\"M16.539 4.5c-6.277 0-9.442 4.5-9.442 8.253 0 2.272.86 4.293 2.705 5.046.303.125.574.005.662-.33.061-.231.205-.816.27-1.06.088-.331.053-.447-.191-.736-.532-.627-.873-1.439-.873-2.591 0-3.338 2.498-6.327 6.505-6.327 3.548 0 5.497 2.168 5.497 5.062 0 3.81-1.686 7.025-4.188 7.025-1.382 0-2.416-1.142-2.085-2.545.397-1.674 1.166-3.48 1.166-4.689 0-1.081-.581-1.983-1.782-1.983-1.413 0-2.548 1.462-2.548 3.419 0 1.247.421 2.091.421 2.091l-1.699 7.199c-.505 2.137-.076 4.755-.039 5.019.021.158.223.196.314.077.13-.17 1.813-2.247 2.384-4.324.162-.587.929-3.631.929-3.631.46.876 1.801 1.646 3.227 1.646 4.247 0 7.128-3.871 7.128-9.053.003-3.918-3.317-7.568-8.361-7.568z\"\/><\/svg><\/span><\/a><a aria-label=\"Mastodon\" class=\"heateor_sss_button_mastodon\" href=\"https:\/\/mastodon.social\/share?text=https%3A%2F%2Fwww.tvm.co.mz%2Fnovosite%2F2024%2F12%2F17%2Fexequias-de-noel-langa-restos-mortais-do-artista-plastico-foram-a-enterrar-no-cemiterio-de-lhanguene%2F&title=Ex%C3%A9quias%20de%20Noel%20Langa%3ARestos%20mortais%20do%20artista%20pl%C3%A1stico%20foram%20a%20enterrar%20no%20cemit%C3%A9rio%20de%20Lhanguene\" title=\"Mastodon\" rel=\"nofollow noopener\" target=\"_blank\" style=\"font-size:32px!important;box-shadow:none;display:inline-block;vertical-align:middle\"><span class=\"heateor_sss_svg heateor_sss_s__default heateor_sss_s_mastodon\" style=\"background-color:#6364FF;width:26px;height:26px;border-radius:999px;display:inline-block;opacity:1;float:left;font-size:32px;box-shadow:none;display:inline-block;font-size:16px;padding:0 4px;vertical-align:middle;background-repeat:repeat;overflow:hidden;padding:0;cursor:pointer;box-sizing:content-box\"><svg style=\"display:block;border-radius:999px;\" focusable=\"false\" aria-hidden=\"true\" xmlns=\"http:\/\/www.w3.org\/2000\/svg\" width=\"100%\" height=\"100%\" viewBox=\"-3.5 -3.5 39 39\"><path d=\"M27 12c0-5.12-3.35-6.62-3.35-6.62C22 4.56 19.05 4.23 16 4.21c-3 0-5.92.35-7.61 1.12C8.36 5.33 5 6.83 5 12v4c.12 5 .92 9.93 5.54 11.16a17.67 17.67 0 005.44.6 10.88 10.88 0 004.18-.95l-.09-1.95a13.36 13.36 0 01-4.07.54c-2.12-.07-4.37-.23-4.71-2.84a5.58 5.58 0 01-.05-.73 27.46 27.46 0 004.73.63 26.76 26.76 0 004.68-.28c3-.35 5.53-2.17 5.85-3.83A39.25 39.25 0 0027 12zm-3.95 6.59h-2.46v-6c0-1.27-.53-1.91-1.6-1.91s-1.77.76-1.77 2.27v3.29h-2.44v-3.35c0-1.51-.59-2.27-1.77-2.27s-1.6.64-1.6 1.91v6H9v-6.18a4.49 4.49 0 011-3 3.39 3.39 0 012.63-1.12 3.17 3.17 0 012.84 1.44l.61 1 .61-1a3.17 3.17 0 012.84-1.44 3.39 3.39 0 012.63 1.12 4.49 4.49 0 011 3z\" fill=\"#fff\"><\/path><\/svg><\/span><\/a><a aria-label=\"Mix\" class=\"heateor_sss_button_mix\" href=\"https:\/\/mix.com\/mixit?url=https%3A%2F%2Fwww.tvm.co.mz%2Fnovosite%2F2024%2F12%2F17%2Fexequias-de-noel-langa-restos-mortais-do-artista-plastico-foram-a-enterrar-no-cemiterio-de-lhanguene%2F\" title=\"Mix\" rel=\"nofollow noopener\" target=\"_blank\" style=\"font-size:32px!important;box-shadow:none;display:inline-block;vertical-align:middle\"><span class=\"heateor_sss_svg heateor_sss_s__default heateor_sss_s_mix\" style=\"background-color:#ff8226;width:26px;height:26px;border-radius:999px;display:inline-block;opacity:1;float:left;font-size:32px;box-shadow:none;display:inline-block;font-size:16px;padding:0 4px;vertical-align:middle;background-repeat:repeat;overflow:hidden;padding:0;cursor:pointer;box-sizing:content-box\"><svg focusable=\"false\" aria-hidden=\"true\" xmlns=\"http:\/\/www.w3.org\/2000\/svg\" width=\"100%\" height=\"100%\" viewBox=\"-7 -8 45 45\"><g fill=\"#fff\"><path opacity=\".8\" d=\"M27.87 4.125c-5.224 0-9.467 4.159-9.467 9.291v2.89c0-1.306 1.074-2.362 2.399-2.362s2.399 1.056 2.399 2.362v1.204c0 1.306 1.074 2.362 2.399 2.362s2.399-1.056 2.399-2.362V4.134c-.036-.009-.082-.009-.129-.009\"\/><path d=\"M4 4.125v12.94c2.566 0 4.668-1.973 4.807-4.465v-2.214c0-.065 0-.12.009-.176.093-1.213 1.13-2.177 2.39-2.177 1.325 0 2.399 1.056 2.399 2.362v9.226c0 1.306 1.074 2.353 2.399 2.353s2.399-1.056 2.399-2.353v-6.206c0-5.132 4.233-9.291 9.467-9.291H4z\"\/><path opacity=\".8\" d=\"M4 17.074v8.438c0 1.306 1.074 2.362 2.399 2.362s2.399-1.056 2.399-2.362V12.61C8.659 15.102 6.566 17.074 4 17.074\"\/><\/g><\/svg><\/span><\/a><a aria-label=\"Whatsapp\" class=\"heateor_sss_whatsapp\" href=\"https:\/\/api.whatsapp.com\/send?text=Ex%C3%A9quias%20de%20Noel%20Langa%3ARestos%20mortais%20do%20artista%20pl%C3%A1stico%20foram%20a%20enterrar%20no%20cemit%C3%A9rio%20de%20Lhanguene%20https%3A%2F%2Fwww.tvm.co.mz%2Fnovosite%2F2024%2F12%2F17%2Fexequias-de-noel-langa-restos-mortais-do-artista-plastico-foram-a-enterrar-no-cemiterio-de-lhanguene%2F\" title=\"Whatsapp\" rel=\"nofollow noopener\" target=\"_blank\" style=\"font-size:32px!important;box-shadow:none;display:inline-block;vertical-align:middle\"><span class=\"heateor_sss_svg\" style=\"background-color:#55eb4c;width:26px;height:26px;border-radius:999px;display:inline-block;opacity:1;float:left;font-size:32px;box-shadow:none;display:inline-block;font-size:16px;padding:0 4px;vertical-align:middle;background-repeat:repeat;overflow:hidden;padding:0;cursor:pointer;box-sizing:content-box\"><svg style=\"display:block;border-radius:999px;\" focusable=\"false\" aria-hidden=\"true\" xmlns=\"http:\/\/www.w3.org\/2000\/svg\" width=\"100%\" height=\"100%\" viewBox=\"-6 -5 40 40\"><path class=\"heateor_sss_svg_stroke heateor_sss_no_fill\" stroke=\"#fff\" stroke-width=\"2\" fill=\"none\" d=\"M 11.579798566743314 24.396926207859085 A 10 10 0 1 0 6.808479557110079 20.73576436351046\"><\/path><path d=\"M 7 19 l -1 6 l 6 -1\" class=\"heateor_sss_no_fill heateor_sss_svg_stroke\" stroke=\"#fff\" stroke-width=\"2\" fill=\"none\"><\/path><path d=\"M 10 10 q -1 8 8 11 c 5 -1 0 -6 -1 -3 q -4 -3 -5 -5 c 4 -2 -1 -5 -1 -4\" fill=\"#fff\"><\/path><\/svg><\/span><\/a><a class=\"heateor_sss_more\" aria-label=\"More\" title=\"More\" rel=\"nofollow noopener\" style=\"font-size: 32px!important;border:0;box-shadow:none;display:inline-block!important;font-size:16px;padding:0 4px;vertical-align: middle;display:inline;\" href=\"https:\/\/www.tvm.co.mz\/novosite\/2024\/12\/17\/exequias-de-noel-langa-restos-mortais-do-artista-plastico-foram-a-enterrar-no-cemiterio-de-lhanguene\/\" onclick=\"event.preventDefault()\"><span class=\"heateor_sss_svg\" style=\"background-color:#ee8e2d;width:26px;height:26px;border-radius:999px;display:inline-block!important;opacity:1;float:left;font-size:32px!important;box-shadow:none;display:inline-block;font-size:16px;padding:0 4px;vertical-align:middle;display:inline;background-repeat:repeat;overflow:hidden;padding:0;cursor:pointer;box-sizing:content-box;\" onclick=\"heateorSssMoreSharingPopup(this, 'https:\/\/www.tvm.co.mz\/novosite\/2024\/12\/17\/exequias-de-noel-langa-restos-mortais-do-artista-plastico-foram-a-enterrar-no-cemiterio-de-lhanguene\/', 'Ex%C3%A9quias%20de%20Noel%20Langa%3ARestos%20mortais%20do%20artista%20pl%C3%A1stico%20foram%20a%20enterrar%20no%20cemit%C3%A9rio%20de%20Lhanguene', '' )\"><svg xmlns=\"http:\/\/www.w3.org\/2000\/svg\" xmlns:xlink=\"http:\/\/www.w3.org\/1999\/xlink\" viewBox=\"-.3 0 32 32\" version=\"1.1\" width=\"100%\" height=\"100%\" style=\"display:block;border-radius:999px;\" xml:space=\"preserve\"><g><path fill=\"#fff\" d=\"M18 14V8h-4v6H8v4h6v6h4v-6h6v-4h-6z\" fill-rule=\"evenodd\"><\/path><\/g><\/svg><\/span><\/a><\/div><div class=\"heateorSssClear\"><\/div><\/div><div class='heateorSssClear'><\/div><br\/><p>ENTRETENIMENTO Cinema Eventos Sa\u00fade e Lazer Curiosidades Receitas Tecnologia Arte e Cultura Passatempo Humberger Toggle Menu ARTE E CULTURA Arte e Cultura 18 de Mar\u00e7o, 2024 Carnaval Municipal de Quissico: Tr\u00eas mil espectadores presentes na VI edi\u00e7\u00e3o do certame Arte e Cultura 15 de Mar\u00e7o, 2024 \u201cUm di\u00e1logo com a Mbira\u201d : \u00c9 o t\u00edtulo da obra lan\u00e7ada esta quinta-feira, na cidade de Maputo Arte e Cultura 14 de Mar\u00e7o, 2024 Festival cultural Achivanjila: Bibi Nhenge apela \u00e0 participa\u00e7\u00e3o massiva no evento Arte e Cultura 13 de Mar\u00e7o, 2024 \u201cBiblioteca digital\u201d em Quelimane : Citadinos demonstram cada vez mais interesse na leitura Arte e Cultura 11 de Mar\u00e7o, 2024 Estimular o gosto pela leitura : Escritor Nelson Lineu oferece mil e quinhentos livros a um orfanato Arte e Cultura 7 de Mar\u00e7o, 2024 FMF refor\u00e7a comando t\u00e9cnico: Treinador Lu\u00eds Guerreiro passa a chefiar o projecto academias Arte e Cultura 7 de Mar\u00e7o, 2024 \u201cVidas Universit\u00e1rias\u201d: Acad\u00e9micos defendem ensino virado \u00e0 transforma\u00e7\u00e3o dos recursos Arte e Cultura 4 de Mar\u00e7o, 2024 Carnaval Municipal agitou Inhambane: M\u00fasica, dan\u00e7a, poesia e outras express\u00f5es marcaram o evento Arte e Cultura 1 de Mar\u00e7o, 2024 Festival da Rainha Achivanjila: Governadora do Niassa exige organiza\u00e7\u00e3o impec\u00e1vel Arte e Cultura 29 de Fevereiro, 2024 Galeria no Porto de Maputo: Espa\u00e7o cultural passa a acolher o projecto \u201cBazar na Noite\u201d Arte e Cultura 28 de Fevereiro, 2024 Banda Marrove prepara segundo \u00e1lbum Arte e Cultura 26 de Fevereiro, 2024 Carnaval da cidade da Beira: Evento cultural arrancou este s\u00e1bado 1 2 3 &#8230; 37 Mais recentes Tecnologia SIM 3: Novo modelo adoptado por Mo\u00e7ambique no combate a ataques cibern\u00e9ticos 1 de Novembro, 2022 Tecnologia UP vai introduzir cursos de rob\u00f3tica e intelig\u00eancia artificial 20 de Outubro, 2022 Tecnologia Elon Musk faz proposta para comprar o Twitter por 38 mil milh\u00f5es de euros 14 de Abril, 2022 Tecnologia iPhone 12 mini e iPhone 12 Pro Max: Iniciou hoje a pr\u00e9-venda dos dispositivos da Apple 6 de Novembro, 2020 Tecnologia AirCar \u00e9 a fus\u00e3o de carro e avi\u00e3o que sempre quis ver 3 de Novembro, 2020<\/p>\n<br\/><div class='heateorSssClear'><\/div><div  class='heateor_sss_sharing_container heateor_sss_horizontal_sharing' data-heateor-sss-href='https:\/\/www.tvm.co.mz\/novosite\/2024\/12\/17\/exequias-de-noel-langa-restos-mortais-do-artista-plastico-foram-a-enterrar-no-cemiterio-de-lhanguene\/'><div class='heateor_sss_sharing_title' style=\"font-weight:bold\" >Partilhe<\/div><div class=\"heateor_sss_sharing_ul\"><a aria-label=\"Facebook\" class=\"heateor_sss_facebook\" href=\"https:\/\/www.facebook.com\/sharer\/sharer.php?u=https%3A%2F%2Fwww.tvm.co.mz%2Fnovosite%2F2024%2F12%2F17%2Fexequias-de-noel-langa-restos-mortais-do-artista-plastico-foram-a-enterrar-no-cemiterio-de-lhanguene%2F\" title=\"Facebook\" rel=\"nofollow noopener\" target=\"_blank\" style=\"font-size:32px!important;box-shadow:none;display:inline-block;vertical-align:middle\"><span class=\"heateor_sss_svg\" style=\"background-color:#0765FE;width:26px;height:26px;border-radius:999px;display:inline-block;opacity:1;float:left;font-size:32px;box-shadow:none;display:inline-block;font-size:16px;padding:0 4px;vertical-align:middle;background-repeat:repeat;overflow:hidden;padding:0;cursor:pointer;box-sizing:content-box\"><svg style=\"display:block;border-radius:999px;\" focusable=\"false\" aria-hidden=\"true\" xmlns=\"http:\/\/www.w3.org\/2000\/svg\" width=\"100%\" height=\"100%\" viewBox=\"0 0 32 32\"><path fill=\"#fff\" d=\"M28 16c0-6.627-5.373-12-12-12S4 9.373 4 16c0 5.628 3.875 10.35 9.101 11.647v-7.98h-2.474V16H13.1v-1.58c0-4.085 1.849-5.978 5.859-5.978.76 0 2.072.15 2.608.298v3.325c-.283-.03-.775-.045-1.386-.045-1.967 0-2.728.745-2.728 2.683V16h3.92l-.673 3.667h-3.247v8.245C23.395 27.195 28 22.135 28 16Z\"><\/path><\/svg><\/span><\/a><a aria-label=\"X\" class=\"heateor_sss_button_x\" href=\"https:\/\/twitter.com\/intent\/tweet?text=Ex%C3%A9quias%20de%20Noel%20Langa%3ARestos%20mortais%20do%20artista%20pl%C3%A1stico%20foram%20a%20enterrar%20no%20cemit%C3%A9rio%20de%20Lhanguene&url=https%3A%2F%2Fwww.tvm.co.mz%2Fnovosite%2F2024%2F12%2F17%2Fexequias-de-noel-langa-restos-mortais-do-artista-plastico-foram-a-enterrar-no-cemiterio-de-lhanguene%2F\" title=\"X\" rel=\"nofollow noopener\" target=\"_blank\" style=\"font-size:32px!important;box-shadow:none;display:inline-block;vertical-align:middle\"><span class=\"heateor_sss_svg heateor_sss_s__default heateor_sss_s_x\" style=\"background-color:#2a2a2a;width:26px;height:26px;border-radius:999px;display:inline-block;opacity:1;float:left;font-size:32px;box-shadow:none;display:inline-block;font-size:16px;padding:0 4px;vertical-align:middle;background-repeat:repeat;overflow:hidden;padding:0;cursor:pointer;box-sizing:content-box\"><svg width=\"100%\" height=\"100%\" style=\"display:block;border-radius:999px;\" focusable=\"false\" aria-hidden=\"true\" xmlns=\"http:\/\/www.w3.org\/2000\/svg\" viewBox=\"0 0 32 32\"><path fill=\"#fff\" d=\"M21.751 7h3.067l-6.7 7.658L26 25.078h-6.172l-4.833-6.32-5.531 6.32h-3.07l7.167-8.19L6 7h6.328l4.37 5.777L21.75 7Zm-1.076 16.242h1.7L11.404 8.74H9.58l11.094 14.503Z\"><\/path><\/svg><\/span><\/a><a aria-label=\"Reddit\" class=\"heateor_sss_button_reddit\" href=\"https:\/\/reddit.com\/submit?url=https%3A%2F%2Fwww.tvm.co.mz%2Fnovosite%2F2024%2F12%2F17%2Fexequias-de-noel-langa-restos-mortais-do-artista-plastico-foram-a-enterrar-no-cemiterio-de-lhanguene%2F&title=Ex%C3%A9quias%20de%20Noel%20Langa%3ARestos%20mortais%20do%20artista%20pl%C3%A1stico%20foram%20a%20enterrar%20no%20cemit%C3%A9rio%20de%20Lhanguene\" title=\"Reddit\" rel=\"nofollow noopener\" target=\"_blank\" style=\"font-size:32px!important;box-shadow:none;display:inline-block;vertical-align:middle\"><span class=\"heateor_sss_svg heateor_sss_s__default heateor_sss_s_reddit\" style=\"background-color:#ff5700;width:26px;height:26px;border-radius:999px;display:inline-block;opacity:1;float:left;font-size:32px;box-shadow:none;display:inline-block;font-size:16px;padding:0 4px;vertical-align:middle;background-repeat:repeat;overflow:hidden;padding:0;cursor:pointer;box-sizing:content-box\"><svg style=\"display:block;border-radius:999px;\" focusable=\"false\" aria-hidden=\"true\" xmlns=\"http:\/\/www.w3.org\/2000\/svg\" width=\"100%\" height=\"100%\" viewBox=\"-3.5 -3.5 39 39\"><path d=\"M28.543 15.774a2.953 2.953 0 0 0-2.951-2.949 2.882 2.882 0 0 0-1.9.713 14.075 14.075 0 0 0-6.85-2.044l1.38-4.349 3.768.884a2.452 2.452 0 1 0 .24-1.176l-4.274-1a.6.6 0 0 0-.709.4l-1.659 5.224a14.314 14.314 0 0 0-7.316 2.029 2.908 2.908 0 0 0-1.872-.681 2.942 2.942 0 0 0-1.618 5.4 5.109 5.109 0 0 0-.062.765c0 4.158 5.037 7.541 11.229 7.541s11.22-3.383 11.22-7.541a5.2 5.2 0 0 0-.053-.706 2.963 2.963 0 0 0 1.427-2.51zm-18.008 1.88a1.753 1.753 0 0 1 1.73-1.74 1.73 1.73 0 0 1 1.709 1.74 1.709 1.709 0 0 1-1.709 1.711 1.733 1.733 0 0 1-1.73-1.711zm9.565 4.968a5.573 5.573 0 0 1-4.081 1.272h-.032a5.576 5.576 0 0 1-4.087-1.272.6.6 0 0 1 .844-.854 4.5 4.5 0 0 0 3.238.927h.032a4.5 4.5 0 0 0 3.237-.927.6.6 0 1 1 .844.854zm-.331-3.256a1.726 1.726 0 1 1 1.709-1.712 1.717 1.717 0 0 1-1.712 1.712z\" fill=\"#fff\"\/><\/svg><\/span><\/a><a aria-label=\"Linkedin\" class=\"heateor_sss_button_linkedin\" href=\"https:\/\/www.linkedin.com\/sharing\/share-offsite\/?url=https%3A%2F%2Fwww.tvm.co.mz%2Fnovosite%2F2024%2F12%2F17%2Fexequias-de-noel-langa-restos-mortais-do-artista-plastico-foram-a-enterrar-no-cemiterio-de-lhanguene%2F\" title=\"Linkedin\" rel=\"nofollow noopener\" target=\"_blank\" style=\"font-size:32px!important;box-shadow:none;display:inline-block;vertical-align:middle\"><span class=\"heateor_sss_svg heateor_sss_s__default heateor_sss_s_linkedin\" style=\"background-color:#0077b5;width:26px;height:26px;border-radius:999px;display:inline-block;opacity:1;float:left;font-size:32px;box-shadow:none;display:inline-block;font-size:16px;padding:0 4px;vertical-align:middle;background-repeat:repeat;overflow:hidden;padding:0;cursor:pointer;box-sizing:content-box\"><svg style=\"display:block;border-radius:999px;\" focusable=\"false\" aria-hidden=\"true\" xmlns=\"http:\/\/www.w3.org\/2000\/svg\" width=\"100%\" height=\"100%\" viewBox=\"0 0 32 32\"><path d=\"M6.227 12.61h4.19v13.48h-4.19V12.61zm2.095-6.7a2.43 2.43 0 0 1 0 4.86c-1.344 0-2.428-1.09-2.428-2.43s1.084-2.43 2.428-2.43m4.72 6.7h4.02v1.84h.058c.56-1.058 1.927-2.176 3.965-2.176 4.238 0 5.02 2.792 5.02 6.42v7.395h-4.183v-6.56c0-1.564-.03-3.574-2.178-3.574-2.18 0-2.514 1.7-2.514 3.46v6.668h-4.187V12.61z\" fill=\"#fff\"><\/path><\/svg><\/span><\/a><a aria-label=\"Pinterest\" class=\"heateor_sss_button_pinterest\" href=\"https:\/\/www.tvm.co.mz\/novosite\/2024\/12\/17\/exequias-de-noel-langa-restos-mortais-do-artista-plastico-foram-a-enterrar-no-cemiterio-de-lhanguene\/\" onclick=\"event.preventDefault();javascript:void( (function() {var e=document.createElement('script' );e.setAttribute('type','text\/javascript' );e.setAttribute('charset','UTF-8' );e.setAttribute('src','\/\/assets.pinterest.com\/js\/pinmarklet.js?r='+Math.random()*99999999);document.body.appendChild(e)})());\" title=\"Pinterest\" rel=\"noopener\" style=\"font-size:32px!important;box-shadow:none;display:inline-block;vertical-align:middle\"><span class=\"heateor_sss_svg heateor_sss_s__default heateor_sss_s_pinterest\" style=\"background-color:#cc2329;width:26px;height:26px;border-radius:999px;display:inline-block;opacity:1;float:left;font-size:32px;box-shadow:none;display:inline-block;font-size:16px;padding:0 4px;vertical-align:middle;background-repeat:repeat;overflow:hidden;padding:0;cursor:pointer;box-sizing:content-box\"><svg style=\"display:block;border-radius:999px;\" focusable=\"false\" aria-hidden=\"true\" xmlns=\"http:\/\/www.w3.org\/2000\/svg\" width=\"100%\" height=\"100%\" viewBox=\"-2 -2 35 35\"><path fill=\"#fff\" d=\"M16.539 4.5c-6.277 0-9.442 4.5-9.442 8.253 0 2.272.86 4.293 2.705 5.046.303.125.574.005.662-.33.061-.231.205-.816.27-1.06.088-.331.053-.447-.191-.736-.532-.627-.873-1.439-.873-2.591 0-3.338 2.498-6.327 6.505-6.327 3.548 0 5.497 2.168 5.497 5.062 0 3.81-1.686 7.025-4.188 7.025-1.382 0-2.416-1.142-2.085-2.545.397-1.674 1.166-3.48 1.166-4.689 0-1.081-.581-1.983-1.782-1.983-1.413 0-2.548 1.462-2.548 3.419 0 1.247.421 2.091.421 2.091l-1.699 7.199c-.505 2.137-.076 4.755-.039 5.019.021.158.223.196.314.077.13-.17 1.813-2.247 2.384-4.324.162-.587.929-3.631.929-3.631.46.876 1.801 1.646 3.227 1.646 4.247 0 7.128-3.871 7.128-9.053.003-3.918-3.317-7.568-8.361-7.568z\"\/><\/svg><\/span><\/a><a aria-label=\"Mastodon\" class=\"heateor_sss_button_mastodon\" href=\"https:\/\/mastodon.social\/share?text=https%3A%2F%2Fwww.tvm.co.mz%2Fnovosite%2F2024%2F12%2F17%2Fexequias-de-noel-langa-restos-mortais-do-artista-plastico-foram-a-enterrar-no-cemiterio-de-lhanguene%2F&title=Ex%C3%A9quias%20de%20Noel%20Langa%3ARestos%20mortais%20do%20artista%20pl%C3%A1stico%20foram%20a%20enterrar%20no%20cemit%C3%A9rio%20de%20Lhanguene\" title=\"Mastodon\" rel=\"nofollow noopener\" target=\"_blank\" style=\"font-size:32px!important;box-shadow:none;display:inline-block;vertical-align:middle\"><span class=\"heateor_sss_svg heateor_sss_s__default heateor_sss_s_mastodon\" style=\"background-color:#6364FF;width:26px;height:26px;border-radius:999px;display:inline-block;opacity:1;float:left;font-size:32px;box-shadow:none;display:inline-block;font-size:16px;padding:0 4px;vertical-align:middle;background-repeat:repeat;overflow:hidden;padding:0;cursor:pointer;box-sizing:content-box\"><svg style=\"display:block;border-radius:999px;\" focusable=\"false\" aria-hidden=\"true\" xmlns=\"http:\/\/www.w3.org\/2000\/svg\" width=\"100%\" height=\"100%\" viewBox=\"-3.5 -3.5 39 39\"><path d=\"M27 12c0-5.12-3.35-6.62-3.35-6.62C22 4.56 19.05 4.23 16 4.21c-3 0-5.92.35-7.61 1.12C8.36 5.33 5 6.83 5 12v4c.12 5 .92 9.93 5.54 11.16a17.67 17.67 0 005.44.6 10.88 10.88 0 004.18-.95l-.09-1.95a13.36 13.36 0 01-4.07.54c-2.12-.07-4.37-.23-4.71-2.84a5.58 5.58 0 01-.05-.73 27.46 27.46 0 004.73.63 26.76 26.76 0 004.68-.28c3-.35 5.53-2.17 5.85-3.83A39.25 39.25 0 0027 12zm-3.95 6.59h-2.46v-6c0-1.27-.53-1.91-1.6-1.91s-1.77.76-1.77 2.27v3.29h-2.44v-3.35c0-1.51-.59-2.27-1.77-2.27s-1.6.64-1.6 1.91v6H9v-6.18a4.49 4.49 0 011-3 3.39 3.39 0 012.63-1.12 3.17 3.17 0 012.84 1.44l.61 1 .61-1a3.17 3.17 0 012.84-1.44 3.39 3.39 0 012.63 1.12 4.49 4.49 0 011 3z\" fill=\"#fff\"><\/path><\/svg><\/span><\/a><a aria-label=\"Mix\" class=\"heateor_sss_button_mix\" href=\"https:\/\/mix.com\/mixit?url=https%3A%2F%2Fwww.tvm.co.mz%2Fnovosite%2F2024%2F12%2F17%2Fexequias-de-noel-langa-restos-mortais-do-artista-plastico-foram-a-enterrar-no-cemiterio-de-lhanguene%2F\" title=\"Mix\" rel=\"nofollow noopener\" target=\"_blank\" style=\"font-size:32px!important;box-shadow:none;display:inline-block;vertical-align:middle\"><span class=\"heateor_sss_svg heateor_sss_s__default heateor_sss_s_mix\" style=\"background-color:#ff8226;width:26px;height:26px;border-radius:999px;display:inline-block;opacity:1;float:left;font-size:32px;box-shadow:none;display:inline-block;font-size:16px;padding:0 4px;vertical-align:middle;background-repeat:repeat;overflow:hidden;padding:0;cursor:pointer;box-sizing:content-box\"><svg focusable=\"false\" aria-hidden=\"true\" xmlns=\"http:\/\/www.w3.org\/2000\/svg\" width=\"100%\" height=\"100%\" viewBox=\"-7 -8 45 45\"><g fill=\"#fff\"><path opacity=\".8\" d=\"M27.87 4.125c-5.224 0-9.467 4.159-9.467 9.291v2.89c0-1.306 1.074-2.362 2.399-2.362s2.399 1.056 2.399 2.362v1.204c0 1.306 1.074 2.362 2.399 2.362s2.399-1.056 2.399-2.362V4.134c-.036-.009-.082-.009-.129-.009\"\/><path d=\"M4 4.125v12.94c2.566 0 4.668-1.973 4.807-4.465v-2.214c0-.065 0-.12.009-.176.093-1.213 1.13-2.177 2.39-2.177 1.325 0 2.399 1.056 2.399 2.362v9.226c0 1.306 1.074 2.353 2.399 2.353s2.399-1.056 2.399-2.353v-6.206c0-5.132 4.233-9.291 9.467-9.291H4z\"\/><path opacity=\".8\" d=\"M4 17.074v8.438c0 1.306 1.074 2.362 2.399 2.362s2.399-1.056 2.399-2.362V12.61C8.659 15.102 6.566 17.074 4 17.074\"\/><\/g><\/svg><\/span><\/a><a aria-label=\"Whatsapp\" class=\"heateor_sss_whatsapp\" href=\"https:\/\/api.whatsapp.com\/send?text=Ex%C3%A9quias%20de%20Noel%20Langa%3ARestos%20mortais%20do%20artista%20pl%C3%A1stico%20foram%20a%20enterrar%20no%20cemit%C3%A9rio%20de%20Lhanguene%20https%3A%2F%2Fwww.tvm.co.mz%2Fnovosite%2F2024%2F12%2F17%2Fexequias-de-noel-langa-restos-mortais-do-artista-plastico-foram-a-enterrar-no-cemiterio-de-lhanguene%2F\" title=\"Whatsapp\" rel=\"nofollow noopener\" target=\"_blank\" style=\"font-size:32px!important;box-shadow:none;display:inline-block;vertical-align:middle\"><span class=\"heateor_sss_svg\" style=\"background-color:#55eb4c;width:26px;height:26px;border-radius:999px;display:inline-block;opacity:1;float:left;font-size:32px;box-shadow:none;display:inline-block;font-size:16px;padding:0 4px;vertical-align:middle;background-repeat:repeat;overflow:hidden;padding:0;cursor:pointer;box-sizing:content-box\"><svg style=\"display:block;border-radius:999px;\" focusable=\"false\" aria-hidden=\"true\" xmlns=\"http:\/\/www.w3.org\/2000\/svg\" width=\"100%\" height=\"100%\" viewBox=\"-6 -5 40 40\"><path class=\"heateor_sss_svg_stroke heateor_sss_no_fill\" stroke=\"#fff\" stroke-width=\"2\" fill=\"none\" d=\"M 11.579798566743314 24.396926207859085 A 10 10 0 1 0 6.808479557110079 20.73576436351046\"><\/path><path d=\"M 7 19 l -1 6 l 6 -1\" class=\"heateor_sss_no_fill heateor_sss_svg_stroke\" stroke=\"#fff\" stroke-width=\"2\" fill=\"none\"><\/path><path d=\"M 10 10 q -1 8 8 11 c 5 -1 0 -6 -1 -3 q -4 -3 -5 -5 c 4 -2 -1 -5 -1 -4\" fill=\"#fff\"><\/path><\/svg><\/span><\/a><a class=\"heateor_sss_more\" aria-label=\"More\" title=\"More\" rel=\"nofollow noopener\" style=\"font-size: 32px!important;border:0;box-shadow:none;display:inline-block!important;font-size:16px;padding:0 4px;vertical-align: middle;display:inline;\" href=\"https:\/\/www.tvm.co.mz\/novosite\/2024\/12\/17\/exequias-de-noel-langa-restos-mortais-do-artista-plastico-foram-a-enterrar-no-cemiterio-de-lhanguene\/\" onclick=\"event.preventDefault()\"><span class=\"heateor_sss_svg\" style=\"background-color:#ee8e2d;width:26px;height:26px;border-radius:999px;display:inline-block!important;opacity:1;float:left;font-size:32px!important;box-shadow:none;display:inline-block;font-size:16px;padding:0 4px;vertical-align:middle;display:inline;background-repeat:repeat;overflow:hidden;padding:0;cursor:pointer;box-sizing:content-box;\" onclick=\"heateorSssMoreSharingPopup(this, 'https:\/\/www.tvm.co.mz\/novosite\/2024\/12\/17\/exequias-de-noel-langa-restos-mortais-do-artista-plastico-foram-a-enterrar-no-cemiterio-de-lhanguene\/', 'Ex%C3%A9quias%20de%20Noel%20Langa%3ARestos%20mortais%20do%20artista%20pl%C3%A1stico%20foram%20a%20enterrar%20no%20cemit%C3%A9rio%20de%20Lhanguene', '' )\"><svg xmlns=\"http:\/\/www.w3.org\/2000\/svg\" xmlns:xlink=\"http:\/\/www.w3.org\/1999\/xlink\" viewBox=\"-.3 0 32 32\" version=\"1.1\" width=\"100%\" height=\"100%\" style=\"display:block;border-radius:999px;\" xml:space=\"preserve\"><g><path fill=\"#fff\" d=\"M18 14V8h-4v6H8v4h6v6h4v-6h6v-4h-6z\" fill-rule=\"evenodd\"><\/path><\/g><\/svg><\/span><\/a><\/div><div class=\"heateorSssClear\"><\/div><\/div><div class='heateorSssClear'><\/div>","protected":false},"author":1,"featured_media":0,"parent":0,"menu_order":0,"comment_status":"closed","ping_status":"closed","template":"","meta":{"site-sidebar-layout":"default","site-content-layout":"","ast-site-content-layout":"default","site-content-style":"default","site-sidebar-style":"default","ast-global-header-display":"","ast-banner-title-visibility":"","ast-main-header-display":"","ast-hfb-above-header-display":"","ast-hfb-below-header-display":"","ast-hfb-mobile-header-display":"","site-post-title":"","ast-breadcrumbs-content":"","ast-featured-img":"","footer-sml-layout":"","theme-transparent-header-meta":"","adv-header-id-meta":"","stick-header-meta":"","header-above-stick-meta":"","header-main-stick-meta":"","header-below-stick-meta":"","astra-migrate-meta-layouts":"default","ast-page-background-enabled":"default","ast-page-background-meta":{"desktop":{"background-color":"var(--ast-global-color-4)","background-image":"","background-repeat":"repeat","background-position":"center center","background-size":"auto","background-attachment":"scroll","background-type":"","background-media":"","overlay-type":"","overlay-color":"","overlay-opacity":"","overlay-gradient":""},"tablet":{"background-color":"","background-image":"","background-repeat":"repeat","background-position":"center center","background-size":"auto","background-attachment":"scroll","background-type":"","background-media":"","overlay-type":"","overlay-color":"","overlay-opacity":"","overlay-gradient":""},"mobile":{"background-color":"","background-image":"","background-repeat":"repeat","background-position":"center center","background-size":"auto","background-attachment":"scroll","background-type":"","background-media":"","overlay-type":"","overlay-color":"","overlay-opacity":"","overlay-gradient":""}},"ast-content-background-meta":{"desktop":{"background-color":"var(--ast-global-color-5)","background-image":"","background-repeat":"repeat","background-position":"center center","background-size":"auto","background-attachment":"scroll","background-type":"","background-media":"","overlay-type":"","overlay-color":"","overlay-opacity":"","overlay-gradient":""},"tablet":{"background-color":"var(--ast-global-color-5)","background-image":"","background-repeat":"repeat","background-position":"center center","background-size":"auto","background-attachment":"scroll","background-type":"","background-media":"","overlay-type":"","overlay-color":"","overlay-opacity":"","overlay-gradient":""},"mobile":{"background-color":"var(--ast-global-color-5)","background-image":"","background-repeat":"repeat","background-position":"center center","background-size":"auto","background-attachment":"scroll","background-type":"","background-media":"","overlay-type":"","overlay-color":"","overlay-opacity":"","overlay-gradient":""}},"footnotes":""},"class_list":["post-25294","page","type-page","status-publish","hentry"],"yoast_head":"<!-- This site is optimized with the Yoast SEO plugin v27.4 - https:\/\/yoast.com\/product\/yoast-seo-wordpress\/ -->\n<title>Arte e Cultura - TVM - Televis\u00e3o de Mo\u00e7ambique<\/title>\n<meta name=\"robots\" content=\"index, follow, max-snippet:-1, max-image-preview:large, max-video-preview:-1\" \/>\n<link rel=\"canonical\" href=\"https:\/\/www.tvm.co.mz\/novosite\/arte-e-cultura\/\" \/>\n<meta property=\"og:locale\" content=\"pt_PT\" \/>\n<meta property=\"og:type\" content=\"article\" \/>\n<meta property=\"og:title\" content=\"Arte e Cultura - TVM - Televis\u00e3o de Mo\u00e7ambique\" \/>\n<meta property=\"og:description\" content=\"ENTRETENIMENTO Cinema Eventos Sa\u00fade e Lazer Curiosidades Receitas Tecnologia Arte e Cultura Passatempo Humberger Toggle Menu ARTE E CULTURA Arte e Cultura 18 de Mar\u00e7o, 2024 Carnaval Municipal de Quissico: Tr\u00eas mil espectadores presentes na VI edi\u00e7\u00e3o do certame Arte e Cultura 15 de Mar\u00e7o, 2024 \u201cUm di\u00e1logo com a Mbira\u201d : \u00c9 o t\u00edtulo da obra lan\u00e7ada esta quinta-feira, na cidade de Maputo Arte e Cultura 14 de Mar\u00e7o, 2024 Festival cultural Achivanjila: Bibi Nhenge apela \u00e0 participa\u00e7\u00e3o massiva no evento Arte e Cultura 13 de Mar\u00e7o, 2024 \u201cBiblioteca digital\u201d em Quelimane : Citadinos demonstram cada vez mais interesse na leitura Arte e Cultura 11 de Mar\u00e7o, 2024 Estimular o gosto pela leitura : Escritor Nelson Lineu oferece mil e quinhentos livros a um orfanato Arte e Cultura 7 de Mar\u00e7o, 2024 FMF refor\u00e7a comando t\u00e9cnico: Treinador Lu\u00eds Guerreiro passa a chefiar o projecto academias Arte e Cultura 7 de Mar\u00e7o, 2024 \u201cVidas Universit\u00e1rias\u201d: Acad\u00e9micos defendem ensino virado \u00e0 transforma\u00e7\u00e3o dos recursos Arte e Cultura 4 de Mar\u00e7o, 2024 Carnaval Municipal agitou Inhambane: M\u00fasica, dan\u00e7a, poesia e outras express\u00f5es marcaram o evento Arte e Cultura 1 de Mar\u00e7o, 2024 Festival da Rainha Achivanjila: Governadora do Niassa exige organiza\u00e7\u00e3o impec\u00e1vel Arte e Cultura 29 de Fevereiro, 2024 Galeria no Porto de Maputo: Espa\u00e7o cultural passa a acolher o projecto \u201cBazar na Noite\u201d Arte e Cultura 28 de Fevereiro, 2024 Banda Marrove prepara segundo \u00e1lbum Arte e Cultura 26 de Fevereiro, 2024 Carnaval da cidade da Beira: Evento cultural arrancou este s\u00e1bado 1 2 3 &#8230; 37 Mais recentes Tecnologia SIM 3: Novo modelo adoptado por Mo\u00e7ambique no combate a ataques cibern\u00e9ticos 1 de Novembro, 2022 Tecnologia UP vai introduzir cursos de rob\u00f3tica e intelig\u00eancia artificial 20 de Outubro, 2022 Tecnologia Elon Musk faz proposta para comprar o Twitter por 38 mil milh\u00f5es de euros 14 de Abril, 2022 Tecnologia iPhone 12 mini e iPhone 12 Pro Max: Iniciou hoje a pr\u00e9-venda dos dispositivos da Apple 6 de Novembro, 2020 Tecnologia AirCar \u00e9 a fus\u00e3o de carro e avi\u00e3o que sempre quis ver 3 de Novembro, 2020\" \/>\n<meta property=\"og:url\" content=\"https:\/\/www.tvm.co.mz\/novosite\/arte-e-cultura\/\" \/>\n<meta property=\"og:site_name\" content=\"TVM - Televis\u00e3o de Mo\u00e7ambique\" \/>\n<meta property=\"article:publisher\" content=\"https:\/\/www.facebook.com\/mocambique.tvm\/\" \/>\n<meta property=\"article:modified_time\" content=\"2024-03-19T13:42:53+00:00\" \/>\n<meta property=\"og:image\" content=\"https:\/\/www.tvm.co.mz\/novosite\/wp-content\/uploads\/2024\/03\/carnalfsd.png\" \/>\n<meta name=\"twitter:card\" content=\"summary_large_image\" \/>\n<meta name=\"twitter:label1\" content=\"Tempo estimado de leitura\" \/>\n\t<meta name=\"twitter:data1\" content=\"5 minutos\" \/>\n<script type=\"application\/ld+json\" class=\"yoast-schema-graph\">{\"@context\":\"https:\\\/\\\/schema.org\",\"@graph\":[{\"@type\":\"WebPage\",\"@id\":\"https:\\\/\\\/www.tvm.co.mz\\\/novosite\\\/arte-e-cultura\\\/\",\"url\":\"https:\\\/\\\/www.tvm.co.mz\\\/novosite\\\/arte-e-cultura\\\/\",\"name\":\"Arte e Cultura - TVM - Televis\u00e3o de Mo\u00e7ambique\",\"isPartOf\":{\"@id\":\"https:\\\/\\\/www.tvm.co.mz\\\/novosite\\\/#website\"},\"primaryImageOfPage\":{\"@id\":\"https:\\\/\\\/www.tvm.co.mz\\\/novosite\\\/arte-e-cultura\\\/#primaryimage\"},\"image\":{\"@id\":\"https:\\\/\\\/www.tvm.co.mz\\\/novosite\\\/arte-e-cultura\\\/#primaryimage\"},\"thumbnailUrl\":\"https:\\\/\\\/www.tvm.co.mz\\\/novosite\\\/wp-content\\\/uploads\\\/2024\\\/03\\\/carnalfsd.png\",\"datePublished\":\"2023-11-29T14:59:04+00:00\",\"dateModified\":\"2024-03-19T13:42:53+00:00\",\"breadcrumb\":{\"@id\":\"https:\\\/\\\/www.tvm.co.mz\\\/novosite\\\/arte-e-cultura\\\/#breadcrumb\"},\"inLanguage\":\"pt-PT\",\"potentialAction\":[{\"@type\":\"ReadAction\",\"target\":[\"https:\\\/\\\/www.tvm.co.mz\\\/novosite\\\/arte-e-cultura\\\/\"]}]},{\"@type\":\"ImageObject\",\"inLanguage\":\"pt-PT\",\"@id\":\"https:\\\/\\\/www.tvm.co.mz\\\/novosite\\\/arte-e-cultura\\\/#primaryimage\",\"url\":\"https:\\\/\\\/www.tvm.co.mz\\\/novosite\\\/wp-content\\\/uploads\\\/2024\\\/03\\\/carnalfsd.png\",\"contentUrl\":\"https:\\\/\\\/www.tvm.co.mz\\\/novosite\\\/wp-content\\\/uploads\\\/2024\\\/03\\\/carnalfsd.png\",\"width\":850,\"height\":471,\"caption\":\"carnalfsd.png\"},{\"@type\":\"BreadcrumbList\",\"@id\":\"https:\\\/\\\/www.tvm.co.mz\\\/novosite\\\/arte-e-cultura\\\/#breadcrumb\",\"itemListElement\":[{\"@type\":\"ListItem\",\"position\":1,\"name\":\"In\u00edcio\",\"item\":\"https:\\\/\\\/www.tvm.co.mz\\\/novosite\\\/\"},{\"@type\":\"ListItem\",\"position\":2,\"name\":\"Arte e Cultura\"}]},{\"@type\":\"WebSite\",\"@id\":\"https:\\\/\\\/www.tvm.co.mz\\\/novosite\\\/#website\",\"url\":\"https:\\\/\\\/www.tvm.co.mz\\\/novosite\\\/\",\"name\":\"TVM\",\"description\":\"\",\"publisher\":{\"@id\":\"https:\\\/\\\/www.tvm.co.mz\\\/novosite\\\/#organization\"},\"potentialAction\":[{\"@type\":\"SearchAction\",\"target\":{\"@type\":\"EntryPoint\",\"urlTemplate\":\"https:\\\/\\\/www.tvm.co.mz\\\/novosite\\\/?s={search_term_string}\"},\"query-input\":{\"@type\":\"PropertyValueSpecification\",\"valueRequired\":true,\"valueName\":\"search_term_string\"}}],\"inLanguage\":\"pt-PT\"},{\"@type\":\"Organization\",\"@id\":\"https:\\\/\\\/www.tvm.co.mz\\\/novosite\\\/#organization\",\"name\":\"Televis\u00e3o de Mo\u00e7ambique\",\"url\":\"https:\\\/\\\/www.tvm.co.mz\\\/novosite\\\/\",\"logo\":{\"@type\":\"ImageObject\",\"inLanguage\":\"pt-PT\",\"@id\":\"https:\\\/\\\/www.tvm.co.mz\\\/novosite\\\/#\\\/schema\\\/logo\\\/image\\\/\",\"url\":\"\",\"contentUrl\":\"\",\"caption\":\"Televis\u00e3o de Mo\u00e7ambique\"},\"image\":{\"@id\":\"https:\\\/\\\/www.tvm.co.mz\\\/novosite\\\/#\\\/schema\\\/logo\\\/image\\\/\"},\"sameAs\":[\"https:\\\/\\\/www.facebook.com\\\/mocambique.tvm\\\/\",\"https:\\\/\\\/www.instagram.com\\\/tvm.mocambique\\\/\",\"https:\\\/\\\/www.youtube.com\\\/channel\\\/UCfRoEW08udEmsPSIt_YDK_w\"]}]}<\/script>\n<!-- \/ Yoast SEO plugin. -->","yoast_head_json":{"title":"Arte e Cultura - TVM - Televis\u00e3o de Mo\u00e7ambique","robots":{"index":"index","follow":"follow","max-snippet":"max-snippet:-1","max-image-preview":"max-image-preview:large","max-video-preview":"max-video-preview:-1"},"canonical":"https:\/\/www.tvm.co.mz\/novosite\/arte-e-cultura\/","og_locale":"pt_PT","og_type":"article","og_title":"Arte e Cultura - TVM - Televis\u00e3o de Mo\u00e7ambique","og_description":"ENTRETENIMENTO Cinema Eventos Sa\u00fade e Lazer Curiosidades Receitas Tecnologia Arte e Cultura Passatempo Humberger Toggle Menu ARTE E CULTURA Arte e Cultura 18 de Mar\u00e7o, 2024 Carnaval Municipal de Quissico: Tr\u00eas mil espectadores presentes na VI edi\u00e7\u00e3o do certame Arte e Cultura 15 de Mar\u00e7o, 2024 \u201cUm di\u00e1logo com a Mbira\u201d : \u00c9 o t\u00edtulo da obra lan\u00e7ada esta quinta-feira, na cidade de Maputo Arte e Cultura 14 de Mar\u00e7o, 2024 Festival cultural Achivanjila: Bibi Nhenge apela \u00e0 participa\u00e7\u00e3o massiva no evento Arte e Cultura 13 de Mar\u00e7o, 2024 \u201cBiblioteca digital\u201d em Quelimane : Citadinos demonstram cada vez mais interesse na leitura Arte e Cultura 11 de Mar\u00e7o, 2024 Estimular o gosto pela leitura : Escritor Nelson Lineu oferece mil e quinhentos livros a um orfanato Arte e Cultura 7 de Mar\u00e7o, 2024 FMF refor\u00e7a comando t\u00e9cnico: Treinador Lu\u00eds Guerreiro passa a chefiar o projecto academias Arte e Cultura 7 de Mar\u00e7o, 2024 \u201cVidas Universit\u00e1rias\u201d: Acad\u00e9micos defendem ensino virado \u00e0 transforma\u00e7\u00e3o dos recursos Arte e Cultura 4 de Mar\u00e7o, 2024 Carnaval Municipal agitou Inhambane: M\u00fasica, dan\u00e7a, poesia e outras express\u00f5es marcaram o evento Arte e Cultura 1 de Mar\u00e7o, 2024 Festival da Rainha Achivanjila: Governadora do Niassa exige organiza\u00e7\u00e3o impec\u00e1vel Arte e Cultura 29 de Fevereiro, 2024 Galeria no Porto de Maputo: Espa\u00e7o cultural passa a acolher o projecto \u201cBazar na Noite\u201d Arte e Cultura 28 de Fevereiro, 2024 Banda Marrove prepara segundo \u00e1lbum Arte e Cultura 26 de Fevereiro, 2024 Carnaval da cidade da Beira: Evento cultural arrancou este s\u00e1bado 1 2 3 &#8230; 37 Mais recentes Tecnologia SIM 3: Novo modelo adoptado por Mo\u00e7ambique no combate a ataques cibern\u00e9ticos 1 de Novembro, 2022 Tecnologia UP vai introduzir cursos de rob\u00f3tica e intelig\u00eancia artificial 20 de Outubro, 2022 Tecnologia Elon Musk faz proposta para comprar o Twitter por 38 mil milh\u00f5es de euros 14 de Abril, 2022 Tecnologia iPhone 12 mini e iPhone 12 Pro Max: Iniciou hoje a pr\u00e9-venda dos dispositivos da Apple 6 de Novembro, 2020 Tecnologia AirCar \u00e9 a fus\u00e3o de carro e avi\u00e3o que sempre quis ver 3 de Novembro, 2020","og_url":"https:\/\/www.tvm.co.mz\/novosite\/arte-e-cultura\/","og_site_name":"TVM - Televis\u00e3o de Mo\u00e7ambique","article_publisher":"https:\/\/www.facebook.com\/mocambique.tvm\/","article_modified_time":"2024-03-19T13:42:53+00:00","og_image":[{"url":"https:\/\/www.tvm.co.mz\/novosite\/wp-content\/uploads\/2024\/03\/carnalfsd.png","type":"","width":"","height":""}],"twitter_card":"summary_large_image","twitter_misc":{"Tempo estimado de leitura":"5 minutos"},"schema":{"@context":"https:\/\/schema.org","@graph":[{"@type":"WebPage","@id":"https:\/\/www.tvm.co.mz\/novosite\/arte-e-cultura\/","url":"https:\/\/www.tvm.co.mz\/novosite\/arte-e-cultura\/","name":"Arte e Cultura - TVM - Televis\u00e3o de Mo\u00e7ambique","isPartOf":{"@id":"https:\/\/www.tvm.co.mz\/novosite\/#website"},"primaryImageOfPage":{"@id":"https:\/\/www.tvm.co.mz\/novosite\/arte-e-cultura\/#primaryimage"},"image":{"@id":"https:\/\/www.tvm.co.mz\/novosite\/arte-e-cultura\/#primaryimage"},"thumbnailUrl":"https:\/\/www.tvm.co.mz\/novosite\/wp-content\/uploads\/2024\/03\/carnalfsd.png","datePublished":"2023-11-29T14:59:04+00:00","dateModified":"2024-03-19T13:42:53+00:00","breadcrumb":{"@id":"https:\/\/www.tvm.co.mz\/novosite\/arte-e-cultura\/#breadcrumb"},"inLanguage":"pt-PT","potentialAction":[{"@type":"ReadAction","target":["https:\/\/www.tvm.co.mz\/novosite\/arte-e-cultura\/"]}]},{"@type":"ImageObject","inLanguage":"pt-PT","@id":"https:\/\/www.tvm.co.mz\/novosite\/arte-e-cultura\/#primaryimage","url":"https:\/\/www.tvm.co.mz\/novosite\/wp-content\/uploads\/2024\/03\/carnalfsd.png","contentUrl":"https:\/\/www.tvm.co.mz\/novosite\/wp-content\/uploads\/2024\/03\/carnalfsd.png","width":850,"height":471,"caption":"carnalfsd.png"},{"@type":"BreadcrumbList","@id":"https:\/\/www.tvm.co.mz\/novosite\/arte-e-cultura\/#breadcrumb","itemListElement":[{"@type":"ListItem","position":1,"name":"In\u00edcio","item":"https:\/\/www.tvm.co.mz\/novosite\/"},{"@type":"ListItem","position":2,"name":"Arte e Cultura"}]},{"@type":"WebSite","@id":"https:\/\/www.tvm.co.mz\/novosite\/#website","url":"https:\/\/www.tvm.co.mz\/novosite\/","name":"TVM","description":"","publisher":{"@id":"https:\/\/www.tvm.co.mz\/novosite\/#organization"},"potentialAction":[{"@type":"SearchAction","target":{"@type":"EntryPoint","urlTemplate":"https:\/\/www.tvm.co.mz\/novosite\/?s={search_term_string}"},"query-input":{"@type":"PropertyValueSpecification","valueRequired":true,"valueName":"search_term_string"}}],"inLanguage":"pt-PT"},{"@type":"Organization","@id":"https:\/\/www.tvm.co.mz\/novosite\/#organization","name":"Televis\u00e3o de Mo\u00e7ambique","url":"https:\/\/www.tvm.co.mz\/novosite\/","logo":{"@type":"ImageObject","inLanguage":"pt-PT","@id":"https:\/\/www.tvm.co.mz\/novosite\/#\/schema\/logo\/image\/","url":"","contentUrl":"","caption":"Televis\u00e3o de Mo\u00e7ambique"},"image":{"@id":"https:\/\/www.tvm.co.mz\/novosite\/#\/schema\/logo\/image\/"},"sameAs":["https:\/\/www.facebook.com\/mocambique.tvm\/","https:\/\/www.instagram.com\/tvm.mocambique\/","https:\/\/www.youtube.com\/channel\/UCfRoEW08udEmsPSIt_YDK_w"]}]}},"_links":{"self":[{"href":"https:\/\/www.tvm.co.mz\/novosite\/wp-json\/wp\/v2\/pages\/25294","targetHints":{"allow":["GET"]}}],"collection":[{"href":"https:\/\/www.tvm.co.mz\/novosite\/wp-json\/wp\/v2\/pages"}],"about":[{"href":"https:\/\/www.tvm.co.mz\/novosite\/wp-json\/wp\/v2\/types\/page"}],"author":[{"embeddable":true,"href":"https:\/\/www.tvm.co.mz\/novosite\/wp-json\/wp\/v2\/users\/1"}],"replies":[{"embeddable":true,"href":"https:\/\/www.tvm.co.mz\/novosite\/wp-json\/wp\/v2\/comments?post=25294"}],"version-history":[{"count":5,"href":"https:\/\/www.tvm.co.mz\/novosite\/wp-json\/wp\/v2\/pages\/25294\/revisions"}],"predecessor-version":[{"id":25366,"href":"https:\/\/www.tvm.co.mz\/novosite\/wp-json\/wp\/v2\/pages\/25294\/revisions\/25366"}],"wp:attachment":[{"href":"https:\/\/www.tvm.co.mz\/novosite\/wp-json\/wp\/v2\/media?parent=25294"}],"curies":[{"name":"wp","href":"https:\/\/api.w.org\/{rel}","templated":true}]}}