{"id":25171,"date":"2023-11-29T13:58:10","date_gmt":"2023-11-29T13:58:10","guid":{"rendered":"https:\/\/www.tvm.co.mz\/novosite\/?page_id=25171"},"modified":"2024-08-13T15:08:58","modified_gmt":"2024-08-13T13:08:58","slug":"nacional","status":"publish","type":"page","link":"https:\/\/www.tvm.co.mz\/novosite\/nacional\/","title":{"rendered":"Nacional"},"content":{"rendered":"\t\t<div data-elementor-type=\"wp-page\" data-elementor-id=\"25171\" class=\"elementor elementor-25171\">\n\t\t\t\t\t\t<section class=\"elementor-section elementor-top-section elementor-element elementor-element-19ddcee elementor-section-boxed elementor-section-height-default elementor-section-height-default wpr-particle-no wpr-jarallax-no wpr-parallax-no wpr-sticky-section-no\" data-id=\"19ddcee\" data-element_type=\"section\" data-e-type=\"section\" data-settings=\"{&quot;background_background&quot;:&quot;classic&quot;}\">\n\t\t\t\t\t\t<div class=\"elementor-container elementor-column-gap-default\">\n\t\t\t\t\t<div class=\"elementor-column elementor-col-100 elementor-top-column elementor-element elementor-element-fd0db62\" data-id=\"fd0db62\" data-element_type=\"column\" data-e-type=\"column\">\n\t\t\t<div class=\"elementor-widget-wrap elementor-element-populated\">\n\t\t\t\t\t\t<div class=\"elementor-element elementor-element-40e8fe6 elementor-widget__width-auto elementor-widget elementor-widget-heading\" data-id=\"40e8fe6\" data-element_type=\"widget\" data-e-type=\"widget\" data-widget_type=\"heading.default\">\n\t\t\t\t<div class=\"elementor-widget-container\">\n\t\t\t\t\t<h2 class=\"elementor-heading-title elementor-size-default\">NOT\u00cdCIAS<\/h2>\t\t\t\t<\/div>\n\t\t\t\t<\/div>\n\t\t\t\t<div class=\"elementor-element elementor-element-c69b432 elementor-widget__width-auto eael_simple_menu_hamburger_disable_selected_menu_no eael-simple-menu-hamburger-align-right eael-hamburger--tablet elementor-widget elementor-widget-eael-simple-menu\" data-id=\"c69b432\" data-element_type=\"widget\" data-e-type=\"widget\" data-widget_type=\"eael-simple-menu.default\">\n\t\t\t\t<div class=\"elementor-widget-container\">\n\t\t\t\t\t<style>\n                        @media screen and (max-width: 1024px) {\n                            .eael-hamburger--tablet {\n                                .eael-simple-menu-horizontal,\n                                .eael-simple-menu-vertical {\n                                    display: none;\n                                }\n                            }\n                            .eael-hamburger--tablet {\n                                .eael-simple-menu-container .eael-simple-menu-toggle {\n                                    display: block;\n                                }\n                            }\n                        }\n                        .eael-simple-menu-container.eael-simple-menu--loading > ul {\n                            display: -webkit-box !important;\n                            display: -ms-flexbox !important;\n                            display: flex !important;\n                            list-style: none !important;\n                        }\n                        .eael-simple-menu-container.eael-simple-menu--loading li ul {\n                            visibility: hidden !important;\n                            opacity: 0 !important;\n                        }\n                    <\/style>            <div data-hamburger-icon=\"&lt;i aria-hidden=&quot;true&quot; class=&quot;fas fa-bars&quot;&gt;&lt;\/i&gt;\" data-indicator-icon=\"&lt;i aria-hidden=&quot;true&quot; class=&quot;fas fa-angle-down&quot;&gt;&lt;\/i&gt;\" data-dropdown-indicator-icon=\"&lt;i class=&quot;fas fa-angle-down&quot;&gt;&lt;\/i&gt;\" class=\"eael-simple-menu-container eael-simple-menu--loading eael-simple-menu-align-left eael-simple-menu-dropdown-align-left preset-1\" data-hamburger-breakpoints=\"{&quot;mobile&quot;:&quot;Mobile ao alto (&gt; 767px)&quot;,&quot;tablet&quot;:&quot;Tablet Portrait (&gt; 1024px)&quot;,&quot;desktop&quot;:&quot;Desktop (&gt; 2400px)&quot;,&quot;none&quot;:&quot;None&quot;}\" data-hamburger-device=\"tablet\">\n                <ul id=\"menu-noticias\" class=\"eael-simple-menu eael-simple-menu-dropdown-animate-to-top eael-simple-menu-indicator eael-simple-menu-horizontal\"><li id=\"menu-item-25215\" class=\"menu-item menu-item-type-post_type menu-item-object-page menu-item-25215\"><a href=\"https:\/\/www.tvm.co.mz\/novosite\/nacional\/\" class=\"menu-link\">Nacional<\/a><\/li>\n<li id=\"menu-item-25214\" class=\"menu-item menu-item-type-post_type menu-item-object-page menu-item-25214\"><a href=\"https:\/\/www.tvm.co.mz\/novosite\/economia\/\" class=\"menu-link\">Economia<\/a><\/li>\n<li id=\"menu-item-25213\" class=\"menu-item menu-item-type-post_type menu-item-object-page menu-item-25213\"><a href=\"https:\/\/www.tvm.co.mz\/novosite\/politica\/\" class=\"menu-link\">Pol\u00edtica<\/a><\/li>\n<li id=\"menu-item-25212\" class=\"menu-item menu-item-type-post_type menu-item-object-page menu-item-25212\"><a href=\"https:\/\/www.tvm.co.mz\/novosite\/educacao\/\" class=\"menu-link\">Educa\u00e7\u00e3o<\/a><\/li>\n<li id=\"menu-item-25211\" class=\"menu-item menu-item-type-post_type menu-item-object-page menu-item-25211\"><a href=\"https:\/\/www.tvm.co.mz\/novosite\/saude\/\" class=\"menu-link\">Sa\u00fade<\/a><\/li>\n<li id=\"menu-item-25210\" class=\"menu-item menu-item-type-post_type menu-item-object-page menu-item-25210\"><a href=\"https:\/\/www.tvm.co.mz\/novosite\/mundo\/\" class=\"menu-link\">Mundo<\/a><\/li>\n<\/ul>                <button class=\"eael-simple-menu-toggle\">\n                    <span class=\"sr-only \">Hamburger Toggle Menu<\/span>\n                    <i aria-hidden=\"true\" class=\"fas fa-bars\"><\/i>                <\/button>\n            <\/div>\n            \t\t\t\t<\/div>\n\t\t\t\t<\/div>\n\t\t\t\t\t<\/div>\n\t\t<\/div>\n\t\t\t\t\t<\/div>\n\t\t<\/section>\n\t\t\t\t<section class=\"elementor-section elementor-top-section elementor-element elementor-element-d6a8c4b elementor-section-boxed elementor-section-height-default elementor-section-height-default wpr-particle-no wpr-jarallax-no wpr-parallax-no wpr-sticky-section-no\" data-id=\"d6a8c4b\" data-element_type=\"section\" data-e-type=\"section\">\n\t\t\t\t\t\t<div class=\"elementor-container elementor-column-gap-default\">\n\t\t\t\t\t<div class=\"elementor-column elementor-col-66 elementor-top-column elementor-element elementor-element-11307b3\" data-id=\"11307b3\" data-element_type=\"column\" data-e-type=\"column\">\n\t\t\t<div class=\"elementor-widget-wrap elementor-element-populated\">\n\t\t\t\t\t\t<div class=\"elementor-element elementor-element-8ef39eb elementor-widget elementor-widget-heading\" data-id=\"8ef39eb\" data-element_type=\"widget\" data-e-type=\"widget\" data-widget_type=\"heading.default\">\n\t\t\t\t<div class=\"elementor-widget-container\">\n\t\t\t\t\t<h2 class=\"elementor-heading-title elementor-size-default\">NACIONAL<\/h2>\t\t\t\t<\/div>\n\t\t\t\t<\/div>\n\t\t\t\t<div class=\"elementor-element elementor-element-928f58a elementor-widget elementor-widget-upk-maple-grid\" data-id=\"928f58a\" data-element_type=\"widget\" data-e-type=\"widget\" data-widget_type=\"upk-maple-grid.default\">\n\t\t\t\t<div class=\"elementor-widget-container\">\n\t\t\t\t\t\t\t<div class=\"upk-maple-grid upk-ajax-grid\" data-loadmore=\"[]\">\n\t\t\t<div class=\"upk-post-grid upk-ajax-grid-wrap upk-style-4\">\n\n\t\t\t\t\n\t\t\t\t\t\t\t<div class=\"upk-item\">\n\t\t\t<div class=\"upk-item-box\">\n\t\t\t\t<div class=\"upk-image-wrap\">\n\t\t\t\t\t<div class=\"upk-main-image\">\n\t\t\t\t\t\t<img fetchpriority=\"high\" decoding=\"async\" width=\"800\" height=\"450\" src=\"https:\/\/www.tvm.co.mz\/novosite\/wp-content\/uploads\/2025\/01\/tjjtjtjjt.png\" class=\"upk-img\" alt=\"Transi\u00e7\u00e3o de ano em Maputo: Citadinos lotaram a marginal a celebrarem a passagem de ano\" srcset=\"https:\/\/www.tvm.co.mz\/novosite\/wp-content\/uploads\/2025\/01\/tjjtjtjjt.png 800w, https:\/\/www.tvm.co.mz\/novosite\/wp-content\/uploads\/2025\/01\/tjjtjtjjt-300x169.png 300w, https:\/\/www.tvm.co.mz\/novosite\/wp-content\/uploads\/2025\/01\/tjjtjtjjt-768x432.png 768w\" sizes=\"(max-width: 800px) 100vw, 800px\" \/>\t\t\t\t\t<\/div>\n\n\t\t\t\t\t\t\t\t\t\t\t\t\t\t\t\t\t\t\t<div class=\"upk-category\">\n\t\t\t<a href=\"https:\/\/www.tvm.co.mz\/novosite\/category\/site-de-noticias\/noticias-site-de-noticias\/nacional-noticias-site-de-noticias\/\" \n\t\t\t\t\t\t\taria-label=\"Category Nacional\">Nacional<\/a>\t\t<\/div>\n\t\t\t\t\t\t\n\t\t\t\t<\/div>\n\n\t\t\t\t<div class=\"upk-content\">\n\t\t\t\t\t<div class=\"upk-content-inner\">\n\n\t\t\t\t\t\t\t\t\t\t\t\t\t<div class=\"upk-meta\">\n\t\t\t\t\t\t\t\t\t\t\t\t\t\t\t\t\t\t\t\n\t\t\t\t\t\t\t\t\t\n\t\t\t\t\t\t\t\t\t\t\t\t\t\t\t\t\t<div class=\"upk-blog-date\" data-separator=\"-\">\n\t\t\t\t\t\t\t\t\t\t<div class=\"upk-blog-date\">\n\t\t\t\t\t\t\t\t\t\t\t<a class=\"date\" href=\"#\">\n\t\t\t\t\t\t\t\t\t\t\t\t<i class=\"upk-icon-calendar\" aria-hidden=\"true\"><\/i>1 de Janeiro, 2025\t\t\t\t\t\t\t\t\t\t\t<\/a>\n\t\t\t\t\t\t\t\t\t\t<\/div>\n\n\t\t\t\t\t\t\t\t\t\t\t\t\t\t\t\t\t\t\t<\/div>\n\t\t\t\t\t\t\t\t\n\t\t\t\t\t\t\t\t\n\t\t\t\t\t\t\t<\/div>\n\t\t\t\t\t\t\n\t\t\t\t\t\t<h3 class=\"upk-title\"><a href=\"https:\/\/www.tvm.co.mz\/novosite\/2025\/01\/01\/transicao-de-ano-em-maputo-citadinos-lotaram-a-marginal-a-celebrarem-a-passagem-de-ano\/\" title=\"Transi\u00e7\u00e3o de ano em Maputo: Citadinos lotaram a marginal a celebrarem a passagem de ano\" class=\"title-animation-underline\" aria-label=\"Transi\u00e7\u00e3o de ano em Maputo: Citadinos lotaram a marginal a celebrarem a passagem de ano\">Transi\u00e7\u00e3o de ano em Maputo: Citadinos lotaram a marginal a celebrarem a passagem de ano<\/a><\/h3>\n\t\t\t\t\t\t\t\t\t\t\t\t\t\t\t\t\t\t\t\t\t\t\t\t<\/div>\n\t\t\t\t<\/div>\n\n\t\t\t<\/div>\n\t\t<\/div>\n\n\n\t\n\t\t\t\t\n\t\t\t\t\t\t\t<div class=\"upk-item\">\n\t\t\t<div class=\"upk-item-box\">\n\t\t\t\t<div class=\"upk-image-wrap\">\n\t\t\t\t\t<div class=\"upk-main-image\">\n\t\t\t\t\t\t<img decoding=\"async\" width=\"830\" height=\"544\" src=\"https:\/\/www.tvm.co.mz\/novosite\/wp-content\/uploads\/2024\/12\/Screenshot_2024-12-27_at_10.17.58.jpg\" class=\"upk-img\" alt=\"Capital do pa\u00eds retorna gradualmente \u00e0 normalidade\" srcset=\"https:\/\/www.tvm.co.mz\/novosite\/wp-content\/uploads\/2024\/12\/Screenshot_2024-12-27_at_10.17.58.jpg 830w, https:\/\/www.tvm.co.mz\/novosite\/wp-content\/uploads\/2024\/12\/Screenshot_2024-12-27_at_10.17.58-300x197.jpg 300w, https:\/\/www.tvm.co.mz\/novosite\/wp-content\/uploads\/2024\/12\/Screenshot_2024-12-27_at_10.17.58-768x503.jpg 768w\" sizes=\"(max-width: 830px) 100vw, 830px\" \/>\t\t\t\t\t<\/div>\n\n\t\t\t\t\t\t\t\t\t\t\t\t\t\t\t\t\t\t\t<div class=\"upk-category\">\n\t\t\t<a href=\"https:\/\/www.tvm.co.mz\/novosite\/category\/site-de-noticias\/noticias-site-de-noticias\/nacional-noticias-site-de-noticias\/\" \n\t\t\t\t\t\t\taria-label=\"Category Nacional\">Nacional<\/a>\t\t<\/div>\n\t\t\t\t\t\t\n\t\t\t\t<\/div>\n\n\t\t\t\t<div class=\"upk-content\">\n\t\t\t\t\t<div class=\"upk-content-inner\">\n\n\t\t\t\t\t\t\t\t\t\t\t\t\t<div class=\"upk-meta\">\n\t\t\t\t\t\t\t\t\t\t\t\t\t\t\t\t\t\t\t\n\t\t\t\t\t\t\t\t\t\n\t\t\t\t\t\t\t\t\t\t\t\t\t\t\t\t\t<div class=\"upk-blog-date\" data-separator=\"-\">\n\t\t\t\t\t\t\t\t\t\t<div class=\"upk-blog-date\">\n\t\t\t\t\t\t\t\t\t\t\t<a class=\"date\" href=\"#\">\n\t\t\t\t\t\t\t\t\t\t\t\t<i class=\"upk-icon-calendar\" aria-hidden=\"true\"><\/i>27 de Dezembro, 2024\t\t\t\t\t\t\t\t\t\t\t<\/a>\n\t\t\t\t\t\t\t\t\t\t<\/div>\n\n\t\t\t\t\t\t\t\t\t\t\t\t\t\t\t\t\t\t\t<\/div>\n\t\t\t\t\t\t\t\t\n\t\t\t\t\t\t\t\t\n\t\t\t\t\t\t\t<\/div>\n\t\t\t\t\t\t\n\t\t\t\t\t\t<h3 class=\"upk-title\"><a href=\"https:\/\/www.tvm.co.mz\/novosite\/2024\/12\/27\/capital-do-pais-retorna-gradualmente-a-normalidade\/\" title=\"Capital do pa\u00eds retorna gradualmente \u00e0 normalidade\" class=\"title-animation-underline\" aria-label=\"Capital do pa\u00eds retorna gradualmente \u00e0 normalidade\">Capital do pa\u00eds retorna gradualmente \u00e0 normalidade<\/a><\/h3>\n\t\t\t\t\t\t\t\t\t\t\t\t\t\t\t\t\t\t\t\t\t\t\t\t<\/div>\n\t\t\t\t<\/div>\n\n\t\t\t<\/div>\n\t\t<\/div>\n\n\n\t\n\t\t\t\t\n\t\t\t\t\t\t\t<div class=\"upk-item\">\n\t\t\t<div class=\"upk-item-box\">\n\t\t\t\t<div class=\"upk-image-wrap\">\n\t\t\t\t\t<div class=\"upk-main-image\">\n\t\t\t\t\t\t<img decoding=\"async\" width=\"830\" height=\"581\" src=\"https:\/\/www.tvm.co.mz\/novosite\/wp-content\/uploads\/2024\/12\/Screenshot_2024-12-27_at_10.17.jpeg\" class=\"upk-img\" alt=\"Residentes de Maputo e Matola organizam-se para travar o crime\" srcset=\"https:\/\/www.tvm.co.mz\/novosite\/wp-content\/uploads\/2024\/12\/Screenshot_2024-12-27_at_10.17.jpeg 830w, https:\/\/www.tvm.co.mz\/novosite\/wp-content\/uploads\/2024\/12\/Screenshot_2024-12-27_at_10.17-300x210.jpeg 300w, https:\/\/www.tvm.co.mz\/novosite\/wp-content\/uploads\/2024\/12\/Screenshot_2024-12-27_at_10.17-768x538.jpeg 768w\" sizes=\"(max-width: 830px) 100vw, 830px\" \/>\t\t\t\t\t<\/div>\n\n\t\t\t\t\t\t\t\t\t\t\t\t\t\t\t\t\t\t\t<div class=\"upk-category\">\n\t\t\t<a href=\"https:\/\/www.tvm.co.mz\/novosite\/category\/site-de-noticias\/noticias-site-de-noticias\/nacional-noticias-site-de-noticias\/\" \n\t\t\t\t\t\t\taria-label=\"Category Nacional\">Nacional<\/a>\t\t<\/div>\n\t\t\t\t\t\t\n\t\t\t\t<\/div>\n\n\t\t\t\t<div class=\"upk-content\">\n\t\t\t\t\t<div class=\"upk-content-inner\">\n\n\t\t\t\t\t\t\t\t\t\t\t\t\t<div class=\"upk-meta\">\n\t\t\t\t\t\t\t\t\t\t\t\t\t\t\t\t\t\t\t\n\t\t\t\t\t\t\t\t\t\n\t\t\t\t\t\t\t\t\t\t\t\t\t\t\t\t\t<div class=\"upk-blog-date\" data-separator=\"-\">\n\t\t\t\t\t\t\t\t\t\t<div class=\"upk-blog-date\">\n\t\t\t\t\t\t\t\t\t\t\t<a class=\"date\" href=\"#\">\n\t\t\t\t\t\t\t\t\t\t\t\t<i class=\"upk-icon-calendar\" aria-hidden=\"true\"><\/i>27 de Dezembro, 2024\t\t\t\t\t\t\t\t\t\t\t<\/a>\n\t\t\t\t\t\t\t\t\t\t<\/div>\n\n\t\t\t\t\t\t\t\t\t\t\t\t\t\t\t\t\t\t\t<\/div>\n\t\t\t\t\t\t\t\t\n\t\t\t\t\t\t\t\t\n\t\t\t\t\t\t\t<\/div>\n\t\t\t\t\t\t\n\t\t\t\t\t\t<h3 class=\"upk-title\"><a href=\"https:\/\/www.tvm.co.mz\/novosite\/2024\/12\/27\/residentes-de-maputo-e-matola-organizam-se-para-travar-o-crime\/\" title=\"Residentes de Maputo e Matola organizam-se para travar o crime\" class=\"title-animation-underline\" aria-label=\"Residentes de Maputo e Matola organizam-se para travar o crime\">Residentes de Maputo e Matola organizam-se para travar o crime<\/a><\/h3>\n\t\t\t\t\t\t\t\t\t\t\t\t\t\t\t\t\t\t\t\t\t\t\t\t<\/div>\n\t\t\t\t<\/div>\n\n\t\t\t<\/div>\n\t\t<\/div>\n\n\n\t\n\t\t\t\t\n\t\t\t\t\t\t\t<div class=\"upk-item\">\n\t\t\t<div class=\"upk-item-box\">\n\t\t\t\t<div class=\"upk-image-wrap\">\n\t\t\t\t\t<div class=\"upk-main-image\">\n\t\t\t\t\t\t<img loading=\"lazy\" decoding=\"async\" width=\"850\" height=\"478\" src=\"https:\/\/www.tvm.co.mz\/novosite\/wp-content\/uploads\/2024\/11\/encangoresagt.jpg\" class=\"upk-img\" alt=\"TV BRICS apresenta s\u00e9rie de programas sobre viagens por Mo\u00e7ambique para pa\u00edses do BRICS+\" srcset=\"https:\/\/www.tvm.co.mz\/novosite\/wp-content\/uploads\/2024\/11\/encangoresagt.jpg 850w, https:\/\/www.tvm.co.mz\/novosite\/wp-content\/uploads\/2024\/11\/encangoresagt-300x169.jpg 300w, https:\/\/www.tvm.co.mz\/novosite\/wp-content\/uploads\/2024\/11\/encangoresagt-768x432.jpg 768w\" sizes=\"(max-width: 850px) 100vw, 850px\" \/>\t\t\t\t\t<\/div>\n\n\t\t\t\t\t\t\t\t\t\t\t\t\t\t\t\t\t\t\t<div class=\"upk-category\">\n\t\t\t<a href=\"https:\/\/www.tvm.co.mz\/novosite\/category\/site-de-noticias\/noticias-site-de-noticias\/nacional-noticias-site-de-noticias\/\" \n\t\t\t\t\t\t\taria-label=\"Category Nacional\">Nacional<\/a>\t\t<\/div>\n\t\t\t\t\t\t\n\t\t\t\t<\/div>\n\n\t\t\t\t<div class=\"upk-content\">\n\t\t\t\t\t<div class=\"upk-content-inner\">\n\n\t\t\t\t\t\t\t\t\t\t\t\t\t<div class=\"upk-meta\">\n\t\t\t\t\t\t\t\t\t\t\t\t\t\t\t\t\t\t\t\n\t\t\t\t\t\t\t\t\t\n\t\t\t\t\t\t\t\t\t\t\t\t\t\t\t\t\t<div class=\"upk-blog-date\" data-separator=\"-\">\n\t\t\t\t\t\t\t\t\t\t<div class=\"upk-blog-date\">\n\t\t\t\t\t\t\t\t\t\t\t<a class=\"date\" href=\"#\">\n\t\t\t\t\t\t\t\t\t\t\t\t<i class=\"upk-icon-calendar\" aria-hidden=\"true\"><\/i>25 de Novembro, 2024\t\t\t\t\t\t\t\t\t\t\t<\/a>\n\t\t\t\t\t\t\t\t\t\t<\/div>\n\n\t\t\t\t\t\t\t\t\t\t\t\t\t\t\t\t\t\t\t<\/div>\n\t\t\t\t\t\t\t\t\n\t\t\t\t\t\t\t\t\n\t\t\t\t\t\t\t<\/div>\n\t\t\t\t\t\t\n\t\t\t\t\t\t<h3 class=\"upk-title\"><a href=\"https:\/\/www.tvm.co.mz\/novosite\/2024\/11\/25\/tv-brics-apresenta-serie-de-programas-sobre-viagens-por-mocambique-para-paises-do-brics\/\" title=\"TV BRICS apresenta s\u00e9rie de programas sobre viagens por Mo\u00e7ambique para pa\u00edses do BRICS+\" class=\"title-animation-underline\" aria-label=\"TV BRICS apresenta s\u00e9rie de programas sobre viagens por Mo\u00e7ambique para pa\u00edses do BRICS+\">TV BRICS apresenta s\u00e9rie de programas sobre viagens por Mo\u00e7ambique para pa\u00edses do BRICS+<\/a><\/h3>\n\t\t\t\t\t\t\t\t\t\t\t\t\t\t\t\t\t\t\t\t\t\t\t\t<\/div>\n\t\t\t\t<\/div>\n\n\t\t\t<\/div>\n\t\t<\/div>\n\n\n\t\n\t\t\t\t\n\t\t\t\t\t\t\t<div class=\"upk-item\">\n\t\t\t<div class=\"upk-item-box\">\n\t\t\t\t<div class=\"upk-image-wrap\">\n\t\t\t\t\t<div class=\"upk-main-image\">\n\t\t\t\t\t\t<img loading=\"lazy\" decoding=\"async\" width=\"850\" height=\"476\" src=\"https:\/\/www.tvm.co.mz\/novosite\/wp-content\/uploads\/2024\/11\/hbgvfcdxszaqouetyop.png\" class=\"upk-img\" alt=\"Minera\u00e7\u00e3o Artesanal:\u00c0 semelhan\u00e7a do com\u00e9rcio informal \u00e9 tida como das piores actividades em Manica\" srcset=\"https:\/\/www.tvm.co.mz\/novosite\/wp-content\/uploads\/2024\/11\/hbgvfcdxszaqouetyop.png 850w, https:\/\/www.tvm.co.mz\/novosite\/wp-content\/uploads\/2024\/11\/hbgvfcdxszaqouetyop-300x168.png 300w, https:\/\/www.tvm.co.mz\/novosite\/wp-content\/uploads\/2024\/11\/hbgvfcdxszaqouetyop-768x430.png 768w\" sizes=\"(max-width: 850px) 100vw, 850px\" \/>\t\t\t\t\t<\/div>\n\n\t\t\t\t\t\t\t\t\t\t\t\t\t\t\t\t\t\t\t<div class=\"upk-category\">\n\t\t\t<a href=\"https:\/\/www.tvm.co.mz\/novosite\/category\/site-de-noticias\/noticias-site-de-noticias\/nacional-noticias-site-de-noticias\/\" \n\t\t\t\t\t\t\taria-label=\"Category Nacional\">Nacional<\/a>\t\t<\/div>\n\t\t\t\t\t\t\n\t\t\t\t<\/div>\n\n\t\t\t\t<div class=\"upk-content\">\n\t\t\t\t\t<div class=\"upk-content-inner\">\n\n\t\t\t\t\t\t\t\t\t\t\t\t\t<div class=\"upk-meta\">\n\t\t\t\t\t\t\t\t\t\t\t\t\t\t\t\t\t\t\t\n\t\t\t\t\t\t\t\t\t\n\t\t\t\t\t\t\t\t\t\t\t\t\t\t\t\t\t<div class=\"upk-blog-date\" data-separator=\"-\">\n\t\t\t\t\t\t\t\t\t\t<div class=\"upk-blog-date\">\n\t\t\t\t\t\t\t\t\t\t\t<a class=\"date\" href=\"#\">\n\t\t\t\t\t\t\t\t\t\t\t\t<i class=\"upk-icon-calendar\" aria-hidden=\"true\"><\/i>24 de Novembro, 2024\t\t\t\t\t\t\t\t\t\t\t<\/a>\n\t\t\t\t\t\t\t\t\t\t<\/div>\n\n\t\t\t\t\t\t\t\t\t\t\t\t\t\t\t\t\t\t\t<\/div>\n\t\t\t\t\t\t\t\t\n\t\t\t\t\t\t\t\t\n\t\t\t\t\t\t\t<\/div>\n\t\t\t\t\t\t\n\t\t\t\t\t\t<h3 class=\"upk-title\"><a href=\"https:\/\/www.tvm.co.mz\/novosite\/2024\/11\/24\/mineracao-artesanal-a-semelhanca-do-comercio-informal-e-tida-como-das-piores-actividades-em-manica-2\/\" title=\"Minera\u00e7\u00e3o Artesanal:\u00c0 semelhan\u00e7a do com\u00e9rcio informal \u00e9 tida como das piores actividades em Manica\" class=\"title-animation-underline\" aria-label=\"Minera\u00e7\u00e3o Artesanal:\u00c0 semelhan\u00e7a do com\u00e9rcio informal \u00e9 tida como das piores actividades em Manica\">Minera\u00e7\u00e3o Artesanal:\u00c0 semelhan\u00e7a do com\u00e9rcio informal \u00e9 tida como das piores actividades em Manica<\/a><\/h3>\n\t\t\t\t\t\t\t\t\t\t\t\t\t\t\t\t\t\t\t\t\t\t\t\t<\/div>\n\t\t\t\t<\/div>\n\n\t\t\t<\/div>\n\t\t<\/div>\n\n\n\t\n\t\t\t\t\n\t\t\t\t\t\t\t<div class=\"upk-item\">\n\t\t\t<div class=\"upk-item-box\">\n\t\t\t\t<div class=\"upk-image-wrap\">\n\t\t\t\t\t<div class=\"upk-main-image\">\n\t\t\t\t\t\t<img loading=\"lazy\" decoding=\"async\" width=\"850\" height=\"476\" src=\"https:\/\/www.tvm.co.mz\/novosite\/wp-content\/uploads\/2024\/11\/hbgvfcdxszaqouetyop.png\" class=\"upk-img\" alt=\"Minera\u00e7\u00e3o Artesanal:\u00c0 semelhan\u00e7a do com\u00e9rcio informal \u00e9 tida como das piores actividades em Manica\" srcset=\"https:\/\/www.tvm.co.mz\/novosite\/wp-content\/uploads\/2024\/11\/hbgvfcdxszaqouetyop.png 850w, https:\/\/www.tvm.co.mz\/novosite\/wp-content\/uploads\/2024\/11\/hbgvfcdxszaqouetyop-300x168.png 300w, https:\/\/www.tvm.co.mz\/novosite\/wp-content\/uploads\/2024\/11\/hbgvfcdxszaqouetyop-768x430.png 768w\" sizes=\"(max-width: 850px) 100vw, 850px\" \/>\t\t\t\t\t<\/div>\n\n\t\t\t\t\t\t\t\t\t\t\t\t\t\t\t\t\t\t\t<div class=\"upk-category\">\n\t\t\t<a href=\"https:\/\/www.tvm.co.mz\/novosite\/category\/site-de-noticias\/noticias-site-de-noticias\/nacional-noticias-site-de-noticias\/\" \n\t\t\t\t\t\t\taria-label=\"Category Nacional\">Nacional<\/a>\t\t<\/div>\n\t\t\t\t\t\t\n\t\t\t\t<\/div>\n\n\t\t\t\t<div class=\"upk-content\">\n\t\t\t\t\t<div class=\"upk-content-inner\">\n\n\t\t\t\t\t\t\t\t\t\t\t\t\t<div class=\"upk-meta\">\n\t\t\t\t\t\t\t\t\t\t\t\t\t\t\t\t\t\t\t\n\t\t\t\t\t\t\t\t\t\n\t\t\t\t\t\t\t\t\t\t\t\t\t\t\t\t\t<div class=\"upk-blog-date\" data-separator=\"-\">\n\t\t\t\t\t\t\t\t\t\t<div class=\"upk-blog-date\">\n\t\t\t\t\t\t\t\t\t\t\t<a class=\"date\" href=\"#\">\n\t\t\t\t\t\t\t\t\t\t\t\t<i class=\"upk-icon-calendar\" aria-hidden=\"true\"><\/i>24 de Novembro, 2024\t\t\t\t\t\t\t\t\t\t\t<\/a>\n\t\t\t\t\t\t\t\t\t\t<\/div>\n\n\t\t\t\t\t\t\t\t\t\t\t\t\t\t\t\t\t\t\t<\/div>\n\t\t\t\t\t\t\t\t\n\t\t\t\t\t\t\t\t\n\t\t\t\t\t\t\t<\/div>\n\t\t\t\t\t\t\n\t\t\t\t\t\t<h3 class=\"upk-title\"><a href=\"https:\/\/www.tvm.co.mz\/novosite\/2024\/11\/24\/mineracao-artesanal-a-semelhanca-do-comercio-informal-e-tida-como-das-piores-actividades-em-manica-3\/\" title=\"Minera\u00e7\u00e3o Artesanal:\u00c0 semelhan\u00e7a do com\u00e9rcio informal \u00e9 tida como das piores actividades em Manica\" class=\"title-animation-underline\" aria-label=\"Minera\u00e7\u00e3o Artesanal:\u00c0 semelhan\u00e7a do com\u00e9rcio informal \u00e9 tida como das piores actividades em Manica\">Minera\u00e7\u00e3o Artesanal:\u00c0 semelhan\u00e7a do com\u00e9rcio informal \u00e9 tida como das piores actividades em Manica<\/a><\/h3>\n\t\t\t\t\t\t\t\t\t\t\t\t\t\t\t\t\t\t\t\t\t\t\t\t<\/div>\n\t\t\t\t<\/div>\n\n\t\t\t<\/div>\n\t\t<\/div>\n\n\n\t\n\t\t\t\t\n\t\t\t\t\t\t\t<div class=\"upk-item\">\n\t\t\t<div class=\"upk-item-box\">\n\t\t\t\t<div class=\"upk-image-wrap\">\n\t\t\t\t\t<div class=\"upk-main-image\">\n\t\t\t\t\t\t<img loading=\"lazy\" decoding=\"async\" width=\"850\" height=\"470\" src=\"https:\/\/www.tvm.co.mz\/novosite\/wp-content\/uploads\/2024\/06\/hbgvfcdxszaqytre.png\" class=\"upk-img\" alt=\"Crentes oram pelo Pa\u00eds: Igreja Amor de Deus quer o fim das manifesta\u00e7\u00f5es violentas\" srcset=\"https:\/\/www.tvm.co.mz\/novosite\/wp-content\/uploads\/2024\/06\/hbgvfcdxszaqytre.png 850w, https:\/\/www.tvm.co.mz\/novosite\/wp-content\/uploads\/2024\/06\/hbgvfcdxszaqytre-300x166.png 300w, https:\/\/www.tvm.co.mz\/novosite\/wp-content\/uploads\/2024\/06\/hbgvfcdxszaqytre-768x425.png 768w\" sizes=\"(max-width: 850px) 100vw, 850px\" \/>\t\t\t\t\t<\/div>\n\n\t\t\t\t\t\t\t\t\t\t\t\t\t\t\t\t\t\t\t<div class=\"upk-category\">\n\t\t\t<a href=\"https:\/\/www.tvm.co.mz\/novosite\/category\/site-de-noticias\/noticias-site-de-noticias\/nacional-noticias-site-de-noticias\/\" \n\t\t\t\t\t\t\taria-label=\"Category Nacional\">Nacional<\/a>\t\t<\/div>\n\t\t\t\t\t\t\n\t\t\t\t<\/div>\n\n\t\t\t\t<div class=\"upk-content\">\n\t\t\t\t\t<div class=\"upk-content-inner\">\n\n\t\t\t\t\t\t\t\t\t\t\t\t\t<div class=\"upk-meta\">\n\t\t\t\t\t\t\t\t\t\t\t\t\t\t\t\t\t\t\t\n\t\t\t\t\t\t\t\t\t\n\t\t\t\t\t\t\t\t\t\t\t\t\t\t\t\t\t<div class=\"upk-blog-date\" data-separator=\"-\">\n\t\t\t\t\t\t\t\t\t\t<div class=\"upk-blog-date\">\n\t\t\t\t\t\t\t\t\t\t\t<a class=\"date\" href=\"#\">\n\t\t\t\t\t\t\t\t\t\t\t\t<i class=\"upk-icon-calendar\" aria-hidden=\"true\"><\/i>18 de Novembro, 2024\t\t\t\t\t\t\t\t\t\t\t<\/a>\n\t\t\t\t\t\t\t\t\t\t<\/div>\n\n\t\t\t\t\t\t\t\t\t\t\t\t\t\t\t\t\t\t\t<\/div>\n\t\t\t\t\t\t\t\t\n\t\t\t\t\t\t\t\t\n\t\t\t\t\t\t\t<\/div>\n\t\t\t\t\t\t\n\t\t\t\t\t\t<h3 class=\"upk-title\"><a href=\"https:\/\/www.tvm.co.mz\/novosite\/2024\/11\/18\/crentes-oram-pelo-pais-igreja-amor-de-deus-quer-o-fim-das-manifestacoes-violentas\/\" title=\"Crentes oram pelo Pa\u00eds: Igreja Amor de Deus quer o fim das manifesta\u00e7\u00f5es violentas\" class=\"title-animation-underline\" aria-label=\"Crentes oram pelo Pa\u00eds: Igreja Amor de Deus quer o fim das manifesta\u00e7\u00f5es violentas\">Crentes oram pelo Pa\u00eds: Igreja Amor de Deus quer o fim das manifesta\u00e7\u00f5es violentas<\/a><\/h3>\n\t\t\t\t\t\t\t\t\t\t\t\t\t\t\t\t\t\t\t\t\t\t\t\t<\/div>\n\t\t\t\t<\/div>\n\n\t\t\t<\/div>\n\t\t<\/div>\n\n\n\t\n\t\t\t\t\n\t\t\t\t\t\t\t<div class=\"upk-item\">\n\t\t\t<div class=\"upk-item-box\">\n\t\t\t\t<div class=\"upk-image-wrap\">\n\t\t\t\t\t<div class=\"upk-main-image\">\n\t\t\t\t\t\t<img loading=\"lazy\" decoding=\"async\" width=\"850\" height=\"470\" src=\"https:\/\/www.tvm.co.mz\/novosite\/wp-content\/uploads\/2024\/06\/hbgvfcdxszaqytre.png\" class=\"upk-img\" alt=\"Crentes oram pelo Pa\u00eds: Igreja Amor de Deus quer o fim das manifesta\u00e7\u00f5es violentas\" srcset=\"https:\/\/www.tvm.co.mz\/novosite\/wp-content\/uploads\/2024\/06\/hbgvfcdxszaqytre.png 850w, https:\/\/www.tvm.co.mz\/novosite\/wp-content\/uploads\/2024\/06\/hbgvfcdxszaqytre-300x166.png 300w, https:\/\/www.tvm.co.mz\/novosite\/wp-content\/uploads\/2024\/06\/hbgvfcdxszaqytre-768x425.png 768w\" sizes=\"(max-width: 850px) 100vw, 850px\" \/>\t\t\t\t\t<\/div>\n\n\t\t\t\t\t\t\t\t\t\t\t\t\t\t\t\t\t\t\t<div class=\"upk-category\">\n\t\t\t<a href=\"https:\/\/www.tvm.co.mz\/novosite\/category\/site-de-noticias\/noticias-site-de-noticias\/nacional-noticias-site-de-noticias\/\" \n\t\t\t\t\t\t\taria-label=\"Category Nacional\">Nacional<\/a>\t\t<\/div>\n\t\t\t\t\t\t\n\t\t\t\t<\/div>\n\n\t\t\t\t<div class=\"upk-content\">\n\t\t\t\t\t<div class=\"upk-content-inner\">\n\n\t\t\t\t\t\t\t\t\t\t\t\t\t<div class=\"upk-meta\">\n\t\t\t\t\t\t\t\t\t\t\t\t\t\t\t\t\t\t\t\n\t\t\t\t\t\t\t\t\t\n\t\t\t\t\t\t\t\t\t\t\t\t\t\t\t\t\t<div class=\"upk-blog-date\" data-separator=\"-\">\n\t\t\t\t\t\t\t\t\t\t<div class=\"upk-blog-date\">\n\t\t\t\t\t\t\t\t\t\t\t<a class=\"date\" href=\"#\">\n\t\t\t\t\t\t\t\t\t\t\t\t<i class=\"upk-icon-calendar\" aria-hidden=\"true\"><\/i>18 de Novembro, 2024\t\t\t\t\t\t\t\t\t\t\t<\/a>\n\t\t\t\t\t\t\t\t\t\t<\/div>\n\n\t\t\t\t\t\t\t\t\t\t\t\t\t\t\t\t\t\t\t<\/div>\n\t\t\t\t\t\t\t\t\n\t\t\t\t\t\t\t\t\n\t\t\t\t\t\t\t<\/div>\n\t\t\t\t\t\t\n\t\t\t\t\t\t<h3 class=\"upk-title\"><a href=\"https:\/\/www.tvm.co.mz\/novosite\/2024\/11\/18\/crentes-oram-pelo-pais-igreja-amor-de-deus-quer-o-fim-das-manifestacoes-violentas-2\/\" title=\"Crentes oram pelo Pa\u00eds: Igreja Amor de Deus quer o fim das manifesta\u00e7\u00f5es violentas\" class=\"title-animation-underline\" aria-label=\"Crentes oram pelo Pa\u00eds: Igreja Amor de Deus quer o fim das manifesta\u00e7\u00f5es violentas\">Crentes oram pelo Pa\u00eds: Igreja Amor de Deus quer o fim das manifesta\u00e7\u00f5es violentas<\/a><\/h3>\n\t\t\t\t\t\t\t\t\t\t\t\t\t\t\t\t\t\t\t\t\t\t\t\t<\/div>\n\t\t\t\t<\/div>\n\n\t\t\t<\/div>\n\t\t<\/div>\n\n\n\t\n\t\t\t\t\n\t\t\t\t\t\t\t<div class=\"upk-item\">\n\t\t\t<div class=\"upk-item-box\">\n\t\t\t\t<div class=\"upk-image-wrap\">\n\t\t\t\t\t<div class=\"upk-main-image\">\n\t\t\t\t\t\t<img loading=\"lazy\" decoding=\"async\" width=\"800\" height=\"449\" src=\"https:\/\/www.tvm.co.mz\/novosite\/wp-content\/uploads\/2024\/11\/penhusy.png\" class=\"upk-img\" alt=\"Confer\u00eancia virtual COP29: Nyusi lan\u00e7a 3.\u00ba relat\u00f3rio bienal de redu\u00e7\u00e3o de desastres em \u00c1frica\" srcset=\"https:\/\/www.tvm.co.mz\/novosite\/wp-content\/uploads\/2024\/11\/penhusy.png 800w, https:\/\/www.tvm.co.mz\/novosite\/wp-content\/uploads\/2024\/11\/penhusy-300x168.png 300w, https:\/\/www.tvm.co.mz\/novosite\/wp-content\/uploads\/2024\/11\/penhusy-768x431.png 768w\" sizes=\"(max-width: 800px) 100vw, 800px\" \/>\t\t\t\t\t<\/div>\n\n\t\t\t\t\t\t\t\t\t\t\t\t\t\t\t\t\t\t\t<div class=\"upk-category\">\n\t\t\t<a href=\"https:\/\/www.tvm.co.mz\/novosite\/category\/site-de-noticias\/noticias-site-de-noticias\/nacional-noticias-site-de-noticias\/\" \n\t\t\t\t\t\t\taria-label=\"Category Nacional\">Nacional<\/a>\t\t<\/div>\n\t\t\t\t\t\t\n\t\t\t\t<\/div>\n\n\t\t\t\t<div class=\"upk-content\">\n\t\t\t\t\t<div class=\"upk-content-inner\">\n\n\t\t\t\t\t\t\t\t\t\t\t\t\t<div class=\"upk-meta\">\n\t\t\t\t\t\t\t\t\t\t\t\t\t\t\t\t\t\t\t\n\t\t\t\t\t\t\t\t\t\n\t\t\t\t\t\t\t\t\t\t\t\t\t\t\t\t\t<div class=\"upk-blog-date\" data-separator=\"-\">\n\t\t\t\t\t\t\t\t\t\t<div class=\"upk-blog-date\">\n\t\t\t\t\t\t\t\t\t\t\t<a class=\"date\" href=\"#\">\n\t\t\t\t\t\t\t\t\t\t\t\t<i class=\"upk-icon-calendar\" aria-hidden=\"true\"><\/i>15 de Novembro, 2024\t\t\t\t\t\t\t\t\t\t\t<\/a>\n\t\t\t\t\t\t\t\t\t\t<\/div>\n\n\t\t\t\t\t\t\t\t\t\t\t\t\t\t\t\t\t\t\t<\/div>\n\t\t\t\t\t\t\t\t\n\t\t\t\t\t\t\t\t\n\t\t\t\t\t\t\t<\/div>\n\t\t\t\t\t\t\n\t\t\t\t\t\t<h3 class=\"upk-title\"><a href=\"https:\/\/www.tvm.co.mz\/novosite\/2024\/11\/15\/conferencia-virtual-cop29-nyusi-lanca-3-relatorio-bienal-de-reducao-de-desastres-em-africa\/\" title=\"Confer\u00eancia virtual COP29: Nyusi lan\u00e7a 3.\u00ba relat\u00f3rio bienal de redu\u00e7\u00e3o de desastres em \u00c1frica\" class=\"title-animation-underline\" aria-label=\"Confer\u00eancia virtual COP29: Nyusi lan\u00e7a 3.\u00ba relat\u00f3rio bienal de redu\u00e7\u00e3o de desastres em \u00c1frica\">Confer\u00eancia virtual COP29: Nyusi lan\u00e7a 3.\u00ba relat\u00f3rio bienal de redu\u00e7\u00e3o de desastres em \u00c1frica<\/a><\/h3>\n\t\t\t\t\t\t\t\t\t\t\t\t\t\t\t\t\t\t\t\t\t\t\t\t<\/div>\n\t\t\t\t<\/div>\n\n\t\t\t<\/div>\n\t\t<\/div>\n\n\n\t\n\t\t\t\t\n\t\t\t\t\t\t\t<div class=\"upk-item\">\n\t\t\t<div class=\"upk-item-box\">\n\t\t\t\t<div class=\"upk-image-wrap\">\n\t\t\t\t\t<div class=\"upk-main-image\">\n\t\t\t\t\t\t<img loading=\"lazy\" decoding=\"async\" width=\"900\" height=\"506\" src=\"https:\/\/www.tvm.co.mz\/novosite\/wp-content\/uploads\/2024\/11\/dddd.png\" class=\"upk-img\" alt=\"Jornalismo mo\u00e7ambicano de luto: Morreu Rafael Omar, editor da R\u00e1dio Mo\u00e7ambique em Nampula\" srcset=\"https:\/\/www.tvm.co.mz\/novosite\/wp-content\/uploads\/2024\/11\/dddd.png 900w, https:\/\/www.tvm.co.mz\/novosite\/wp-content\/uploads\/2024\/11\/dddd-300x169.png 300w, https:\/\/www.tvm.co.mz\/novosite\/wp-content\/uploads\/2024\/11\/dddd-768x432.png 768w\" sizes=\"(max-width: 900px) 100vw, 900px\" \/>\t\t\t\t\t<\/div>\n\n\t\t\t\t\t\t\t\t\t\t\t\t\t\t\t\t\t\t\t<div class=\"upk-category\">\n\t\t\t<a href=\"https:\/\/www.tvm.co.mz\/novosite\/category\/site-de-noticias\/noticias-site-de-noticias\/nacional-noticias-site-de-noticias\/\" \n\t\t\t\t\t\t\taria-label=\"Category Nacional\">Nacional<\/a>\t\t<\/div>\n\t\t\t\t\t\t\n\t\t\t\t<\/div>\n\n\t\t\t\t<div class=\"upk-content\">\n\t\t\t\t\t<div class=\"upk-content-inner\">\n\n\t\t\t\t\t\t\t\t\t\t\t\t\t<div class=\"upk-meta\">\n\t\t\t\t\t\t\t\t\t\t\t\t\t\t\t\t\t\t\t\n\t\t\t\t\t\t\t\t\t\n\t\t\t\t\t\t\t\t\t\t\t\t\t\t\t\t\t<div class=\"upk-blog-date\" data-separator=\"-\">\n\t\t\t\t\t\t\t\t\t\t<div class=\"upk-blog-date\">\n\t\t\t\t\t\t\t\t\t\t\t<a class=\"date\" href=\"#\">\n\t\t\t\t\t\t\t\t\t\t\t\t<i class=\"upk-icon-calendar\" aria-hidden=\"true\"><\/i>14 de Novembro, 2024\t\t\t\t\t\t\t\t\t\t\t<\/a>\n\t\t\t\t\t\t\t\t\t\t<\/div>\n\n\t\t\t\t\t\t\t\t\t\t\t\t\t\t\t\t\t\t\t<\/div>\n\t\t\t\t\t\t\t\t\n\t\t\t\t\t\t\t\t\n\t\t\t\t\t\t\t<\/div>\n\t\t\t\t\t\t\n\t\t\t\t\t\t<h3 class=\"upk-title\"><a href=\"https:\/\/www.tvm.co.mz\/novosite\/2024\/11\/14\/jornalismo-mocambicano-de-luto-morreu-rafael-omar-editor-da-radio-mocambique-em-nampula\/\" title=\"Jornalismo mo\u00e7ambicano de luto: Morreu Rafael Omar, editor da R\u00e1dio Mo\u00e7ambique em Nampula\" class=\"title-animation-underline\" aria-label=\"Jornalismo mo\u00e7ambicano de luto: Morreu Rafael Omar, editor da R\u00e1dio Mo\u00e7ambique em Nampula\">Jornalismo mo\u00e7ambicano de luto: Morreu Rafael Omar, editor da R\u00e1dio Mo\u00e7ambique em Nampula<\/a><\/h3>\n\t\t\t\t\t\t\t\t\t\t\t\t\t\t\t\t\t\t\t\t\t\t\t\t<\/div>\n\t\t\t\t<\/div>\n\n\t\t\t<\/div>\n\t\t<\/div>\n\n\n\t\n\t\t\t\t\n\t\t\t\t\t\t\t<div class=\"upk-item\">\n\t\t\t<div class=\"upk-item-box\">\n\t\t\t\t<div class=\"upk-image-wrap\">\n\t\t\t\t\t<div class=\"upk-main-image\">\n\t\t\t\t\t\t<img loading=\"lazy\" decoding=\"async\" width=\"900\" height=\"505\" src=\"https:\/\/www.tvm.co.mz\/novosite\/wp-content\/uploads\/2024\/11\/DON_DINIZ.png\" class=\"upk-img\" alt=\"Tens\u00e3o p\u00f3s-eleitoral no pa\u00eds: Dom Dinis Singulane apela ao di\u00e1logo com todos os segmentos da sociedade\" srcset=\"https:\/\/www.tvm.co.mz\/novosite\/wp-content\/uploads\/2024\/11\/DON_DINIZ.png 900w, https:\/\/www.tvm.co.mz\/novosite\/wp-content\/uploads\/2024\/11\/DON_DINIZ-300x168.png 300w, https:\/\/www.tvm.co.mz\/novosite\/wp-content\/uploads\/2024\/11\/DON_DINIZ-768x431.png 768w\" sizes=\"(max-width: 900px) 100vw, 900px\" \/>\t\t\t\t\t<\/div>\n\n\t\t\t\t\t\t\t\t\t\t\t\t\t\t\t\t\t\t\t<div class=\"upk-category\">\n\t\t\t<a href=\"https:\/\/www.tvm.co.mz\/novosite\/category\/site-de-noticias\/noticias-site-de-noticias\/nacional-noticias-site-de-noticias\/\" \n\t\t\t\t\t\t\taria-label=\"Category Nacional\">Nacional<\/a>\t\t<\/div>\n\t\t\t\t\t\t\n\t\t\t\t<\/div>\n\n\t\t\t\t<div class=\"upk-content\">\n\t\t\t\t\t<div class=\"upk-content-inner\">\n\n\t\t\t\t\t\t\t\t\t\t\t\t\t<div class=\"upk-meta\">\n\t\t\t\t\t\t\t\t\t\t\t\t\t\t\t\t\t\t\t\n\t\t\t\t\t\t\t\t\t\n\t\t\t\t\t\t\t\t\t\t\t\t\t\t\t\t\t<div class=\"upk-blog-date\" data-separator=\"-\">\n\t\t\t\t\t\t\t\t\t\t<div class=\"upk-blog-date\">\n\t\t\t\t\t\t\t\t\t\t\t<a class=\"date\" href=\"#\">\n\t\t\t\t\t\t\t\t\t\t\t\t<i class=\"upk-icon-calendar\" aria-hidden=\"true\"><\/i>14 de Novembro, 2024\t\t\t\t\t\t\t\t\t\t\t<\/a>\n\t\t\t\t\t\t\t\t\t\t<\/div>\n\n\t\t\t\t\t\t\t\t\t\t\t\t\t\t\t\t\t\t\t<\/div>\n\t\t\t\t\t\t\t\t\n\t\t\t\t\t\t\t\t\n\t\t\t\t\t\t\t<\/div>\n\t\t\t\t\t\t\n\t\t\t\t\t\t<h3 class=\"upk-title\"><a href=\"https:\/\/www.tvm.co.mz\/novosite\/2024\/11\/14\/tensao-pos-eleitoral-no-pais-dom-dinis-singulane-apela-ao-dialogo-com-todos-os-segmentos-da-sociedade\/\" title=\"Tens\u00e3o p\u00f3s-eleitoral no pa\u00eds: Dom Dinis Singulane apela ao di\u00e1logo com todos os segmentos da sociedade\" class=\"title-animation-underline\" aria-label=\"Tens\u00e3o p\u00f3s-eleitoral no pa\u00eds: Dom Dinis Singulane apela ao di\u00e1logo com todos os segmentos da sociedade\">Tens\u00e3o p\u00f3s-eleitoral no pa\u00eds: Dom Dinis Singulane apela ao di\u00e1logo com todos os segmentos da sociedade<\/a><\/h3>\n\t\t\t\t\t\t\t\t\t\t\t\t\t\t\t\t\t\t\t\t\t\t\t\t<\/div>\n\t\t\t\t<\/div>\n\n\t\t\t<\/div>\n\t\t<\/div>\n\n\n\t\n\t\t\t\t\n\t\t\t\t\t\t\t<div class=\"upk-item\">\n\t\t\t<div class=\"upk-item-box\">\n\t\t\t\t<div class=\"upk-image-wrap\">\n\t\t\t\t\t<div class=\"upk-main-image\">\n\t\t\t\t\t\t<img loading=\"lazy\" decoding=\"async\" width=\"512\" height=\"307\" src=\"https:\/\/www.tvm.co.mz\/novosite\/wp-content\/uploads\/2017\/07\/unnamed.jpg\" class=\"upk-img\" alt=\"Tranquilidade ap\u00f3s agita\u00e7\u00e3o\" srcset=\"https:\/\/www.tvm.co.mz\/novosite\/wp-content\/uploads\/2017\/07\/unnamed.jpg 512w, https:\/\/www.tvm.co.mz\/novosite\/wp-content\/uploads\/2017\/07\/unnamed-300x180.jpg 300w\" sizes=\"(max-width: 512px) 100vw, 512px\" \/>\t\t\t\t\t<\/div>\n\n\t\t\t\t\t\t\t\t\t\t\t\t\t\t\t\t\t\t\t<div class=\"upk-category\">\n\t\t\t<a href=\"https:\/\/www.tvm.co.mz\/novosite\/category\/site-de-noticias\/noticias-site-de-noticias\/nacional-noticias-site-de-noticias\/\" \n\t\t\t\t\t\t\taria-label=\"Category Nacional\">Nacional<\/a>\t\t<\/div>\n\t\t\t\t\t\t\n\t\t\t\t<\/div>\n\n\t\t\t\t<div class=\"upk-content\">\n\t\t\t\t\t<div class=\"upk-content-inner\">\n\n\t\t\t\t\t\t\t\t\t\t\t\t\t<div class=\"upk-meta\">\n\t\t\t\t\t\t\t\t\t\t\t\t\t\t\t\t\t\t\t\n\t\t\t\t\t\t\t\t\t\n\t\t\t\t\t\t\t\t\t\t\t\t\t\t\t\t\t<div class=\"upk-blog-date\" data-separator=\"-\">\n\t\t\t\t\t\t\t\t\t\t<div class=\"upk-blog-date\">\n\t\t\t\t\t\t\t\t\t\t\t<a class=\"date\" href=\"#\">\n\t\t\t\t\t\t\t\t\t\t\t\t<i class=\"upk-icon-calendar\" aria-hidden=\"true\"><\/i>8 de Novembro, 2024\t\t\t\t\t\t\t\t\t\t\t<\/a>\n\t\t\t\t\t\t\t\t\t\t<\/div>\n\n\t\t\t\t\t\t\t\t\t\t\t\t\t\t\t\t\t\t\t<\/div>\n\t\t\t\t\t\t\t\t\n\t\t\t\t\t\t\t\t\n\t\t\t\t\t\t\t<\/div>\n\t\t\t\t\t\t\n\t\t\t\t\t\t<h3 class=\"upk-title\"><a href=\"https:\/\/www.tvm.co.mz\/novosite\/2024\/11\/08\/tranquilidade-apos-agitacao\/\" title=\"Tranquilidade ap\u00f3s agita\u00e7\u00e3o\" class=\"title-animation-underline\" aria-label=\"Tranquilidade ap\u00f3s agita\u00e7\u00e3o\">Tranquilidade ap\u00f3s agita\u00e7\u00e3o<\/a><\/h3>\n\t\t\t\t\t\t\t\t\t\t\t\t\t\t\t\t\t\t\t\t\t\t\t\t<\/div>\n\t\t\t\t<\/div>\n\n\t\t\t<\/div>\n\t\t<\/div>\n\n\n\t\n\t\t\t\t\t\t\t<\/div>\n\t\t<\/div>\n\n\t\t\n\t\t\t\t\t<div class=\"ep-pagination\">\n\t\t\t\t<ul class=\"upk-pagination\" data-widget-id=\"928f58a\">\n<li class=\"upk-active\"><a href=\"https:\/\/www.tvm.co.mz\/novosite\/wp-json\/wp\/v2\/pages\/25171\/\">1<\/a><\/li>\n<li><a href=\"https:\/\/www.tvm.co.mz\/novosite\/wp-json\/wp\/v2\/pages\/25171\/page\/2\/\">2<\/a><\/li>\n<li><a href=\"https:\/\/www.tvm.co.mz\/novosite\/wp-json\/wp\/v2\/pages\/25171\/page\/3\/\">3<\/a><\/li>\n<li class=\"upk-pagination-dot-dot\"><span>...<\/span><\/li>\n<li><a href=\"https:\/\/www.tvm.co.mz\/novosite\/wp-json\/wp\/v2\/pages\/25171\/page\/527\/\">527<\/a><\/li>\n<li class=\"upk-pagination-next\"><a href=\"https:\/\/www.tvm.co.mz\/novosite\/wp-json\/wp\/v2\/pages\/25171\/page\/2\/\" aria-label=\"Next Page\"><span data-upk-pagination-next><i class=\"upk-icon-arrow-right-5\" aria-hidden=\"true\"><\/i><\/span><\/a><\/li>\n<\/ul>\n\t\t\t<\/div>\n\t\t\t\t<\/div>\n\t\t\t\t<\/div>\n\t\t\t\t\t<\/div>\n\t\t<\/div>\n\t\t\t\t<div class=\"elementor-column elementor-col-33 elementor-top-column elementor-element elementor-element-82083db\" data-id=\"82083db\" data-element_type=\"column\" data-e-type=\"column\">\n\t\t\t<div class=\"elementor-widget-wrap elementor-element-populated\">\n\t\t\t\t\t\t<div class=\"elementor-element elementor-element-953010a elementor-widget elementor-widget-heading\" data-id=\"953010a\" data-element_type=\"widget\" data-e-type=\"widget\" data-widget_type=\"heading.default\">\n\t\t\t\t<div class=\"elementor-widget-container\">\n\t\t\t\t\t<h2 class=\"elementor-heading-title elementor-size-default\">Artigos mais recentes<\/h2>\t\t\t\t<\/div>\n\t\t\t\t<\/div>\n\t\t\t\t<div class=\"elementor-element elementor-element-07104bc elementor-widget elementor-widget-upk-scott-list\" data-id=\"07104bc\" data-element_type=\"widget\" data-e-type=\"widget\" data-widget_type=\"upk-scott-list.default\">\n\t\t\t\t<div class=\"elementor-widget-container\">\n\t\t\t\t\t\t\t<div class=\"upk-scott-list upk-ajax-grid\" data-loadmore=\"[]\">\n\t\t\t<div class=\"upk-scott-list upk-ajax-grid-wrap\">\n\t\t\t\t\n\t\t\t\t\t\t\t<div class=\"upk-item\">\n\t\t\t\t\t<a class=\"upk-image-wrap\" href=\"https:\/\/www.tvm.co.mz\/novosite\/2025\/01\/01\/esperanca-no-mundo-papa-francisco-apela-a-fraternidade-em-2025\/\">\n\t\t\t<img decoding=\"async\" src=\"https:\/\/www.tvm.co.mz\/novosite\/wp-content\/uploads\/2025\/01\/44131823-300x169.webp\" alt=\"Esperan\u00e7a no mundo: Papa Francisco apela \u00e0 fraternidade em 2025\">\n\t\t\t<span class=\"upk-img-overlay\"><\/span>\n\t\t<\/a>\n\t\t\t\t<div class=\"upk-content\">\n\t\t\t\t\t\t<div class=\"upk-category\">\n\t\t\t<a href=\"https:\/\/www.tvm.co.mz\/novosite\/category\/site-de-noticias\/noticias-site-de-noticias\/nacional-noticias-site-de-noticias\/\" \n\t\t\t\t\t\t\taria-label=\"Category Nacional\">Nacional<\/a>\t\t<\/div>\n\t\t\t\t\t<h3 class=\"upk-title\"><a href=\"https:\/\/www.tvm.co.mz\/novosite\/2025\/01\/01\/esperanca-no-mundo-papa-francisco-apela-a-fraternidade-em-2025\/\" title=\"Esperan\u00e7a no mundo: Papa Francisco apela \u00e0 fraternidade em 2025\" class=\"title-animation-underline\" aria-label=\"Esperan\u00e7a no mundo: Papa Francisco apela \u00e0 fraternidade em 2025\">Esperan\u00e7a no mundo: Papa Francisco apela \u00e0 fraternidade em 2025<\/a><\/h3>\t\t\t\t\t\t\t\t\t<div class=\"upk-meta upk-flex upk-flex-middle\">\n\t\t\t\t\t\t\n\t\t\t\t\t\t\t\t\t\t\t\t\t<div data-separator=\"\">\n\t\t\t\t\t\t\t\t\t<div class=\"upk-date\">\n\t\t\t1 de Janeiro, 2025\t\t<\/div>\n\n\t\t\t\t\t\t\t\t\t\t<\/div>\n\t\t\t\t\t\t\n\t\t\t\t\t\t\n\t\t\t\t\t\t\n\t\t\t\t\t<\/div>\n\t\t\t\t\t\t\t<\/div>\n\t\t<\/div>\n\t\t\t\t\t\t\n\t\t\t\t\n\t\t\t\t\t\t\t<div class=\"upk-item\">\n\t\t\t\t\t<a class=\"upk-image-wrap\" href=\"https:\/\/www.tvm.co.mz\/novosite\/2025\/01\/01\/transicao-de-ano-em-maputo-citadinos-lotaram-a-marginal-a-celebrarem-a-passagem-de-ano\/\">\n\t\t\t<img decoding=\"async\" src=\"https:\/\/www.tvm.co.mz\/novosite\/wp-content\/uploads\/2025\/01\/tjjtjtjjt-300x169.png\" alt=\"Transi\u00e7\u00e3o de ano em Maputo: Citadinos lotaram a marginal a celebrarem a passagem de ano\">\n\t\t\t<span class=\"upk-img-overlay\"><\/span>\n\t\t<\/a>\n\t\t\t\t<div class=\"upk-content\">\n\t\t\t\t\t\t<div class=\"upk-category\">\n\t\t\t<a href=\"https:\/\/www.tvm.co.mz\/novosite\/category\/site-de-noticias\/noticias-site-de-noticias\/nacional-noticias-site-de-noticias\/\" \n\t\t\t\t\t\t\taria-label=\"Category Nacional\">Nacional<\/a>\t\t<\/div>\n\t\t\t\t\t<h3 class=\"upk-title\"><a href=\"https:\/\/www.tvm.co.mz\/novosite\/2025\/01\/01\/transicao-de-ano-em-maputo-citadinos-lotaram-a-marginal-a-celebrarem-a-passagem-de-ano\/\" title=\"Transi\u00e7\u00e3o de ano em Maputo: Citadinos lotaram a marginal a celebrarem a passagem de ano\" class=\"title-animation-underline\" aria-label=\"Transi\u00e7\u00e3o de ano em Maputo: Citadinos lotaram a marginal a celebrarem a passagem de ano\">Transi\u00e7\u00e3o de ano em Maputo: Citadinos lotaram a marginal a celebrarem a passagem de ano<\/a><\/h3>\t\t\t\t\t\t\t\t\t<div class=\"upk-meta upk-flex upk-flex-middle\">\n\t\t\t\t\t\t\n\t\t\t\t\t\t\t\t\t\t\t\t\t<div data-separator=\"\">\n\t\t\t\t\t\t\t\t\t<div class=\"upk-date\">\n\t\t\t1 de Janeiro, 2025\t\t<\/div>\n\n\t\t\t\t\t\t\t\t\t\t<\/div>\n\t\t\t\t\t\t\n\t\t\t\t\t\t\n\t\t\t\t\t\t\n\t\t\t\t\t<\/div>\n\t\t\t\t\t\t\t<\/div>\n\t\t<\/div>\n\t\t\t\t\t\t\n\t\t\t\t\n\t\t\t\t\t\t\t<div class=\"upk-item\">\n\t\t\t\t\t<a class=\"upk-image-wrap\" href=\"https:\/\/www.tvm.co.mz\/novosite\/2024\/12\/27\/residentes-de-maputo-e-matola-organizam-se-para-travar-o-crime\/\">\n\t\t\t<img decoding=\"async\" src=\"https:\/\/www.tvm.co.mz\/novosite\/wp-content\/uploads\/2024\/12\/Screenshot_2024-12-27_at_10.17-300x210.jpeg\" alt=\"Residentes de Maputo e Matola organizam-se para travar o crime\">\n\t\t\t<span class=\"upk-img-overlay\"><\/span>\n\t\t<\/a>\n\t\t\t\t<div class=\"upk-content\">\n\t\t\t\t\t\t<div class=\"upk-category\">\n\t\t\t<a href=\"https:\/\/www.tvm.co.mz\/novosite\/category\/site-de-noticias\/noticias-site-de-noticias\/nacional-noticias-site-de-noticias\/\" \n\t\t\t\t\t\t\taria-label=\"Category Nacional\">Nacional<\/a>\t\t<\/div>\n\t\t\t\t\t<h3 class=\"upk-title\"><a href=\"https:\/\/www.tvm.co.mz\/novosite\/2024\/12\/27\/residentes-de-maputo-e-matola-organizam-se-para-travar-o-crime\/\" title=\"Residentes de Maputo e Matola organizam-se para travar o crime\" class=\"title-animation-underline\" aria-label=\"Residentes de Maputo e Matola organizam-se para travar o crime\">Residentes de Maputo e Matola organizam-se para travar o crime<\/a><\/h3>\t\t\t\t\t\t\t\t\t<div class=\"upk-meta upk-flex upk-flex-middle\">\n\t\t\t\t\t\t\n\t\t\t\t\t\t\t\t\t\t\t\t\t<div data-separator=\"\">\n\t\t\t\t\t\t\t\t\t<div class=\"upk-date\">\n\t\t\t27 de Dezembro, 2024\t\t<\/div>\n\n\t\t\t\t\t\t\t\t\t\t<\/div>\n\t\t\t\t\t\t\n\t\t\t\t\t\t\n\t\t\t\t\t\t\n\t\t\t\t\t<\/div>\n\t\t\t\t\t\t\t<\/div>\n\t\t<\/div>\n\t\t\t\t\t\t\n\t\t\t\t\n\t\t\t\t\t\t\t<div class=\"upk-item\">\n\t\t\t\t\t<a class=\"upk-image-wrap\" href=\"https:\/\/www.tvm.co.mz\/novosite\/2024\/12\/27\/capital-do-pais-retorna-gradualmente-a-normalidade\/\">\n\t\t\t<img decoding=\"async\" src=\"https:\/\/www.tvm.co.mz\/novosite\/wp-content\/uploads\/2024\/12\/Screenshot_2024-12-27_at_10.17.58-300x197.jpg\" alt=\"Capital do pa\u00eds retorna gradualmente \u00e0 normalidade\">\n\t\t\t<span class=\"upk-img-overlay\"><\/span>\n\t\t<\/a>\n\t\t\t\t<div class=\"upk-content\">\n\t\t\t\t\t\t<div class=\"upk-category\">\n\t\t\t<a href=\"https:\/\/www.tvm.co.mz\/novosite\/category\/site-de-noticias\/noticias-site-de-noticias\/nacional-noticias-site-de-noticias\/\" \n\t\t\t\t\t\t\taria-label=\"Category Nacional\">Nacional<\/a>\t\t<\/div>\n\t\t\t\t\t<h3 class=\"upk-title\"><a href=\"https:\/\/www.tvm.co.mz\/novosite\/2024\/12\/27\/capital-do-pais-retorna-gradualmente-a-normalidade\/\" title=\"Capital do pa\u00eds retorna gradualmente \u00e0 normalidade\" class=\"title-animation-underline\" aria-label=\"Capital do pa\u00eds retorna gradualmente \u00e0 normalidade\">Capital do pa\u00eds retorna gradualmente \u00e0 normalidade<\/a><\/h3>\t\t\t\t\t\t\t\t\t<div class=\"upk-meta upk-flex upk-flex-middle\">\n\t\t\t\t\t\t\n\t\t\t\t\t\t\t\t\t\t\t\t\t<div data-separator=\"\">\n\t\t\t\t\t\t\t\t\t<div class=\"upk-date\">\n\t\t\t27 de Dezembro, 2024\t\t<\/div>\n\n\t\t\t\t\t\t\t\t\t\t<\/div>\n\t\t\t\t\t\t\n\t\t\t\t\t\t\n\t\t\t\t\t\t\n\t\t\t\t\t<\/div>\n\t\t\t\t\t\t\t<\/div>\n\t\t<\/div>\n\t\t\t\t\t\t\n\t\t\t\t\n\t\t\t\t\t\t\t<div class=\"upk-item\">\n\t\t\t\t\t<a class=\"upk-image-wrap\" href=\"https:\/\/www.tvm.co.mz\/novosite\/2024\/11\/25\/tv-brics-apresenta-serie-de-programas-sobre-viagens-por-mocambique-para-paises-do-brics\/\">\n\t\t\t<img decoding=\"async\" src=\"https:\/\/www.tvm.co.mz\/novosite\/wp-content\/uploads\/2024\/11\/encangoresagt-300x169.jpg\" alt=\"TV BRICS apresenta s\u00e9rie de programas sobre viagens por Mo\u00e7ambique para pa\u00edses do BRICS+\">\n\t\t\t<span class=\"upk-img-overlay\"><\/span>\n\t\t<\/a>\n\t\t\t\t<div class=\"upk-content\">\n\t\t\t\t\t\t<div class=\"upk-category\">\n\t\t\t<a href=\"https:\/\/www.tvm.co.mz\/novosite\/category\/site-de-noticias\/noticias-site-de-noticias\/nacional-noticias-site-de-noticias\/\" \n\t\t\t\t\t\t\taria-label=\"Category Nacional\">Nacional<\/a>\t\t<\/div>\n\t\t\t\t\t<h3 class=\"upk-title\"><a href=\"https:\/\/www.tvm.co.mz\/novosite\/2024\/11\/25\/tv-brics-apresenta-serie-de-programas-sobre-viagens-por-mocambique-para-paises-do-brics\/\" title=\"TV BRICS apresenta s\u00e9rie de programas sobre viagens por Mo\u00e7ambique para pa\u00edses do BRICS+\" class=\"title-animation-underline\" aria-label=\"TV BRICS apresenta s\u00e9rie de programas sobre viagens por Mo\u00e7ambique para pa\u00edses do BRICS+\">TV BRICS apresenta s\u00e9rie de programas sobre viagens por Mo\u00e7ambique para pa\u00edses do BRICS+<\/a><\/h3>\t\t\t\t\t\t\t\t\t<div class=\"upk-meta upk-flex upk-flex-middle\">\n\t\t\t\t\t\t\n\t\t\t\t\t\t\t\t\t\t\t\t\t<div data-separator=\"\">\n\t\t\t\t\t\t\t\t\t<div class=\"upk-date\">\n\t\t\t25 de Novembro, 2024\t\t<\/div>\n\n\t\t\t\t\t\t\t\t\t\t<\/div>\n\t\t\t\t\t\t\n\t\t\t\t\t\t\n\t\t\t\t\t\t\n\t\t\t\t\t<\/div>\n\t\t\t\t\t\t\t<\/div>\n\t\t<\/div>\n\t\t\t\t\t\t\n\t\t\t\t\t\t\t<\/div>\n\t\t<\/div>\n\n\t\t\n\t\t\t\t\t\t<\/div>\n\t\t\t\t<\/div>\n\t\t\t\t\t<\/div>\n\t\t<\/div>\n\t\t\t\t\t<\/div>\n\t\t<\/section>\n\t\t\t\t<\/div>\n\t\t","protected":false},"excerpt":{"rendered":"<div class='heateorSssClear'><\/div><div  class='heateor_sss_sharing_container heateor_sss_horizontal_sharing' data-heateor-sss-href='https:\/\/www.tvm.co.mz\/novosite\/2024\/11\/25\/tv-brics-apresenta-serie-de-programas-sobre-viagens-por-mocambique-para-paises-do-brics\/'><div class='heateor_sss_sharing_title' style=\"font-weight:bold\" >Partilhe<\/div><div class=\"heateor_sss_sharing_ul\"><a aria-label=\"Facebook\" class=\"heateor_sss_facebook\" href=\"https:\/\/www.facebook.com\/sharer\/sharer.php?u=https%3A%2F%2Fwww.tvm.co.mz%2Fnovosite%2F2024%2F11%2F25%2Ftv-brics-apresenta-serie-de-programas-sobre-viagens-por-mocambique-para-paises-do-brics%2F\" title=\"Facebook\" rel=\"nofollow noopener\" target=\"_blank\" style=\"font-size:32px!important;box-shadow:none;display:inline-block;vertical-align:middle\"><span class=\"heateor_sss_svg\" style=\"background-color:#0765FE;width:26px;height:26px;border-radius:999px;display:inline-block;opacity:1;float:left;font-size:32px;box-shadow:none;display:inline-block;font-size:16px;padding:0 4px;vertical-align:middle;background-repeat:repeat;overflow:hidden;padding:0;cursor:pointer;box-sizing:content-box\"><svg style=\"display:block;border-radius:999px;\" focusable=\"false\" aria-hidden=\"true\" xmlns=\"http:\/\/www.w3.org\/2000\/svg\" width=\"100%\" height=\"100%\" viewBox=\"0 0 32 32\"><path fill=\"#fff\" d=\"M28 16c0-6.627-5.373-12-12-12S4 9.373 4 16c0 5.628 3.875 10.35 9.101 11.647v-7.98h-2.474V16H13.1v-1.58c0-4.085 1.849-5.978 5.859-5.978.76 0 2.072.15 2.608.298v3.325c-.283-.03-.775-.045-1.386-.045-1.967 0-2.728.745-2.728 2.683V16h3.92l-.673 3.667h-3.247v8.245C23.395 27.195 28 22.135 28 16Z\"><\/path><\/svg><\/span><\/a><a aria-label=\"X\" class=\"heateor_sss_button_x\" href=\"https:\/\/twitter.com\/intent\/tweet?text=TV%20BRICS%20apresenta%20s%C3%A9rie%20de%20programas%20sobre%20viagens%20por%20Mo%C3%A7ambique%20para%20pa%C3%ADses%20do%20BRICS%2B&url=https%3A%2F%2Fwww.tvm.co.mz%2Fnovosite%2F2024%2F11%2F25%2Ftv-brics-apresenta-serie-de-programas-sobre-viagens-por-mocambique-para-paises-do-brics%2F\" title=\"X\" rel=\"nofollow noopener\" target=\"_blank\" style=\"font-size:32px!important;box-shadow:none;display:inline-block;vertical-align:middle\"><span class=\"heateor_sss_svg heateor_sss_s__default heateor_sss_s_x\" style=\"background-color:#2a2a2a;width:26px;height:26px;border-radius:999px;display:inline-block;opacity:1;float:left;font-size:32px;box-shadow:none;display:inline-block;font-size:16px;padding:0 4px;vertical-align:middle;background-repeat:repeat;overflow:hidden;padding:0;cursor:pointer;box-sizing:content-box\"><svg width=\"100%\" height=\"100%\" style=\"display:block;border-radius:999px;\" focusable=\"false\" aria-hidden=\"true\" xmlns=\"http:\/\/www.w3.org\/2000\/svg\" viewBox=\"0 0 32 32\"><path fill=\"#fff\" d=\"M21.751 7h3.067l-6.7 7.658L26 25.078h-6.172l-4.833-6.32-5.531 6.32h-3.07l7.167-8.19L6 7h6.328l4.37 5.777L21.75 7Zm-1.076 16.242h1.7L11.404 8.74H9.58l11.094 14.503Z\"><\/path><\/svg><\/span><\/a><a aria-label=\"Reddit\" class=\"heateor_sss_button_reddit\" href=\"https:\/\/reddit.com\/submit?url=https%3A%2F%2Fwww.tvm.co.mz%2Fnovosite%2F2024%2F11%2F25%2Ftv-brics-apresenta-serie-de-programas-sobre-viagens-por-mocambique-para-paises-do-brics%2F&title=TV%20BRICS%20apresenta%20s%C3%A9rie%20de%20programas%20sobre%20viagens%20por%20Mo%C3%A7ambique%20para%20pa%C3%ADses%20do%20BRICS%2B\" title=\"Reddit\" rel=\"nofollow noopener\" target=\"_blank\" style=\"font-size:32px!important;box-shadow:none;display:inline-block;vertical-align:middle\"><span class=\"heateor_sss_svg heateor_sss_s__default heateor_sss_s_reddit\" style=\"background-color:#ff5700;width:26px;height:26px;border-radius:999px;display:inline-block;opacity:1;float:left;font-size:32px;box-shadow:none;display:inline-block;font-size:16px;padding:0 4px;vertical-align:middle;background-repeat:repeat;overflow:hidden;padding:0;cursor:pointer;box-sizing:content-box\"><svg style=\"display:block;border-radius:999px;\" focusable=\"false\" aria-hidden=\"true\" xmlns=\"http:\/\/www.w3.org\/2000\/svg\" width=\"100%\" height=\"100%\" viewBox=\"-3.5 -3.5 39 39\"><path d=\"M28.543 15.774a2.953 2.953 0 0 0-2.951-2.949 2.882 2.882 0 0 0-1.9.713 14.075 14.075 0 0 0-6.85-2.044l1.38-4.349 3.768.884a2.452 2.452 0 1 0 .24-1.176l-4.274-1a.6.6 0 0 0-.709.4l-1.659 5.224a14.314 14.314 0 0 0-7.316 2.029 2.908 2.908 0 0 0-1.872-.681 2.942 2.942 0 0 0-1.618 5.4 5.109 5.109 0 0 0-.062.765c0 4.158 5.037 7.541 11.229 7.541s11.22-3.383 11.22-7.541a5.2 5.2 0 0 0-.053-.706 2.963 2.963 0 0 0 1.427-2.51zm-18.008 1.88a1.753 1.753 0 0 1 1.73-1.74 1.73 1.73 0 0 1 1.709 1.74 1.709 1.709 0 0 1-1.709 1.711 1.733 1.733 0 0 1-1.73-1.711zm9.565 4.968a5.573 5.573 0 0 1-4.081 1.272h-.032a5.576 5.576 0 0 1-4.087-1.272.6.6 0 0 1 .844-.854 4.5 4.5 0 0 0 3.238.927h.032a4.5 4.5 0 0 0 3.237-.927.6.6 0 1 1 .844.854zm-.331-3.256a1.726 1.726 0 1 1 1.709-1.712 1.717 1.717 0 0 1-1.712 1.712z\" fill=\"#fff\"\/><\/svg><\/span><\/a><a aria-label=\"Linkedin\" class=\"heateor_sss_button_linkedin\" href=\"https:\/\/www.linkedin.com\/sharing\/share-offsite\/?url=https%3A%2F%2Fwww.tvm.co.mz%2Fnovosite%2F2024%2F11%2F25%2Ftv-brics-apresenta-serie-de-programas-sobre-viagens-por-mocambique-para-paises-do-brics%2F\" title=\"Linkedin\" rel=\"nofollow noopener\" target=\"_blank\" style=\"font-size:32px!important;box-shadow:none;display:inline-block;vertical-align:middle\"><span class=\"heateor_sss_svg heateor_sss_s__default heateor_sss_s_linkedin\" style=\"background-color:#0077b5;width:26px;height:26px;border-radius:999px;display:inline-block;opacity:1;float:left;font-size:32px;box-shadow:none;display:inline-block;font-size:16px;padding:0 4px;vertical-align:middle;background-repeat:repeat;overflow:hidden;padding:0;cursor:pointer;box-sizing:content-box\"><svg style=\"display:block;border-radius:999px;\" focusable=\"false\" aria-hidden=\"true\" xmlns=\"http:\/\/www.w3.org\/2000\/svg\" width=\"100%\" height=\"100%\" viewBox=\"0 0 32 32\"><path d=\"M6.227 12.61h4.19v13.48h-4.19V12.61zm2.095-6.7a2.43 2.43 0 0 1 0 4.86c-1.344 0-2.428-1.09-2.428-2.43s1.084-2.43 2.428-2.43m4.72 6.7h4.02v1.84h.058c.56-1.058 1.927-2.176 3.965-2.176 4.238 0 5.02 2.792 5.02 6.42v7.395h-4.183v-6.56c0-1.564-.03-3.574-2.178-3.574-2.18 0-2.514 1.7-2.514 3.46v6.668h-4.187V12.61z\" fill=\"#fff\"><\/path><\/svg><\/span><\/a><a aria-label=\"Pinterest\" class=\"heateor_sss_button_pinterest\" href=\"https:\/\/www.tvm.co.mz\/novosite\/2024\/11\/25\/tv-brics-apresenta-serie-de-programas-sobre-viagens-por-mocambique-para-paises-do-brics\/\" onclick=\"event.preventDefault();javascript:void( (function() {var e=document.createElement('script' );e.setAttribute('type','text\/javascript' );e.setAttribute('charset','UTF-8' );e.setAttribute('src','\/\/assets.pinterest.com\/js\/pinmarklet.js?r='+Math.random()*99999999);document.body.appendChild(e)})());\" title=\"Pinterest\" rel=\"noopener\" style=\"font-size:32px!important;box-shadow:none;display:inline-block;vertical-align:middle\"><span class=\"heateor_sss_svg heateor_sss_s__default heateor_sss_s_pinterest\" style=\"background-color:#cc2329;width:26px;height:26px;border-radius:999px;display:inline-block;opacity:1;float:left;font-size:32px;box-shadow:none;display:inline-block;font-size:16px;padding:0 4px;vertical-align:middle;background-repeat:repeat;overflow:hidden;padding:0;cursor:pointer;box-sizing:content-box\"><svg style=\"display:block;border-radius:999px;\" focusable=\"false\" aria-hidden=\"true\" xmlns=\"http:\/\/www.w3.org\/2000\/svg\" width=\"100%\" height=\"100%\" viewBox=\"-2 -2 35 35\"><path fill=\"#fff\" d=\"M16.539 4.5c-6.277 0-9.442 4.5-9.442 8.253 0 2.272.86 4.293 2.705 5.046.303.125.574.005.662-.33.061-.231.205-.816.27-1.06.088-.331.053-.447-.191-.736-.532-.627-.873-1.439-.873-2.591 0-3.338 2.498-6.327 6.505-6.327 3.548 0 5.497 2.168 5.497 5.062 0 3.81-1.686 7.025-4.188 7.025-1.382 0-2.416-1.142-2.085-2.545.397-1.674 1.166-3.48 1.166-4.689 0-1.081-.581-1.983-1.782-1.983-1.413 0-2.548 1.462-2.548 3.419 0 1.247.421 2.091.421 2.091l-1.699 7.199c-.505 2.137-.076 4.755-.039 5.019.021.158.223.196.314.077.13-.17 1.813-2.247 2.384-4.324.162-.587.929-3.631.929-3.631.46.876 1.801 1.646 3.227 1.646 4.247 0 7.128-3.871 7.128-9.053.003-3.918-3.317-7.568-8.361-7.568z\"\/><\/svg><\/span><\/a><a aria-label=\"Mastodon\" class=\"heateor_sss_button_mastodon\" href=\"https:\/\/mastodon.social\/share?text=https%3A%2F%2Fwww.tvm.co.mz%2Fnovosite%2F2024%2F11%2F25%2Ftv-brics-apresenta-serie-de-programas-sobre-viagens-por-mocambique-para-paises-do-brics%2F&title=TV%20BRICS%20apresenta%20s%C3%A9rie%20de%20programas%20sobre%20viagens%20por%20Mo%C3%A7ambique%20para%20pa%C3%ADses%20do%20BRICS%2B\" title=\"Mastodon\" rel=\"nofollow noopener\" target=\"_blank\" style=\"font-size:32px!important;box-shadow:none;display:inline-block;vertical-align:middle\"><span class=\"heateor_sss_svg heateor_sss_s__default heateor_sss_s_mastodon\" style=\"background-color:#6364FF;width:26px;height:26px;border-radius:999px;display:inline-block;opacity:1;float:left;font-size:32px;box-shadow:none;display:inline-block;font-size:16px;padding:0 4px;vertical-align:middle;background-repeat:repeat;overflow:hidden;padding:0;cursor:pointer;box-sizing:content-box\"><svg style=\"display:block;border-radius:999px;\" focusable=\"false\" aria-hidden=\"true\" xmlns=\"http:\/\/www.w3.org\/2000\/svg\" width=\"100%\" height=\"100%\" viewBox=\"-3.5 -3.5 39 39\"><path d=\"M27 12c0-5.12-3.35-6.62-3.35-6.62C22 4.56 19.05 4.23 16 4.21c-3 0-5.92.35-7.61 1.12C8.36 5.33 5 6.83 5 12v4c.12 5 .92 9.93 5.54 11.16a17.67 17.67 0 005.44.6 10.88 10.88 0 004.18-.95l-.09-1.95a13.36 13.36 0 01-4.07.54c-2.12-.07-4.37-.23-4.71-2.84a5.58 5.58 0 01-.05-.73 27.46 27.46 0 004.73.63 26.76 26.76 0 004.68-.28c3-.35 5.53-2.17 5.85-3.83A39.25 39.25 0 0027 12zm-3.95 6.59h-2.46v-6c0-1.27-.53-1.91-1.6-1.91s-1.77.76-1.77 2.27v3.29h-2.44v-3.35c0-1.51-.59-2.27-1.77-2.27s-1.6.64-1.6 1.91v6H9v-6.18a4.49 4.49 0 011-3 3.39 3.39 0 012.63-1.12 3.17 3.17 0 012.84 1.44l.61 1 .61-1a3.17 3.17 0 012.84-1.44 3.39 3.39 0 012.63 1.12 4.49 4.49 0 011 3z\" fill=\"#fff\"><\/path><\/svg><\/span><\/a><a aria-label=\"Mix\" class=\"heateor_sss_button_mix\" href=\"https:\/\/mix.com\/mixit?url=https%3A%2F%2Fwww.tvm.co.mz%2Fnovosite%2F2024%2F11%2F25%2Ftv-brics-apresenta-serie-de-programas-sobre-viagens-por-mocambique-para-paises-do-brics%2F\" title=\"Mix\" rel=\"nofollow noopener\" target=\"_blank\" style=\"font-size:32px!important;box-shadow:none;display:inline-block;vertical-align:middle\"><span class=\"heateor_sss_svg heateor_sss_s__default heateor_sss_s_mix\" style=\"background-color:#ff8226;width:26px;height:26px;border-radius:999px;display:inline-block;opacity:1;float:left;font-size:32px;box-shadow:none;display:inline-block;font-size:16px;padding:0 4px;vertical-align:middle;background-repeat:repeat;overflow:hidden;padding:0;cursor:pointer;box-sizing:content-box\"><svg focusable=\"false\" aria-hidden=\"true\" xmlns=\"http:\/\/www.w3.org\/2000\/svg\" width=\"100%\" height=\"100%\" viewBox=\"-7 -8 45 45\"><g fill=\"#fff\"><path opacity=\".8\" d=\"M27.87 4.125c-5.224 0-9.467 4.159-9.467 9.291v2.89c0-1.306 1.074-2.362 2.399-2.362s2.399 1.056 2.399 2.362v1.204c0 1.306 1.074 2.362 2.399 2.362s2.399-1.056 2.399-2.362V4.134c-.036-.009-.082-.009-.129-.009\"\/><path d=\"M4 4.125v12.94c2.566 0 4.668-1.973 4.807-4.465v-2.214c0-.065 0-.12.009-.176.093-1.213 1.13-2.177 2.39-2.177 1.325 0 2.399 1.056 2.399 2.362v9.226c0 1.306 1.074 2.353 2.399 2.353s2.399-1.056 2.399-2.353v-6.206c0-5.132 4.233-9.291 9.467-9.291H4z\"\/><path opacity=\".8\" d=\"M4 17.074v8.438c0 1.306 1.074 2.362 2.399 2.362s2.399-1.056 2.399-2.362V12.61C8.659 15.102 6.566 17.074 4 17.074\"\/><\/g><\/svg><\/span><\/a><a aria-label=\"Whatsapp\" class=\"heateor_sss_whatsapp\" href=\"https:\/\/api.whatsapp.com\/send?text=TV%20BRICS%20apresenta%20s%C3%A9rie%20de%20programas%20sobre%20viagens%20por%20Mo%C3%A7ambique%20para%20pa%C3%ADses%20do%20BRICS%2B%20https%3A%2F%2Fwww.tvm.co.mz%2Fnovosite%2F2024%2F11%2F25%2Ftv-brics-apresenta-serie-de-programas-sobre-viagens-por-mocambique-para-paises-do-brics%2F\" title=\"Whatsapp\" rel=\"nofollow noopener\" target=\"_blank\" style=\"font-size:32px!important;box-shadow:none;display:inline-block;vertical-align:middle\"><span class=\"heateor_sss_svg\" style=\"background-color:#55eb4c;width:26px;height:26px;border-radius:999px;display:inline-block;opacity:1;float:left;font-size:32px;box-shadow:none;display:inline-block;font-size:16px;padding:0 4px;vertical-align:middle;background-repeat:repeat;overflow:hidden;padding:0;cursor:pointer;box-sizing:content-box\"><svg style=\"display:block;border-radius:999px;\" focusable=\"false\" aria-hidden=\"true\" xmlns=\"http:\/\/www.w3.org\/2000\/svg\" width=\"100%\" height=\"100%\" viewBox=\"-6 -5 40 40\"><path class=\"heateor_sss_svg_stroke heateor_sss_no_fill\" stroke=\"#fff\" stroke-width=\"2\" fill=\"none\" d=\"M 11.579798566743314 24.396926207859085 A 10 10 0 1 0 6.808479557110079 20.73576436351046\"><\/path><path d=\"M 7 19 l -1 6 l 6 -1\" class=\"heateor_sss_no_fill heateor_sss_svg_stroke\" stroke=\"#fff\" stroke-width=\"2\" fill=\"none\"><\/path><path d=\"M 10 10 q -1 8 8 11 c 5 -1 0 -6 -1 -3 q -4 -3 -5 -5 c 4 -2 -1 -5 -1 -4\" fill=\"#fff\"><\/path><\/svg><\/span><\/a><a class=\"heateor_sss_more\" aria-label=\"More\" title=\"More\" rel=\"nofollow noopener\" style=\"font-size: 32px!important;border:0;box-shadow:none;display:inline-block!important;font-size:16px;padding:0 4px;vertical-align: middle;display:inline;\" href=\"https:\/\/www.tvm.co.mz\/novosite\/2024\/11\/25\/tv-brics-apresenta-serie-de-programas-sobre-viagens-por-mocambique-para-paises-do-brics\/\" onclick=\"event.preventDefault()\"><span class=\"heateor_sss_svg\" style=\"background-color:#ee8e2d;width:26px;height:26px;border-radius:999px;display:inline-block!important;opacity:1;float:left;font-size:32px!important;box-shadow:none;display:inline-block;font-size:16px;padding:0 4px;vertical-align:middle;display:inline;background-repeat:repeat;overflow:hidden;padding:0;cursor:pointer;box-sizing:content-box;\" onclick=\"heateorSssMoreSharingPopup(this, 'https:\/\/www.tvm.co.mz\/novosite\/2024\/11\/25\/tv-brics-apresenta-serie-de-programas-sobre-viagens-por-mocambique-para-paises-do-brics\/', 'TV%20BRICS%20apresenta%20s%C3%A9rie%20de%20programas%20sobre%20viagens%20por%20Mo%C3%A7ambique%20para%20pa%C3%ADses%20do%20BRICS%2B', '' )\"><svg xmlns=\"http:\/\/www.w3.org\/2000\/svg\" xmlns:xlink=\"http:\/\/www.w3.org\/1999\/xlink\" viewBox=\"-.3 0 32 32\" version=\"1.1\" width=\"100%\" height=\"100%\" style=\"display:block;border-radius:999px;\" xml:space=\"preserve\"><g><path fill=\"#fff\" d=\"M18 14V8h-4v6H8v4h6v6h4v-6h6v-4h-6z\" fill-rule=\"evenodd\"><\/path><\/g><\/svg><\/span><\/a><\/div><div class=\"heateorSssClear\"><\/div><\/div><div class='heateorSssClear'><\/div><br\/><p>NOT\u00cdCIAS Nacional Economia Pol\u00edtica Educa\u00e7\u00e3o Sa\u00fade Mundo Humberger Toggle Menu NACIONAL Nacional 29 de Julho, 2024 Explora\u00e7\u00e3o de grafite no Niassa: Empreendimento emprega 570 mo\u00e7ambicanos e 30 estrangeiros Nacional 23 de Julho, 2024 Serra da Gorongosa: Condi\u00e7\u00f5es agroecol\u00f3gicas favorecem a produ\u00e7\u00e3o de alimentos e de caf\u00e9 Nacional 11 de Julho, 2024 Vaga de frio na \u00c1frica Austral: INAM diz que a Cidade de Maputo n\u00e3o vai ser afectada Nacional 8 de Julho, 2024 Acidente de via\u00e7\u00e3o na Matola Gare: Houve despiste e capotamento, tendo ocorrido sete \u00f3bitos e 4 feridos Nacional 4 de Julho, 2024 Com\u00e9rcio informal na cidade de Maputo: Edilidade procura solu\u00e7\u00e3o definitiva para o problema Nacional 24 de Junho, 2024 Fuga ao Fisco: AT apreende duas mil caixas de cigarros Nacional 21 de Junho, 2024 Acesso \u00e0 informa\u00e7\u00e3o: Persistem barreiras em Mo\u00e7ambique Nacional 21 de Junho, 2024 Acesso \u00e0 informa\u00e7\u00e3o: Persistem barreiras em Mo\u00e7ambique Nacional 17 de Junho, 2024 Combate \u00e0 desertifica\u00e7\u00e3o e seca: PR pede envolvimento dos Estados na restaura\u00e7\u00e3o de \u00e1reas degradadas Nacional 17 de Junho, 2024 Combate \u00e0 desertifica\u00e7\u00e3o e seca: PR pede envolvimento dos Estados na restaura\u00e7\u00e3o de \u00e1reas degradadas Nacional 17 de Junho, 2024 Fomento de culturas de rendimento: Seis distritos de Manica v\u00e3o receber 260 mil mudas de cajueiros Nacional 17 de Junho, 2024 Fomento de culturas de rendimento: Seis distritos de Manica v\u00e3o receber 260 mil mudas de cajueiros 1 2 3 &#8230; 525 Artigos mais recentes Nacional Impacto do Fen\u00f3meno El Ni\u00f1o: Mais de 55 mil pessoas sob amea\u00e7a de fome em Inhambane 6 de Agosto, 2024 Nacional Explora\u00e7\u00e3o de grafite no Niassa: Empreendimento emprega 570 mo\u00e7ambicanos e 30 estrangeiros 29 de Julho, 2024 Nacional Serra da Gorongosa: Condi\u00e7\u00f5es agroecol\u00f3gicas favorecem a produ\u00e7\u00e3o de alimentos e de caf\u00e9 23 de Julho, 2024 Nacional Vaga de frio na \u00c1frica Austral: INAM diz que a Cidade de Maputo n\u00e3o vai ser afectada 11 de Julho, 2024 Nacional Acidente de via\u00e7\u00e3o na Matola Gare: Houve despiste e capotamento, tendo ocorrido sete \u00f3bitos e 4 feridos 8 de Julho, 2024<\/p>\n<br\/><div class='heateorSssClear'><\/div><div  class='heateor_sss_sharing_container heateor_sss_horizontal_sharing' data-heateor-sss-href='https:\/\/www.tvm.co.mz\/novosite\/2024\/11\/25\/tv-brics-apresenta-serie-de-programas-sobre-viagens-por-mocambique-para-paises-do-brics\/'><div class='heateor_sss_sharing_title' style=\"font-weight:bold\" >Partilhe<\/div><div class=\"heateor_sss_sharing_ul\"><a aria-label=\"Facebook\" class=\"heateor_sss_facebook\" href=\"https:\/\/www.facebook.com\/sharer\/sharer.php?u=https%3A%2F%2Fwww.tvm.co.mz%2Fnovosite%2F2024%2F11%2F25%2Ftv-brics-apresenta-serie-de-programas-sobre-viagens-por-mocambique-para-paises-do-brics%2F\" title=\"Facebook\" rel=\"nofollow noopener\" target=\"_blank\" style=\"font-size:32px!important;box-shadow:none;display:inline-block;vertical-align:middle\"><span class=\"heateor_sss_svg\" style=\"background-color:#0765FE;width:26px;height:26px;border-radius:999px;display:inline-block;opacity:1;float:left;font-size:32px;box-shadow:none;display:inline-block;font-size:16px;padding:0 4px;vertical-align:middle;background-repeat:repeat;overflow:hidden;padding:0;cursor:pointer;box-sizing:content-box\"><svg style=\"display:block;border-radius:999px;\" focusable=\"false\" aria-hidden=\"true\" xmlns=\"http:\/\/www.w3.org\/2000\/svg\" width=\"100%\" height=\"100%\" viewBox=\"0 0 32 32\"><path fill=\"#fff\" d=\"M28 16c0-6.627-5.373-12-12-12S4 9.373 4 16c0 5.628 3.875 10.35 9.101 11.647v-7.98h-2.474V16H13.1v-1.58c0-4.085 1.849-5.978 5.859-5.978.76 0 2.072.15 2.608.298v3.325c-.283-.03-.775-.045-1.386-.045-1.967 0-2.728.745-2.728 2.683V16h3.92l-.673 3.667h-3.247v8.245C23.395 27.195 28 22.135 28 16Z\"><\/path><\/svg><\/span><\/a><a aria-label=\"X\" class=\"heateor_sss_button_x\" href=\"https:\/\/twitter.com\/intent\/tweet?text=TV%20BRICS%20apresenta%20s%C3%A9rie%20de%20programas%20sobre%20viagens%20por%20Mo%C3%A7ambique%20para%20pa%C3%ADses%20do%20BRICS%2B&url=https%3A%2F%2Fwww.tvm.co.mz%2Fnovosite%2F2024%2F11%2F25%2Ftv-brics-apresenta-serie-de-programas-sobre-viagens-por-mocambique-para-paises-do-brics%2F\" title=\"X\" rel=\"nofollow noopener\" target=\"_blank\" style=\"font-size:32px!important;box-shadow:none;display:inline-block;vertical-align:middle\"><span class=\"heateor_sss_svg heateor_sss_s__default heateor_sss_s_x\" style=\"background-color:#2a2a2a;width:26px;height:26px;border-radius:999px;display:inline-block;opacity:1;float:left;font-size:32px;box-shadow:none;display:inline-block;font-size:16px;padding:0 4px;vertical-align:middle;background-repeat:repeat;overflow:hidden;padding:0;cursor:pointer;box-sizing:content-box\"><svg width=\"100%\" height=\"100%\" style=\"display:block;border-radius:999px;\" focusable=\"false\" aria-hidden=\"true\" xmlns=\"http:\/\/www.w3.org\/2000\/svg\" viewBox=\"0 0 32 32\"><path fill=\"#fff\" d=\"M21.751 7h3.067l-6.7 7.658L26 25.078h-6.172l-4.833-6.32-5.531 6.32h-3.07l7.167-8.19L6 7h6.328l4.37 5.777L21.75 7Zm-1.076 16.242h1.7L11.404 8.74H9.58l11.094 14.503Z\"><\/path><\/svg><\/span><\/a><a aria-label=\"Reddit\" class=\"heateor_sss_button_reddit\" href=\"https:\/\/reddit.com\/submit?url=https%3A%2F%2Fwww.tvm.co.mz%2Fnovosite%2F2024%2F11%2F25%2Ftv-brics-apresenta-serie-de-programas-sobre-viagens-por-mocambique-para-paises-do-brics%2F&title=TV%20BRICS%20apresenta%20s%C3%A9rie%20de%20programas%20sobre%20viagens%20por%20Mo%C3%A7ambique%20para%20pa%C3%ADses%20do%20BRICS%2B\" title=\"Reddit\" rel=\"nofollow noopener\" target=\"_blank\" style=\"font-size:32px!important;box-shadow:none;display:inline-block;vertical-align:middle\"><span class=\"heateor_sss_svg heateor_sss_s__default heateor_sss_s_reddit\" style=\"background-color:#ff5700;width:26px;height:26px;border-radius:999px;display:inline-block;opacity:1;float:left;font-size:32px;box-shadow:none;display:inline-block;font-size:16px;padding:0 4px;vertical-align:middle;background-repeat:repeat;overflow:hidden;padding:0;cursor:pointer;box-sizing:content-box\"><svg style=\"display:block;border-radius:999px;\" focusable=\"false\" aria-hidden=\"true\" xmlns=\"http:\/\/www.w3.org\/2000\/svg\" width=\"100%\" height=\"100%\" viewBox=\"-3.5 -3.5 39 39\"><path d=\"M28.543 15.774a2.953 2.953 0 0 0-2.951-2.949 2.882 2.882 0 0 0-1.9.713 14.075 14.075 0 0 0-6.85-2.044l1.38-4.349 3.768.884a2.452 2.452 0 1 0 .24-1.176l-4.274-1a.6.6 0 0 0-.709.4l-1.659 5.224a14.314 14.314 0 0 0-7.316 2.029 2.908 2.908 0 0 0-1.872-.681 2.942 2.942 0 0 0-1.618 5.4 5.109 5.109 0 0 0-.062.765c0 4.158 5.037 7.541 11.229 7.541s11.22-3.383 11.22-7.541a5.2 5.2 0 0 0-.053-.706 2.963 2.963 0 0 0 1.427-2.51zm-18.008 1.88a1.753 1.753 0 0 1 1.73-1.74 1.73 1.73 0 0 1 1.709 1.74 1.709 1.709 0 0 1-1.709 1.711 1.733 1.733 0 0 1-1.73-1.711zm9.565 4.968a5.573 5.573 0 0 1-4.081 1.272h-.032a5.576 5.576 0 0 1-4.087-1.272.6.6 0 0 1 .844-.854 4.5 4.5 0 0 0 3.238.927h.032a4.5 4.5 0 0 0 3.237-.927.6.6 0 1 1 .844.854zm-.331-3.256a1.726 1.726 0 1 1 1.709-1.712 1.717 1.717 0 0 1-1.712 1.712z\" fill=\"#fff\"\/><\/svg><\/span><\/a><a aria-label=\"Linkedin\" class=\"heateor_sss_button_linkedin\" href=\"https:\/\/www.linkedin.com\/sharing\/share-offsite\/?url=https%3A%2F%2Fwww.tvm.co.mz%2Fnovosite%2F2024%2F11%2F25%2Ftv-brics-apresenta-serie-de-programas-sobre-viagens-por-mocambique-para-paises-do-brics%2F\" title=\"Linkedin\" rel=\"nofollow noopener\" target=\"_blank\" style=\"font-size:32px!important;box-shadow:none;display:inline-block;vertical-align:middle\"><span class=\"heateor_sss_svg heateor_sss_s__default heateor_sss_s_linkedin\" style=\"background-color:#0077b5;width:26px;height:26px;border-radius:999px;display:inline-block;opacity:1;float:left;font-size:32px;box-shadow:none;display:inline-block;font-size:16px;padding:0 4px;vertical-align:middle;background-repeat:repeat;overflow:hidden;padding:0;cursor:pointer;box-sizing:content-box\"><svg style=\"display:block;border-radius:999px;\" focusable=\"false\" aria-hidden=\"true\" xmlns=\"http:\/\/www.w3.org\/2000\/svg\" width=\"100%\" height=\"100%\" viewBox=\"0 0 32 32\"><path d=\"M6.227 12.61h4.19v13.48h-4.19V12.61zm2.095-6.7a2.43 2.43 0 0 1 0 4.86c-1.344 0-2.428-1.09-2.428-2.43s1.084-2.43 2.428-2.43m4.72 6.7h4.02v1.84h.058c.56-1.058 1.927-2.176 3.965-2.176 4.238 0 5.02 2.792 5.02 6.42v7.395h-4.183v-6.56c0-1.564-.03-3.574-2.178-3.574-2.18 0-2.514 1.7-2.514 3.46v6.668h-4.187V12.61z\" fill=\"#fff\"><\/path><\/svg><\/span><\/a><a aria-label=\"Pinterest\" class=\"heateor_sss_button_pinterest\" href=\"https:\/\/www.tvm.co.mz\/novosite\/2024\/11\/25\/tv-brics-apresenta-serie-de-programas-sobre-viagens-por-mocambique-para-paises-do-brics\/\" onclick=\"event.preventDefault();javascript:void( (function() {var e=document.createElement('script' );e.setAttribute('type','text\/javascript' );e.setAttribute('charset','UTF-8' );e.setAttribute('src','\/\/assets.pinterest.com\/js\/pinmarklet.js?r='+Math.random()*99999999);document.body.appendChild(e)})());\" title=\"Pinterest\" rel=\"noopener\" style=\"font-size:32px!important;box-shadow:none;display:inline-block;vertical-align:middle\"><span class=\"heateor_sss_svg heateor_sss_s__default heateor_sss_s_pinterest\" style=\"background-color:#cc2329;width:26px;height:26px;border-radius:999px;display:inline-block;opacity:1;float:left;font-size:32px;box-shadow:none;display:inline-block;font-size:16px;padding:0 4px;vertical-align:middle;background-repeat:repeat;overflow:hidden;padding:0;cursor:pointer;box-sizing:content-box\"><svg style=\"display:block;border-radius:999px;\" focusable=\"false\" aria-hidden=\"true\" xmlns=\"http:\/\/www.w3.org\/2000\/svg\" width=\"100%\" height=\"100%\" viewBox=\"-2 -2 35 35\"><path fill=\"#fff\" d=\"M16.539 4.5c-6.277 0-9.442 4.5-9.442 8.253 0 2.272.86 4.293 2.705 5.046.303.125.574.005.662-.33.061-.231.205-.816.27-1.06.088-.331.053-.447-.191-.736-.532-.627-.873-1.439-.873-2.591 0-3.338 2.498-6.327 6.505-6.327 3.548 0 5.497 2.168 5.497 5.062 0 3.81-1.686 7.025-4.188 7.025-1.382 0-2.416-1.142-2.085-2.545.397-1.674 1.166-3.48 1.166-4.689 0-1.081-.581-1.983-1.782-1.983-1.413 0-2.548 1.462-2.548 3.419 0 1.247.421 2.091.421 2.091l-1.699 7.199c-.505 2.137-.076 4.755-.039 5.019.021.158.223.196.314.077.13-.17 1.813-2.247 2.384-4.324.162-.587.929-3.631.929-3.631.46.876 1.801 1.646 3.227 1.646 4.247 0 7.128-3.871 7.128-9.053.003-3.918-3.317-7.568-8.361-7.568z\"\/><\/svg><\/span><\/a><a aria-label=\"Mastodon\" class=\"heateor_sss_button_mastodon\" href=\"https:\/\/mastodon.social\/share?text=https%3A%2F%2Fwww.tvm.co.mz%2Fnovosite%2F2024%2F11%2F25%2Ftv-brics-apresenta-serie-de-programas-sobre-viagens-por-mocambique-para-paises-do-brics%2F&title=TV%20BRICS%20apresenta%20s%C3%A9rie%20de%20programas%20sobre%20viagens%20por%20Mo%C3%A7ambique%20para%20pa%C3%ADses%20do%20BRICS%2B\" title=\"Mastodon\" rel=\"nofollow noopener\" target=\"_blank\" style=\"font-size:32px!important;box-shadow:none;display:inline-block;vertical-align:middle\"><span class=\"heateor_sss_svg heateor_sss_s__default heateor_sss_s_mastodon\" style=\"background-color:#6364FF;width:26px;height:26px;border-radius:999px;display:inline-block;opacity:1;float:left;font-size:32px;box-shadow:none;display:inline-block;font-size:16px;padding:0 4px;vertical-align:middle;background-repeat:repeat;overflow:hidden;padding:0;cursor:pointer;box-sizing:content-box\"><svg style=\"display:block;border-radius:999px;\" focusable=\"false\" aria-hidden=\"true\" xmlns=\"http:\/\/www.w3.org\/2000\/svg\" width=\"100%\" height=\"100%\" viewBox=\"-3.5 -3.5 39 39\"><path d=\"M27 12c0-5.12-3.35-6.62-3.35-6.62C22 4.56 19.05 4.23 16 4.21c-3 0-5.92.35-7.61 1.12C8.36 5.33 5 6.83 5 12v4c.12 5 .92 9.93 5.54 11.16a17.67 17.67 0 005.44.6 10.88 10.88 0 004.18-.95l-.09-1.95a13.36 13.36 0 01-4.07.54c-2.12-.07-4.37-.23-4.71-2.84a5.58 5.58 0 01-.05-.73 27.46 27.46 0 004.73.63 26.76 26.76 0 004.68-.28c3-.35 5.53-2.17 5.85-3.83A39.25 39.25 0 0027 12zm-3.95 6.59h-2.46v-6c0-1.27-.53-1.91-1.6-1.91s-1.77.76-1.77 2.27v3.29h-2.44v-3.35c0-1.51-.59-2.27-1.77-2.27s-1.6.64-1.6 1.91v6H9v-6.18a4.49 4.49 0 011-3 3.39 3.39 0 012.63-1.12 3.17 3.17 0 012.84 1.44l.61 1 .61-1a3.17 3.17 0 012.84-1.44 3.39 3.39 0 012.63 1.12 4.49 4.49 0 011 3z\" fill=\"#fff\"><\/path><\/svg><\/span><\/a><a aria-label=\"Mix\" class=\"heateor_sss_button_mix\" href=\"https:\/\/mix.com\/mixit?url=https%3A%2F%2Fwww.tvm.co.mz%2Fnovosite%2F2024%2F11%2F25%2Ftv-brics-apresenta-serie-de-programas-sobre-viagens-por-mocambique-para-paises-do-brics%2F\" title=\"Mix\" rel=\"nofollow noopener\" target=\"_blank\" style=\"font-size:32px!important;box-shadow:none;display:inline-block;vertical-align:middle\"><span class=\"heateor_sss_svg heateor_sss_s__default heateor_sss_s_mix\" style=\"background-color:#ff8226;width:26px;height:26px;border-radius:999px;display:inline-block;opacity:1;float:left;font-size:32px;box-shadow:none;display:inline-block;font-size:16px;padding:0 4px;vertical-align:middle;background-repeat:repeat;overflow:hidden;padding:0;cursor:pointer;box-sizing:content-box\"><svg focusable=\"false\" aria-hidden=\"true\" xmlns=\"http:\/\/www.w3.org\/2000\/svg\" width=\"100%\" height=\"100%\" viewBox=\"-7 -8 45 45\"><g fill=\"#fff\"><path opacity=\".8\" d=\"M27.87 4.125c-5.224 0-9.467 4.159-9.467 9.291v2.89c0-1.306 1.074-2.362 2.399-2.362s2.399 1.056 2.399 2.362v1.204c0 1.306 1.074 2.362 2.399 2.362s2.399-1.056 2.399-2.362V4.134c-.036-.009-.082-.009-.129-.009\"\/><path d=\"M4 4.125v12.94c2.566 0 4.668-1.973 4.807-4.465v-2.214c0-.065 0-.12.009-.176.093-1.213 1.13-2.177 2.39-2.177 1.325 0 2.399 1.056 2.399 2.362v9.226c0 1.306 1.074 2.353 2.399 2.353s2.399-1.056 2.399-2.353v-6.206c0-5.132 4.233-9.291 9.467-9.291H4z\"\/><path opacity=\".8\" d=\"M4 17.074v8.438c0 1.306 1.074 2.362 2.399 2.362s2.399-1.056 2.399-2.362V12.61C8.659 15.102 6.566 17.074 4 17.074\"\/><\/g><\/svg><\/span><\/a><a aria-label=\"Whatsapp\" class=\"heateor_sss_whatsapp\" href=\"https:\/\/api.whatsapp.com\/send?text=TV%20BRICS%20apresenta%20s%C3%A9rie%20de%20programas%20sobre%20viagens%20por%20Mo%C3%A7ambique%20para%20pa%C3%ADses%20do%20BRICS%2B%20https%3A%2F%2Fwww.tvm.co.mz%2Fnovosite%2F2024%2F11%2F25%2Ftv-brics-apresenta-serie-de-programas-sobre-viagens-por-mocambique-para-paises-do-brics%2F\" title=\"Whatsapp\" rel=\"nofollow noopener\" target=\"_blank\" style=\"font-size:32px!important;box-shadow:none;display:inline-block;vertical-align:middle\"><span class=\"heateor_sss_svg\" style=\"background-color:#55eb4c;width:26px;height:26px;border-radius:999px;display:inline-block;opacity:1;float:left;font-size:32px;box-shadow:none;display:inline-block;font-size:16px;padding:0 4px;vertical-align:middle;background-repeat:repeat;overflow:hidden;padding:0;cursor:pointer;box-sizing:content-box\"><svg style=\"display:block;border-radius:999px;\" focusable=\"false\" aria-hidden=\"true\" xmlns=\"http:\/\/www.w3.org\/2000\/svg\" width=\"100%\" height=\"100%\" viewBox=\"-6 -5 40 40\"><path class=\"heateor_sss_svg_stroke heateor_sss_no_fill\" stroke=\"#fff\" stroke-width=\"2\" fill=\"none\" d=\"M 11.579798566743314 24.396926207859085 A 10 10 0 1 0 6.808479557110079 20.73576436351046\"><\/path><path d=\"M 7 19 l -1 6 l 6 -1\" class=\"heateor_sss_no_fill heateor_sss_svg_stroke\" stroke=\"#fff\" stroke-width=\"2\" fill=\"none\"><\/path><path d=\"M 10 10 q -1 8 8 11 c 5 -1 0 -6 -1 -3 q -4 -3 -5 -5 c 4 -2 -1 -5 -1 -4\" fill=\"#fff\"><\/path><\/svg><\/span><\/a><a class=\"heateor_sss_more\" aria-label=\"More\" title=\"More\" rel=\"nofollow noopener\" style=\"font-size: 32px!important;border:0;box-shadow:none;display:inline-block!important;font-size:16px;padding:0 4px;vertical-align: middle;display:inline;\" href=\"https:\/\/www.tvm.co.mz\/novosite\/2024\/11\/25\/tv-brics-apresenta-serie-de-programas-sobre-viagens-por-mocambique-para-paises-do-brics\/\" onclick=\"event.preventDefault()\"><span class=\"heateor_sss_svg\" style=\"background-color:#ee8e2d;width:26px;height:26px;border-radius:999px;display:inline-block!important;opacity:1;float:left;font-size:32px!important;box-shadow:none;display:inline-block;font-size:16px;padding:0 4px;vertical-align:middle;display:inline;background-repeat:repeat;overflow:hidden;padding:0;cursor:pointer;box-sizing:content-box;\" onclick=\"heateorSssMoreSharingPopup(this, 'https:\/\/www.tvm.co.mz\/novosite\/2024\/11\/25\/tv-brics-apresenta-serie-de-programas-sobre-viagens-por-mocambique-para-paises-do-brics\/', 'TV%20BRICS%20apresenta%20s%C3%A9rie%20de%20programas%20sobre%20viagens%20por%20Mo%C3%A7ambique%20para%20pa%C3%ADses%20do%20BRICS%2B', '' )\"><svg xmlns=\"http:\/\/www.w3.org\/2000\/svg\" xmlns:xlink=\"http:\/\/www.w3.org\/1999\/xlink\" viewBox=\"-.3 0 32 32\" version=\"1.1\" width=\"100%\" height=\"100%\" style=\"display:block;border-radius:999px;\" xml:space=\"preserve\"><g><path fill=\"#fff\" d=\"M18 14V8h-4v6H8v4h6v6h4v-6h6v-4h-6z\" fill-rule=\"evenodd\"><\/path><\/g><\/svg><\/span><\/a><\/div><div class=\"heateorSssClear\"><\/div><\/div><div class='heateorSssClear'><\/div>","protected":false},"author":1,"featured_media":0,"parent":0,"menu_order":0,"comment_status":"closed","ping_status":"closed","template":"","meta":{"site-sidebar-layout":"default","site-content-layout":"","ast-site-content-layout":"default","site-content-style":"default","site-sidebar-style":"default","ast-global-header-display":"","ast-banner-title-visibility":"","ast-main-header-display":"","ast-hfb-above-header-display":"","ast-hfb-below-header-display":"","ast-hfb-mobile-header-display":"","site-post-title":"","ast-breadcrumbs-content":"","ast-featured-img":"","footer-sml-layout":"","theme-transparent-header-meta":"","adv-header-id-meta":"","stick-header-meta":"","header-above-stick-meta":"","header-main-stick-meta":"","header-below-stick-meta":"","astra-migrate-meta-layouts":"default","ast-page-background-enabled":"default","ast-page-background-meta":{"desktop":{"background-color":"var(--ast-global-color-4)","background-image":"","background-repeat":"repeat","background-position":"center center","background-size":"auto","background-attachment":"scroll","background-type":"","background-media":"","overlay-type":"","overlay-color":"","overlay-opacity":"","overlay-gradient":""},"tablet":{"background-color":"","background-image":"","background-repeat":"repeat","background-position":"center center","background-size":"auto","background-attachment":"scroll","background-type":"","background-media":"","overlay-type":"","overlay-color":"","overlay-opacity":"","overlay-gradient":""},"mobile":{"background-color":"","background-image":"","background-repeat":"repeat","background-position":"center center","background-size":"auto","background-attachment":"scroll","background-type":"","background-media":"","overlay-type":"","overlay-color":"","overlay-opacity":"","overlay-gradient":""}},"ast-content-background-meta":{"desktop":{"background-color":"var(--ast-global-color-5)","background-image":"","background-repeat":"repeat","background-position":"center center","background-size":"auto","background-attachment":"scroll","background-type":"","background-media":"","overlay-type":"","overlay-color":"","overlay-opacity":"","overlay-gradient":""},"tablet":{"background-color":"var(--ast-global-color-5)","background-image":"","background-repeat":"repeat","background-position":"center center","background-size":"auto","background-attachment":"scroll","background-type":"","background-media":"","overlay-type":"","overlay-color":"","overlay-opacity":"","overlay-gradient":""},"mobile":{"background-color":"var(--ast-global-color-5)","background-image":"","background-repeat":"repeat","background-position":"center center","background-size":"auto","background-attachment":"scroll","background-type":"","background-media":"","overlay-type":"","overlay-color":"","overlay-opacity":"","overlay-gradient":""}},"footnotes":""},"class_list":["post-25171","page","type-page","status-publish","hentry"],"yoast_head":"<!-- This site is optimized with the Yoast SEO plugin v27.4 - https:\/\/yoast.com\/product\/yoast-seo-wordpress\/ -->\n<title>Nacional - TVM - Televis\u00e3o de Mo\u00e7ambique<\/title>\n<meta name=\"robots\" content=\"index, follow, max-snippet:-1, max-image-preview:large, max-video-preview:-1\" \/>\n<link rel=\"canonical\" href=\"https:\/\/www.tvm.co.mz\/novosite\/nacional\/\" \/>\n<meta property=\"og:locale\" content=\"pt_PT\" \/>\n<meta property=\"og:type\" content=\"article\" \/>\n<meta property=\"og:title\" content=\"Nacional - TVM - Televis\u00e3o de Mo\u00e7ambique\" \/>\n<meta property=\"og:description\" content=\"NOT\u00cdCIAS Nacional Economia Pol\u00edtica Educa\u00e7\u00e3o Sa\u00fade Mundo Humberger Toggle Menu NACIONAL Nacional 29 de Julho, 2024 Explora\u00e7\u00e3o de grafite no Niassa: Empreendimento emprega 570 mo\u00e7ambicanos e 30 estrangeiros Nacional 23 de Julho, 2024 Serra da Gorongosa: Condi\u00e7\u00f5es agroecol\u00f3gicas favorecem a produ\u00e7\u00e3o de alimentos e de caf\u00e9 Nacional 11 de Julho, 2024 Vaga de frio na \u00c1frica Austral: INAM diz que a Cidade de Maputo n\u00e3o vai ser afectada Nacional 8 de Julho, 2024 Acidente de via\u00e7\u00e3o na Matola Gare: Houve despiste e capotamento, tendo ocorrido sete \u00f3bitos e 4 feridos Nacional 4 de Julho, 2024 Com\u00e9rcio informal na cidade de Maputo: Edilidade procura solu\u00e7\u00e3o definitiva para o problema Nacional 24 de Junho, 2024 Fuga ao Fisco: AT apreende duas mil caixas de cigarros Nacional 21 de Junho, 2024 Acesso \u00e0 informa\u00e7\u00e3o: Persistem barreiras em Mo\u00e7ambique Nacional 21 de Junho, 2024 Acesso \u00e0 informa\u00e7\u00e3o: Persistem barreiras em Mo\u00e7ambique Nacional 17 de Junho, 2024 Combate \u00e0 desertifica\u00e7\u00e3o e seca: PR pede envolvimento dos Estados na restaura\u00e7\u00e3o de \u00e1reas degradadas Nacional 17 de Junho, 2024 Combate \u00e0 desertifica\u00e7\u00e3o e seca: PR pede envolvimento dos Estados na restaura\u00e7\u00e3o de \u00e1reas degradadas Nacional 17 de Junho, 2024 Fomento de culturas de rendimento: Seis distritos de Manica v\u00e3o receber 260 mil mudas de cajueiros Nacional 17 de Junho, 2024 Fomento de culturas de rendimento: Seis distritos de Manica v\u00e3o receber 260 mil mudas de cajueiros 1 2 3 &#8230; 525 Artigos mais recentes Nacional Impacto do Fen\u00f3meno El Ni\u00f1o: Mais de 55 mil pessoas sob amea\u00e7a de fome em Inhambane 6 de Agosto, 2024 Nacional Explora\u00e7\u00e3o de grafite no Niassa: Empreendimento emprega 570 mo\u00e7ambicanos e 30 estrangeiros 29 de Julho, 2024 Nacional Serra da Gorongosa: Condi\u00e7\u00f5es agroecol\u00f3gicas favorecem a produ\u00e7\u00e3o de alimentos e de caf\u00e9 23 de Julho, 2024 Nacional Vaga de frio na \u00c1frica Austral: INAM diz que a Cidade de Maputo n\u00e3o vai ser afectada 11 de Julho, 2024 Nacional Acidente de via\u00e7\u00e3o na Matola Gare: Houve despiste e capotamento, tendo ocorrido sete \u00f3bitos e 4 feridos 8 de Julho, 2024\" \/>\n<meta property=\"og:url\" content=\"https:\/\/www.tvm.co.mz\/novosite\/nacional\/\" \/>\n<meta property=\"og:site_name\" content=\"TVM - Televis\u00e3o de Mo\u00e7ambique\" \/>\n<meta property=\"article:publisher\" content=\"https:\/\/www.facebook.com\/mocambique.tvm\/\" \/>\n<meta property=\"article:modified_time\" content=\"2024-08-13T13:08:58+00:00\" \/>\n<meta property=\"og:image\" content=\"https:\/\/www.tvm.co.mz\/novosite\/wp-content\/uploads\/2024\/07\/hbgvfcdxszaqyeryolp.png\" \/>\n<meta name=\"twitter:card\" content=\"summary_large_image\" \/>\n<meta name=\"twitter:label1\" content=\"Tempo estimado de leitura\" \/>\n\t<meta name=\"twitter:data1\" content=\"6 minutos\" \/>\n<script type=\"application\/ld+json\" class=\"yoast-schema-graph\">{\"@context\":\"https:\\\/\\\/schema.org\",\"@graph\":[{\"@type\":\"WebPage\",\"@id\":\"https:\\\/\\\/www.tvm.co.mz\\\/novosite\\\/nacional\\\/\",\"url\":\"https:\\\/\\\/www.tvm.co.mz\\\/novosite\\\/nacional\\\/\",\"name\":\"Nacional - TVM - Televis\u00e3o de Mo\u00e7ambique\",\"isPartOf\":{\"@id\":\"https:\\\/\\\/www.tvm.co.mz\\\/novosite\\\/#website\"},\"primaryImageOfPage\":{\"@id\":\"https:\\\/\\\/www.tvm.co.mz\\\/novosite\\\/nacional\\\/#primaryimage\"},\"image\":{\"@id\":\"https:\\\/\\\/www.tvm.co.mz\\\/novosite\\\/nacional\\\/#primaryimage\"},\"thumbnailUrl\":\"https:\\\/\\\/www.tvm.co.mz\\\/novosite\\\/wp-content\\\/uploads\\\/2024\\\/07\\\/hbgvfcdxszaqyeryolp.png\",\"datePublished\":\"2023-11-29T13:58:10+00:00\",\"dateModified\":\"2024-08-13T13:08:58+00:00\",\"breadcrumb\":{\"@id\":\"https:\\\/\\\/www.tvm.co.mz\\\/novosite\\\/nacional\\\/#breadcrumb\"},\"inLanguage\":\"pt-PT\",\"potentialAction\":[{\"@type\":\"ReadAction\",\"target\":[\"https:\\\/\\\/www.tvm.co.mz\\\/novosite\\\/nacional\\\/\"]}]},{\"@type\":\"ImageObject\",\"inLanguage\":\"pt-PT\",\"@id\":\"https:\\\/\\\/www.tvm.co.mz\\\/novosite\\\/nacional\\\/#primaryimage\",\"url\":\"https:\\\/\\\/www.tvm.co.mz\\\/novosite\\\/wp-content\\\/uploads\\\/2024\\\/07\\\/hbgvfcdxszaqyeryolp.png\",\"contentUrl\":\"https:\\\/\\\/www.tvm.co.mz\\\/novosite\\\/wp-content\\\/uploads\\\/2024\\\/07\\\/hbgvfcdxszaqyeryolp.png\",\"width\":850,\"height\":405,\"caption\":\"hbgvfcdxszaqyeryolp.png\"},{\"@type\":\"BreadcrumbList\",\"@id\":\"https:\\\/\\\/www.tvm.co.mz\\\/novosite\\\/nacional\\\/#breadcrumb\",\"itemListElement\":[{\"@type\":\"ListItem\",\"position\":1,\"name\":\"In\u00edcio\",\"item\":\"https:\\\/\\\/www.tvm.co.mz\\\/novosite\\\/\"},{\"@type\":\"ListItem\",\"position\":2,\"name\":\"Nacional\"}]},{\"@type\":\"WebSite\",\"@id\":\"https:\\\/\\\/www.tvm.co.mz\\\/novosite\\\/#website\",\"url\":\"https:\\\/\\\/www.tvm.co.mz\\\/novosite\\\/\",\"name\":\"TVM\",\"description\":\"\",\"publisher\":{\"@id\":\"https:\\\/\\\/www.tvm.co.mz\\\/novosite\\\/#organization\"},\"potentialAction\":[{\"@type\":\"SearchAction\",\"target\":{\"@type\":\"EntryPoint\",\"urlTemplate\":\"https:\\\/\\\/www.tvm.co.mz\\\/novosite\\\/?s={search_term_string}\"},\"query-input\":{\"@type\":\"PropertyValueSpecification\",\"valueRequired\":true,\"valueName\":\"search_term_string\"}}],\"inLanguage\":\"pt-PT\"},{\"@type\":\"Organization\",\"@id\":\"https:\\\/\\\/www.tvm.co.mz\\\/novosite\\\/#organization\",\"name\":\"Televis\u00e3o de Mo\u00e7ambique\",\"url\":\"https:\\\/\\\/www.tvm.co.mz\\\/novosite\\\/\",\"logo\":{\"@type\":\"ImageObject\",\"inLanguage\":\"pt-PT\",\"@id\":\"https:\\\/\\\/www.tvm.co.mz\\\/novosite\\\/#\\\/schema\\\/logo\\\/image\\\/\",\"url\":\"\",\"contentUrl\":\"\",\"caption\":\"Televis\u00e3o de Mo\u00e7ambique\"},\"image\":{\"@id\":\"https:\\\/\\\/www.tvm.co.mz\\\/novosite\\\/#\\\/schema\\\/logo\\\/image\\\/\"},\"sameAs\":[\"https:\\\/\\\/www.facebook.com\\\/mocambique.tvm\\\/\",\"https:\\\/\\\/www.instagram.com\\\/tvm.mocambique\\\/\",\"https:\\\/\\\/www.youtube.com\\\/channel\\\/UCfRoEW08udEmsPSIt_YDK_w\"]}]}<\/script>\n<!-- \/ Yoast SEO plugin. -->","yoast_head_json":{"title":"Nacional - TVM - Televis\u00e3o de Mo\u00e7ambique","robots":{"index":"index","follow":"follow","max-snippet":"max-snippet:-1","max-image-preview":"max-image-preview:large","max-video-preview":"max-video-preview:-1"},"canonical":"https:\/\/www.tvm.co.mz\/novosite\/nacional\/","og_locale":"pt_PT","og_type":"article","og_title":"Nacional - TVM - Televis\u00e3o de Mo\u00e7ambique","og_description":"NOT\u00cdCIAS Nacional Economia Pol\u00edtica Educa\u00e7\u00e3o Sa\u00fade Mundo Humberger Toggle Menu NACIONAL Nacional 29 de Julho, 2024 Explora\u00e7\u00e3o de grafite no Niassa: Empreendimento emprega 570 mo\u00e7ambicanos e 30 estrangeiros Nacional 23 de Julho, 2024 Serra da Gorongosa: Condi\u00e7\u00f5es agroecol\u00f3gicas favorecem a produ\u00e7\u00e3o de alimentos e de caf\u00e9 Nacional 11 de Julho, 2024 Vaga de frio na \u00c1frica Austral: INAM diz que a Cidade de Maputo n\u00e3o vai ser afectada Nacional 8 de Julho, 2024 Acidente de via\u00e7\u00e3o na Matola Gare: Houve despiste e capotamento, tendo ocorrido sete \u00f3bitos e 4 feridos Nacional 4 de Julho, 2024 Com\u00e9rcio informal na cidade de Maputo: Edilidade procura solu\u00e7\u00e3o definitiva para o problema Nacional 24 de Junho, 2024 Fuga ao Fisco: AT apreende duas mil caixas de cigarros Nacional 21 de Junho, 2024 Acesso \u00e0 informa\u00e7\u00e3o: Persistem barreiras em Mo\u00e7ambique Nacional 21 de Junho, 2024 Acesso \u00e0 informa\u00e7\u00e3o: Persistem barreiras em Mo\u00e7ambique Nacional 17 de Junho, 2024 Combate \u00e0 desertifica\u00e7\u00e3o e seca: PR pede envolvimento dos Estados na restaura\u00e7\u00e3o de \u00e1reas degradadas Nacional 17 de Junho, 2024 Combate \u00e0 desertifica\u00e7\u00e3o e seca: PR pede envolvimento dos Estados na restaura\u00e7\u00e3o de \u00e1reas degradadas Nacional 17 de Junho, 2024 Fomento de culturas de rendimento: Seis distritos de Manica v\u00e3o receber 260 mil mudas de cajueiros Nacional 17 de Junho, 2024 Fomento de culturas de rendimento: Seis distritos de Manica v\u00e3o receber 260 mil mudas de cajueiros 1 2 3 &#8230; 525 Artigos mais recentes Nacional Impacto do Fen\u00f3meno El Ni\u00f1o: Mais de 55 mil pessoas sob amea\u00e7a de fome em Inhambane 6 de Agosto, 2024 Nacional Explora\u00e7\u00e3o de grafite no Niassa: Empreendimento emprega 570 mo\u00e7ambicanos e 30 estrangeiros 29 de Julho, 2024 Nacional Serra da Gorongosa: Condi\u00e7\u00f5es agroecol\u00f3gicas favorecem a produ\u00e7\u00e3o de alimentos e de caf\u00e9 23 de Julho, 2024 Nacional Vaga de frio na \u00c1frica Austral: INAM diz que a Cidade de Maputo n\u00e3o vai ser afectada 11 de Julho, 2024 Nacional Acidente de via\u00e7\u00e3o na Matola Gare: Houve despiste e capotamento, tendo ocorrido sete \u00f3bitos e 4 feridos 8 de Julho, 2024","og_url":"https:\/\/www.tvm.co.mz\/novosite\/nacional\/","og_site_name":"TVM - Televis\u00e3o de Mo\u00e7ambique","article_publisher":"https:\/\/www.facebook.com\/mocambique.tvm\/","article_modified_time":"2024-08-13T13:08:58+00:00","og_image":[{"url":"https:\/\/www.tvm.co.mz\/novosite\/wp-content\/uploads\/2024\/07\/hbgvfcdxszaqyeryolp.png","type":"","width":"","height":""}],"twitter_card":"summary_large_image","twitter_misc":{"Tempo estimado de leitura":"6 minutos"},"schema":{"@context":"https:\/\/schema.org","@graph":[{"@type":"WebPage","@id":"https:\/\/www.tvm.co.mz\/novosite\/nacional\/","url":"https:\/\/www.tvm.co.mz\/novosite\/nacional\/","name":"Nacional - TVM - Televis\u00e3o de Mo\u00e7ambique","isPartOf":{"@id":"https:\/\/www.tvm.co.mz\/novosite\/#website"},"primaryImageOfPage":{"@id":"https:\/\/www.tvm.co.mz\/novosite\/nacional\/#primaryimage"},"image":{"@id":"https:\/\/www.tvm.co.mz\/novosite\/nacional\/#primaryimage"},"thumbnailUrl":"https:\/\/www.tvm.co.mz\/novosite\/wp-content\/uploads\/2024\/07\/hbgvfcdxszaqyeryolp.png","datePublished":"2023-11-29T13:58:10+00:00","dateModified":"2024-08-13T13:08:58+00:00","breadcrumb":{"@id":"https:\/\/www.tvm.co.mz\/novosite\/nacional\/#breadcrumb"},"inLanguage":"pt-PT","potentialAction":[{"@type":"ReadAction","target":["https:\/\/www.tvm.co.mz\/novosite\/nacional\/"]}]},{"@type":"ImageObject","inLanguage":"pt-PT","@id":"https:\/\/www.tvm.co.mz\/novosite\/nacional\/#primaryimage","url":"https:\/\/www.tvm.co.mz\/novosite\/wp-content\/uploads\/2024\/07\/hbgvfcdxszaqyeryolp.png","contentUrl":"https:\/\/www.tvm.co.mz\/novosite\/wp-content\/uploads\/2024\/07\/hbgvfcdxszaqyeryolp.png","width":850,"height":405,"caption":"hbgvfcdxszaqyeryolp.png"},{"@type":"BreadcrumbList","@id":"https:\/\/www.tvm.co.mz\/novosite\/nacional\/#breadcrumb","itemListElement":[{"@type":"ListItem","position":1,"name":"In\u00edcio","item":"https:\/\/www.tvm.co.mz\/novosite\/"},{"@type":"ListItem","position":2,"name":"Nacional"}]},{"@type":"WebSite","@id":"https:\/\/www.tvm.co.mz\/novosite\/#website","url":"https:\/\/www.tvm.co.mz\/novosite\/","name":"TVM","description":"","publisher":{"@id":"https:\/\/www.tvm.co.mz\/novosite\/#organization"},"potentialAction":[{"@type":"SearchAction","target":{"@type":"EntryPoint","urlTemplate":"https:\/\/www.tvm.co.mz\/novosite\/?s={search_term_string}"},"query-input":{"@type":"PropertyValueSpecification","valueRequired":true,"valueName":"search_term_string"}}],"inLanguage":"pt-PT"},{"@type":"Organization","@id":"https:\/\/www.tvm.co.mz\/novosite\/#organization","name":"Televis\u00e3o de Mo\u00e7ambique","url":"https:\/\/www.tvm.co.mz\/novosite\/","logo":{"@type":"ImageObject","inLanguage":"pt-PT","@id":"https:\/\/www.tvm.co.mz\/novosite\/#\/schema\/logo\/image\/","url":"","contentUrl":"","caption":"Televis\u00e3o de Mo\u00e7ambique"},"image":{"@id":"https:\/\/www.tvm.co.mz\/novosite\/#\/schema\/logo\/image\/"},"sameAs":["https:\/\/www.facebook.com\/mocambique.tvm\/","https:\/\/www.instagram.com\/tvm.mocambique\/","https:\/\/www.youtube.com\/channel\/UCfRoEW08udEmsPSIt_YDK_w"]}]}},"_links":{"self":[{"href":"https:\/\/www.tvm.co.mz\/novosite\/wp-json\/wp\/v2\/pages\/25171","targetHints":{"allow":["GET"]}}],"collection":[{"href":"https:\/\/www.tvm.co.mz\/novosite\/wp-json\/wp\/v2\/pages"}],"about":[{"href":"https:\/\/www.tvm.co.mz\/novosite\/wp-json\/wp\/v2\/types\/page"}],"author":[{"embeddable":true,"href":"https:\/\/www.tvm.co.mz\/novosite\/wp-json\/wp\/v2\/users\/1"}],"replies":[{"embeddable":true,"href":"https:\/\/www.tvm.co.mz\/novosite\/wp-json\/wp\/v2\/comments?post=25171"}],"version-history":[{"count":5,"href":"https:\/\/www.tvm.co.mz\/novosite\/wp-json\/wp\/v2\/pages\/25171\/revisions"}],"predecessor-version":[{"id":26419,"href":"https:\/\/www.tvm.co.mz\/novosite\/wp-json\/wp\/v2\/pages\/25171\/revisions\/26419"}],"wp:attachment":[{"href":"https:\/\/www.tvm.co.mz\/novosite\/wp-json\/wp\/v2\/media?parent=25171"}],"curies":[{"name":"wp","href":"https:\/\/api.w.org\/{rel}","templated":true}]}}