{"id":24930,"date":"2023-11-29T06:59:56","date_gmt":"2023-11-29T06:59:56","guid":{"rendered":"https:\/\/www.tvm.co.mz\/novosite\/?page_id=24930"},"modified":"2024-08-13T15:14:36","modified_gmt":"2024-08-13T13:14:36","slug":"noticias","status":"publish","type":"page","link":"https:\/\/www.tvm.co.mz\/novosite\/noticias\/","title":{"rendered":"Not\u00edcias"},"content":{"rendered":"\t\t<div data-elementor-type=\"wp-page\" data-elementor-id=\"24930\" class=\"elementor elementor-24930\">\n\t\t\t\t\t\t<section class=\"elementor-section elementor-top-section elementor-element elementor-element-19ddcee elementor-section-boxed elementor-section-height-default elementor-section-height-default wpr-particle-no wpr-jarallax-no wpr-parallax-no wpr-sticky-section-no\" data-id=\"19ddcee\" data-element_type=\"section\" data-e-type=\"section\" data-settings=\"{&quot;background_background&quot;:&quot;classic&quot;}\">\n\t\t\t\t\t\t<div class=\"elementor-container elementor-column-gap-default\">\n\t\t\t\t\t<div class=\"elementor-column elementor-col-100 elementor-top-column elementor-element elementor-element-fd0db62\" data-id=\"fd0db62\" data-element_type=\"column\" data-e-type=\"column\">\n\t\t\t<div class=\"elementor-widget-wrap elementor-element-populated\">\n\t\t\t\t\t\t<div class=\"elementor-element elementor-element-40e8fe6 elementor-widget__width-auto elementor-widget elementor-widget-heading\" data-id=\"40e8fe6\" data-element_type=\"widget\" data-e-type=\"widget\" data-widget_type=\"heading.default\">\n\t\t\t\t<div class=\"elementor-widget-container\">\n\t\t\t\t\t<h2 class=\"elementor-heading-title elementor-size-default\">NOT\u00cdCIAS<\/h2>\t\t\t\t<\/div>\n\t\t\t\t<\/div>\n\t\t\t\t<div class=\"elementor-element elementor-element-c69b432 elementor-widget__width-auto eael_simple_menu_hamburger_disable_selected_menu_no eael-simple-menu-hamburger-align-right eael-hamburger--tablet elementor-widget elementor-widget-eael-simple-menu\" data-id=\"c69b432\" data-element_type=\"widget\" data-e-type=\"widget\" data-widget_type=\"eael-simple-menu.default\">\n\t\t\t\t<div class=\"elementor-widget-container\">\n\t\t\t\t\t<style>\n                        @media screen and (max-width: 1024px) {\n                            .eael-hamburger--tablet {\n                                .eael-simple-menu-horizontal,\n                                .eael-simple-menu-vertical {\n                                    display: none;\n                                }\n                            }\n                            .eael-hamburger--tablet {\n                                .eael-simple-menu-container .eael-simple-menu-toggle {\n                                    display: block;\n                                }\n                            }\n                        }\n                        .eael-simple-menu-container.eael-simple-menu--loading > ul {\n                            display: -webkit-box !important;\n                            display: -ms-flexbox !important;\n                            display: flex !important;\n                            list-style: none !important;\n                        }\n                        .eael-simple-menu-container.eael-simple-menu--loading li ul {\n                            visibility: hidden !important;\n                            opacity: 0 !important;\n                        }\n                    <\/style>            <div data-hamburger-icon=\"&lt;i aria-hidden=&quot;true&quot; class=&quot;fas fa-bars&quot;&gt;&lt;\/i&gt;\" data-indicator-icon=\"&lt;i aria-hidden=&quot;true&quot; class=&quot;fas fa-angle-down&quot;&gt;&lt;\/i&gt;\" data-dropdown-indicator-icon=\"&lt;i class=&quot;fas fa-angle-down&quot;&gt;&lt;\/i&gt;\" class=\"eael-simple-menu-container eael-simple-menu--loading eael-simple-menu-align-left eael-simple-menu-dropdown-align-left preset-1\" data-hamburger-breakpoints=\"{&quot;mobile&quot;:&quot;Mobile ao alto (&gt; 767px)&quot;,&quot;tablet&quot;:&quot;Tablet Portrait (&gt; 1024px)&quot;,&quot;desktop&quot;:&quot;Desktop (&gt; 2400px)&quot;,&quot;none&quot;:&quot;None&quot;}\" data-hamburger-device=\"tablet\">\n                <ul id=\"menu-noticias\" class=\"eael-simple-menu eael-simple-menu-dropdown-animate-to-top eael-simple-menu-indicator eael-simple-menu-horizontal\"><li id=\"menu-item-25215\" class=\"menu-item menu-item-type-post_type menu-item-object-page menu-item-25215\"><a href=\"https:\/\/www.tvm.co.mz\/novosite\/nacional\/\" class=\"menu-link\">Nacional<\/a><\/li>\n<li id=\"menu-item-25214\" class=\"menu-item menu-item-type-post_type menu-item-object-page menu-item-25214\"><a href=\"https:\/\/www.tvm.co.mz\/novosite\/economia\/\" class=\"menu-link\">Economia<\/a><\/li>\n<li id=\"menu-item-25213\" class=\"menu-item menu-item-type-post_type menu-item-object-page menu-item-25213\"><a href=\"https:\/\/www.tvm.co.mz\/novosite\/politica\/\" class=\"menu-link\">Pol\u00edtica<\/a><\/li>\n<li id=\"menu-item-25212\" class=\"menu-item menu-item-type-post_type menu-item-object-page menu-item-25212\"><a href=\"https:\/\/www.tvm.co.mz\/novosite\/educacao\/\" class=\"menu-link\">Educa\u00e7\u00e3o<\/a><\/li>\n<li id=\"menu-item-25211\" class=\"menu-item menu-item-type-post_type menu-item-object-page menu-item-25211\"><a href=\"https:\/\/www.tvm.co.mz\/novosite\/saude\/\" class=\"menu-link\">Sa\u00fade<\/a><\/li>\n<li id=\"menu-item-25210\" class=\"menu-item menu-item-type-post_type menu-item-object-page menu-item-25210\"><a href=\"https:\/\/www.tvm.co.mz\/novosite\/mundo\/\" class=\"menu-link\">Mundo<\/a><\/li>\n<\/ul>                <button class=\"eael-simple-menu-toggle\">\n                    <span class=\"sr-only \">Hamburger Toggle Menu<\/span>\n                    <i aria-hidden=\"true\" class=\"fas fa-bars\"><\/i>                <\/button>\n            <\/div>\n            \t\t\t\t<\/div>\n\t\t\t\t<\/div>\n\t\t\t\t\t<\/div>\n\t\t<\/div>\n\t\t\t\t\t<\/div>\n\t\t<\/section>\n\t\t\t\t<section class=\"elementor-section elementor-top-section elementor-element elementor-element-d6a8c4b elementor-section-boxed elementor-section-height-default elementor-section-height-default wpr-particle-no wpr-jarallax-no wpr-parallax-no wpr-sticky-section-no\" data-id=\"d6a8c4b\" data-element_type=\"section\" data-e-type=\"section\">\n\t\t\t\t\t\t<div class=\"elementor-container elementor-column-gap-default\">\n\t\t\t\t\t<div class=\"elementor-column elementor-col-66 elementor-top-column elementor-element elementor-element-11307b3\" data-id=\"11307b3\" data-element_type=\"column\" data-e-type=\"column\">\n\t\t\t<div class=\"elementor-widget-wrap elementor-element-populated\">\n\t\t\t\t\t\t<div class=\"elementor-element elementor-element-564b517 upk-navigation-type-none upk-carousel-style-carousel elementor-widget elementor-widget-upk-alex-carousel\" data-id=\"564b517\" data-element_type=\"widget\" data-e-type=\"widget\" data-widget_type=\"upk-alex-carousel.default\">\n\t\t\t\t<div class=\"elementor-widget-container\">\n\t\t\t\t\t\t\t<div id=\"upk-alex-carousel-564b517\" class=\"upk-alex-carousel\" data-settings=\"{&quot;loop&quot;:true,&quot;speed&quot;:500,&quot;slidesPerView&quot;:1,&quot;slidesPerGroup&quot;:1,&quot;effect&quot;:&quot;carousel&quot;,&quot;direction&quot;:&quot;horizontal&quot;,&quot;watchSlidesVisibility&quot;:true,&quot;watchSlidesProgress&quot;:true,&quot;breakpoints&quot;:{&quot;767&quot;:{&quot;slidesPerView&quot;:2,&quot;spaceBetween&quot;:0,&quot;slidesPerGroup&quot;:1},&quot;1023&quot;:{&quot;slidesPerView&quot;:1,&quot;spaceBetween&quot;:20,&quot;slidesPerGroup&quot;:1}},&quot;navigation&quot;:{&quot;nextEl&quot;:&quot;#upk-alex-carousel-564b517 .upk-navigation-next&quot;,&quot;prevEl&quot;:&quot;#upk-alex-carousel-564b517 .upk-navigation-prev&quot;},&quot;pagination&quot;:{&quot;el&quot;:&quot;#upk-alex-carousel-564b517 .swiper-pagination&quot;,&quot;type&quot;:&quot;&quot;,&quot;clickable&quot;:&quot;true&quot;,&quot;dynamicBullets&quot;:false},&quot;scrollbar&quot;:{&quot;el&quot;:&quot;#upk-alex-carousel-564b517 .swiper-scrollbar&quot;,&quot;hide&quot;:&quot;true&quot;},&quot;coverflowEffect&quot;:{&quot;rotate&quot;:50,&quot;stretch&quot;:0,&quot;depth&quot;:100,&quot;modifier&quot;:1,&quot;slideShadows&quot;:true}}\">\n\t\t\t<div class=\"upk-alex-wrap upk-content-right\">\n\t\t\t\t<div class=\"swiper-carousel swiper\">\n\t\t\t\t\t<div class=\"swiper-wrapper\">\n\t\t\t\t\t\t\t\t\t\t\t<div class=\"upk-item swiper-slide\">\n\t\t\t\t\t\t\t<div class=\"upk-image-wrap\">\n\t\t\t\t\t\t\t\t<img fetchpriority=\"high\" decoding=\"async\" width=\"850\" height=\"471\" src=\"https:\/\/www.tvm.co.mz\/novosite\/wp-content\/uploads\/2025\/01\/nhbgvfcdxszqutrep.png\" class=\"upk-img\" alt=\"Parque Industrial da Matola:H\u00e1 empresas que decretaram fal\u00eancia\" srcset=\"https:\/\/www.tvm.co.mz\/novosite\/wp-content\/uploads\/2025\/01\/nhbgvfcdxszqutrep.png 850w, https:\/\/www.tvm.co.mz\/novosite\/wp-content\/uploads\/2025\/01\/nhbgvfcdxszqutrep-300x166.png 300w, https:\/\/www.tvm.co.mz\/novosite\/wp-content\/uploads\/2025\/01\/nhbgvfcdxszqutrep-768x426.png 768w\" sizes=\"(max-width: 850px) 100vw, 850px\" \/>\n\t\t\t\t\t\t\t\t\t\t\t<div class=\"upk-meta\">\n\t\t\t\t\t\t\t\t<div>\n\t\t\t\t\t\n\t\t\t\t\t<div class=\"upk-flex upk-flex-middle upk-date-reading-wrap\">\n\t\t\t\t\t\t\t\t\t\t\t\t\t<div data-separator=\"|\">\n\t\t\t\t\t\t\t\t\t\t<div class=\"upk-date\">\n\t\t\t8 de Janeiro, 2025\t\t<\/div>\n\n\t\t\t\t\t\t\t\t\t\t<\/div>\n\t\t\t\t\t\t\n\t\t\t\t\t\t\t\t\t\t\t<\/div>\n\t\t\t\t<\/div>\n\t\t\t<\/div>\n\t\t\n\t\t\t\t\t\t\t\t\n\t\t\t\t\t\t\t\t<div class=\"upk-content-wrap\">\n\n\t\t\t\t\t\t\t\t\t<div class=\"upk-content\">\n\t\t\t\t\t\t\t\t\t\t\t\t<div class=\"upk-category\">\n\t\t\t<a href=\"https:\/\/www.tvm.co.mz\/novosite\/category\/site-de-noticias\/noticias-site-de-noticias\/\" \n\t\t\t\t\t\t\taria-label=\"Category Not\u00edcias\">Not\u00edcias<\/a>\t\t<\/div>\n\t\t\t\t\t\t\t\t\t\t\t<h3 class=\"upk-title\"><a href=\"https:\/\/www.tvm.co.mz\/novosite\/2025\/01\/08\/parque-industrial-da-matola-ha-empresas-que-decretaram-falencia\/\" title=\"Parque Industrial da Matola:H\u00e1 empresas que decretaram fal\u00eancia\" class=\"title-animation-\" aria-label=\"Parque Industrial da Matola:H\u00e1 empresas que decretaram fal\u00eancia\">Parque Industrial da Matola:H\u00e1 empresas que decretaram fal\u00eancia<\/a><\/h3>\t\t\t\t\t\t\t\t\t<\/div>\n\t\t\t\t\t\t\t\t\t\t\t<div class=\"upk-button-wrap\">\n\t\t\t<a \n\t\t\t\thref=\"https:\/\/www.tvm.co.mz\/novosite\/2025\/01\/08\/parque-industrial-da-matola-ha-empresas-que-decretaram-falencia\/\" \n\t\t\t\tclass=\"upk-readmore\"\n\t\t\t\taria-label=\"Read More Button\"\n\t\t\t>\n\t\t\t\t<span class=\"upk-readmore-icon\"><span><\/span><\/span>\n\t\t\t<\/a>\n\t\t<\/div>\n\t\t\n\n\t\t\t\t\t\t\t\t<\/div>\n\t\t\t\t\t\t\t<\/div>\n\t\t\t\t\t\t<\/div>\n\t\t\t\t\t\t<\/div>\n\t\t\t\t<\/div>\n\t\t\n\t\t\t\t\t\t\t\t\t\t\n\t\t<\/div>\n\t\t<\/div>\n\t\t\t\t\t\t<\/div>\n\t\t\t\t<\/div>\n\t\t\t\t<div class=\"elementor-element elementor-element-928f58a elementor-widget elementor-widget-upk-maple-grid\" data-id=\"928f58a\" data-element_type=\"widget\" data-e-type=\"widget\" data-widget_type=\"upk-maple-grid.default\">\n\t\t\t\t<div class=\"elementor-widget-container\">\n\t\t\t\t\t\t\t<div class=\"upk-maple-grid upk-ajax-grid\" data-loadmore=\"[]\">\n\t\t\t<div class=\"upk-post-grid upk-ajax-grid-wrap upk-style-4\">\n\n\t\t\t\t\n\t\t\t\t\t\t\t<div class=\"upk-item\">\n\t\t\t<div class=\"upk-item-box\">\n\t\t\t\t<div class=\"upk-image-wrap\">\n\t\t\t\t\t<div class=\"upk-main-image\">\n\t\t\t\t\t\t<img decoding=\"async\" width=\"850\" height=\"479\" src=\"https:\/\/www.tvm.co.mz\/novosite\/wp-content\/uploads\/2024\/12\/nhbgvfcdxszaqiy.png\" class=\"upk-img\" alt=\"Impacto dos tumultos p\u00f3s-eleitorais:Destru\u00eddos 40% da ind\u00fastria em todo o pa\u00eds\" srcset=\"https:\/\/www.tvm.co.mz\/novosite\/wp-content\/uploads\/2024\/12\/nhbgvfcdxszaqiy.png 850w, https:\/\/www.tvm.co.mz\/novosite\/wp-content\/uploads\/2024\/12\/nhbgvfcdxszaqiy-300x169.png 300w, https:\/\/www.tvm.co.mz\/novosite\/wp-content\/uploads\/2024\/12\/nhbgvfcdxszaqiy-768x433.png 768w\" sizes=\"(max-width: 850px) 100vw, 850px\" \/>\t\t\t\t\t<\/div>\n\n\t\t\t\t\t\t\t\t\t\t\t\t\t\t\t\t\t\t\t<div class=\"upk-category\">\n\t\t\t<a href=\"https:\/\/www.tvm.co.mz\/novosite\/category\/site-de-noticias\/noticias-site-de-noticias\/\" \n\t\t\t\t\t\t\taria-label=\"Category Not\u00edcias\">Not\u00edcias<\/a>\t\t<\/div>\n\t\t\t\t\t\t\n\t\t\t\t<\/div>\n\n\t\t\t\t<div class=\"upk-content\">\n\t\t\t\t\t<div class=\"upk-content-inner\">\n\n\t\t\t\t\t\t\t\t\t\t\t\t\t<div class=\"upk-meta\">\n\t\t\t\t\t\t\t\t\t\t\t\t\t\t\t\t\t\t\t\n\t\t\t\t\t\t\t\t\t\n\t\t\t\t\t\t\t\t\t\t\t\t\t\t\t\t\t<div class=\"upk-blog-date\" data-separator=\"-\">\n\t\t\t\t\t\t\t\t\t\t<div class=\"upk-blog-date\">\n\t\t\t\t\t\t\t\t\t\t\t<a class=\"date\" href=\"#\">\n\t\t\t\t\t\t\t\t\t\t\t\t<i class=\"upk-icon-calendar\" aria-hidden=\"true\"><\/i>8 de Janeiro, 2025\t\t\t\t\t\t\t\t\t\t\t<\/a>\n\t\t\t\t\t\t\t\t\t\t<\/div>\n\n\t\t\t\t\t\t\t\t\t\t\t\t\t\t\t\t\t\t\t<\/div>\n\t\t\t\t\t\t\t\t\n\t\t\t\t\t\t\t\t\n\t\t\t\t\t\t\t<\/div>\n\t\t\t\t\t\t\n\t\t\t\t\t\t<h3 class=\"upk-title\"><a href=\"https:\/\/www.tvm.co.mz\/novosite\/2025\/01\/08\/impacto-dos-tumultos-pos-eleitorais-destruidos-40-da-industria-em-todo-o-pais\/\" title=\"Impacto dos tumultos p\u00f3s-eleitorais:Destru\u00eddos 40% da ind\u00fastria em todo o pa\u00eds\" class=\"title-animation-underline\" aria-label=\"Impacto dos tumultos p\u00f3s-eleitorais:Destru\u00eddos 40% da ind\u00fastria em todo o pa\u00eds\">Impacto dos tumultos p\u00f3s-eleitorais:Destru\u00eddos 40% da ind\u00fastria em todo o pa\u00eds<\/a><\/h3>\n\t\t\t\t\t\t\t\t\t\t\t\t\t\t\t\t\t\t\t\t\t\t\t\t<\/div>\n\t\t\t\t<\/div>\n\n\t\t\t<\/div>\n\t\t<\/div>\n\n\n\t\n\t\t\t\t\n\t\t\t\t\t\t\t<div class=\"upk-item\">\n\t\t\t<div class=\"upk-item-box\">\n\t\t\t\t<div class=\"upk-image-wrap\">\n\t\t\t\t\t<div class=\"upk-main-image\">\n\t\t\t\t\t\t<img decoding=\"async\" width=\"850\" height=\"481\" src=\"https:\/\/www.tvm.co.mz\/novosite\/wp-content\/uploads\/2025\/01\/bgfvdcxqitdtw.png\" class=\"upk-img\" alt=\"Div\u00f3rcio\u201d \u00e0 Vista?:Diverg\u00eancias amea\u00e7am o acordo PODEMOS-Ven\u00e2ncio Mondlane\" srcset=\"https:\/\/www.tvm.co.mz\/novosite\/wp-content\/uploads\/2025\/01\/bgfvdcxqitdtw.png 850w, https:\/\/www.tvm.co.mz\/novosite\/wp-content\/uploads\/2025\/01\/bgfvdcxqitdtw-300x170.png 300w, https:\/\/www.tvm.co.mz\/novosite\/wp-content\/uploads\/2025\/01\/bgfvdcxqitdtw-768x435.png 768w\" sizes=\"(max-width: 850px) 100vw, 850px\" \/>\t\t\t\t\t<\/div>\n\n\t\t\t\t\t\t\t\t\t\t\t\t\t\t\t\t\t\t\t<div class=\"upk-category\">\n\t\t\t<a href=\"https:\/\/www.tvm.co.mz\/novosite\/category\/site-de-noticias\/noticias-site-de-noticias\/politica\/\" \n\t\t\t\t\t\t\taria-label=\"Category Pol\u00edtica\">Pol\u00edtica<\/a>\t\t<\/div>\n\t\t\t\t\t\t\n\t\t\t\t<\/div>\n\n\t\t\t\t<div class=\"upk-content\">\n\t\t\t\t\t<div class=\"upk-content-inner\">\n\n\t\t\t\t\t\t\t\t\t\t\t\t\t<div class=\"upk-meta\">\n\t\t\t\t\t\t\t\t\t\t\t\t\t\t\t\t\t\t\t\n\t\t\t\t\t\t\t\t\t\n\t\t\t\t\t\t\t\t\t\t\t\t\t\t\t\t\t<div class=\"upk-blog-date\" data-separator=\"-\">\n\t\t\t\t\t\t\t\t\t\t<div class=\"upk-blog-date\">\n\t\t\t\t\t\t\t\t\t\t\t<a class=\"date\" href=\"#\">\n\t\t\t\t\t\t\t\t\t\t\t\t<i class=\"upk-icon-calendar\" aria-hidden=\"true\"><\/i>8 de Janeiro, 2025\t\t\t\t\t\t\t\t\t\t\t<\/a>\n\t\t\t\t\t\t\t\t\t\t<\/div>\n\n\t\t\t\t\t\t\t\t\t\t\t\t\t\t\t\t\t\t\t<\/div>\n\t\t\t\t\t\t\t\t\n\t\t\t\t\t\t\t\t\n\t\t\t\t\t\t\t<\/div>\n\t\t\t\t\t\t\n\t\t\t\t\t\t<h3 class=\"upk-title\"><a href=\"https:\/\/www.tvm.co.mz\/novosite\/2025\/01\/08\/divorcio-a-vista-divergencias-ameacam-o-acordo-podemos-venancio-mondlane\/\" title=\"Div\u00f3rcio\u201d \u00e0 Vista?:Diverg\u00eancias amea\u00e7am o acordo PODEMOS-Ven\u00e2ncio Mondlane\" class=\"title-animation-underline\" aria-label=\"Div\u00f3rcio\u201d \u00e0 Vista?:Diverg\u00eancias amea\u00e7am o acordo PODEMOS-Ven\u00e2ncio Mondlane\">Div\u00f3rcio\u201d \u00e0 Vista?:Diverg\u00eancias amea\u00e7am o acordo PODEMOS-Ven\u00e2ncio Mondlane<\/a><\/h3>\n\t\t\t\t\t\t\t\t\t\t\t\t\t\t\t\t\t\t\t\t\t\t\t\t<\/div>\n\t\t\t\t<\/div>\n\n\t\t\t<\/div>\n\t\t<\/div>\n\n\n\t\n\t\t\t\t\t\t\t<\/div>\n\t\t<\/div>\n\n\t\t\n\t\t\t\t\t\t<\/div>\n\t\t\t\t<\/div>\n\t\t\t\t\t<\/div>\n\t\t<\/div>\n\t\t\t\t<div class=\"elementor-column elementor-col-33 elementor-top-column elementor-element elementor-element-82083db\" data-id=\"82083db\" data-element_type=\"column\" data-e-type=\"column\">\n\t\t\t<div class=\"elementor-widget-wrap elementor-element-populated\">\n\t\t\t\t\t\t<div class=\"elementor-element elementor-element-953010a elementor-widget elementor-widget-heading\" data-id=\"953010a\" data-element_type=\"widget\" data-e-type=\"widget\" data-widget_type=\"heading.default\">\n\t\t\t\t<div class=\"elementor-widget-container\">\n\t\t\t\t\t<h2 class=\"elementor-heading-title elementor-size-default\">Artigos mais recentes<\/h2>\t\t\t\t<\/div>\n\t\t\t\t<\/div>\n\t\t\t\t<div class=\"elementor-element elementor-element-07104bc elementor-widget elementor-widget-upk-scott-list\" data-id=\"07104bc\" data-element_type=\"widget\" data-e-type=\"widget\" data-widget_type=\"upk-scott-list.default\">\n\t\t\t\t<div class=\"elementor-widget-container\">\n\t\t\t\t\t\t\t<div class=\"upk-scott-list upk-ajax-grid\" data-loadmore=\"[]\">\n\t\t\t<div class=\"upk-scott-list upk-ajax-grid-wrap\">\n\t\t\t\t\n\t\t\t\t\t\t\t<div class=\"upk-item\">\n\t\t\t\t\t<a class=\"upk-image-wrap\" href=\"https:\/\/www.tvm.co.mz\/novosite\/2025\/01\/01\/esperanca-no-mundo-papa-francisco-apela-a-fraternidade-em-2025\/\">\n\t\t\t<img decoding=\"async\" src=\"https:\/\/www.tvm.co.mz\/novosite\/wp-content\/uploads\/2025\/01\/44131823-300x169.webp\" alt=\"Esperan\u00e7a no mundo: Papa Francisco apela \u00e0 fraternidade em 2025\">\n\t\t\t<span class=\"upk-img-overlay\"><\/span>\n\t\t<\/a>\n\t\t\t\t<div class=\"upk-content\">\n\t\t\t\t\t\t<div class=\"upk-category\">\n\t\t\t<a href=\"https:\/\/www.tvm.co.mz\/novosite\/category\/site-de-noticias\/noticias-site-de-noticias\/nacional-noticias-site-de-noticias\/\" \n\t\t\t\t\t\t\taria-label=\"Category Nacional\">Nacional<\/a>\t\t<\/div>\n\t\t\t\t\t<h3 class=\"upk-title\"><a href=\"https:\/\/www.tvm.co.mz\/novosite\/2025\/01\/01\/esperanca-no-mundo-papa-francisco-apela-a-fraternidade-em-2025\/\" title=\"Esperan\u00e7a no mundo: Papa Francisco apela \u00e0 fraternidade em 2025\" class=\"title-animation-underline\" aria-label=\"Esperan\u00e7a no mundo: Papa Francisco apela \u00e0 fraternidade em 2025\">Esperan\u00e7a no mundo: Papa Francisco apela \u00e0 fraternidade em 2025<\/a><\/h3>\t\t\t\t\t\t\t\t\t<div class=\"upk-meta upk-flex upk-flex-middle\">\n\t\t\t\t\t\t\n\t\t\t\t\t\t\t\t\t\t\t\t\t<div data-separator=\"\">\n\t\t\t\t\t\t\t\t\t<div class=\"upk-date\">\n\t\t\t1 de Janeiro, 2025\t\t<\/div>\n\n\t\t\t\t\t\t\t\t\t\t<\/div>\n\t\t\t\t\t\t\n\t\t\t\t\t\t\n\t\t\t\t\t\t\n\t\t\t\t\t<\/div>\n\t\t\t\t\t\t\t<\/div>\n\t\t<\/div>\n\t\t\t\t\t\t\n\t\t\t\t\n\t\t\t\t\t\t\t<div class=\"upk-item\">\n\t\t\t\t\t<a class=\"upk-image-wrap\" href=\"https:\/\/www.tvm.co.mz\/novosite\/2025\/01\/01\/transicao-de-ano-em-maputo-citadinos-lotaram-a-marginal-a-celebrarem-a-passagem-de-ano\/\">\n\t\t\t<img decoding=\"async\" src=\"https:\/\/www.tvm.co.mz\/novosite\/wp-content\/uploads\/2025\/01\/tjjtjtjjt-300x169.png\" alt=\"Transi\u00e7\u00e3o de ano em Maputo: Citadinos lotaram a marginal a celebrarem a passagem de ano\">\n\t\t\t<span class=\"upk-img-overlay\"><\/span>\n\t\t<\/a>\n\t\t\t\t<div class=\"upk-content\">\n\t\t\t\t\t\t<div class=\"upk-category\">\n\t\t\t<a href=\"https:\/\/www.tvm.co.mz\/novosite\/category\/site-de-noticias\/noticias-site-de-noticias\/nacional-noticias-site-de-noticias\/\" \n\t\t\t\t\t\t\taria-label=\"Category Nacional\">Nacional<\/a>\t\t<\/div>\n\t\t\t\t\t<h3 class=\"upk-title\"><a href=\"https:\/\/www.tvm.co.mz\/novosite\/2025\/01\/01\/transicao-de-ano-em-maputo-citadinos-lotaram-a-marginal-a-celebrarem-a-passagem-de-ano\/\" title=\"Transi\u00e7\u00e3o de ano em Maputo: Citadinos lotaram a marginal a celebrarem a passagem de ano\" class=\"title-animation-underline\" aria-label=\"Transi\u00e7\u00e3o de ano em Maputo: Citadinos lotaram a marginal a celebrarem a passagem de ano\">Transi\u00e7\u00e3o de ano em Maputo: Citadinos lotaram a marginal a celebrarem a passagem de ano<\/a><\/h3>\t\t\t\t\t\t\t\t\t<div class=\"upk-meta upk-flex upk-flex-middle\">\n\t\t\t\t\t\t\n\t\t\t\t\t\t\t\t\t\t\t\t\t<div data-separator=\"\">\n\t\t\t\t\t\t\t\t\t<div class=\"upk-date\">\n\t\t\t1 de Janeiro, 2025\t\t<\/div>\n\n\t\t\t\t\t\t\t\t\t\t<\/div>\n\t\t\t\t\t\t\n\t\t\t\t\t\t\n\t\t\t\t\t\t\n\t\t\t\t\t<\/div>\n\t\t\t\t\t\t\t<\/div>\n\t\t<\/div>\n\t\t\t\t\t\t\n\t\t\t\t\n\t\t\t\t\t\t\t<div class=\"upk-item\">\n\t\t\t\t\t<a class=\"upk-image-wrap\" href=\"https:\/\/www.tvm.co.mz\/novosite\/2024\/12\/27\/residentes-de-maputo-e-matola-organizam-se-para-travar-o-crime\/\">\n\t\t\t<img decoding=\"async\" src=\"https:\/\/www.tvm.co.mz\/novosite\/wp-content\/uploads\/2024\/12\/Screenshot_2024-12-27_at_10.17-300x210.jpeg\" alt=\"Residentes de Maputo e Matola organizam-se para travar o crime\">\n\t\t\t<span class=\"upk-img-overlay\"><\/span>\n\t\t<\/a>\n\t\t\t\t<div class=\"upk-content\">\n\t\t\t\t\t\t<div class=\"upk-category\">\n\t\t\t<a href=\"https:\/\/www.tvm.co.mz\/novosite\/category\/site-de-noticias\/noticias-site-de-noticias\/nacional-noticias-site-de-noticias\/\" \n\t\t\t\t\t\t\taria-label=\"Category Nacional\">Nacional<\/a>\t\t<\/div>\n\t\t\t\t\t<h3 class=\"upk-title\"><a href=\"https:\/\/www.tvm.co.mz\/novosite\/2024\/12\/27\/residentes-de-maputo-e-matola-organizam-se-para-travar-o-crime\/\" title=\"Residentes de Maputo e Matola organizam-se para travar o crime\" class=\"title-animation-underline\" aria-label=\"Residentes de Maputo e Matola organizam-se para travar o crime\">Residentes de Maputo e Matola organizam-se para travar o crime<\/a><\/h3>\t\t\t\t\t\t\t\t\t<div class=\"upk-meta upk-flex upk-flex-middle\">\n\t\t\t\t\t\t\n\t\t\t\t\t\t\t\t\t\t\t\t\t<div data-separator=\"\">\n\t\t\t\t\t\t\t\t\t<div class=\"upk-date\">\n\t\t\t27 de Dezembro, 2024\t\t<\/div>\n\n\t\t\t\t\t\t\t\t\t\t<\/div>\n\t\t\t\t\t\t\n\t\t\t\t\t\t\n\t\t\t\t\t\t\n\t\t\t\t\t<\/div>\n\t\t\t\t\t\t\t<\/div>\n\t\t<\/div>\n\t\t\t\t\t\t\n\t\t\t\t\n\t\t\t\t\t\t\t<div class=\"upk-item\">\n\t\t\t\t\t<a class=\"upk-image-wrap\" href=\"https:\/\/www.tvm.co.mz\/novosite\/2024\/12\/27\/capital-do-pais-retorna-gradualmente-a-normalidade\/\">\n\t\t\t<img decoding=\"async\" src=\"https:\/\/www.tvm.co.mz\/novosite\/wp-content\/uploads\/2024\/12\/Screenshot_2024-12-27_at_10.17.58-300x197.jpg\" alt=\"Capital do pa\u00eds retorna gradualmente \u00e0 normalidade\">\n\t\t\t<span class=\"upk-img-overlay\"><\/span>\n\t\t<\/a>\n\t\t\t\t<div class=\"upk-content\">\n\t\t\t\t\t\t<div class=\"upk-category\">\n\t\t\t<a href=\"https:\/\/www.tvm.co.mz\/novosite\/category\/site-de-noticias\/noticias-site-de-noticias\/nacional-noticias-site-de-noticias\/\" \n\t\t\t\t\t\t\taria-label=\"Category Nacional\">Nacional<\/a>\t\t<\/div>\n\t\t\t\t\t<h3 class=\"upk-title\"><a href=\"https:\/\/www.tvm.co.mz\/novosite\/2024\/12\/27\/capital-do-pais-retorna-gradualmente-a-normalidade\/\" title=\"Capital do pa\u00eds retorna gradualmente \u00e0 normalidade\" class=\"title-animation-underline\" aria-label=\"Capital do pa\u00eds retorna gradualmente \u00e0 normalidade\">Capital do pa\u00eds retorna gradualmente \u00e0 normalidade<\/a><\/h3>\t\t\t\t\t\t\t\t\t<div class=\"upk-meta upk-flex upk-flex-middle\">\n\t\t\t\t\t\t\n\t\t\t\t\t\t\t\t\t\t\t\t\t<div data-separator=\"\">\n\t\t\t\t\t\t\t\t\t<div class=\"upk-date\">\n\t\t\t27 de Dezembro, 2024\t\t<\/div>\n\n\t\t\t\t\t\t\t\t\t\t<\/div>\n\t\t\t\t\t\t\n\t\t\t\t\t\t\n\t\t\t\t\t\t\n\t\t\t\t\t<\/div>\n\t\t\t\t\t\t\t<\/div>\n\t\t<\/div>\n\t\t\t\t\t\t\n\t\t\t\t\n\t\t\t\t\t\t\t<div class=\"upk-item\">\n\t\t\t\t\t<a class=\"upk-image-wrap\" href=\"https:\/\/www.tvm.co.mz\/novosite\/2024\/11\/25\/tv-brics-apresenta-serie-de-programas-sobre-viagens-por-mocambique-para-paises-do-brics\/\">\n\t\t\t<img decoding=\"async\" src=\"https:\/\/www.tvm.co.mz\/novosite\/wp-content\/uploads\/2024\/11\/encangoresagt-300x169.jpg\" alt=\"TV BRICS apresenta s\u00e9rie de programas sobre viagens por Mo\u00e7ambique para pa\u00edses do BRICS+\">\n\t\t\t<span class=\"upk-img-overlay\"><\/span>\n\t\t<\/a>\n\t\t\t\t<div class=\"upk-content\">\n\t\t\t\t\t\t<div class=\"upk-category\">\n\t\t\t<a href=\"https:\/\/www.tvm.co.mz\/novosite\/category\/site-de-noticias\/noticias-site-de-noticias\/nacional-noticias-site-de-noticias\/\" \n\t\t\t\t\t\t\taria-label=\"Category Nacional\">Nacional<\/a>\t\t<\/div>\n\t\t\t\t\t<h3 class=\"upk-title\"><a href=\"https:\/\/www.tvm.co.mz\/novosite\/2024\/11\/25\/tv-brics-apresenta-serie-de-programas-sobre-viagens-por-mocambique-para-paises-do-brics\/\" title=\"TV BRICS apresenta s\u00e9rie de programas sobre viagens por Mo\u00e7ambique para pa\u00edses do BRICS+\" class=\"title-animation-underline\" aria-label=\"TV BRICS apresenta s\u00e9rie de programas sobre viagens por Mo\u00e7ambique para pa\u00edses do BRICS+\">TV BRICS apresenta s\u00e9rie de programas sobre viagens por Mo\u00e7ambique para pa\u00edses do BRICS+<\/a><\/h3>\t\t\t\t\t\t\t\t\t<div class=\"upk-meta upk-flex upk-flex-middle\">\n\t\t\t\t\t\t\n\t\t\t\t\t\t\t\t\t\t\t\t\t<div data-separator=\"\">\n\t\t\t\t\t\t\t\t\t<div class=\"upk-date\">\n\t\t\t25 de Novembro, 2024\t\t<\/div>\n\n\t\t\t\t\t\t\t\t\t\t<\/div>\n\t\t\t\t\t\t\n\t\t\t\t\t\t\n\t\t\t\t\t\t\n\t\t\t\t\t<\/div>\n\t\t\t\t\t\t\t<\/div>\n\t\t<\/div>\n\t\t\t\t\t\t\n\t\t\t\t\t\t\t<\/div>\n\t\t<\/div>\n\n\t\t\n\t\t\t\t\t\t<\/div>\n\t\t\t\t<\/div>\n\t\t\t\t\t<\/div>\n\t\t<\/div>\n\t\t\t\t\t<\/div>\n\t\t<\/section>\n\t\t\t\t<section class=\"elementor-section elementor-top-section elementor-element elementor-element-3b5b603 elementor-section-boxed elementor-section-height-default elementor-section-height-default wpr-particle-no wpr-jarallax-no wpr-parallax-no wpr-sticky-section-no\" data-id=\"3b5b603\" data-element_type=\"section\" data-e-type=\"section\">\n\t\t\t\t\t\t<div class=\"elementor-container elementor-column-gap-default\">\n\t\t\t\t\t<div class=\"elementor-column elementor-col-100 elementor-top-column elementor-element elementor-element-996d3f1\" data-id=\"996d3f1\" data-element_type=\"column\" data-e-type=\"column\">\n\t\t\t<div class=\"elementor-widget-wrap elementor-element-populated\">\n\t\t\t\t\t\t<section class=\"elementor-section elementor-inner-section elementor-element elementor-element-fba258b elementor-section-boxed elementor-section-height-default elementor-section-height-default wpr-particle-no wpr-jarallax-no wpr-parallax-no wpr-sticky-section-no\" data-id=\"fba258b\" data-element_type=\"section\" data-e-type=\"section\">\n\t\t\t\t\t\t<div class=\"elementor-container elementor-column-gap-default\">\n\t\t\t\t\t<div class=\"elementor-column elementor-col-100 elementor-inner-column elementor-element elementor-element-31f050a\" data-id=\"31f050a\" data-element_type=\"column\" data-e-type=\"column\" data-settings=\"{&quot;background_background&quot;:&quot;classic&quot;}\">\n\t\t\t<div class=\"elementor-widget-wrap elementor-element-populated\">\n\t\t\t\t\t\t<div class=\"elementor-element elementor-element-24da3bd elementor-widget elementor-widget-image\" data-id=\"24da3bd\" data-element_type=\"widget\" data-e-type=\"widget\" data-widget_type=\"image.default\">\n\t\t\t\t<div class=\"elementor-widget-container\">\n\t\t\t\t\t\t\t\t\t\t\t\t\t\t\t\t<a href=\"#\">\n\t\t\t\t\t\t\t<img loading=\"lazy\" decoding=\"async\" width=\"728\" height=\"90\" src=\"https:\/\/www.tvm.co.mz\/novosite\/wp-content\/uploads\/2023\/08\/ad-topo-millenium-bim.jpg\" class=\"attachment-large size-large wp-image-22567\" alt=\"\" srcset=\"https:\/\/www.tvm.co.mz\/novosite\/wp-content\/uploads\/2023\/08\/ad-topo-millenium-bim.jpg 728w, https:\/\/www.tvm.co.mz\/novosite\/wp-content\/uploads\/2023\/08\/ad-topo-millenium-bim-300x37.jpg 300w\" sizes=\"(max-width: 728px) 100vw, 728px\" \/>\t\t\t\t\t\t\t\t<\/a>\n\t\t\t\t\t\t\t\t\t\t\t\t\t\t\t<\/div>\n\t\t\t\t<\/div>\n\t\t\t\t\t<\/div>\n\t\t<\/div>\n\t\t\t\t\t<\/div>\n\t\t<\/section>\n\t\t\t\t\t<\/div>\n\t\t<\/div>\n\t\t\t\t\t<\/div>\n\t\t<\/section>\n\t\t\t\t<section class=\"elementor-section elementor-top-section elementor-element elementor-element-29a68d2 elementor-section-boxed elementor-section-height-default elementor-section-height-default wpr-particle-no wpr-jarallax-no wpr-parallax-no wpr-sticky-section-no\" data-id=\"29a68d2\" data-element_type=\"section\" data-e-type=\"section\">\n\t\t\t\t\t\t<div class=\"elementor-container elementor-column-gap-default\">\n\t\t\t\t\t<div class=\"elementor-column elementor-col-66 elementor-top-column elementor-element elementor-element-6741fd5\" data-id=\"6741fd5\" data-element_type=\"column\" data-e-type=\"column\">\n\t\t\t<div class=\"elementor-widget-wrap elementor-element-populated\">\n\t\t\t\t\t\t<div class=\"elementor-element elementor-element-176582d elementor-widget elementor-widget-heading\" data-id=\"176582d\" data-element_type=\"widget\" data-e-type=\"widget\" data-widget_type=\"heading.default\">\n\t\t\t\t<div class=\"elementor-widget-container\">\n\t\t\t\t\t<h2 class=\"elementor-heading-title elementor-size-default\">Nacional<\/h2>\t\t\t\t<\/div>\n\t\t\t\t<\/div>\n\t\t\t\t<div class=\"elementor-element elementor-element-d5329ef upk-maple-content--left elementor-widget elementor-widget-upk-maple-grid\" data-id=\"d5329ef\" data-element_type=\"widget\" data-e-type=\"widget\" data-widget_type=\"upk-maple-grid.default\">\n\t\t\t\t<div class=\"elementor-widget-container\">\n\t\t\t\t\t\t\t<div class=\"upk-maple-grid upk-ajax-grid\" data-loadmore=\"[]\">\n\t\t\t<div class=\"upk-post-grid upk-ajax-grid-wrap upk-style-3\">\n\n\t\t\t\t\n\t\t\t\t\t\t\t<div class=\"upk-item\">\n\t\t\t<div class=\"upk-item-box\">\n\t\t\t\t<div class=\"upk-image-wrap\">\n\t\t\t\t\t<div class=\"upk-main-image\">\n\t\t\t\t\t\t<img loading=\"lazy\" decoding=\"async\" width=\"150\" height=\"150\" src=\"https:\/\/www.tvm.co.mz\/novosite\/wp-content\/uploads\/2024\/12\/Screenshot_2024-12-27_at_10.17-150x150.jpeg\" class=\"upk-img\" alt=\"Residentes de Maputo e Matola organizam-se para travar o crime\" \/>\t\t\t\t\t<\/div>\n\n\t\t\t\t\t\n\t\t\t\t<\/div>\n\n\t\t\t\t<div class=\"upk-content\">\n\t\t\t\t\t<div class=\"upk-content-inner\">\n\n\t\t\t\t\t\t\t\t\t\t\t\t\t<div class=\"upk-meta\">\n\t\t\t\t\t\t\t\t\n\t\t\t\t\t\t\t\t\t\t\t\t\t\t\t\t\t<div class=\"upk-blog-date\" data-separator=\"-\">\n\t\t\t\t\t\t\t\t\t\t<div class=\"upk-blog-date\">\n\t\t\t\t\t\t\t\t\t\t\t<a class=\"date\" href=\"#\">\n\t\t\t\t\t\t\t\t\t\t\t\t<i class=\"upk-icon-calendar\" aria-hidden=\"true\"><\/i>27 de Dezembro, 2024\t\t\t\t\t\t\t\t\t\t\t<\/a>\n\t\t\t\t\t\t\t\t\t\t<\/div>\n\n\t\t\t\t\t\t\t\t\t\t\t\t\t\t\t\t\t\t\t<\/div>\n\t\t\t\t\t\t\t\t\n\t\t\t\t\t\t\t\t\n\t\t\t\t\t\t\t<\/div>\n\t\t\t\t\t\t\n\t\t\t\t\t\t<h3 class=\"upk-title\"><a href=\"https:\/\/www.tvm.co.mz\/novosite\/2024\/12\/27\/residentes-de-maputo-e-matola-organizam-se-para-travar-o-crime\/\" title=\"Residentes de Maputo e Matola organizam-se para travar o crime\" class=\"title-animation-underline\" aria-label=\"Residentes de Maputo e Matola organizam-se para travar o crime\">Residentes de Maputo e Matola organizam-se para travar o crime<\/a><\/h3>\n\t\t\t\t\t\t\t\t\t\t\t<\/div>\n\t\t\t\t<\/div>\n\n\t\t\t<\/div>\n\t\t<\/div>\n\n\n\t\n\t\t\t\t\n\t\t\t\t\t\t\t<div class=\"upk-item\">\n\t\t\t<div class=\"upk-item-box\">\n\t\t\t\t<div class=\"upk-image-wrap\">\n\t\t\t\t\t<div class=\"upk-main-image\">\n\t\t\t\t\t\t<img loading=\"lazy\" decoding=\"async\" width=\"150\" height=\"150\" src=\"https:\/\/www.tvm.co.mz\/novosite\/wp-content\/uploads\/2024\/11\/encangoresagt-150x150.jpg\" class=\"upk-img\" alt=\"TV BRICS apresenta s\u00e9rie de programas sobre viagens por Mo\u00e7ambique para pa\u00edses do BRICS+\" \/>\t\t\t\t\t<\/div>\n\n\t\t\t\t\t\n\t\t\t\t<\/div>\n\n\t\t\t\t<div class=\"upk-content\">\n\t\t\t\t\t<div class=\"upk-content-inner\">\n\n\t\t\t\t\t\t\t\t\t\t\t\t\t<div class=\"upk-meta\">\n\t\t\t\t\t\t\t\t\n\t\t\t\t\t\t\t\t\t\t\t\t\t\t\t\t\t<div class=\"upk-blog-date\" data-separator=\"-\">\n\t\t\t\t\t\t\t\t\t\t<div class=\"upk-blog-date\">\n\t\t\t\t\t\t\t\t\t\t\t<a class=\"date\" href=\"#\">\n\t\t\t\t\t\t\t\t\t\t\t\t<i class=\"upk-icon-calendar\" aria-hidden=\"true\"><\/i>25 de Novembro, 2024\t\t\t\t\t\t\t\t\t\t\t<\/a>\n\t\t\t\t\t\t\t\t\t\t<\/div>\n\n\t\t\t\t\t\t\t\t\t\t\t\t\t\t\t\t\t\t\t<\/div>\n\t\t\t\t\t\t\t\t\n\t\t\t\t\t\t\t\t\n\t\t\t\t\t\t\t<\/div>\n\t\t\t\t\t\t\n\t\t\t\t\t\t<h3 class=\"upk-title\"><a href=\"https:\/\/www.tvm.co.mz\/novosite\/2024\/11\/25\/tv-brics-apresenta-serie-de-programas-sobre-viagens-por-mocambique-para-paises-do-brics\/\" title=\"TV BRICS apresenta s\u00e9rie de programas sobre viagens por Mo\u00e7ambique para pa\u00edses do BRICS+\" class=\"title-animation-underline\" aria-label=\"TV BRICS apresenta s\u00e9rie de programas sobre viagens por Mo\u00e7ambique para pa\u00edses do BRICS+\">TV BRICS apresenta s\u00e9rie de programas sobre viagens por Mo\u00e7ambique para pa\u00edses do BRICS+<\/a><\/h3>\n\t\t\t\t\t\t\t\t\t\t\t<\/div>\n\t\t\t\t<\/div>\n\n\t\t\t<\/div>\n\t\t<\/div>\n\n\n\t\n\t\t\t\t\n\t\t\t\t\t\t\t<div class=\"upk-item\">\n\t\t\t<div class=\"upk-item-box\">\n\t\t\t\t<div class=\"upk-image-wrap\">\n\t\t\t\t\t<div class=\"upk-main-image\">\n\t\t\t\t\t\t<img loading=\"lazy\" decoding=\"async\" width=\"150\" height=\"150\" src=\"https:\/\/www.tvm.co.mz\/novosite\/wp-content\/uploads\/2024\/11\/hbgvfcdxszaqouetyop-150x150.png\" class=\"upk-img\" alt=\"Minera\u00e7\u00e3o Artesanal:\u00c0 semelhan\u00e7a do com\u00e9rcio informal \u00e9 tida como das piores actividades em Manica\" \/>\t\t\t\t\t<\/div>\n\n\t\t\t\t\t\n\t\t\t\t<\/div>\n\n\t\t\t\t<div class=\"upk-content\">\n\t\t\t\t\t<div class=\"upk-content-inner\">\n\n\t\t\t\t\t\t\t\t\t\t\t\t\t<div class=\"upk-meta\">\n\t\t\t\t\t\t\t\t\n\t\t\t\t\t\t\t\t\t\t\t\t\t\t\t\t\t<div class=\"upk-blog-date\" data-separator=\"-\">\n\t\t\t\t\t\t\t\t\t\t<div class=\"upk-blog-date\">\n\t\t\t\t\t\t\t\t\t\t\t<a class=\"date\" href=\"#\">\n\t\t\t\t\t\t\t\t\t\t\t\t<i class=\"upk-icon-calendar\" aria-hidden=\"true\"><\/i>24 de Novembro, 2024\t\t\t\t\t\t\t\t\t\t\t<\/a>\n\t\t\t\t\t\t\t\t\t\t<\/div>\n\n\t\t\t\t\t\t\t\t\t\t\t\t\t\t\t\t\t\t\t<\/div>\n\t\t\t\t\t\t\t\t\n\t\t\t\t\t\t\t\t\n\t\t\t\t\t\t\t<\/div>\n\t\t\t\t\t\t\n\t\t\t\t\t\t<h3 class=\"upk-title\"><a href=\"https:\/\/www.tvm.co.mz\/novosite\/2024\/11\/24\/mineracao-artesanal-a-semelhanca-do-comercio-informal-e-tida-como-das-piores-actividades-em-manica-2\/\" title=\"Minera\u00e7\u00e3o Artesanal:\u00c0 semelhan\u00e7a do com\u00e9rcio informal \u00e9 tida como das piores actividades em Manica\" class=\"title-animation-underline\" aria-label=\"Minera\u00e7\u00e3o Artesanal:\u00c0 semelhan\u00e7a do com\u00e9rcio informal \u00e9 tida como das piores actividades em Manica\">Minera\u00e7\u00e3o Artesanal:\u00c0 semelhan\u00e7a do com\u00e9rcio informal \u00e9 tida como das piores actividades em Manica<\/a><\/h3>\n\t\t\t\t\t\t\t\t\t\t\t<\/div>\n\t\t\t\t<\/div>\n\n\t\t\t<\/div>\n\t\t<\/div>\n\n\n\t\n\t\t\t\t\n\t\t\t\t\t\t\t<div class=\"upk-item\">\n\t\t\t<div class=\"upk-item-box\">\n\t\t\t\t<div class=\"upk-image-wrap\">\n\t\t\t\t\t<div class=\"upk-main-image\">\n\t\t\t\t\t\t<img loading=\"lazy\" decoding=\"async\" width=\"150\" height=\"150\" src=\"https:\/\/www.tvm.co.mz\/novosite\/wp-content\/uploads\/2024\/11\/hbgvfcdxszaqouetyop-150x150.png\" class=\"upk-img\" alt=\"Minera\u00e7\u00e3o Artesanal:\u00c0 semelhan\u00e7a do com\u00e9rcio informal \u00e9 tida como das piores actividades em Manica\" \/>\t\t\t\t\t<\/div>\n\n\t\t\t\t\t\n\t\t\t\t<\/div>\n\n\t\t\t\t<div class=\"upk-content\">\n\t\t\t\t\t<div class=\"upk-content-inner\">\n\n\t\t\t\t\t\t\t\t\t\t\t\t\t<div class=\"upk-meta\">\n\t\t\t\t\t\t\t\t\n\t\t\t\t\t\t\t\t\t\t\t\t\t\t\t\t\t<div class=\"upk-blog-date\" data-separator=\"-\">\n\t\t\t\t\t\t\t\t\t\t<div class=\"upk-blog-date\">\n\t\t\t\t\t\t\t\t\t\t\t<a class=\"date\" href=\"#\">\n\t\t\t\t\t\t\t\t\t\t\t\t<i class=\"upk-icon-calendar\" aria-hidden=\"true\"><\/i>24 de Novembro, 2024\t\t\t\t\t\t\t\t\t\t\t<\/a>\n\t\t\t\t\t\t\t\t\t\t<\/div>\n\n\t\t\t\t\t\t\t\t\t\t\t\t\t\t\t\t\t\t\t<\/div>\n\t\t\t\t\t\t\t\t\n\t\t\t\t\t\t\t\t\n\t\t\t\t\t\t\t<\/div>\n\t\t\t\t\t\t\n\t\t\t\t\t\t<h3 class=\"upk-title\"><a href=\"https:\/\/www.tvm.co.mz\/novosite\/2024\/11\/24\/mineracao-artesanal-a-semelhanca-do-comercio-informal-e-tida-como-das-piores-actividades-em-manica-3\/\" title=\"Minera\u00e7\u00e3o Artesanal:\u00c0 semelhan\u00e7a do com\u00e9rcio informal \u00e9 tida como das piores actividades em Manica\" class=\"title-animation-underline\" aria-label=\"Minera\u00e7\u00e3o Artesanal:\u00c0 semelhan\u00e7a do com\u00e9rcio informal \u00e9 tida como das piores actividades em Manica\">Minera\u00e7\u00e3o Artesanal:\u00c0 semelhan\u00e7a do com\u00e9rcio informal \u00e9 tida como das piores actividades em Manica<\/a><\/h3>\n\t\t\t\t\t\t\t\t\t\t\t<\/div>\n\t\t\t\t<\/div>\n\n\t\t\t<\/div>\n\t\t<\/div>\n\n\n\t\n\t\t\t\t\t\t\t<\/div>\n\t\t<\/div>\n\n\t\t\n\t\t\t\t\t\t<\/div>\n\t\t\t\t<\/div>\n\t\t\t\t<div class=\"elementor-element elementor-element-192a8ef elementor-widget elementor-widget-heading\" data-id=\"192a8ef\" data-element_type=\"widget\" data-e-type=\"widget\" data-widget_type=\"heading.default\">\n\t\t\t\t<div class=\"elementor-widget-container\">\n\t\t\t\t\t<h2 class=\"elementor-heading-title elementor-size-default\">Economia<\/h2>\t\t\t\t<\/div>\n\t\t\t\t<\/div>\n\t\t\t\t<div class=\"elementor-element elementor-element-b9e120f upk-maple-content--left elementor-widget elementor-widget-upk-maple-grid\" data-id=\"b9e120f\" data-element_type=\"widget\" data-e-type=\"widget\" data-widget_type=\"upk-maple-grid.default\">\n\t\t\t\t<div class=\"elementor-widget-container\">\n\t\t\t\t\t\t\t<div class=\"upk-maple-grid upk-ajax-grid\" data-loadmore=\"[]\">\n\t\t\t<div class=\"upk-post-grid upk-ajax-grid-wrap upk-style-3\">\n\n\t\t\t\t\n\t\t\t\t\t\t\t<div class=\"upk-item\">\n\t\t\t<div class=\"upk-item-box\">\n\t\t\t\t<div class=\"upk-image-wrap\">\n\t\t\t\t\t<div class=\"upk-main-image\">\n\t\t\t\t\t\t<img loading=\"lazy\" decoding=\"async\" width=\"150\" height=\"150\" src=\"https:\/\/www.tvm.co.mz\/novosite\/wp-content\/uploads\/2024\/11\/mjnhbgv-150x150.png\" class=\"upk-img\" alt=\"Maximiza\u00e7\u00e3o do regadio de Ch\u1f79kwe:BAD assegura 30 Milh\u00f5es USD para reabilita\u00e7\u00e3o e requalifica\u00e7\u00e3o\" \/>\t\t\t\t\t<\/div>\n\n\t\t\t\t\t\n\t\t\t\t<\/div>\n\n\t\t\t\t<div class=\"upk-content\">\n\t\t\t\t\t<div class=\"upk-content-inner\">\n\n\t\t\t\t\t\t\t\t\t\t\t\t\t<div class=\"upk-meta\">\n\t\t\t\t\t\t\t\t\n\t\t\t\t\t\t\t\t\t\t\t\t\t\t\t\t\t<div class=\"upk-blog-date\" data-separator=\"-\">\n\t\t\t\t\t\t\t\t\t\t<div class=\"upk-blog-date\">\n\t\t\t\t\t\t\t\t\t\t\t<a class=\"date\" href=\"#\">\n\t\t\t\t\t\t\t\t\t\t\t\t<i class=\"upk-icon-calendar\" aria-hidden=\"true\"><\/i>2 de Novembro, 2024\t\t\t\t\t\t\t\t\t\t\t<\/a>\n\t\t\t\t\t\t\t\t\t\t<\/div>\n\n\t\t\t\t\t\t\t\t\t\t\t\t\t\t\t\t\t\t\t<\/div>\n\t\t\t\t\t\t\t\t\n\t\t\t\t\t\t\t\t\n\t\t\t\t\t\t\t<\/div>\n\t\t\t\t\t\t\n\t\t\t\t\t\t<h3 class=\"upk-title\"><a href=\"https:\/\/www.tvm.co.mz\/novosite\/2024\/11\/02\/maximizacao-do-regadio-de-chokwe-bad-assegura-30-milhoes-usd-para-reabilitacao-e-requalificacao\/\" title=\"Maximiza\u00e7\u00e3o do regadio de Ch\u1f79kwe:BAD assegura 30 Milh\u00f5es USD para reabilita\u00e7\u00e3o e requalifica\u00e7\u00e3o\" class=\"title-animation-underline\" aria-label=\"Maximiza\u00e7\u00e3o do regadio de Ch\u1f79kwe:BAD assegura 30 Milh\u00f5es USD para reabilita\u00e7\u00e3o e requalifica\u00e7\u00e3o\">Maximiza\u00e7\u00e3o do regadio de Ch\u1f79kwe:BAD assegura 30 Milh\u00f5es USD para reabilita\u00e7\u00e3o e requalifica\u00e7\u00e3o<\/a><\/h3>\n\t\t\t\t\t\t\t\t\t\t\t<\/div>\n\t\t\t\t<\/div>\n\n\t\t\t<\/div>\n\t\t<\/div>\n\n\n\t\n\t\t\t\t\n\t\t\t\t\t\t\t<div class=\"upk-item\">\n\t\t\t<div class=\"upk-item-box\">\n\t\t\t\t<div class=\"upk-image-wrap\">\n\t\t\t\t\t<div class=\"upk-main-image\">\n\t\t\t\t\t\t<img loading=\"lazy\" decoding=\"async\" width=\"150\" height=\"150\" src=\"https:\/\/www.tvm.co.mz\/novosite\/wp-content\/uploads\/2024\/10\/cdwerrtt-150x150.png\" class=\"upk-img\" alt=\"Amea\u00e7a de Manifesta\u00e7\u00f5es:Economistas receiam graves danos para o pa\u00eds\" \/>\t\t\t\t\t<\/div>\n\n\t\t\t\t\t\n\t\t\t\t<\/div>\n\n\t\t\t\t<div class=\"upk-content\">\n\t\t\t\t\t<div class=\"upk-content-inner\">\n\n\t\t\t\t\t\t\t\t\t\t\t\t\t<div class=\"upk-meta\">\n\t\t\t\t\t\t\t\t\n\t\t\t\t\t\t\t\t\t\t\t\t\t\t\t\t\t<div class=\"upk-blog-date\" data-separator=\"-\">\n\t\t\t\t\t\t\t\t\t\t<div class=\"upk-blog-date\">\n\t\t\t\t\t\t\t\t\t\t\t<a class=\"date\" href=\"#\">\n\t\t\t\t\t\t\t\t\t\t\t\t<i class=\"upk-icon-calendar\" aria-hidden=\"true\"><\/i>30 de Outubro, 2024\t\t\t\t\t\t\t\t\t\t\t<\/a>\n\t\t\t\t\t\t\t\t\t\t<\/div>\n\n\t\t\t\t\t\t\t\t\t\t\t\t\t\t\t\t\t\t\t<\/div>\n\t\t\t\t\t\t\t\t\n\t\t\t\t\t\t\t\t\n\t\t\t\t\t\t\t<\/div>\n\t\t\t\t\t\t\n\t\t\t\t\t\t<h3 class=\"upk-title\"><a href=\"https:\/\/www.tvm.co.mz\/novosite\/2024\/10\/30\/ameaca-de-manifestacoes-economistas-receiam-graves-danos-para-o-pais\/\" title=\"Amea\u00e7a de Manifesta\u00e7\u00f5es:Economistas receiam graves danos para o pa\u00eds\" class=\"title-animation-underline\" aria-label=\"Amea\u00e7a de Manifesta\u00e7\u00f5es:Economistas receiam graves danos para o pa\u00eds\">Amea\u00e7a de Manifesta\u00e7\u00f5es:Economistas receiam graves danos para o pa\u00eds<\/a><\/h3>\n\t\t\t\t\t\t\t\t\t\t\t<\/div>\n\t\t\t\t<\/div>\n\n\t\t\t<\/div>\n\t\t<\/div>\n\n\n\t\n\t\t\t\t\n\t\t\t\t\t\t\t<div class=\"upk-item\">\n\t\t\t<div class=\"upk-item-box\">\n\t\t\t\t<div class=\"upk-image-wrap\">\n\t\t\t\t\t<div class=\"upk-main-image\">\n\t\t\t\t\t\t<img loading=\"lazy\" decoding=\"async\" width=\"150\" height=\"150\" src=\"https:\/\/www.tvm.co.mz\/novosite\/wp-content\/uploads\/2024\/10\/nhbgvfcdxszaqyte-150x150.png\" class=\"upk-img\" alt=\"Tranquilidade na cidade de Maputo: Citadinos dizem que os dist\u00farbios prejudicam a sociedade e a economia\" \/>\t\t\t\t\t<\/div>\n\n\t\t\t\t\t\n\t\t\t\t<\/div>\n\n\t\t\t\t<div class=\"upk-content\">\n\t\t\t\t\t<div class=\"upk-content-inner\">\n\n\t\t\t\t\t\t\t\t\t\t\t\t\t<div class=\"upk-meta\">\n\t\t\t\t\t\t\t\t\n\t\t\t\t\t\t\t\t\t\t\t\t\t\t\t\t\t<div class=\"upk-blog-date\" data-separator=\"-\">\n\t\t\t\t\t\t\t\t\t\t<div class=\"upk-blog-date\">\n\t\t\t\t\t\t\t\t\t\t\t<a class=\"date\" href=\"#\">\n\t\t\t\t\t\t\t\t\t\t\t\t<i class=\"upk-icon-calendar\" aria-hidden=\"true\"><\/i>22 de Outubro, 2024\t\t\t\t\t\t\t\t\t\t\t<\/a>\n\t\t\t\t\t\t\t\t\t\t<\/div>\n\n\t\t\t\t\t\t\t\t\t\t\t\t\t\t\t\t\t\t\t<\/div>\n\t\t\t\t\t\t\t\t\n\t\t\t\t\t\t\t\t\n\t\t\t\t\t\t\t<\/div>\n\t\t\t\t\t\t\n\t\t\t\t\t\t<h3 class=\"upk-title\"><a href=\"https:\/\/www.tvm.co.mz\/novosite\/2024\/10\/22\/tranquilidade-na-cidade-de-maputo-citadinos-dizem-que-os-disturbios-prejudicam-a-sociedade-e-a-economia\/\" title=\"Tranquilidade na cidade de Maputo: Citadinos dizem que os dist\u00farbios prejudicam a sociedade e a economia\" class=\"title-animation-underline\" aria-label=\"Tranquilidade na cidade de Maputo: Citadinos dizem que os dist\u00farbios prejudicam a sociedade e a economia\">Tranquilidade na cidade de Maputo: Citadinos dizem que os dist\u00farbios prejudicam a sociedade e a economia<\/a><\/h3>\n\t\t\t\t\t\t\t\t\t\t\t<\/div>\n\t\t\t\t<\/div>\n\n\t\t\t<\/div>\n\t\t<\/div>\n\n\n\t\n\t\t\t\t\n\t\t\t\t\t\t\t<div class=\"upk-item\">\n\t\t\t<div class=\"upk-item-box\">\n\t\t\t\t<div class=\"upk-image-wrap\">\n\t\t\t\t\t<div class=\"upk-main-image\">\n\t\t\t\t\t\t<img loading=\"lazy\" decoding=\"async\" width=\"150\" height=\"150\" src=\"https:\/\/www.tvm.co.mz\/novosite\/wp-content\/uploads\/2024\/10\/MJNHBGVFDAQ-150x150.jpg\" class=\"upk-img\" alt=\"Divisas escasseiam nos bancos comerciais: A crise gera dificuldades na importa\u00e7\u00e3o de combust\u00edveis l\u00edquidos\" \/>\t\t\t\t\t<\/div>\n\n\t\t\t\t\t\n\t\t\t\t<\/div>\n\n\t\t\t\t<div class=\"upk-content\">\n\t\t\t\t\t<div class=\"upk-content-inner\">\n\n\t\t\t\t\t\t\t\t\t\t\t\t\t<div class=\"upk-meta\">\n\t\t\t\t\t\t\t\t\n\t\t\t\t\t\t\t\t\t\t\t\t\t\t\t\t\t<div class=\"upk-blog-date\" data-separator=\"-\">\n\t\t\t\t\t\t\t\t\t\t<div class=\"upk-blog-date\">\n\t\t\t\t\t\t\t\t\t\t\t<a class=\"date\" href=\"#\">\n\t\t\t\t\t\t\t\t\t\t\t\t<i class=\"upk-icon-calendar\" aria-hidden=\"true\"><\/i>13 de Outubro, 2024\t\t\t\t\t\t\t\t\t\t\t<\/a>\n\t\t\t\t\t\t\t\t\t\t<\/div>\n\n\t\t\t\t\t\t\t\t\t\t\t\t\t\t\t\t\t\t\t<\/div>\n\t\t\t\t\t\t\t\t\n\t\t\t\t\t\t\t\t\n\t\t\t\t\t\t\t<\/div>\n\t\t\t\t\t\t\n\t\t\t\t\t\t<h3 class=\"upk-title\"><a href=\"https:\/\/www.tvm.co.mz\/novosite\/2024\/10\/13\/divisas-escasseiam-nos-bancos-comerciais-a-crise-gera-dificuldades-na-importacao-de-combustiveis-liquidos-2\/\" title=\"Divisas escasseiam nos bancos comerciais: A crise gera dificuldades na importa\u00e7\u00e3o de combust\u00edveis l\u00edquidos\" class=\"title-animation-underline\" aria-label=\"Divisas escasseiam nos bancos comerciais: A crise gera dificuldades na importa\u00e7\u00e3o de combust\u00edveis l\u00edquidos\">Divisas escasseiam nos bancos comerciais: A crise gera dificuldades na importa\u00e7\u00e3o de combust\u00edveis l\u00edquidos<\/a><\/h3>\n\t\t\t\t\t\t\t\t\t\t\t<\/div>\n\t\t\t\t<\/div>\n\n\t\t\t<\/div>\n\t\t<\/div>\n\n\n\t\n\t\t\t\t\t\t\t<\/div>\n\t\t<\/div>\n\n\t\t\n\t\t\t\t\t\t<\/div>\n\t\t\t\t<\/div>\n\t\t\t\t<div class=\"elementor-element elementor-element-2d16de6 elementor-widget elementor-widget-heading\" data-id=\"2d16de6\" data-element_type=\"widget\" data-e-type=\"widget\" data-widget_type=\"heading.default\">\n\t\t\t\t<div class=\"elementor-widget-container\">\n\t\t\t\t\t<h2 class=\"elementor-heading-title elementor-size-default\">Pol\u00edtica<\/h2>\t\t\t\t<\/div>\n\t\t\t\t<\/div>\n\t\t\t\t<div class=\"elementor-element elementor-element-8bf37d0 upk-maple-content--left elementor-widget elementor-widget-upk-maple-grid\" data-id=\"8bf37d0\" data-element_type=\"widget\" data-e-type=\"widget\" data-widget_type=\"upk-maple-grid.default\">\n\t\t\t\t<div class=\"elementor-widget-container\">\n\t\t\t\t\t\t\t<div class=\"upk-maple-grid upk-ajax-grid\" data-loadmore=\"[]\">\n\t\t\t<div class=\"upk-post-grid upk-ajax-grid-wrap upk-style-3\">\n\n\t\t\t\t\n\t\t\t\t\t\t\t<div class=\"upk-item\">\n\t\t\t<div class=\"upk-item-box\">\n\t\t\t\t<div class=\"upk-image-wrap\">\n\t\t\t\t\t<div class=\"upk-main-image\">\n\t\t\t\t\t\t<img loading=\"lazy\" decoding=\"async\" width=\"150\" height=\"150\" src=\"https:\/\/www.tvm.co.mz\/novosite\/wp-content\/uploads\/2024\/12\/bgvfcdxsewqueyr-150x150.png\" class=\"upk-img\" alt=\"Processo Judicial Contra Ven\u00e2ncio Mondlane:Presidente do TS garante que n\u00e3o h\u00e1 ordem de cadeia contra o candidato\" \/>\t\t\t\t\t<\/div>\n\n\t\t\t\t\t\n\t\t\t\t<\/div>\n\n\t\t\t\t<div class=\"upk-content\">\n\t\t\t\t\t<div class=\"upk-content-inner\">\n\n\t\t\t\t\t\t\t\t\t\t\t\t\t<div class=\"upk-meta\">\n\t\t\t\t\t\t\t\t\n\t\t\t\t\t\t\t\t\t\t\t\t\t\t\t\t\t<div class=\"upk-blog-date\" data-separator=\"-\">\n\t\t\t\t\t\t\t\t\t\t<div class=\"upk-blog-date\">\n\t\t\t\t\t\t\t\t\t\t\t<a class=\"date\" href=\"#\">\n\t\t\t\t\t\t\t\t\t\t\t\t<i class=\"upk-icon-calendar\" aria-hidden=\"true\"><\/i>12 de Dezembro, 2024\t\t\t\t\t\t\t\t\t\t\t<\/a>\n\t\t\t\t\t\t\t\t\t\t<\/div>\n\n\t\t\t\t\t\t\t\t\t\t\t\t\t\t\t\t\t\t\t<\/div>\n\t\t\t\t\t\t\t\t\n\t\t\t\t\t\t\t\t\n\t\t\t\t\t\t\t<\/div>\n\t\t\t\t\t\t\n\t\t\t\t\t\t<h3 class=\"upk-title\"><a href=\"https:\/\/www.tvm.co.mz\/novosite\/2024\/12\/12\/processo-judicial-contra-venancio-mondlane-presidente-do-ts-garante-que-nao-ha-ordem-de-cadeia-contra-o-candidato\/\" title=\"Processo Judicial Contra Ven\u00e2ncio Mondlane:Presidente do TS garante que n\u00e3o h\u00e1 ordem de cadeia contra o candidato\" class=\"title-animation-underline\" aria-label=\"Processo Judicial Contra Ven\u00e2ncio Mondlane:Presidente do TS garante que n\u00e3o h\u00e1 ordem de cadeia contra o candidato\">Processo Judicial Contra Ven\u00e2ncio Mondlane:Presidente do TS garante que n\u00e3o h\u00e1 ordem de cadeia contra o candidato<\/a><\/h3>\n\t\t\t\t\t\t\t\t\t\t\t<\/div>\n\t\t\t\t<\/div>\n\n\t\t\t<\/div>\n\t\t<\/div>\n\n\n\t\n\t\t\t\t\n\t\t\t\t\t\t\t<div class=\"upk-item\">\n\t\t\t<div class=\"upk-item-box\">\n\t\t\t\t<div class=\"upk-image-wrap\">\n\t\t\t\t\t<div class=\"upk-main-image\">\n\t\t\t\t\t\t<img loading=\"lazy\" decoding=\"async\" width=\"150\" height=\"150\" src=\"https:\/\/www.tvm.co.mz\/novosite\/wp-content\/uploads\/2024\/12\/gffdsg-150x150.png\" class=\"upk-img\" alt=\"Solu\u00e7\u00e3o ao caos p\u00f3s-eleitoral: O acad\u00e9mico Severino Ngoenha aconselha o di\u00e1logo\" \/>\t\t\t\t\t<\/div>\n\n\t\t\t\t\t\n\t\t\t\t<\/div>\n\n\t\t\t\t<div class=\"upk-content\">\n\t\t\t\t\t<div class=\"upk-content-inner\">\n\n\t\t\t\t\t\t\t\t\t\t\t\t\t<div class=\"upk-meta\">\n\t\t\t\t\t\t\t\t\n\t\t\t\t\t\t\t\t\t\t\t\t\t\t\t\t\t<div class=\"upk-blog-date\" data-separator=\"-\">\n\t\t\t\t\t\t\t\t\t\t<div class=\"upk-blog-date\">\n\t\t\t\t\t\t\t\t\t\t\t<a class=\"date\" href=\"#\">\n\t\t\t\t\t\t\t\t\t\t\t\t<i class=\"upk-icon-calendar\" aria-hidden=\"true\"><\/i>6 de Dezembro, 2024\t\t\t\t\t\t\t\t\t\t\t<\/a>\n\t\t\t\t\t\t\t\t\t\t<\/div>\n\n\t\t\t\t\t\t\t\t\t\t\t\t\t\t\t\t\t\t\t<\/div>\n\t\t\t\t\t\t\t\t\n\t\t\t\t\t\t\t\t\n\t\t\t\t\t\t\t<\/div>\n\t\t\t\t\t\t\n\t\t\t\t\t\t<h3 class=\"upk-title\"><a href=\"https:\/\/www.tvm.co.mz\/novosite\/2024\/12\/06\/solucao-ao-caos-pos-eleitoral-o-academico-severino-ngoenha-aconselha-o-dialogo\/\" title=\"Solu\u00e7\u00e3o ao caos p\u00f3s-eleitoral: O acad\u00e9mico Severino Ngoenha aconselha o di\u00e1logo\" class=\"title-animation-underline\" aria-label=\"Solu\u00e7\u00e3o ao caos p\u00f3s-eleitoral: O acad\u00e9mico Severino Ngoenha aconselha o di\u00e1logo\">Solu\u00e7\u00e3o ao caos p\u00f3s-eleitoral: O acad\u00e9mico Severino Ngoenha aconselha o di\u00e1logo<\/a><\/h3>\n\t\t\t\t\t\t\t\t\t\t\t<\/div>\n\t\t\t\t<\/div>\n\n\t\t\t<\/div>\n\t\t<\/div>\n\n\n\t\n\t\t\t\t\n\t\t\t\t\t\t\t<div class=\"upk-item\">\n\t\t\t<div class=\"upk-item-box\">\n\t\t\t\t<div class=\"upk-image-wrap\">\n\t\t\t\t\t<div class=\"upk-main-image\">\n\t\t\t\t\t\t<img loading=\"lazy\" decoding=\"async\" width=\"150\" height=\"150\" src=\"https:\/\/www.tvm.co.mz\/novosite\/wp-content\/uploads\/2024\/12\/nhbgvfcdxszaqe-150x150.png\" class=\"upk-img\" alt=\"Impacto das Manifesta\u00e7\u00f5es em Maputo:Edilidade reporta 160 milh\u00f5es MT de preju\u00edzos devido ao vandalismo\" \/>\t\t\t\t\t<\/div>\n\n\t\t\t\t\t\n\t\t\t\t<\/div>\n\n\t\t\t\t<div class=\"upk-content\">\n\t\t\t\t\t<div class=\"upk-content-inner\">\n\n\t\t\t\t\t\t\t\t\t\t\t\t\t<div class=\"upk-meta\">\n\t\t\t\t\t\t\t\t\n\t\t\t\t\t\t\t\t\t\t\t\t\t\t\t\t\t<div class=\"upk-blog-date\" data-separator=\"-\">\n\t\t\t\t\t\t\t\t\t\t<div class=\"upk-blog-date\">\n\t\t\t\t\t\t\t\t\t\t\t<a class=\"date\" href=\"#\">\n\t\t\t\t\t\t\t\t\t\t\t\t<i class=\"upk-icon-calendar\" aria-hidden=\"true\"><\/i>4 de Dezembro, 2024\t\t\t\t\t\t\t\t\t\t\t<\/a>\n\t\t\t\t\t\t\t\t\t\t<\/div>\n\n\t\t\t\t\t\t\t\t\t\t\t\t\t\t\t\t\t\t\t<\/div>\n\t\t\t\t\t\t\t\t\n\t\t\t\t\t\t\t\t\n\t\t\t\t\t\t\t<\/div>\n\t\t\t\t\t\t\n\t\t\t\t\t\t<h3 class=\"upk-title\"><a href=\"https:\/\/www.tvm.co.mz\/novosite\/2024\/12\/04\/impacto-das-manifestacoes-em-maputo-edilidade-reporta-160-milhoes-mt-de-prejuizos-devido-ao-vandalismo\/\" title=\"Impacto das Manifesta\u00e7\u00f5es em Maputo:Edilidade reporta 160 milh\u00f5es MT de preju\u00edzos devido ao vandalismo\" class=\"title-animation-underline\" aria-label=\"Impacto das Manifesta\u00e7\u00f5es em Maputo:Edilidade reporta 160 milh\u00f5es MT de preju\u00edzos devido ao vandalismo\">Impacto das Manifesta\u00e7\u00f5es em Maputo:Edilidade reporta 160 milh\u00f5es MT de preju\u00edzos devido ao vandalismo<\/a><\/h3>\n\t\t\t\t\t\t\t\t\t\t\t<\/div>\n\t\t\t\t<\/div>\n\n\t\t\t<\/div>\n\t\t<\/div>\n\n\n\t\n\t\t\t\t\n\t\t\t\t\t\t\t<div class=\"upk-item\">\n\t\t\t<div class=\"upk-item-box\">\n\t\t\t\t<div class=\"upk-image-wrap\">\n\t\t\t\t\t<div class=\"upk-main-image\">\n\t\t\t\t\t\t<img loading=\"lazy\" decoding=\"async\" width=\"150\" height=\"150\" src=\"https:\/\/www.tvm.co.mz\/novosite\/wp-content\/uploads\/2024\/12\/bvcxzsaqwoiuyte-150x150.png\" class=\"upk-img\" alt=\"Contencioso Eleitoral:Partido PODEMOS sem dados que sustentam a alegada vit\u00f3ria\" \/>\t\t\t\t\t<\/div>\n\n\t\t\t\t\t\n\t\t\t\t<\/div>\n\n\t\t\t\t<div class=\"upk-content\">\n\t\t\t\t\t<div class=\"upk-content-inner\">\n\n\t\t\t\t\t\t\t\t\t\t\t\t\t<div class=\"upk-meta\">\n\t\t\t\t\t\t\t\t\n\t\t\t\t\t\t\t\t\t\t\t\t\t\t\t\t\t<div class=\"upk-blog-date\" data-separator=\"-\">\n\t\t\t\t\t\t\t\t\t\t<div class=\"upk-blog-date\">\n\t\t\t\t\t\t\t\t\t\t\t<a class=\"date\" href=\"#\">\n\t\t\t\t\t\t\t\t\t\t\t\t<i class=\"upk-icon-calendar\" aria-hidden=\"true\"><\/i>3 de Dezembro, 2024\t\t\t\t\t\t\t\t\t\t\t<\/a>\n\t\t\t\t\t\t\t\t\t\t<\/div>\n\n\t\t\t\t\t\t\t\t\t\t\t\t\t\t\t\t\t\t\t<\/div>\n\t\t\t\t\t\t\t\t\n\t\t\t\t\t\t\t\t\n\t\t\t\t\t\t\t<\/div>\n\t\t\t\t\t\t\n\t\t\t\t\t\t<h3 class=\"upk-title\"><a href=\"https:\/\/www.tvm.co.mz\/novosite\/2024\/12\/03\/contencioso-eleitoral-partido-podemos-sem-dados-que-sustentam-a-alegada-vitoria\/\" title=\"Contencioso Eleitoral:Partido PODEMOS sem dados que sustentam a alegada vit\u00f3ria\" class=\"title-animation-underline\" aria-label=\"Contencioso Eleitoral:Partido PODEMOS sem dados que sustentam a alegada vit\u00f3ria\">Contencioso Eleitoral:Partido PODEMOS sem dados que sustentam a alegada vit\u00f3ria<\/a><\/h3>\n\t\t\t\t\t\t\t\t\t\t\t<\/div>\n\t\t\t\t<\/div>\n\n\t\t\t<\/div>\n\t\t<\/div>\n\n\n\t\n\t\t\t\t\t\t\t<\/div>\n\t\t<\/div>\n\n\t\t\n\t\t\t\t\t\t<\/div>\n\t\t\t\t<\/div>\n\t\t\t\t<div class=\"elementor-element elementor-element-96485af elementor-widget elementor-widget-heading\" data-id=\"96485af\" data-element_type=\"widget\" data-e-type=\"widget\" data-widget_type=\"heading.default\">\n\t\t\t\t<div class=\"elementor-widget-container\">\n\t\t\t\t\t<h2 class=\"elementor-heading-title elementor-size-default\">Educa\u00e7\u00e3o<\/h2>\t\t\t\t<\/div>\n\t\t\t\t<\/div>\n\t\t\t\t<div class=\"elementor-element elementor-element-99255c2 upk-maple-content--left elementor-widget elementor-widget-upk-maple-grid\" data-id=\"99255c2\" data-element_type=\"widget\" data-e-type=\"widget\" data-widget_type=\"upk-maple-grid.default\">\n\t\t\t\t<div class=\"elementor-widget-container\">\n\t\t\t\t\t\t\t<div class=\"upk-maple-grid upk-ajax-grid\" data-loadmore=\"[]\">\n\t\t\t<div class=\"upk-post-grid upk-ajax-grid-wrap upk-style-3\">\n\n\t\t\t\t\n\t\t\t\t\t\t\t<div class=\"upk-item\">\n\t\t\t<div class=\"upk-item-box\">\n\t\t\t\t<div class=\"upk-image-wrap\">\n\t\t\t\t\t<div class=\"upk-main-image\">\n\t\t\t\t\t\t<img loading=\"lazy\" decoding=\"async\" width=\"150\" height=\"150\" src=\"https:\/\/www.tvm.co.mz\/novosite\/wp-content\/uploads\/2024\/11\/examesdpiju-150x150.jpg\" class=\"upk-img\" alt=\"Avalia\u00e7\u00f5es \u00e0 escala nacional: Iniciaram hoje os exames do ensino Prim\u00e1rio\" \/>\t\t\t\t\t<\/div>\n\n\t\t\t\t\t\n\t\t\t\t<\/div>\n\n\t\t\t\t<div class=\"upk-content\">\n\t\t\t\t\t<div class=\"upk-content-inner\">\n\n\t\t\t\t\t\t\t\t\t\t\t\t\t<div class=\"upk-meta\">\n\t\t\t\t\t\t\t\t\n\t\t\t\t\t\t\t\t\t\t\t\t\t\t\t\t\t<div class=\"upk-blog-date\" data-separator=\"-\">\n\t\t\t\t\t\t\t\t\t\t<div class=\"upk-blog-date\">\n\t\t\t\t\t\t\t\t\t\t\t<a class=\"date\" href=\"#\">\n\t\t\t\t\t\t\t\t\t\t\t\t<i class=\"upk-icon-calendar\" aria-hidden=\"true\"><\/i>25 de Novembro, 2024\t\t\t\t\t\t\t\t\t\t\t<\/a>\n\t\t\t\t\t\t\t\t\t\t<\/div>\n\n\t\t\t\t\t\t\t\t\t\t\t\t\t\t\t\t\t\t\t<\/div>\n\t\t\t\t\t\t\t\t\n\t\t\t\t\t\t\t\t\n\t\t\t\t\t\t\t<\/div>\n\t\t\t\t\t\t\n\t\t\t\t\t\t<h3 class=\"upk-title\"><a href=\"https:\/\/www.tvm.co.mz\/novosite\/2024\/11\/25\/avaliacoes-a-escala-nacional-iniciaram-hoje-os-exames-do-ensino-primario\/\" title=\"Avalia\u00e7\u00f5es \u00e0 escala nacional: Iniciaram hoje os exames do ensino Prim\u00e1rio\" class=\"title-animation-underline\" aria-label=\"Avalia\u00e7\u00f5es \u00e0 escala nacional: Iniciaram hoje os exames do ensino Prim\u00e1rio\">Avalia\u00e7\u00f5es \u00e0 escala nacional: Iniciaram hoje os exames do ensino Prim\u00e1rio<\/a><\/h3>\n\t\t\t\t\t\t\t\t\t\t\t<\/div>\n\t\t\t\t<\/div>\n\n\t\t\t<\/div>\n\t\t<\/div>\n\n\n\t\n\t\t\t\t\n\t\t\t\t\t\t\t<div class=\"upk-item\">\n\t\t\t<div class=\"upk-item-box\">\n\t\t\t\t<div class=\"upk-image-wrap\">\n\t\t\t\t\t<div class=\"upk-main-image\">\n\t\t\t\t\t\t<img loading=\"lazy\" decoding=\"async\" width=\"150\" height=\"150\" src=\"https:\/\/www.tvm.co.mz\/novosite\/wp-content\/uploads\/2024\/09\/bvcxsaqwoi-150x150.png\" class=\"upk-img\" alt=\"Desenvolvimento da Agricultura: O Minist\u00e9rio da Ci\u00eancia contribuiu com projectos cient\u00edficos\" \/>\t\t\t\t\t<\/div>\n\n\t\t\t\t\t\n\t\t\t\t<\/div>\n\n\t\t\t\t<div class=\"upk-content\">\n\t\t\t\t\t<div class=\"upk-content-inner\">\n\n\t\t\t\t\t\t\t\t\t\t\t\t\t<div class=\"upk-meta\">\n\t\t\t\t\t\t\t\t\n\t\t\t\t\t\t\t\t\t\t\t\t\t\t\t\t\t<div class=\"upk-blog-date\" data-separator=\"-\">\n\t\t\t\t\t\t\t\t\t\t<div class=\"upk-blog-date\">\n\t\t\t\t\t\t\t\t\t\t\t<a class=\"date\" href=\"#\">\n\t\t\t\t\t\t\t\t\t\t\t\t<i class=\"upk-icon-calendar\" aria-hidden=\"true\"><\/i>4 de Setembro, 2024\t\t\t\t\t\t\t\t\t\t\t<\/a>\n\t\t\t\t\t\t\t\t\t\t<\/div>\n\n\t\t\t\t\t\t\t\t\t\t\t\t\t\t\t\t\t\t\t<\/div>\n\t\t\t\t\t\t\t\t\n\t\t\t\t\t\t\t\t\n\t\t\t\t\t\t\t<\/div>\n\t\t\t\t\t\t\n\t\t\t\t\t\t<h3 class=\"upk-title\"><a href=\"https:\/\/www.tvm.co.mz\/novosite\/2024\/09\/04\/desenvolvimento-da-agricultura-o-ministerio-da-ciencia-contribuiu-com-projectos-cientificos\/\" title=\"Desenvolvimento da Agricultura: O Minist\u00e9rio da Ci\u00eancia contribuiu com projectos cient\u00edficos\" class=\"title-animation-underline\" aria-label=\"Desenvolvimento da Agricultura: O Minist\u00e9rio da Ci\u00eancia contribuiu com projectos cient\u00edficos\">Desenvolvimento da Agricultura: O Minist\u00e9rio da Ci\u00eancia contribuiu com projectos cient\u00edficos<\/a><\/h3>\n\t\t\t\t\t\t\t\t\t\t\t<\/div>\n\t\t\t\t<\/div>\n\n\t\t\t<\/div>\n\t\t<\/div>\n\n\n\t\n\t\t\t\t\n\t\t\t\t\t\t\t<div class=\"upk-item\">\n\t\t\t<div class=\"upk-item-box\">\n\t\t\t\t<div class=\"upk-image-wrap\">\n\t\t\t\t\t<div class=\"upk-main-image\">\n\t\t\t\t\t\t<img loading=\"lazy\" decoding=\"async\" width=\"150\" height=\"150\" src=\"https:\/\/www.tvm.co.mz\/novosite\/wp-content\/uploads\/2024\/03\/escolfeqor-150x150.png\" class=\"upk-img\" alt=\"Escolas alagadas na Matola: Reabertos oito estabelecimentos de ensino\" \/>\t\t\t\t\t<\/div>\n\n\t\t\t\t\t\n\t\t\t\t<\/div>\n\n\t\t\t\t<div class=\"upk-content\">\n\t\t\t\t\t<div class=\"upk-content-inner\">\n\n\t\t\t\t\t\t\t\t\t\t\t\t\t<div class=\"upk-meta\">\n\t\t\t\t\t\t\t\t\n\t\t\t\t\t\t\t\t\t\t\t\t\t\t\t\t\t<div class=\"upk-blog-date\" data-separator=\"-\">\n\t\t\t\t\t\t\t\t\t\t<div class=\"upk-blog-date\">\n\t\t\t\t\t\t\t\t\t\t\t<a class=\"date\" href=\"#\">\n\t\t\t\t\t\t\t\t\t\t\t\t<i class=\"upk-icon-calendar\" aria-hidden=\"true\"><\/i>19 de Mar\u00e7o, 2024\t\t\t\t\t\t\t\t\t\t\t<\/a>\n\t\t\t\t\t\t\t\t\t\t<\/div>\n\n\t\t\t\t\t\t\t\t\t\t\t\t\t\t\t\t\t\t\t<\/div>\n\t\t\t\t\t\t\t\t\n\t\t\t\t\t\t\t\t\n\t\t\t\t\t\t\t<\/div>\n\t\t\t\t\t\t\n\t\t\t\t\t\t<h3 class=\"upk-title\"><a href=\"https:\/\/www.tvm.co.mz\/novosite\/2024\/03\/19\/escolas-alagadas-na-matola-reabertos-oito-estabelecimentos-de-ensino\/\" title=\"Escolas alagadas na Matola: Reabertos oito estabelecimentos de ensino\" class=\"title-animation-underline\" aria-label=\"Escolas alagadas na Matola: Reabertos oito estabelecimentos de ensino\">Escolas alagadas na Matola: Reabertos oito estabelecimentos de ensino<\/a><\/h3>\n\t\t\t\t\t\t\t\t\t\t\t<\/div>\n\t\t\t\t<\/div>\n\n\t\t\t<\/div>\n\t\t<\/div>\n\n\n\t\n\t\t\t\t\n\t\t\t\t\t\t\t<div class=\"upk-item\">\n\t\t\t<div class=\"upk-item-box\">\n\t\t\t\t<div class=\"upk-image-wrap\">\n\t\t\t\t\t<div class=\"upk-main-image\">\n\t\t\t\t\t\t<img loading=\"lazy\" decoding=\"async\" width=\"150\" height=\"150\" src=\"https:\/\/www.tvm.co.mz\/novosite\/wp-content\/uploads\/2024\/03\/conjhtre-150x150.png\" class=\"upk-img\" alt=\"Surto de conjuntivite hemorr\u00e1gica: MINEDH receia impacto negativo no processo de ensino e aprendizagem\" \/>\t\t\t\t\t<\/div>\n\n\t\t\t\t\t\n\t\t\t\t<\/div>\n\n\t\t\t\t<div class=\"upk-content\">\n\t\t\t\t\t<div class=\"upk-content-inner\">\n\n\t\t\t\t\t\t\t\t\t\t\t\t\t<div class=\"upk-meta\">\n\t\t\t\t\t\t\t\t\n\t\t\t\t\t\t\t\t\t\t\t\t\t\t\t\t\t<div class=\"upk-blog-date\" data-separator=\"-\">\n\t\t\t\t\t\t\t\t\t\t<div class=\"upk-blog-date\">\n\t\t\t\t\t\t\t\t\t\t\t<a class=\"date\" href=\"#\">\n\t\t\t\t\t\t\t\t\t\t\t\t<i class=\"upk-icon-calendar\" aria-hidden=\"true\"><\/i>10 de Mar\u00e7o, 2024\t\t\t\t\t\t\t\t\t\t\t<\/a>\n\t\t\t\t\t\t\t\t\t\t<\/div>\n\n\t\t\t\t\t\t\t\t\t\t\t\t\t\t\t\t\t\t\t<\/div>\n\t\t\t\t\t\t\t\t\n\t\t\t\t\t\t\t\t\n\t\t\t\t\t\t\t<\/div>\n\t\t\t\t\t\t\n\t\t\t\t\t\t<h3 class=\"upk-title\"><a href=\"https:\/\/www.tvm.co.mz\/novosite\/2024\/03\/10\/surto-de-conjuntivite-hemorragica-minedh-receia-impacto-negativo-no-processo-de-ensino-e-aprendizagem-2\/\" title=\"Surto de conjuntivite hemorr\u00e1gica: MINEDH receia impacto negativo no processo de ensino e aprendizagem\" class=\"title-animation-underline\" aria-label=\"Surto de conjuntivite hemorr\u00e1gica: MINEDH receia impacto negativo no processo de ensino e aprendizagem\">Surto de conjuntivite hemorr\u00e1gica: MINEDH receia impacto negativo no processo de ensino e aprendizagem<\/a><\/h3>\n\t\t\t\t\t\t\t\t\t\t\t<\/div>\n\t\t\t\t<\/div>\n\n\t\t\t<\/div>\n\t\t<\/div>\n\n\n\t\n\t\t\t\t\t\t\t<\/div>\n\t\t<\/div>\n\n\t\t\n\t\t\t\t\t\t<\/div>\n\t\t\t\t<\/div>\n\t\t\t\t<div class=\"elementor-element elementor-element-c8df6ce elementor-widget elementor-widget-heading\" data-id=\"c8df6ce\" data-element_type=\"widget\" data-e-type=\"widget\" data-widget_type=\"heading.default\">\n\t\t\t\t<div class=\"elementor-widget-container\">\n\t\t\t\t\t<h2 class=\"elementor-heading-title elementor-size-default\">Sa\u00fade<\/h2>\t\t\t\t<\/div>\n\t\t\t\t<\/div>\n\t\t\t\t<div class=\"elementor-element elementor-element-eed75ff upk-maple-content--left elementor-widget elementor-widget-upk-maple-grid\" data-id=\"eed75ff\" data-element_type=\"widget\" data-e-type=\"widget\" data-widget_type=\"upk-maple-grid.default\">\n\t\t\t\t<div class=\"elementor-widget-container\">\n\t\t\t\t\t\t\t<div class=\"upk-maple-grid upk-ajax-grid\" data-loadmore=\"[]\">\n\t\t\t<div class=\"upk-post-grid upk-ajax-grid-wrap upk-style-3\">\n\n\t\t\t\t\n\t\t\t\t\t\t\t<div class=\"upk-item\">\n\t\t\t<div class=\"upk-item-box\">\n\t\t\t\t<div class=\"upk-image-wrap\">\n\t\t\t\t\t<div class=\"upk-main-image\">\n\t\t\t\t\t\t<img loading=\"lazy\" decoding=\"async\" width=\"150\" height=\"150\" src=\"https:\/\/www.tvm.co.mz\/novosite\/wp-content\/uploads\/2024\/12\/insngga-150x150.jpg\" class=\"upk-img\" alt=\"MISAU diz que necessita des 3 mil unidades de sangue em todo o pa\u00eds\" \/>\t\t\t\t\t<\/div>\n\n\t\t\t\t\t\n\t\t\t\t<\/div>\n\n\t\t\t\t<div class=\"upk-content\">\n\t\t\t\t\t<div class=\"upk-content-inner\">\n\n\t\t\t\t\t\t\t\t\t\t\t\t\t<div class=\"upk-meta\">\n\t\t\t\t\t\t\t\t\n\t\t\t\t\t\t\t\t\t\t\t\t\t\t\t\t\t<div class=\"upk-blog-date\" data-separator=\"-\">\n\t\t\t\t\t\t\t\t\t\t<div class=\"upk-blog-date\">\n\t\t\t\t\t\t\t\t\t\t\t<a class=\"date\" href=\"#\">\n\t\t\t\t\t\t\t\t\t\t\t\t<i class=\"upk-icon-calendar\" aria-hidden=\"true\"><\/i>28 de Dezembro, 2024\t\t\t\t\t\t\t\t\t\t\t<\/a>\n\t\t\t\t\t\t\t\t\t\t<\/div>\n\n\t\t\t\t\t\t\t\t\t\t\t\t\t\t\t\t\t\t\t<\/div>\n\t\t\t\t\t\t\t\t\n\t\t\t\t\t\t\t\t\n\t\t\t\t\t\t\t<\/div>\n\t\t\t\t\t\t\n\t\t\t\t\t\t<h3 class=\"upk-title\"><a href=\"https:\/\/www.tvm.co.mz\/novosite\/2024\/12\/28\/misau-diz-que-necessita-des-3-mil-unidades-de-sangue-em-todo-o-pais\/\" title=\"MISAU diz que necessita des 3 mil unidades de sangue em todo o pa\u00eds\" class=\"title-animation-underline\" aria-label=\"MISAU diz que necessita des 3 mil unidades de sangue em todo o pa\u00eds\">MISAU diz que necessita des 3 mil unidades de sangue em todo o pa\u00eds<\/a><\/h3>\n\t\t\t\t\t\t\t\t\t\t\t<\/div>\n\t\t\t\t<\/div>\n\n\t\t\t<\/div>\n\t\t<\/div>\n\n\n\t\n\t\t\t\t\n\t\t\t\t\t\t\t<div class=\"upk-item\">\n\t\t\t<div class=\"upk-item-box\">\n\t\t\t\t<div class=\"upk-image-wrap\">\n\t\t\t\t\t<div class=\"upk-main-image\">\n\t\t\t\t\t\t<img loading=\"lazy\" decoding=\"async\" width=\"150\" height=\"150\" src=\"https:\/\/www.tvm.co.mz\/novosite\/wp-content\/uploads\/2024\/12\/jnhbgvfcdxszawqi-150x150.png\" class=\"upk-img\" alt=\"C\u00f3lera eclode em Niassa:Registados dois casos positivos na cidade de Lichinga\" \/>\t\t\t\t\t<\/div>\n\n\t\t\t\t\t\n\t\t\t\t<\/div>\n\n\t\t\t\t<div class=\"upk-content\">\n\t\t\t\t\t<div class=\"upk-content-inner\">\n\n\t\t\t\t\t\t\t\t\t\t\t\t\t<div class=\"upk-meta\">\n\t\t\t\t\t\t\t\t\n\t\t\t\t\t\t\t\t\t\t\t\t\t\t\t\t\t<div class=\"upk-blog-date\" data-separator=\"-\">\n\t\t\t\t\t\t\t\t\t\t<div class=\"upk-blog-date\">\n\t\t\t\t\t\t\t\t\t\t\t<a class=\"date\" href=\"#\">\n\t\t\t\t\t\t\t\t\t\t\t\t<i class=\"upk-icon-calendar\" aria-hidden=\"true\"><\/i>11 de Dezembro, 2024\t\t\t\t\t\t\t\t\t\t\t<\/a>\n\t\t\t\t\t\t\t\t\t\t<\/div>\n\n\t\t\t\t\t\t\t\t\t\t\t\t\t\t\t\t\t\t\t<\/div>\n\t\t\t\t\t\t\t\t\n\t\t\t\t\t\t\t\t\n\t\t\t\t\t\t\t<\/div>\n\t\t\t\t\t\t\n\t\t\t\t\t\t<h3 class=\"upk-title\"><a href=\"https:\/\/www.tvm.co.mz\/novosite\/2024\/12\/11\/colera-eclode-em-niassa-registados-dois-casos-positivos-na-cidade-de-lichinga\/\" title=\"C\u00f3lera eclode em Niassa:Registados dois casos positivos na cidade de Lichinga\" class=\"title-animation-underline\" aria-label=\"C\u00f3lera eclode em Niassa:Registados dois casos positivos na cidade de Lichinga\">C\u00f3lera eclode em Niassa:Registados dois casos positivos na cidade de Lichinga<\/a><\/h3>\n\t\t\t\t\t\t\t\t\t\t\t<\/div>\n\t\t\t\t<\/div>\n\n\t\t\t<\/div>\n\t\t<\/div>\n\n\n\t\n\t\t\t\t\n\t\t\t\t\t\t\t<div class=\"upk-item\">\n\t\t\t<div class=\"upk-item-box\">\n\t\t\t\t<div class=\"upk-image-wrap\">\n\t\t\t\t\t<div class=\"upk-main-image\">\n\t\t\t\t\t\t<img loading=\"lazy\" decoding=\"async\" width=\"150\" height=\"150\" src=\"https:\/\/www.tvm.co.mz\/novosite\/wp-content\/uploads\/2024\/12\/nhbgvfcdxsaa-150x150.png\" class=\"upk-img\" alt=\"Sarampo em Nampula:Doen\u00e7a faz 11 \u00f3bitos em 330 casos diagnosticados\" \/>\t\t\t\t\t<\/div>\n\n\t\t\t\t\t\n\t\t\t\t<\/div>\n\n\t\t\t\t<div class=\"upk-content\">\n\t\t\t\t\t<div class=\"upk-content-inner\">\n\n\t\t\t\t\t\t\t\t\t\t\t\t\t<div class=\"upk-meta\">\n\t\t\t\t\t\t\t\t\n\t\t\t\t\t\t\t\t\t\t\t\t\t\t\t\t\t<div class=\"upk-blog-date\" data-separator=\"-\">\n\t\t\t\t\t\t\t\t\t\t<div class=\"upk-blog-date\">\n\t\t\t\t\t\t\t\t\t\t\t<a class=\"date\" href=\"#\">\n\t\t\t\t\t\t\t\t\t\t\t\t<i class=\"upk-icon-calendar\" aria-hidden=\"true\"><\/i>11 de Dezembro, 2024\t\t\t\t\t\t\t\t\t\t\t<\/a>\n\t\t\t\t\t\t\t\t\t\t<\/div>\n\n\t\t\t\t\t\t\t\t\t\t\t\t\t\t\t\t\t\t\t<\/div>\n\t\t\t\t\t\t\t\t\n\t\t\t\t\t\t\t\t\n\t\t\t\t\t\t\t<\/div>\n\t\t\t\t\t\t\n\t\t\t\t\t\t<h3 class=\"upk-title\"><a href=\"https:\/\/www.tvm.co.mz\/novosite\/2024\/12\/11\/sarampo-em-nampula-doenca-faz-11-obitos-em-330-casos-diagnosticados\/\" title=\"Sarampo em Nampula:Doen\u00e7a faz 11 \u00f3bitos em 330 casos diagnosticados\" class=\"title-animation-underline\" aria-label=\"Sarampo em Nampula:Doen\u00e7a faz 11 \u00f3bitos em 330 casos diagnosticados\">Sarampo em Nampula:Doen\u00e7a faz 11 \u00f3bitos em 330 casos diagnosticados<\/a><\/h3>\n\t\t\t\t\t\t\t\t\t\t\t<\/div>\n\t\t\t\t<\/div>\n\n\t\t\t<\/div>\n\t\t<\/div>\n\n\n\t\n\t\t\t\t\n\t\t\t\t\t\t\t<div class=\"upk-item\">\n\t\t\t<div class=\"upk-item-box\">\n\t\t\t\t<div class=\"upk-image-wrap\">\n\t\t\t\t\t<div class=\"upk-main-image\">\n\t\t\t\t\t\t<img loading=\"lazy\" decoding=\"async\" width=\"150\" height=\"150\" src=\"https:\/\/www.tvm.co.mz\/novosite\/wp-content\/uploads\/2024\/11\/colrajsd-150x150.jpg\" class=\"upk-img\" alt=\"Centro de tratamento de c\u00f3lera de Nametil:Boatos levam a vandaliza\u00e7\u00e3o da unidade sanit\u00e1ria e inc\u00eandio de uma viatura\" \/>\t\t\t\t\t<\/div>\n\n\t\t\t\t\t\n\t\t\t\t<\/div>\n\n\t\t\t\t<div class=\"upk-content\">\n\t\t\t\t\t<div class=\"upk-content-inner\">\n\n\t\t\t\t\t\t\t\t\t\t\t\t\t<div class=\"upk-meta\">\n\t\t\t\t\t\t\t\t\n\t\t\t\t\t\t\t\t\t\t\t\t\t\t\t\t\t<div class=\"upk-blog-date\" data-separator=\"-\">\n\t\t\t\t\t\t\t\t\t\t<div class=\"upk-blog-date\">\n\t\t\t\t\t\t\t\t\t\t\t<a class=\"date\" href=\"#\">\n\t\t\t\t\t\t\t\t\t\t\t\t<i class=\"upk-icon-calendar\" aria-hidden=\"true\"><\/i>1 de Dezembro, 2024\t\t\t\t\t\t\t\t\t\t\t<\/a>\n\t\t\t\t\t\t\t\t\t\t<\/div>\n\n\t\t\t\t\t\t\t\t\t\t\t\t\t\t\t\t\t\t\t<\/div>\n\t\t\t\t\t\t\t\t\n\t\t\t\t\t\t\t\t\n\t\t\t\t\t\t\t<\/div>\n\t\t\t\t\t\t\n\t\t\t\t\t\t<h3 class=\"upk-title\"><a href=\"https:\/\/www.tvm.co.mz\/novosite\/2024\/12\/01\/centro-de-tratamento-de-colera-de-nametil-boatos-levam-a-vandalizacao-da-unidade-sanitaria-e-incendio-de-uma-viatura-2\/\" title=\"Centro de tratamento de c\u00f3lera de Nametil:Boatos levam a vandaliza\u00e7\u00e3o da unidade sanit\u00e1ria e inc\u00eandio de uma viatura\" class=\"title-animation-underline\" aria-label=\"Centro de tratamento de c\u00f3lera de Nametil:Boatos levam a vandaliza\u00e7\u00e3o da unidade sanit\u00e1ria e inc\u00eandio de uma viatura\">Centro de tratamento de c\u00f3lera de Nametil:Boatos levam a vandaliza\u00e7\u00e3o da unidade sanit\u00e1ria e inc\u00eandio de uma viatura<\/a><\/h3>\n\t\t\t\t\t\t\t\t\t\t\t<\/div>\n\t\t\t\t<\/div>\n\n\t\t\t<\/div>\n\t\t<\/div>\n\n\n\t\n\t\t\t\t\t\t\t<\/div>\n\t\t<\/div>\n\n\t\t\n\t\t\t\t\t\t<\/div>\n\t\t\t\t<\/div>\n\t\t\t\t<div class=\"elementor-element elementor-element-397269e elementor-widget elementor-widget-heading\" data-id=\"397269e\" data-element_type=\"widget\" data-e-type=\"widget\" data-widget_type=\"heading.default\">\n\t\t\t\t<div class=\"elementor-widget-container\">\n\t\t\t\t\t<h2 class=\"elementor-heading-title elementor-size-default\">Mundo<\/h2>\t\t\t\t<\/div>\n\t\t\t\t<\/div>\n\t\t\t\t<div class=\"elementor-element elementor-element-39b42e6 upk-maple-content--left elementor-widget elementor-widget-upk-maple-grid\" data-id=\"39b42e6\" data-element_type=\"widget\" data-e-type=\"widget\" data-widget_type=\"upk-maple-grid.default\">\n\t\t\t\t<div class=\"elementor-widget-container\">\n\t\t\t\t\t\t\t<div class=\"upk-maple-grid upk-ajax-grid\" data-loadmore=\"[]\">\n\t\t\t<div class=\"upk-post-grid upk-ajax-grid-wrap upk-style-3\">\n\n\t\t\t\t\n\t\t\t\t\t\t\t<div class=\"upk-item\">\n\t\t\t<div class=\"upk-item-box\">\n\t\t\t\t<div class=\"upk-image-wrap\">\n\t\t\t\t\t<div class=\"upk-main-image\">\n\t\t\t\t\t\t<img loading=\"lazy\" decoding=\"async\" width=\"150\" height=\"150\" src=\"https:\/\/www.tvm.co.mz\/novosite\/wp-content\/uploads\/2024\/10\/mundo-150x150.png\" class=\"upk-img\" alt=\"Presid\u00eancia Rotativa do G20: A \u00c1frica do Sul vai assumir a posi\u00e7\u00e3o em Novembro\" \/>\t\t\t\t\t<\/div>\n\n\t\t\t\t\t\n\t\t\t\t<\/div>\n\n\t\t\t\t<div class=\"upk-content\">\n\t\t\t\t\t<div class=\"upk-content-inner\">\n\n\t\t\t\t\t\t\t\t\t\t\t\t\t<div class=\"upk-meta\">\n\t\t\t\t\t\t\t\t\n\t\t\t\t\t\t\t\t\t\t\t\t\t\t\t\t\t<div class=\"upk-blog-date\" data-separator=\"-\">\n\t\t\t\t\t\t\t\t\t\t<div class=\"upk-blog-date\">\n\t\t\t\t\t\t\t\t\t\t\t<a class=\"date\" href=\"#\">\n\t\t\t\t\t\t\t\t\t\t\t\t<i class=\"upk-icon-calendar\" aria-hidden=\"true\"><\/i>18 de Outubro, 2024\t\t\t\t\t\t\t\t\t\t\t<\/a>\n\t\t\t\t\t\t\t\t\t\t<\/div>\n\n\t\t\t\t\t\t\t\t\t\t\t\t\t\t\t\t\t\t\t<\/div>\n\t\t\t\t\t\t\t\t\n\t\t\t\t\t\t\t\t\n\t\t\t\t\t\t\t<\/div>\n\t\t\t\t\t\t\n\t\t\t\t\t\t<h3 class=\"upk-title\"><a href=\"https:\/\/www.tvm.co.mz\/novosite\/2024\/10\/18\/presidencia-rotativa-do-g20-a-africa-do-sul-vai-assumir-a-posicao-em-novembro\/\" title=\"Presid\u00eancia Rotativa do G20: A \u00c1frica do Sul vai assumir a posi\u00e7\u00e3o em Novembro\" class=\"title-animation-underline\" aria-label=\"Presid\u00eancia Rotativa do G20: A \u00c1frica do Sul vai assumir a posi\u00e7\u00e3o em Novembro\">Presid\u00eancia Rotativa do G20: A \u00c1frica do Sul vai assumir a posi\u00e7\u00e3o em Novembro<\/a><\/h3>\n\t\t\t\t\t\t\t\t\t\t\t<\/div>\n\t\t\t\t<\/div>\n\n\t\t\t<\/div>\n\t\t<\/div>\n\n\n\t\n\t\t\t\t\n\t\t\t\t\t\t\t<div class=\"upk-item\">\n\t\t\t<div class=\"upk-item-box\">\n\t\t\t\t<div class=\"upk-image-wrap\">\n\t\t\t\t\t<div class=\"upk-main-image\">\n\t\t\t\t\t\t<img loading=\"lazy\" decoding=\"async\" width=\"150\" height=\"150\" src=\"https:\/\/www.tvm.co.mz\/novosite\/wp-content\/uploads\/2024\/10\/nhbgvfcdxsaqiytrewoiu-150x150.jpg\" class=\"upk-img\" alt=\"100 dias do novo Governo na RSA:Avalia\u00e7\u00e3o deve considerar o trabalho e n\u00e3o os partidos integrantes\" \/>\t\t\t\t\t<\/div>\n\n\t\t\t\t\t\n\t\t\t\t<\/div>\n\n\t\t\t\t<div class=\"upk-content\">\n\t\t\t\t\t<div class=\"upk-content-inner\">\n\n\t\t\t\t\t\t\t\t\t\t\t\t\t<div class=\"upk-meta\">\n\t\t\t\t\t\t\t\t\n\t\t\t\t\t\t\t\t\t\t\t\t\t\t\t\t\t<div class=\"upk-blog-date\" data-separator=\"-\">\n\t\t\t\t\t\t\t\t\t\t<div class=\"upk-blog-date\">\n\t\t\t\t\t\t\t\t\t\t\t<a class=\"date\" href=\"#\">\n\t\t\t\t\t\t\t\t\t\t\t\t<i class=\"upk-icon-calendar\" aria-hidden=\"true\"><\/i>15 de Outubro, 2024\t\t\t\t\t\t\t\t\t\t\t<\/a>\n\t\t\t\t\t\t\t\t\t\t<\/div>\n\n\t\t\t\t\t\t\t\t\t\t\t\t\t\t\t\t\t\t\t<\/div>\n\t\t\t\t\t\t\t\t\n\t\t\t\t\t\t\t\t\n\t\t\t\t\t\t\t<\/div>\n\t\t\t\t\t\t\n\t\t\t\t\t\t<h3 class=\"upk-title\"><a href=\"https:\/\/www.tvm.co.mz\/novosite\/2024\/10\/15\/100-dias-do-novo-governo-na-rsa-avaliacao-deve-considerar-o-trabalho-e-nao-os-partidos-integrantes\/\" title=\"100 dias do novo Governo na RSA:Avalia\u00e7\u00e3o deve considerar o trabalho e n\u00e3o os partidos integrantes\" class=\"title-animation-underline\" aria-label=\"100 dias do novo Governo na RSA:Avalia\u00e7\u00e3o deve considerar o trabalho e n\u00e3o os partidos integrantes\">100 dias do novo Governo na RSA:Avalia\u00e7\u00e3o deve considerar o trabalho e n\u00e3o os partidos integrantes<\/a><\/h3>\n\t\t\t\t\t\t\t\t\t\t\t<\/div>\n\t\t\t\t<\/div>\n\n\t\t\t<\/div>\n\t\t<\/div>\n\n\n\t\n\t\t\t\t\n\t\t\t\t\t\t\t<div class=\"upk-item\">\n\t\t\t<div class=\"upk-item-box\">\n\t\t\t\t<div class=\"upk-image-wrap\">\n\t\t\t\t\t<div class=\"upk-main-image\">\n\t\t\t\t\t\t<img loading=\"lazy\" decoding=\"async\" width=\"150\" height=\"150\" src=\"https:\/\/www.tvm.co.mz\/novosite\/wp-content\/uploads\/2024\/10\/bgvfcdxsziqyety-150x150.png\" class=\"upk-img\" alt=\"Estudante Mo\u00e7ambicana em Portugal:Amarah Dias morreu h\u00e1 40 dias em Odivelas\" \/>\t\t\t\t\t<\/div>\n\n\t\t\t\t\t\n\t\t\t\t<\/div>\n\n\t\t\t\t<div class=\"upk-content\">\n\t\t\t\t\t<div class=\"upk-content-inner\">\n\n\t\t\t\t\t\t\t\t\t\t\t\t\t<div class=\"upk-meta\">\n\t\t\t\t\t\t\t\t\n\t\t\t\t\t\t\t\t\t\t\t\t\t\t\t\t\t<div class=\"upk-blog-date\" data-separator=\"-\">\n\t\t\t\t\t\t\t\t\t\t<div class=\"upk-blog-date\">\n\t\t\t\t\t\t\t\t\t\t\t<a class=\"date\" href=\"#\">\n\t\t\t\t\t\t\t\t\t\t\t\t<i class=\"upk-icon-calendar\" aria-hidden=\"true\"><\/i>7 de Outubro, 2024\t\t\t\t\t\t\t\t\t\t\t<\/a>\n\t\t\t\t\t\t\t\t\t\t<\/div>\n\n\t\t\t\t\t\t\t\t\t\t\t\t\t\t\t\t\t\t\t<\/div>\n\t\t\t\t\t\t\t\t\n\t\t\t\t\t\t\t\t\n\t\t\t\t\t\t\t<\/div>\n\t\t\t\t\t\t\n\t\t\t\t\t\t<h3 class=\"upk-title\"><a href=\"https:\/\/www.tvm.co.mz\/novosite\/2024\/10\/07\/estudante-mocambicana-em-portugal-amarah-dias-morreu-ha-40-dias-em-odivelas\/\" title=\"Estudante Mo\u00e7ambicana em Portugal:Amarah Dias morreu h\u00e1 40 dias em Odivelas\" class=\"title-animation-underline\" aria-label=\"Estudante Mo\u00e7ambicana em Portugal:Amarah Dias morreu h\u00e1 40 dias em Odivelas\">Estudante Mo\u00e7ambicana em Portugal:Amarah Dias morreu h\u00e1 40 dias em Odivelas<\/a><\/h3>\n\t\t\t\t\t\t\t\t\t\t\t<\/div>\n\t\t\t\t<\/div>\n\n\t\t\t<\/div>\n\t\t<\/div>\n\n\n\t\n\t\t\t\t\n\t\t\t\t\t\t\t<div class=\"upk-item\">\n\t\t\t<div class=\"upk-item-box\">\n\t\t\t\t<div class=\"upk-image-wrap\">\n\t\t\t\t\t<div class=\"upk-main-image\">\n\t\t\t\t\t\t<img loading=\"lazy\" decoding=\"async\" width=\"150\" height=\"150\" src=\"https:\/\/www.tvm.co.mz\/novosite\/wp-content\/uploads\/2024\/08\/jnhbgvfcdxsiyr-150x150.png\" class=\"upk-img\" alt=\"Coopera\u00e7\u00e3o Sino-Africana:China acolhe o IX F\u00f3rum de 4 a 6 de Setembro\" \/>\t\t\t\t\t<\/div>\n\n\t\t\t\t\t\n\t\t\t\t<\/div>\n\n\t\t\t\t<div class=\"upk-content\">\n\t\t\t\t\t<div class=\"upk-content-inner\">\n\n\t\t\t\t\t\t\t\t\t\t\t\t\t<div class=\"upk-meta\">\n\t\t\t\t\t\t\t\t\n\t\t\t\t\t\t\t\t\t\t\t\t\t\t\t\t\t<div class=\"upk-blog-date\" data-separator=\"-\">\n\t\t\t\t\t\t\t\t\t\t<div class=\"upk-blog-date\">\n\t\t\t\t\t\t\t\t\t\t\t<a class=\"date\" href=\"#\">\n\t\t\t\t\t\t\t\t\t\t\t\t<i class=\"upk-icon-calendar\" aria-hidden=\"true\"><\/i>29 de Agosto, 2024\t\t\t\t\t\t\t\t\t\t\t<\/a>\n\t\t\t\t\t\t\t\t\t\t<\/div>\n\n\t\t\t\t\t\t\t\t\t\t\t\t\t\t\t\t\t\t\t<\/div>\n\t\t\t\t\t\t\t\t\n\t\t\t\t\t\t\t\t\n\t\t\t\t\t\t\t<\/div>\n\t\t\t\t\t\t\n\t\t\t\t\t\t<h3 class=\"upk-title\"><a href=\"https:\/\/www.tvm.co.mz\/novosite\/2024\/08\/29\/cooperacao-sino-africana-china-acolhe-o-ix-forum-de-4-a-6-de-setembro\/\" title=\"Coopera\u00e7\u00e3o Sino-Africana:China acolhe o IX F\u00f3rum de 4 a 6 de Setembro\" class=\"title-animation-underline\" aria-label=\"Coopera\u00e7\u00e3o Sino-Africana:China acolhe o IX F\u00f3rum de 4 a 6 de Setembro\">Coopera\u00e7\u00e3o Sino-Africana:China acolhe o IX F\u00f3rum de 4 a 6 de Setembro<\/a><\/h3>\n\t\t\t\t\t\t\t\t\t\t\t<\/div>\n\t\t\t\t<\/div>\n\n\t\t\t<\/div>\n\t\t<\/div>\n\n\n\t\n\t\t\t\t\t\t\t<\/div>\n\t\t<\/div>\n\n\t\t\n\t\t\t\t\t\t<\/div>\n\t\t\t\t<\/div>\n\t\t\t\t\t<\/div>\n\t\t<\/div>\n\t\t\t\t<div class=\"elementor-column elementor-col-33 elementor-top-column elementor-element elementor-element-38f4bf0\" data-id=\"38f4bf0\" data-element_type=\"column\" data-e-type=\"column\">\n\t\t\t<div class=\"elementor-widget-wrap elementor-element-populated\">\n\t\t\t\t\t\t<div class=\"elementor-element elementor-element-5e7db5a elementor-widget elementor-widget-image\" data-id=\"5e7db5a\" data-element_type=\"widget\" data-e-type=\"widget\" data-widget_type=\"image.default\">\n\t\t\t\t<div class=\"elementor-widget-container\">\n\t\t\t\t\t\t\t\t\t\t\t\t\t\t\t\t<a href=\"#\">\n\t\t\t\t\t\t\t<img loading=\"lazy\" decoding=\"async\" width=\"1024\" height=\"1024\" src=\"https:\/\/www.tvm.co.mz\/novosite\/wp-content\/uploads\/2023\/08\/343645576_3532737737047638_4147882246880496877_n-1024x1024.png\" class=\"attachment-large size-large wp-image-23669\" alt=\"\" srcset=\"https:\/\/www.tvm.co.mz\/novosite\/wp-content\/uploads\/2023\/08\/343645576_3532737737047638_4147882246880496877_n-1024x1024.png 1024w, https:\/\/www.tvm.co.mz\/novosite\/wp-content\/uploads\/2023\/08\/343645576_3532737737047638_4147882246880496877_n-300x300.png 300w, https:\/\/www.tvm.co.mz\/novosite\/wp-content\/uploads\/2023\/08\/343645576_3532737737047638_4147882246880496877_n-150x150.png 150w, https:\/\/www.tvm.co.mz\/novosite\/wp-content\/uploads\/2023\/08\/343645576_3532737737047638_4147882246880496877_n-768x768.png 768w, https:\/\/www.tvm.co.mz\/novosite\/wp-content\/uploads\/2023\/08\/343645576_3532737737047638_4147882246880496877_n.png 1200w\" sizes=\"(max-width: 1024px) 100vw, 1024px\" \/>\t\t\t\t\t\t\t\t<\/a>\n\t\t\t\t\t\t\t\t\t\t\t\t\t\t\t<\/div>\n\t\t\t\t<\/div>\n\t\t\t\t<div class=\"elementor-element elementor-element-f064261 elementor-widget elementor-widget-heading\" data-id=\"f064261\" data-element_type=\"widget\" data-e-type=\"widget\" data-widget_type=\"heading.default\">\n\t\t\t\t<div class=\"elementor-widget-container\">\n\t\t\t\t\t<h2 class=\"elementor-heading-title elementor-size-default\">Siga-nos:<\/h2>\t\t\t\t<\/div>\n\t\t\t\t<\/div>\n\t\t\t\t<div class=\"elementor-element elementor-element-ca659f6 elementor-align-start elementor-icon-list--layout-traditional elementor-list-item-link-full_width elementor-widget elementor-widget-icon-list\" data-id=\"ca659f6\" data-element_type=\"widget\" data-e-type=\"widget\" id=\"socialside\" data-widget_type=\"icon-list.default\">\n\t\t\t\t<div class=\"elementor-widget-container\">\n\t\t\t\t\t\t\t<ul class=\"elementor-icon-list-items\">\n\t\t\t\t\t\t\t<li class=\"elementor-icon-list-item\">\n\t\t\t\t\t\t\t\t\t\t\t<a href=\"#\">\n\n\t\t\t\t\t\t\t\t\t\t\t\t<span class=\"elementor-icon-list-icon\">\n\t\t\t\t\t\t\t<i aria-hidden=\"true\" class=\"fab fa-facebook-square\"><\/i>\t\t\t\t\t\t<\/span>\n\t\t\t\t\t\t\t\t\t\t<span class=\"elementor-icon-list-text\">Facebook<\/span>\n\t\t\t\t\t\t\t\t\t\t\t<\/a>\n\t\t\t\t\t\t\t\t\t<\/li>\n\t\t\t\t\t\t\t\t<li class=\"elementor-icon-list-item\">\n\t\t\t\t\t\t\t\t\t\t\t<a href=\"#\">\n\n\t\t\t\t\t\t\t\t\t\t\t\t<span class=\"elementor-icon-list-icon\">\n\t\t\t\t\t\t\t<i aria-hidden=\"true\" class=\"icon icon-instagram-2\"><\/i>\t\t\t\t\t\t<\/span>\n\t\t\t\t\t\t\t\t\t\t<span class=\"elementor-icon-list-text\">Instagram<\/span>\n\t\t\t\t\t\t\t\t\t\t\t<\/a>\n\t\t\t\t\t\t\t\t\t<\/li>\n\t\t\t\t\t\t\t\t<li class=\"elementor-icon-list-item\">\n\t\t\t\t\t\t\t\t\t\t\t<a href=\"#\">\n\n\t\t\t\t\t\t\t\t\t\t\t\t<span class=\"elementor-icon-list-icon\">\n\t\t\t\t\t\t\t<i aria-hidden=\"true\" class=\"fab fa-youtube\"><\/i>\t\t\t\t\t\t<\/span>\n\t\t\t\t\t\t\t\t\t\t<span class=\"elementor-icon-list-text\">Youtube<\/span>\n\t\t\t\t\t\t\t\t\t\t\t<\/a>\n\t\t\t\t\t\t\t\t\t<\/li>\n\t\t\t\t\t\t<\/ul>\n\t\t\t\t\t\t<\/div>\n\t\t\t\t<\/div>\n\t\t\t\t\t<\/div>\n\t\t<\/div>\n\t\t\t\t\t<\/div>\n\t\t<\/section>\n\t\t\t\t<\/div>\n\t\t","protected":false},"excerpt":{"rendered":"<div class='heateorSssClear'><\/div><div  class='heateor_sss_sharing_container heateor_sss_horizontal_sharing' data-heateor-sss-href='https:\/\/www.tvm.co.mz\/novosite\/2024\/08\/29\/cooperacao-sino-africana-china-acolhe-o-ix-forum-de-4-a-6-de-setembro\/'><div class='heateor_sss_sharing_title' style=\"font-weight:bold\" >Partilhe<\/div><div class=\"heateor_sss_sharing_ul\"><a aria-label=\"Facebook\" class=\"heateor_sss_facebook\" href=\"https:\/\/www.facebook.com\/sharer\/sharer.php?u=https%3A%2F%2Fwww.tvm.co.mz%2Fnovosite%2F2024%2F08%2F29%2Fcooperacao-sino-africana-china-acolhe-o-ix-forum-de-4-a-6-de-setembro%2F\" title=\"Facebook\" rel=\"nofollow noopener\" target=\"_blank\" style=\"font-size:32px!important;box-shadow:none;display:inline-block;vertical-align:middle\"><span class=\"heateor_sss_svg\" style=\"background-color:#0765FE;width:26px;height:26px;border-radius:999px;display:inline-block;opacity:1;float:left;font-size:32px;box-shadow:none;display:inline-block;font-size:16px;padding:0 4px;vertical-align:middle;background-repeat:repeat;overflow:hidden;padding:0;cursor:pointer;box-sizing:content-box\"><svg style=\"display:block;border-radius:999px;\" focusable=\"false\" aria-hidden=\"true\" xmlns=\"http:\/\/www.w3.org\/2000\/svg\" width=\"100%\" height=\"100%\" viewBox=\"0 0 32 32\"><path fill=\"#fff\" d=\"M28 16c0-6.627-5.373-12-12-12S4 9.373 4 16c0 5.628 3.875 10.35 9.101 11.647v-7.98h-2.474V16H13.1v-1.58c0-4.085 1.849-5.978 5.859-5.978.76 0 2.072.15 2.608.298v3.325c-.283-.03-.775-.045-1.386-.045-1.967 0-2.728.745-2.728 2.683V16h3.92l-.673 3.667h-3.247v8.245C23.395 27.195 28 22.135 28 16Z\"><\/path><\/svg><\/span><\/a><a aria-label=\"X\" class=\"heateor_sss_button_x\" href=\"https:\/\/twitter.com\/intent\/tweet?text=Coopera%C3%A7%C3%A3o%20Sino-Africana%3AChina%20acolhe%20o%20IX%20F%C3%B3rum%20de%204%20a%206%20de%20Setembro&url=https%3A%2F%2Fwww.tvm.co.mz%2Fnovosite%2F2024%2F08%2F29%2Fcooperacao-sino-africana-china-acolhe-o-ix-forum-de-4-a-6-de-setembro%2F\" title=\"X\" rel=\"nofollow noopener\" target=\"_blank\" style=\"font-size:32px!important;box-shadow:none;display:inline-block;vertical-align:middle\"><span class=\"heateor_sss_svg heateor_sss_s__default heateor_sss_s_x\" style=\"background-color:#2a2a2a;width:26px;height:26px;border-radius:999px;display:inline-block;opacity:1;float:left;font-size:32px;box-shadow:none;display:inline-block;font-size:16px;padding:0 4px;vertical-align:middle;background-repeat:repeat;overflow:hidden;padding:0;cursor:pointer;box-sizing:content-box\"><svg width=\"100%\" height=\"100%\" style=\"display:block;border-radius:999px;\" focusable=\"false\" aria-hidden=\"true\" xmlns=\"http:\/\/www.w3.org\/2000\/svg\" viewBox=\"0 0 32 32\"><path fill=\"#fff\" d=\"M21.751 7h3.067l-6.7 7.658L26 25.078h-6.172l-4.833-6.32-5.531 6.32h-3.07l7.167-8.19L6 7h6.328l4.37 5.777L21.75 7Zm-1.076 16.242h1.7L11.404 8.74H9.58l11.094 14.503Z\"><\/path><\/svg><\/span><\/a><a aria-label=\"Reddit\" class=\"heateor_sss_button_reddit\" href=\"https:\/\/reddit.com\/submit?url=https%3A%2F%2Fwww.tvm.co.mz%2Fnovosite%2F2024%2F08%2F29%2Fcooperacao-sino-africana-china-acolhe-o-ix-forum-de-4-a-6-de-setembro%2F&title=Coopera%C3%A7%C3%A3o%20Sino-Africana%3AChina%20acolhe%20o%20IX%20F%C3%B3rum%20de%204%20a%206%20de%20Setembro\" title=\"Reddit\" rel=\"nofollow noopener\" target=\"_blank\" style=\"font-size:32px!important;box-shadow:none;display:inline-block;vertical-align:middle\"><span class=\"heateor_sss_svg heateor_sss_s__default heateor_sss_s_reddit\" style=\"background-color:#ff5700;width:26px;height:26px;border-radius:999px;display:inline-block;opacity:1;float:left;font-size:32px;box-shadow:none;display:inline-block;font-size:16px;padding:0 4px;vertical-align:middle;background-repeat:repeat;overflow:hidden;padding:0;cursor:pointer;box-sizing:content-box\"><svg style=\"display:block;border-radius:999px;\" focusable=\"false\" aria-hidden=\"true\" xmlns=\"http:\/\/www.w3.org\/2000\/svg\" width=\"100%\" height=\"100%\" viewBox=\"-3.5 -3.5 39 39\"><path d=\"M28.543 15.774a2.953 2.953 0 0 0-2.951-2.949 2.882 2.882 0 0 0-1.9.713 14.075 14.075 0 0 0-6.85-2.044l1.38-4.349 3.768.884a2.452 2.452 0 1 0 .24-1.176l-4.274-1a.6.6 0 0 0-.709.4l-1.659 5.224a14.314 14.314 0 0 0-7.316 2.029 2.908 2.908 0 0 0-1.872-.681 2.942 2.942 0 0 0-1.618 5.4 5.109 5.109 0 0 0-.062.765c0 4.158 5.037 7.541 11.229 7.541s11.22-3.383 11.22-7.541a5.2 5.2 0 0 0-.053-.706 2.963 2.963 0 0 0 1.427-2.51zm-18.008 1.88a1.753 1.753 0 0 1 1.73-1.74 1.73 1.73 0 0 1 1.709 1.74 1.709 1.709 0 0 1-1.709 1.711 1.733 1.733 0 0 1-1.73-1.711zm9.565 4.968a5.573 5.573 0 0 1-4.081 1.272h-.032a5.576 5.576 0 0 1-4.087-1.272.6.6 0 0 1 .844-.854 4.5 4.5 0 0 0 3.238.927h.032a4.5 4.5 0 0 0 3.237-.927.6.6 0 1 1 .844.854zm-.331-3.256a1.726 1.726 0 1 1 1.709-1.712 1.717 1.717 0 0 1-1.712 1.712z\" fill=\"#fff\"\/><\/svg><\/span><\/a><a aria-label=\"Linkedin\" class=\"heateor_sss_button_linkedin\" href=\"https:\/\/www.linkedin.com\/sharing\/share-offsite\/?url=https%3A%2F%2Fwww.tvm.co.mz%2Fnovosite%2F2024%2F08%2F29%2Fcooperacao-sino-africana-china-acolhe-o-ix-forum-de-4-a-6-de-setembro%2F\" title=\"Linkedin\" rel=\"nofollow noopener\" target=\"_blank\" style=\"font-size:32px!important;box-shadow:none;display:inline-block;vertical-align:middle\"><span class=\"heateor_sss_svg heateor_sss_s__default heateor_sss_s_linkedin\" style=\"background-color:#0077b5;width:26px;height:26px;border-radius:999px;display:inline-block;opacity:1;float:left;font-size:32px;box-shadow:none;display:inline-block;font-size:16px;padding:0 4px;vertical-align:middle;background-repeat:repeat;overflow:hidden;padding:0;cursor:pointer;box-sizing:content-box\"><svg style=\"display:block;border-radius:999px;\" focusable=\"false\" aria-hidden=\"true\" xmlns=\"http:\/\/www.w3.org\/2000\/svg\" width=\"100%\" height=\"100%\" viewBox=\"0 0 32 32\"><path d=\"M6.227 12.61h4.19v13.48h-4.19V12.61zm2.095-6.7a2.43 2.43 0 0 1 0 4.86c-1.344 0-2.428-1.09-2.428-2.43s1.084-2.43 2.428-2.43m4.72 6.7h4.02v1.84h.058c.56-1.058 1.927-2.176 3.965-2.176 4.238 0 5.02 2.792 5.02 6.42v7.395h-4.183v-6.56c0-1.564-.03-3.574-2.178-3.574-2.18 0-2.514 1.7-2.514 3.46v6.668h-4.187V12.61z\" fill=\"#fff\"><\/path><\/svg><\/span><\/a><a aria-label=\"Pinterest\" class=\"heateor_sss_button_pinterest\" href=\"https:\/\/www.tvm.co.mz\/novosite\/2024\/08\/29\/cooperacao-sino-africana-china-acolhe-o-ix-forum-de-4-a-6-de-setembro\/\" onclick=\"event.preventDefault();javascript:void( (function() {var e=document.createElement('script' );e.setAttribute('type','text\/javascript' );e.setAttribute('charset','UTF-8' );e.setAttribute('src','\/\/assets.pinterest.com\/js\/pinmarklet.js?r='+Math.random()*99999999);document.body.appendChild(e)})());\" title=\"Pinterest\" rel=\"noopener\" style=\"font-size:32px!important;box-shadow:none;display:inline-block;vertical-align:middle\"><span class=\"heateor_sss_svg heateor_sss_s__default heateor_sss_s_pinterest\" style=\"background-color:#cc2329;width:26px;height:26px;border-radius:999px;display:inline-block;opacity:1;float:left;font-size:32px;box-shadow:none;display:inline-block;font-size:16px;padding:0 4px;vertical-align:middle;background-repeat:repeat;overflow:hidden;padding:0;cursor:pointer;box-sizing:content-box\"><svg style=\"display:block;border-radius:999px;\" focusable=\"false\" aria-hidden=\"true\" xmlns=\"http:\/\/www.w3.org\/2000\/svg\" width=\"100%\" height=\"100%\" viewBox=\"-2 -2 35 35\"><path fill=\"#fff\" d=\"M16.539 4.5c-6.277 0-9.442 4.5-9.442 8.253 0 2.272.86 4.293 2.705 5.046.303.125.574.005.662-.33.061-.231.205-.816.27-1.06.088-.331.053-.447-.191-.736-.532-.627-.873-1.439-.873-2.591 0-3.338 2.498-6.327 6.505-6.327 3.548 0 5.497 2.168 5.497 5.062 0 3.81-1.686 7.025-4.188 7.025-1.382 0-2.416-1.142-2.085-2.545.397-1.674 1.166-3.48 1.166-4.689 0-1.081-.581-1.983-1.782-1.983-1.413 0-2.548 1.462-2.548 3.419 0 1.247.421 2.091.421 2.091l-1.699 7.199c-.505 2.137-.076 4.755-.039 5.019.021.158.223.196.314.077.13-.17 1.813-2.247 2.384-4.324.162-.587.929-3.631.929-3.631.46.876 1.801 1.646 3.227 1.646 4.247 0 7.128-3.871 7.128-9.053.003-3.918-3.317-7.568-8.361-7.568z\"\/><\/svg><\/span><\/a><a aria-label=\"Mastodon\" class=\"heateor_sss_button_mastodon\" href=\"https:\/\/mastodon.social\/share?text=https%3A%2F%2Fwww.tvm.co.mz%2Fnovosite%2F2024%2F08%2F29%2Fcooperacao-sino-africana-china-acolhe-o-ix-forum-de-4-a-6-de-setembro%2F&title=Coopera%C3%A7%C3%A3o%20Sino-Africana%3AChina%20acolhe%20o%20IX%20F%C3%B3rum%20de%204%20a%206%20de%20Setembro\" title=\"Mastodon\" rel=\"nofollow noopener\" target=\"_blank\" style=\"font-size:32px!important;box-shadow:none;display:inline-block;vertical-align:middle\"><span class=\"heateor_sss_svg heateor_sss_s__default heateor_sss_s_mastodon\" style=\"background-color:#6364FF;width:26px;height:26px;border-radius:999px;display:inline-block;opacity:1;float:left;font-size:32px;box-shadow:none;display:inline-block;font-size:16px;padding:0 4px;vertical-align:middle;background-repeat:repeat;overflow:hidden;padding:0;cursor:pointer;box-sizing:content-box\"><svg style=\"display:block;border-radius:999px;\" focusable=\"false\" aria-hidden=\"true\" xmlns=\"http:\/\/www.w3.org\/2000\/svg\" width=\"100%\" height=\"100%\" viewBox=\"-3.5 -3.5 39 39\"><path d=\"M27 12c0-5.12-3.35-6.62-3.35-6.62C22 4.56 19.05 4.23 16 4.21c-3 0-5.92.35-7.61 1.12C8.36 5.33 5 6.83 5 12v4c.12 5 .92 9.93 5.54 11.16a17.67 17.67 0 005.44.6 10.88 10.88 0 004.18-.95l-.09-1.95a13.36 13.36 0 01-4.07.54c-2.12-.07-4.37-.23-4.71-2.84a5.58 5.58 0 01-.05-.73 27.46 27.46 0 004.73.63 26.76 26.76 0 004.68-.28c3-.35 5.53-2.17 5.85-3.83A39.25 39.25 0 0027 12zm-3.95 6.59h-2.46v-6c0-1.27-.53-1.91-1.6-1.91s-1.77.76-1.77 2.27v3.29h-2.44v-3.35c0-1.51-.59-2.27-1.77-2.27s-1.6.64-1.6 1.91v6H9v-6.18a4.49 4.49 0 011-3 3.39 3.39 0 012.63-1.12 3.17 3.17 0 012.84 1.44l.61 1 .61-1a3.17 3.17 0 012.84-1.44 3.39 3.39 0 012.63 1.12 4.49 4.49 0 011 3z\" fill=\"#fff\"><\/path><\/svg><\/span><\/a><a aria-label=\"Mix\" class=\"heateor_sss_button_mix\" href=\"https:\/\/mix.com\/mixit?url=https%3A%2F%2Fwww.tvm.co.mz%2Fnovosite%2F2024%2F08%2F29%2Fcooperacao-sino-africana-china-acolhe-o-ix-forum-de-4-a-6-de-setembro%2F\" title=\"Mix\" rel=\"nofollow noopener\" target=\"_blank\" style=\"font-size:32px!important;box-shadow:none;display:inline-block;vertical-align:middle\"><span class=\"heateor_sss_svg heateor_sss_s__default heateor_sss_s_mix\" style=\"background-color:#ff8226;width:26px;height:26px;border-radius:999px;display:inline-block;opacity:1;float:left;font-size:32px;box-shadow:none;display:inline-block;font-size:16px;padding:0 4px;vertical-align:middle;background-repeat:repeat;overflow:hidden;padding:0;cursor:pointer;box-sizing:content-box\"><svg focusable=\"false\" aria-hidden=\"true\" xmlns=\"http:\/\/www.w3.org\/2000\/svg\" width=\"100%\" height=\"100%\" viewBox=\"-7 -8 45 45\"><g fill=\"#fff\"><path opacity=\".8\" d=\"M27.87 4.125c-5.224 0-9.467 4.159-9.467 9.291v2.89c0-1.306 1.074-2.362 2.399-2.362s2.399 1.056 2.399 2.362v1.204c0 1.306 1.074 2.362 2.399 2.362s2.399-1.056 2.399-2.362V4.134c-.036-.009-.082-.009-.129-.009\"\/><path d=\"M4 4.125v12.94c2.566 0 4.668-1.973 4.807-4.465v-2.214c0-.065 0-.12.009-.176.093-1.213 1.13-2.177 2.39-2.177 1.325 0 2.399 1.056 2.399 2.362v9.226c0 1.306 1.074 2.353 2.399 2.353s2.399-1.056 2.399-2.353v-6.206c0-5.132 4.233-9.291 9.467-9.291H4z\"\/><path opacity=\".8\" d=\"M4 17.074v8.438c0 1.306 1.074 2.362 2.399 2.362s2.399-1.056 2.399-2.362V12.61C8.659 15.102 6.566 17.074 4 17.074\"\/><\/g><\/svg><\/span><\/a><a aria-label=\"Whatsapp\" class=\"heateor_sss_whatsapp\" href=\"https:\/\/api.whatsapp.com\/send?text=Coopera%C3%A7%C3%A3o%20Sino-Africana%3AChina%20acolhe%20o%20IX%20F%C3%B3rum%20de%204%20a%206%20de%20Setembro%20https%3A%2F%2Fwww.tvm.co.mz%2Fnovosite%2F2024%2F08%2F29%2Fcooperacao-sino-africana-china-acolhe-o-ix-forum-de-4-a-6-de-setembro%2F\" title=\"Whatsapp\" rel=\"nofollow noopener\" target=\"_blank\" style=\"font-size:32px!important;box-shadow:none;display:inline-block;vertical-align:middle\"><span class=\"heateor_sss_svg\" style=\"background-color:#55eb4c;width:26px;height:26px;border-radius:999px;display:inline-block;opacity:1;float:left;font-size:32px;box-shadow:none;display:inline-block;font-size:16px;padding:0 4px;vertical-align:middle;background-repeat:repeat;overflow:hidden;padding:0;cursor:pointer;box-sizing:content-box\"><svg style=\"display:block;border-radius:999px;\" focusable=\"false\" aria-hidden=\"true\" xmlns=\"http:\/\/www.w3.org\/2000\/svg\" width=\"100%\" height=\"100%\" viewBox=\"-6 -5 40 40\"><path class=\"heateor_sss_svg_stroke heateor_sss_no_fill\" stroke=\"#fff\" stroke-width=\"2\" fill=\"none\" d=\"M 11.579798566743314 24.396926207859085 A 10 10 0 1 0 6.808479557110079 20.73576436351046\"><\/path><path d=\"M 7 19 l -1 6 l 6 -1\" class=\"heateor_sss_no_fill heateor_sss_svg_stroke\" stroke=\"#fff\" stroke-width=\"2\" fill=\"none\"><\/path><path d=\"M 10 10 q -1 8 8 11 c 5 -1 0 -6 -1 -3 q -4 -3 -5 -5 c 4 -2 -1 -5 -1 -4\" fill=\"#fff\"><\/path><\/svg><\/span><\/a><a class=\"heateor_sss_more\" aria-label=\"More\" title=\"More\" rel=\"nofollow noopener\" style=\"font-size: 32px!important;border:0;box-shadow:none;display:inline-block!important;font-size:16px;padding:0 4px;vertical-align: middle;display:inline;\" href=\"https:\/\/www.tvm.co.mz\/novosite\/2024\/08\/29\/cooperacao-sino-africana-china-acolhe-o-ix-forum-de-4-a-6-de-setembro\/\" onclick=\"event.preventDefault()\"><span class=\"heateor_sss_svg\" style=\"background-color:#ee8e2d;width:26px;height:26px;border-radius:999px;display:inline-block!important;opacity:1;float:left;font-size:32px!important;box-shadow:none;display:inline-block;font-size:16px;padding:0 4px;vertical-align:middle;display:inline;background-repeat:repeat;overflow:hidden;padding:0;cursor:pointer;box-sizing:content-box;\" onclick=\"heateorSssMoreSharingPopup(this, 'https:\/\/www.tvm.co.mz\/novosite\/2024\/08\/29\/cooperacao-sino-africana-china-acolhe-o-ix-forum-de-4-a-6-de-setembro\/', 'Coopera%C3%A7%C3%A3o%20Sino-Africana%3AChina%20acolhe%20o%20IX%20F%C3%B3rum%20de%204%20a%206%20de%20Setembro', '' )\"><svg xmlns=\"http:\/\/www.w3.org\/2000\/svg\" xmlns:xlink=\"http:\/\/www.w3.org\/1999\/xlink\" viewBox=\"-.3 0 32 32\" version=\"1.1\" width=\"100%\" height=\"100%\" style=\"display:block;border-radius:999px;\" xml:space=\"preserve\"><g><path fill=\"#fff\" d=\"M18 14V8h-4v6H8v4h6v6h4v-6h6v-4h-6z\" fill-rule=\"evenodd\"><\/path><\/g><\/svg><\/span><\/a><\/div><div class=\"heateorSssClear\"><\/div><\/div><div class='heateorSssClear'><\/div><br\/><p>NOT\u00cdCIAS Nacional Economia Pol\u00edtica Educa\u00e7\u00e3o Sa\u00fade Mundo Humberger Toggle Menu 7 de Agosto, 2024 Economia Desenvolvimento da Economia Mo\u00e7ambicana: A contribui\u00e7\u00e3o da mulher \u00e9 pouco valorizada e menos vis\u00edvel Economia 6 de Agosto, 2024 Acusados de lesar o Estado em 82 Milh\u00f5es Mt : Gccc processou criminalmente funcion\u00e1rios da AT e um cidad\u00e3o sul-africano Economia 6 de Agosto, 2024 Caso das D\u00edvidas n\u00e3o Declaradas: Ser\u00e1 proferida hoje a senten\u00e7a de Manuel Chang detido nos EUA Artigos mais recentes Nacional Impacto do Fen\u00f3meno El Ni\u00f1o: Mais de 55 mil pessoas sob amea\u00e7a de fome em Inhambane 6 de Agosto, 2024 Nacional Explora\u00e7\u00e3o de grafite no Niassa: Empreendimento emprega 570 mo\u00e7ambicanos e 30 estrangeiros 29 de Julho, 2024 Nacional Serra da Gorongosa: Condi\u00e7\u00f5es agroecol\u00f3gicas favorecem a produ\u00e7\u00e3o de alimentos e de caf\u00e9 23 de Julho, 2024 Nacional Vaga de frio na \u00c1frica Austral: INAM diz que a Cidade de Maputo n\u00e3o vai ser afectada 11 de Julho, 2024 Nacional Acidente de via\u00e7\u00e3o na Matola Gare: Houve despiste e capotamento, tendo ocorrido sete \u00f3bitos e 4 feridos 8 de Julho, 2024 Nacional 11 de Julho, 2024 Vaga de frio na \u00c1frica Austral: INAM diz que a Cidade de Maputo n\u00e3o vai ser afectada 8 de Julho, 2024 Acidente de via\u00e7\u00e3o na Matola Gare: Houve despiste e capotamento, tendo ocorrido sete \u00f3bitos e 4 feridos 4 de Julho, 2024 Com\u00e9rcio informal na cidade de Maputo: Edilidade procura solu\u00e7\u00e3o definitiva para o problema 24 de Junho, 2024 Fuga ao Fisco: AT apreende duas mil caixas de cigarros Economia 6 de Agosto, 2024 Branqueamento e fuga de capitais: Empresas fict\u00edcias exportaram ilegalmente 800 milh\u00f5es de d\u00f3lares 1 de Agosto, 2024 Fraudes Electr\u00f3nicas Banc\u00e1rias : Durante o ano passado ocorreram cerca 40 mil burlas 1 de Agosto, 2024 D\u00edvidas N\u00e3o Declaradas: Manuel Chang recebeu sete Milh\u00f5es de suborno da PRIVINVEST 30 de Julho, 2024 Senten\u00e7a sobre D\u00edvidas N\u00e3o Declaradas: Mo\u00e7ambique vence processo judicial no tribunal de Londres Pol\u00edtica 12 de Julho, 2024 Elei\u00e7\u00f5es Gerais: CNE anuncia a 17 de Julho a aprova\u00e7\u00e3o das listas de candidaturas 11 de Julho, 2024 Mo\u00e7ambique e R\u00fassia refor\u00e7am a coopera\u00e7\u00e3o: A Comiss\u00e3o inter-governamental esteve reunida em Maputo 10 de Julho, 2024 Assembleia da Rep\u00fablica : Arrancou hoje a X sess\u00e3o ordin\u00e1ria da nona legislatura 27 de Junho, 2024 Visita de estado \u00e0 Z\u00e2mbia: Presidente da Rep\u00fablica deixou Maputo esta manh\u00e3 Educa\u00e7\u00e3o 31 de Janeiro, 2024 Abertura do ano lectivo : PR, Filipe Nyusi, dirigiu hoje no Dondo as cerim\u00f3nias centrais 25 de Janeiro, 2024 Arranque do ano lectivo : Movimento not\u00f3rio de procura de material escolar na cidade de Maputo 24 de Janeiro, 2024 Ano lectivo 2024 : MINEDH com d\u00e9fice de dez mil professores em todo o pa\u00eds 9 de Janeiro, 2024 Livro escolar pouco procurado em Maputo :Encarregados aguardam a indica\u00e7\u00e3o das editoras pelas escolas Sa\u00fade 13 de Junho, 2024 F\u00edstula Obst\u00e9trica: Doen\u00e7a afecta mais de duas mil mulheres em Mo\u00e7ambique 13 de Junho, 2024 F\u00edstula Obst\u00e9trica: Doen\u00e7a afecta mais de duas mil mulheres em Mo\u00e7ambique 11 de Junho, 2024 Institutos de Sa\u00fade de \u00c1frica:Mo\u00e7ambique vai liderar a equipa de refor\u00e7o e implanta\u00e7\u00e3o das institui\u00e7\u00f5es 7 de Junho, 2024 Quarenta anos de m\u00e9dicos sem fronteira: Ministro da sa\u00fade destaca o apoio humanit\u00e1rio da ONG no pa\u00eds Mundo 17 de Julho, 2024 Novo Governo da RSA: Ministro do Interior promete ac\u00e7\u00f5es contra a imigra\u00e7\u00e3o ilegal 16 de Julho, 2024 Novo Governo na RSA: Parlamento re\u00fane-se esta semana para tra\u00e7ar quadro pol\u00edtico 1 de Julho, 2024 Novo Governo na RSA: Presidente Cyril Ramaphosa anunciou a composi\u00e7\u00e3o do Executivo 24 de Junho, 2024 Parlamento Pan Africano: Mo\u00e7ambique participa na 3\u00aa sess\u00e3o que destaca a educa\u00e7\u00e3o como lema Siga-nos: Facebook Instagram Youtube<\/p>\n<br\/><div class='heateorSssClear'><\/div><div  class='heateor_sss_sharing_container heateor_sss_horizontal_sharing' data-heateor-sss-href='https:\/\/www.tvm.co.mz\/novosite\/2024\/08\/29\/cooperacao-sino-africana-china-acolhe-o-ix-forum-de-4-a-6-de-setembro\/'><div class='heateor_sss_sharing_title' style=\"font-weight:bold\" >Partilhe<\/div><div class=\"heateor_sss_sharing_ul\"><a aria-label=\"Facebook\" class=\"heateor_sss_facebook\" href=\"https:\/\/www.facebook.com\/sharer\/sharer.php?u=https%3A%2F%2Fwww.tvm.co.mz%2Fnovosite%2F2024%2F08%2F29%2Fcooperacao-sino-africana-china-acolhe-o-ix-forum-de-4-a-6-de-setembro%2F\" title=\"Facebook\" rel=\"nofollow noopener\" target=\"_blank\" style=\"font-size:32px!important;box-shadow:none;display:inline-block;vertical-align:middle\"><span class=\"heateor_sss_svg\" style=\"background-color:#0765FE;width:26px;height:26px;border-radius:999px;display:inline-block;opacity:1;float:left;font-size:32px;box-shadow:none;display:inline-block;font-size:16px;padding:0 4px;vertical-align:middle;background-repeat:repeat;overflow:hidden;padding:0;cursor:pointer;box-sizing:content-box\"><svg style=\"display:block;border-radius:999px;\" focusable=\"false\" aria-hidden=\"true\" xmlns=\"http:\/\/www.w3.org\/2000\/svg\" width=\"100%\" height=\"100%\" viewBox=\"0 0 32 32\"><path fill=\"#fff\" d=\"M28 16c0-6.627-5.373-12-12-12S4 9.373 4 16c0 5.628 3.875 10.35 9.101 11.647v-7.98h-2.474V16H13.1v-1.58c0-4.085 1.849-5.978 5.859-5.978.76 0 2.072.15 2.608.298v3.325c-.283-.03-.775-.045-1.386-.045-1.967 0-2.728.745-2.728 2.683V16h3.92l-.673 3.667h-3.247v8.245C23.395 27.195 28 22.135 28 16Z\"><\/path><\/svg><\/span><\/a><a aria-label=\"X\" class=\"heateor_sss_button_x\" href=\"https:\/\/twitter.com\/intent\/tweet?text=Coopera%C3%A7%C3%A3o%20Sino-Africana%3AChina%20acolhe%20o%20IX%20F%C3%B3rum%20de%204%20a%206%20de%20Setembro&url=https%3A%2F%2Fwww.tvm.co.mz%2Fnovosite%2F2024%2F08%2F29%2Fcooperacao-sino-africana-china-acolhe-o-ix-forum-de-4-a-6-de-setembro%2F\" title=\"X\" rel=\"nofollow noopener\" target=\"_blank\" style=\"font-size:32px!important;box-shadow:none;display:inline-block;vertical-align:middle\"><span class=\"heateor_sss_svg heateor_sss_s__default heateor_sss_s_x\" style=\"background-color:#2a2a2a;width:26px;height:26px;border-radius:999px;display:inline-block;opacity:1;float:left;font-size:32px;box-shadow:none;display:inline-block;font-size:16px;padding:0 4px;vertical-align:middle;background-repeat:repeat;overflow:hidden;padding:0;cursor:pointer;box-sizing:content-box\"><svg width=\"100%\" height=\"100%\" style=\"display:block;border-radius:999px;\" focusable=\"false\" aria-hidden=\"true\" xmlns=\"http:\/\/www.w3.org\/2000\/svg\" viewBox=\"0 0 32 32\"><path fill=\"#fff\" d=\"M21.751 7h3.067l-6.7 7.658L26 25.078h-6.172l-4.833-6.32-5.531 6.32h-3.07l7.167-8.19L6 7h6.328l4.37 5.777L21.75 7Zm-1.076 16.242h1.7L11.404 8.74H9.58l11.094 14.503Z\"><\/path><\/svg><\/span><\/a><a aria-label=\"Reddit\" class=\"heateor_sss_button_reddit\" href=\"https:\/\/reddit.com\/submit?url=https%3A%2F%2Fwww.tvm.co.mz%2Fnovosite%2F2024%2F08%2F29%2Fcooperacao-sino-africana-china-acolhe-o-ix-forum-de-4-a-6-de-setembro%2F&title=Coopera%C3%A7%C3%A3o%20Sino-Africana%3AChina%20acolhe%20o%20IX%20F%C3%B3rum%20de%204%20a%206%20de%20Setembro\" title=\"Reddit\" rel=\"nofollow noopener\" target=\"_blank\" style=\"font-size:32px!important;box-shadow:none;display:inline-block;vertical-align:middle\"><span class=\"heateor_sss_svg heateor_sss_s__default heateor_sss_s_reddit\" style=\"background-color:#ff5700;width:26px;height:26px;border-radius:999px;display:inline-block;opacity:1;float:left;font-size:32px;box-shadow:none;display:inline-block;font-size:16px;padding:0 4px;vertical-align:middle;background-repeat:repeat;overflow:hidden;padding:0;cursor:pointer;box-sizing:content-box\"><svg style=\"display:block;border-radius:999px;\" focusable=\"false\" aria-hidden=\"true\" xmlns=\"http:\/\/www.w3.org\/2000\/svg\" width=\"100%\" height=\"100%\" viewBox=\"-3.5 -3.5 39 39\"><path d=\"M28.543 15.774a2.953 2.953 0 0 0-2.951-2.949 2.882 2.882 0 0 0-1.9.713 14.075 14.075 0 0 0-6.85-2.044l1.38-4.349 3.768.884a2.452 2.452 0 1 0 .24-1.176l-4.274-1a.6.6 0 0 0-.709.4l-1.659 5.224a14.314 14.314 0 0 0-7.316 2.029 2.908 2.908 0 0 0-1.872-.681 2.942 2.942 0 0 0-1.618 5.4 5.109 5.109 0 0 0-.062.765c0 4.158 5.037 7.541 11.229 7.541s11.22-3.383 11.22-7.541a5.2 5.2 0 0 0-.053-.706 2.963 2.963 0 0 0 1.427-2.51zm-18.008 1.88a1.753 1.753 0 0 1 1.73-1.74 1.73 1.73 0 0 1 1.709 1.74 1.709 1.709 0 0 1-1.709 1.711 1.733 1.733 0 0 1-1.73-1.711zm9.565 4.968a5.573 5.573 0 0 1-4.081 1.272h-.032a5.576 5.576 0 0 1-4.087-1.272.6.6 0 0 1 .844-.854 4.5 4.5 0 0 0 3.238.927h.032a4.5 4.5 0 0 0 3.237-.927.6.6 0 1 1 .844.854zm-.331-3.256a1.726 1.726 0 1 1 1.709-1.712 1.717 1.717 0 0 1-1.712 1.712z\" fill=\"#fff\"\/><\/svg><\/span><\/a><a aria-label=\"Linkedin\" class=\"heateor_sss_button_linkedin\" href=\"https:\/\/www.linkedin.com\/sharing\/share-offsite\/?url=https%3A%2F%2Fwww.tvm.co.mz%2Fnovosite%2F2024%2F08%2F29%2Fcooperacao-sino-africana-china-acolhe-o-ix-forum-de-4-a-6-de-setembro%2F\" title=\"Linkedin\" rel=\"nofollow noopener\" target=\"_blank\" style=\"font-size:32px!important;box-shadow:none;display:inline-block;vertical-align:middle\"><span class=\"heateor_sss_svg heateor_sss_s__default heateor_sss_s_linkedin\" style=\"background-color:#0077b5;width:26px;height:26px;border-radius:999px;display:inline-block;opacity:1;float:left;font-size:32px;box-shadow:none;display:inline-block;font-size:16px;padding:0 4px;vertical-align:middle;background-repeat:repeat;overflow:hidden;padding:0;cursor:pointer;box-sizing:content-box\"><svg style=\"display:block;border-radius:999px;\" focusable=\"false\" aria-hidden=\"true\" xmlns=\"http:\/\/www.w3.org\/2000\/svg\" width=\"100%\" height=\"100%\" viewBox=\"0 0 32 32\"><path d=\"M6.227 12.61h4.19v13.48h-4.19V12.61zm2.095-6.7a2.43 2.43 0 0 1 0 4.86c-1.344 0-2.428-1.09-2.428-2.43s1.084-2.43 2.428-2.43m4.72 6.7h4.02v1.84h.058c.56-1.058 1.927-2.176 3.965-2.176 4.238 0 5.02 2.792 5.02 6.42v7.395h-4.183v-6.56c0-1.564-.03-3.574-2.178-3.574-2.18 0-2.514 1.7-2.514 3.46v6.668h-4.187V12.61z\" fill=\"#fff\"><\/path><\/svg><\/span><\/a><a aria-label=\"Pinterest\" class=\"heateor_sss_button_pinterest\" href=\"https:\/\/www.tvm.co.mz\/novosite\/2024\/08\/29\/cooperacao-sino-africana-china-acolhe-o-ix-forum-de-4-a-6-de-setembro\/\" onclick=\"event.preventDefault();javascript:void( (function() {var e=document.createElement('script' );e.setAttribute('type','text\/javascript' );e.setAttribute('charset','UTF-8' );e.setAttribute('src','\/\/assets.pinterest.com\/js\/pinmarklet.js?r='+Math.random()*99999999);document.body.appendChild(e)})());\" title=\"Pinterest\" rel=\"noopener\" style=\"font-size:32px!important;box-shadow:none;display:inline-block;vertical-align:middle\"><span class=\"heateor_sss_svg heateor_sss_s__default heateor_sss_s_pinterest\" style=\"background-color:#cc2329;width:26px;height:26px;border-radius:999px;display:inline-block;opacity:1;float:left;font-size:32px;box-shadow:none;display:inline-block;font-size:16px;padding:0 4px;vertical-align:middle;background-repeat:repeat;overflow:hidden;padding:0;cursor:pointer;box-sizing:content-box\"><svg style=\"display:block;border-radius:999px;\" focusable=\"false\" aria-hidden=\"true\" xmlns=\"http:\/\/www.w3.org\/2000\/svg\" width=\"100%\" height=\"100%\" viewBox=\"-2 -2 35 35\"><path fill=\"#fff\" d=\"M16.539 4.5c-6.277 0-9.442 4.5-9.442 8.253 0 2.272.86 4.293 2.705 5.046.303.125.574.005.662-.33.061-.231.205-.816.27-1.06.088-.331.053-.447-.191-.736-.532-.627-.873-1.439-.873-2.591 0-3.338 2.498-6.327 6.505-6.327 3.548 0 5.497 2.168 5.497 5.062 0 3.81-1.686 7.025-4.188 7.025-1.382 0-2.416-1.142-2.085-2.545.397-1.674 1.166-3.48 1.166-4.689 0-1.081-.581-1.983-1.782-1.983-1.413 0-2.548 1.462-2.548 3.419 0 1.247.421 2.091.421 2.091l-1.699 7.199c-.505 2.137-.076 4.755-.039 5.019.021.158.223.196.314.077.13-.17 1.813-2.247 2.384-4.324.162-.587.929-3.631.929-3.631.46.876 1.801 1.646 3.227 1.646 4.247 0 7.128-3.871 7.128-9.053.003-3.918-3.317-7.568-8.361-7.568z\"\/><\/svg><\/span><\/a><a aria-label=\"Mastodon\" class=\"heateor_sss_button_mastodon\" href=\"https:\/\/mastodon.social\/share?text=https%3A%2F%2Fwww.tvm.co.mz%2Fnovosite%2F2024%2F08%2F29%2Fcooperacao-sino-africana-china-acolhe-o-ix-forum-de-4-a-6-de-setembro%2F&title=Coopera%C3%A7%C3%A3o%20Sino-Africana%3AChina%20acolhe%20o%20IX%20F%C3%B3rum%20de%204%20a%206%20de%20Setembro\" title=\"Mastodon\" rel=\"nofollow noopener\" target=\"_blank\" style=\"font-size:32px!important;box-shadow:none;display:inline-block;vertical-align:middle\"><span class=\"heateor_sss_svg heateor_sss_s__default heateor_sss_s_mastodon\" style=\"background-color:#6364FF;width:26px;height:26px;border-radius:999px;display:inline-block;opacity:1;float:left;font-size:32px;box-shadow:none;display:inline-block;font-size:16px;padding:0 4px;vertical-align:middle;background-repeat:repeat;overflow:hidden;padding:0;cursor:pointer;box-sizing:content-box\"><svg style=\"display:block;border-radius:999px;\" focusable=\"false\" aria-hidden=\"true\" xmlns=\"http:\/\/www.w3.org\/2000\/svg\" width=\"100%\" height=\"100%\" viewBox=\"-3.5 -3.5 39 39\"><path d=\"M27 12c0-5.12-3.35-6.62-3.35-6.62C22 4.56 19.05 4.23 16 4.21c-3 0-5.92.35-7.61 1.12C8.36 5.33 5 6.83 5 12v4c.12 5 .92 9.93 5.54 11.16a17.67 17.67 0 005.44.6 10.88 10.88 0 004.18-.95l-.09-1.95a13.36 13.36 0 01-4.07.54c-2.12-.07-4.37-.23-4.71-2.84a5.58 5.58 0 01-.05-.73 27.46 27.46 0 004.73.63 26.76 26.76 0 004.68-.28c3-.35 5.53-2.17 5.85-3.83A39.25 39.25 0 0027 12zm-3.95 6.59h-2.46v-6c0-1.27-.53-1.91-1.6-1.91s-1.77.76-1.77 2.27v3.29h-2.44v-3.35c0-1.51-.59-2.27-1.77-2.27s-1.6.64-1.6 1.91v6H9v-6.18a4.49 4.49 0 011-3 3.39 3.39 0 012.63-1.12 3.17 3.17 0 012.84 1.44l.61 1 .61-1a3.17 3.17 0 012.84-1.44 3.39 3.39 0 012.63 1.12 4.49 4.49 0 011 3z\" fill=\"#fff\"><\/path><\/svg><\/span><\/a><a aria-label=\"Mix\" class=\"heateor_sss_button_mix\" href=\"https:\/\/mix.com\/mixit?url=https%3A%2F%2Fwww.tvm.co.mz%2Fnovosite%2F2024%2F08%2F29%2Fcooperacao-sino-africana-china-acolhe-o-ix-forum-de-4-a-6-de-setembro%2F\" title=\"Mix\" rel=\"nofollow noopener\" target=\"_blank\" style=\"font-size:32px!important;box-shadow:none;display:inline-block;vertical-align:middle\"><span class=\"heateor_sss_svg heateor_sss_s__default heateor_sss_s_mix\" style=\"background-color:#ff8226;width:26px;height:26px;border-radius:999px;display:inline-block;opacity:1;float:left;font-size:32px;box-shadow:none;display:inline-block;font-size:16px;padding:0 4px;vertical-align:middle;background-repeat:repeat;overflow:hidden;padding:0;cursor:pointer;box-sizing:content-box\"><svg focusable=\"false\" aria-hidden=\"true\" xmlns=\"http:\/\/www.w3.org\/2000\/svg\" width=\"100%\" height=\"100%\" viewBox=\"-7 -8 45 45\"><g fill=\"#fff\"><path opacity=\".8\" d=\"M27.87 4.125c-5.224 0-9.467 4.159-9.467 9.291v2.89c0-1.306 1.074-2.362 2.399-2.362s2.399 1.056 2.399 2.362v1.204c0 1.306 1.074 2.362 2.399 2.362s2.399-1.056 2.399-2.362V4.134c-.036-.009-.082-.009-.129-.009\"\/><path d=\"M4 4.125v12.94c2.566 0 4.668-1.973 4.807-4.465v-2.214c0-.065 0-.12.009-.176.093-1.213 1.13-2.177 2.39-2.177 1.325 0 2.399 1.056 2.399 2.362v9.226c0 1.306 1.074 2.353 2.399 2.353s2.399-1.056 2.399-2.353v-6.206c0-5.132 4.233-9.291 9.467-9.291H4z\"\/><path opacity=\".8\" d=\"M4 17.074v8.438c0 1.306 1.074 2.362 2.399 2.362s2.399-1.056 2.399-2.362V12.61C8.659 15.102 6.566 17.074 4 17.074\"\/><\/g><\/svg><\/span><\/a><a aria-label=\"Whatsapp\" class=\"heateor_sss_whatsapp\" href=\"https:\/\/api.whatsapp.com\/send?text=Coopera%C3%A7%C3%A3o%20Sino-Africana%3AChina%20acolhe%20o%20IX%20F%C3%B3rum%20de%204%20a%206%20de%20Setembro%20https%3A%2F%2Fwww.tvm.co.mz%2Fnovosite%2F2024%2F08%2F29%2Fcooperacao-sino-africana-china-acolhe-o-ix-forum-de-4-a-6-de-setembro%2F\" title=\"Whatsapp\" rel=\"nofollow noopener\" target=\"_blank\" style=\"font-size:32px!important;box-shadow:none;display:inline-block;vertical-align:middle\"><span class=\"heateor_sss_svg\" style=\"background-color:#55eb4c;width:26px;height:26px;border-radius:999px;display:inline-block;opacity:1;float:left;font-size:32px;box-shadow:none;display:inline-block;font-size:16px;padding:0 4px;vertical-align:middle;background-repeat:repeat;overflow:hidden;padding:0;cursor:pointer;box-sizing:content-box\"><svg style=\"display:block;border-radius:999px;\" focusable=\"false\" aria-hidden=\"true\" xmlns=\"http:\/\/www.w3.org\/2000\/svg\" width=\"100%\" height=\"100%\" viewBox=\"-6 -5 40 40\"><path class=\"heateor_sss_svg_stroke heateor_sss_no_fill\" stroke=\"#fff\" stroke-width=\"2\" fill=\"none\" d=\"M 11.579798566743314 24.396926207859085 A 10 10 0 1 0 6.808479557110079 20.73576436351046\"><\/path><path d=\"M 7 19 l -1 6 l 6 -1\" class=\"heateor_sss_no_fill heateor_sss_svg_stroke\" stroke=\"#fff\" stroke-width=\"2\" fill=\"none\"><\/path><path d=\"M 10 10 q -1 8 8 11 c 5 -1 0 -6 -1 -3 q -4 -3 -5 -5 c 4 -2 -1 -5 -1 -4\" fill=\"#fff\"><\/path><\/svg><\/span><\/a><a class=\"heateor_sss_more\" aria-label=\"More\" title=\"More\" rel=\"nofollow noopener\" style=\"font-size: 32px!important;border:0;box-shadow:none;display:inline-block!important;font-size:16px;padding:0 4px;vertical-align: middle;display:inline;\" href=\"https:\/\/www.tvm.co.mz\/novosite\/2024\/08\/29\/cooperacao-sino-africana-china-acolhe-o-ix-forum-de-4-a-6-de-setembro\/\" onclick=\"event.preventDefault()\"><span class=\"heateor_sss_svg\" style=\"background-color:#ee8e2d;width:26px;height:26px;border-radius:999px;display:inline-block!important;opacity:1;float:left;font-size:32px!important;box-shadow:none;display:inline-block;font-size:16px;padding:0 4px;vertical-align:middle;display:inline;background-repeat:repeat;overflow:hidden;padding:0;cursor:pointer;box-sizing:content-box;\" onclick=\"heateorSssMoreSharingPopup(this, 'https:\/\/www.tvm.co.mz\/novosite\/2024\/08\/29\/cooperacao-sino-africana-china-acolhe-o-ix-forum-de-4-a-6-de-setembro\/', 'Coopera%C3%A7%C3%A3o%20Sino-Africana%3AChina%20acolhe%20o%20IX%20F%C3%B3rum%20de%204%20a%206%20de%20Setembro', '' )\"><svg xmlns=\"http:\/\/www.w3.org\/2000\/svg\" xmlns:xlink=\"http:\/\/www.w3.org\/1999\/xlink\" viewBox=\"-.3 0 32 32\" version=\"1.1\" width=\"100%\" height=\"100%\" style=\"display:block;border-radius:999px;\" xml:space=\"preserve\"><g><path fill=\"#fff\" d=\"M18 14V8h-4v6H8v4h6v6h4v-6h6v-4h-6z\" fill-rule=\"evenodd\"><\/path><\/g><\/svg><\/span><\/a><\/div><div class=\"heateorSssClear\"><\/div><\/div><div class='heateorSssClear'><\/div>","protected":false},"author":1,"featured_media":0,"parent":0,"menu_order":0,"comment_status":"closed","ping_status":"closed","template":"","meta":{"site-sidebar-layout":"default","site-content-layout":"","ast-site-content-layout":"default","site-content-style":"default","site-sidebar-style":"default","ast-global-header-display":"","ast-banner-title-visibility":"","ast-main-header-display":"","ast-hfb-above-header-display":"","ast-hfb-below-header-display":"","ast-hfb-mobile-header-display":"","site-post-title":"","ast-breadcrumbs-content":"","ast-featured-img":"","footer-sml-layout":"","theme-transparent-header-meta":"","adv-header-id-meta":"","stick-header-meta":"","header-above-stick-meta":"","header-main-stick-meta":"","header-below-stick-meta":"","astra-migrate-meta-layouts":"default","ast-page-background-enabled":"default","ast-page-background-meta":{"desktop":{"background-color":"var(--ast-global-color-4)","background-image":"","background-repeat":"repeat","background-position":"center center","background-size":"auto","background-attachment":"scroll","background-type":"","background-media":"","overlay-type":"","overlay-color":"","overlay-opacity":"","overlay-gradient":""},"tablet":{"background-color":"","background-image":"","background-repeat":"repeat","background-position":"center center","background-size":"auto","background-attachment":"scroll","background-type":"","background-media":"","overlay-type":"","overlay-color":"","overlay-opacity":"","overlay-gradient":""},"mobile":{"background-color":"","background-image":"","background-repeat":"repeat","background-position":"center center","background-size":"auto","background-attachment":"scroll","background-type":"","background-media":"","overlay-type":"","overlay-color":"","overlay-opacity":"","overlay-gradient":""}},"ast-content-background-meta":{"desktop":{"background-color":"var(--ast-global-color-5)","background-image":"","background-repeat":"repeat","background-position":"center center","background-size":"auto","background-attachment":"scroll","background-type":"","background-media":"","overlay-type":"","overlay-color":"","overlay-opacity":"","overlay-gradient":""},"tablet":{"background-color":"var(--ast-global-color-5)","background-image":"","background-repeat":"repeat","background-position":"center center","background-size":"auto","background-attachment":"scroll","background-type":"","background-media":"","overlay-type":"","overlay-color":"","overlay-opacity":"","overlay-gradient":""},"mobile":{"background-color":"var(--ast-global-color-5)","background-image":"","background-repeat":"repeat","background-position":"center center","background-size":"auto","background-attachment":"scroll","background-type":"","background-media":"","overlay-type":"","overlay-color":"","overlay-opacity":"","overlay-gradient":""}},"footnotes":""},"class_list":["post-24930","page","type-page","status-publish","hentry"],"yoast_head":"<!-- This site is optimized with the Yoast SEO plugin v27.4 - https:\/\/yoast.com\/product\/yoast-seo-wordpress\/ -->\n<title>Not\u00edcias - TVM - Televis\u00e3o de Mo\u00e7ambique<\/title>\n<meta name=\"robots\" content=\"index, follow, max-snippet:-1, max-image-preview:large, max-video-preview:-1\" \/>\n<link rel=\"canonical\" href=\"https:\/\/www.tvm.co.mz\/novosite\/noticias\/\" \/>\n<meta property=\"og:locale\" content=\"pt_PT\" \/>\n<meta property=\"og:type\" content=\"article\" \/>\n<meta property=\"og:title\" content=\"Not\u00edcias - TVM - Televis\u00e3o de Mo\u00e7ambique\" \/>\n<meta property=\"og:description\" content=\"NOT\u00cdCIAS Nacional Economia Pol\u00edtica Educa\u00e7\u00e3o Sa\u00fade Mundo Humberger Toggle Menu 7 de Agosto, 2024 Economia Desenvolvimento da Economia Mo\u00e7ambicana: A contribui\u00e7\u00e3o da mulher \u00e9 pouco valorizada e menos vis\u00edvel Economia 6 de Agosto, 2024 Acusados de lesar o Estado em 82 Milh\u00f5es Mt : Gccc processou criminalmente funcion\u00e1rios da AT e um cidad\u00e3o sul-africano Economia 6 de Agosto, 2024 Caso das D\u00edvidas n\u00e3o Declaradas: Ser\u00e1 proferida hoje a senten\u00e7a de Manuel Chang detido nos EUA Artigos mais recentes Nacional Impacto do Fen\u00f3meno El Ni\u00f1o: Mais de 55 mil pessoas sob amea\u00e7a de fome em Inhambane 6 de Agosto, 2024 Nacional Explora\u00e7\u00e3o de grafite no Niassa: Empreendimento emprega 570 mo\u00e7ambicanos e 30 estrangeiros 29 de Julho, 2024 Nacional Serra da Gorongosa: Condi\u00e7\u00f5es agroecol\u00f3gicas favorecem a produ\u00e7\u00e3o de alimentos e de caf\u00e9 23 de Julho, 2024 Nacional Vaga de frio na \u00c1frica Austral: INAM diz que a Cidade de Maputo n\u00e3o vai ser afectada 11 de Julho, 2024 Nacional Acidente de via\u00e7\u00e3o na Matola Gare: Houve despiste e capotamento, tendo ocorrido sete \u00f3bitos e 4 feridos 8 de Julho, 2024 Nacional 11 de Julho, 2024 Vaga de frio na \u00c1frica Austral: INAM diz que a Cidade de Maputo n\u00e3o vai ser afectada 8 de Julho, 2024 Acidente de via\u00e7\u00e3o na Matola Gare: Houve despiste e capotamento, tendo ocorrido sete \u00f3bitos e 4 feridos 4 de Julho, 2024 Com\u00e9rcio informal na cidade de Maputo: Edilidade procura solu\u00e7\u00e3o definitiva para o problema 24 de Junho, 2024 Fuga ao Fisco: AT apreende duas mil caixas de cigarros Economia 6 de Agosto, 2024 Branqueamento e fuga de capitais: Empresas fict\u00edcias exportaram ilegalmente 800 milh\u00f5es de d\u00f3lares 1 de Agosto, 2024 Fraudes Electr\u00f3nicas Banc\u00e1rias : Durante o ano passado ocorreram cerca 40 mil burlas 1 de Agosto, 2024 D\u00edvidas N\u00e3o Declaradas: Manuel Chang recebeu sete Milh\u00f5es de suborno da PRIVINVEST 30 de Julho, 2024 Senten\u00e7a sobre D\u00edvidas N\u00e3o Declaradas: Mo\u00e7ambique vence processo judicial no tribunal de Londres Pol\u00edtica 12 de Julho, 2024 Elei\u00e7\u00f5es Gerais: CNE anuncia a 17 de Julho a aprova\u00e7\u00e3o das listas de candidaturas 11 de Julho, 2024 Mo\u00e7ambique e R\u00fassia refor\u00e7am a coopera\u00e7\u00e3o: A Comiss\u00e3o inter-governamental esteve reunida em Maputo 10 de Julho, 2024 Assembleia da Rep\u00fablica : Arrancou hoje a X sess\u00e3o ordin\u00e1ria da nona legislatura 27 de Junho, 2024 Visita de estado \u00e0 Z\u00e2mbia: Presidente da Rep\u00fablica deixou Maputo esta manh\u00e3 Educa\u00e7\u00e3o 31 de Janeiro, 2024 Abertura do ano lectivo : PR, Filipe Nyusi, dirigiu hoje no Dondo as cerim\u00f3nias centrais 25 de Janeiro, 2024 Arranque do ano lectivo : Movimento not\u00f3rio de procura de material escolar na cidade de Maputo 24 de Janeiro, 2024 Ano lectivo 2024 : MINEDH com d\u00e9fice de dez mil professores em todo o pa\u00eds 9 de Janeiro, 2024 Livro escolar pouco procurado em Maputo :Encarregados aguardam a indica\u00e7\u00e3o das editoras pelas escolas Sa\u00fade 13 de Junho, 2024 F\u00edstula Obst\u00e9trica: Doen\u00e7a afecta mais de duas mil mulheres em Mo\u00e7ambique 13 de Junho, 2024 F\u00edstula Obst\u00e9trica: Doen\u00e7a afecta mais de duas mil mulheres em Mo\u00e7ambique 11 de Junho, 2024 Institutos de Sa\u00fade de \u00c1frica:Mo\u00e7ambique vai liderar a equipa de refor\u00e7o e implanta\u00e7\u00e3o das institui\u00e7\u00f5es 7 de Junho, 2024 Quarenta anos de m\u00e9dicos sem fronteira: Ministro da sa\u00fade destaca o apoio humanit\u00e1rio da ONG no pa\u00eds Mundo 17 de Julho, 2024 Novo Governo da RSA: Ministro do Interior promete ac\u00e7\u00f5es contra a imigra\u00e7\u00e3o ilegal 16 de Julho, 2024 Novo Governo na RSA: Parlamento re\u00fane-se esta semana para tra\u00e7ar quadro pol\u00edtico 1 de Julho, 2024 Novo Governo na RSA: Presidente Cyril Ramaphosa anunciou a composi\u00e7\u00e3o do Executivo 24 de Junho, 2024 Parlamento Pan Africano: Mo\u00e7ambique participa na 3\u00aa sess\u00e3o que destaca a educa\u00e7\u00e3o como lema Siga-nos: Facebook Instagram Youtube\" \/>\n<meta property=\"og:url\" content=\"https:\/\/www.tvm.co.mz\/novosite\/noticias\/\" \/>\n<meta property=\"og:site_name\" content=\"TVM - Televis\u00e3o de Mo\u00e7ambique\" \/>\n<meta property=\"article:publisher\" content=\"https:\/\/www.facebook.com\/mocambique.tvm\/\" \/>\n<meta property=\"article:modified_time\" content=\"2024-08-13T13:14:36+00:00\" \/>\n<meta property=\"og:image\" content=\"https:\/\/www.tvm.co.mz\/novosite\/wp-content\/uploads\/2024\/08\/nbgvfcdxszqouertyjiopl.png\" \/>\n<meta name=\"twitter:card\" content=\"summary_large_image\" \/>\n<meta name=\"twitter:label1\" content=\"Tempo estimado de leitura\" \/>\n\t<meta name=\"twitter:data1\" content=\"11 minutos\" \/>\n<script type=\"application\/ld+json\" class=\"yoast-schema-graph\">{\"@context\":\"https:\\\/\\\/schema.org\",\"@graph\":[{\"@type\":\"WebPage\",\"@id\":\"https:\\\/\\\/www.tvm.co.mz\\\/novosite\\\/noticias\\\/\",\"url\":\"https:\\\/\\\/www.tvm.co.mz\\\/novosite\\\/noticias\\\/\",\"name\":\"Not\u00edcias - TVM - Televis\u00e3o de Mo\u00e7ambique\",\"isPartOf\":{\"@id\":\"https:\\\/\\\/www.tvm.co.mz\\\/novosite\\\/#website\"},\"primaryImageOfPage\":{\"@id\":\"https:\\\/\\\/www.tvm.co.mz\\\/novosite\\\/noticias\\\/#primaryimage\"},\"image\":{\"@id\":\"https:\\\/\\\/www.tvm.co.mz\\\/novosite\\\/noticias\\\/#primaryimage\"},\"thumbnailUrl\":\"https:\\\/\\\/www.tvm.co.mz\\\/novosite\\\/wp-content\\\/uploads\\\/2024\\\/08\\\/nbgvfcdxszqouertyjiopl.png\",\"datePublished\":\"2023-11-29T06:59:56+00:00\",\"dateModified\":\"2024-08-13T13:14:36+00:00\",\"breadcrumb\":{\"@id\":\"https:\\\/\\\/www.tvm.co.mz\\\/novosite\\\/noticias\\\/#breadcrumb\"},\"inLanguage\":\"pt-PT\",\"potentialAction\":[{\"@type\":\"ReadAction\",\"target\":[\"https:\\\/\\\/www.tvm.co.mz\\\/novosite\\\/noticias\\\/\"]}]},{\"@type\":\"ImageObject\",\"inLanguage\":\"pt-PT\",\"@id\":\"https:\\\/\\\/www.tvm.co.mz\\\/novosite\\\/noticias\\\/#primaryimage\",\"url\":\"https:\\\/\\\/www.tvm.co.mz\\\/novosite\\\/wp-content\\\/uploads\\\/2024\\\/08\\\/nbgvfcdxszqouertyjiopl.png\",\"contentUrl\":\"https:\\\/\\\/www.tvm.co.mz\\\/novosite\\\/wp-content\\\/uploads\\\/2024\\\/08\\\/nbgvfcdxszqouertyjiopl.png\",\"width\":850,\"height\":479,\"caption\":\"nbgvfcdxszqouertyjiopl.png\"},{\"@type\":\"BreadcrumbList\",\"@id\":\"https:\\\/\\\/www.tvm.co.mz\\\/novosite\\\/noticias\\\/#breadcrumb\",\"itemListElement\":[{\"@type\":\"ListItem\",\"position\":1,\"name\":\"In\u00edcio\",\"item\":\"https:\\\/\\\/www.tvm.co.mz\\\/novosite\\\/\"},{\"@type\":\"ListItem\",\"position\":2,\"name\":\"Not\u00edcias\"}]},{\"@type\":\"WebSite\",\"@id\":\"https:\\\/\\\/www.tvm.co.mz\\\/novosite\\\/#website\",\"url\":\"https:\\\/\\\/www.tvm.co.mz\\\/novosite\\\/\",\"name\":\"TVM\",\"description\":\"\",\"publisher\":{\"@id\":\"https:\\\/\\\/www.tvm.co.mz\\\/novosite\\\/#organization\"},\"potentialAction\":[{\"@type\":\"SearchAction\",\"target\":{\"@type\":\"EntryPoint\",\"urlTemplate\":\"https:\\\/\\\/www.tvm.co.mz\\\/novosite\\\/?s={search_term_string}\"},\"query-input\":{\"@type\":\"PropertyValueSpecification\",\"valueRequired\":true,\"valueName\":\"search_term_string\"}}],\"inLanguage\":\"pt-PT\"},{\"@type\":\"Organization\",\"@id\":\"https:\\\/\\\/www.tvm.co.mz\\\/novosite\\\/#organization\",\"name\":\"Televis\u00e3o de Mo\u00e7ambique\",\"url\":\"https:\\\/\\\/www.tvm.co.mz\\\/novosite\\\/\",\"logo\":{\"@type\":\"ImageObject\",\"inLanguage\":\"pt-PT\",\"@id\":\"https:\\\/\\\/www.tvm.co.mz\\\/novosite\\\/#\\\/schema\\\/logo\\\/image\\\/\",\"url\":\"\",\"contentUrl\":\"\",\"caption\":\"Televis\u00e3o de Mo\u00e7ambique\"},\"image\":{\"@id\":\"https:\\\/\\\/www.tvm.co.mz\\\/novosite\\\/#\\\/schema\\\/logo\\\/image\\\/\"},\"sameAs\":[\"https:\\\/\\\/www.facebook.com\\\/mocambique.tvm\\\/\",\"https:\\\/\\\/www.instagram.com\\\/tvm.mocambique\\\/\",\"https:\\\/\\\/www.youtube.com\\\/channel\\\/UCfRoEW08udEmsPSIt_YDK_w\"]}]}<\/script>\n<!-- \/ Yoast SEO plugin. -->","yoast_head_json":{"title":"Not\u00edcias - TVM - Televis\u00e3o de Mo\u00e7ambique","robots":{"index":"index","follow":"follow","max-snippet":"max-snippet:-1","max-image-preview":"max-image-preview:large","max-video-preview":"max-video-preview:-1"},"canonical":"https:\/\/www.tvm.co.mz\/novosite\/noticias\/","og_locale":"pt_PT","og_type":"article","og_title":"Not\u00edcias - TVM - Televis\u00e3o de Mo\u00e7ambique","og_description":"NOT\u00cdCIAS Nacional Economia Pol\u00edtica Educa\u00e7\u00e3o Sa\u00fade Mundo Humberger Toggle Menu 7 de Agosto, 2024 Economia Desenvolvimento da Economia Mo\u00e7ambicana: A contribui\u00e7\u00e3o da mulher \u00e9 pouco valorizada e menos vis\u00edvel Economia 6 de Agosto, 2024 Acusados de lesar o Estado em 82 Milh\u00f5es Mt : Gccc processou criminalmente funcion\u00e1rios da AT e um cidad\u00e3o sul-africano Economia 6 de Agosto, 2024 Caso das D\u00edvidas n\u00e3o Declaradas: Ser\u00e1 proferida hoje a senten\u00e7a de Manuel Chang detido nos EUA Artigos mais recentes Nacional Impacto do Fen\u00f3meno El Ni\u00f1o: Mais de 55 mil pessoas sob amea\u00e7a de fome em Inhambane 6 de Agosto, 2024 Nacional Explora\u00e7\u00e3o de grafite no Niassa: Empreendimento emprega 570 mo\u00e7ambicanos e 30 estrangeiros 29 de Julho, 2024 Nacional Serra da Gorongosa: Condi\u00e7\u00f5es agroecol\u00f3gicas favorecem a produ\u00e7\u00e3o de alimentos e de caf\u00e9 23 de Julho, 2024 Nacional Vaga de frio na \u00c1frica Austral: INAM diz que a Cidade de Maputo n\u00e3o vai ser afectada 11 de Julho, 2024 Nacional Acidente de via\u00e7\u00e3o na Matola Gare: Houve despiste e capotamento, tendo ocorrido sete \u00f3bitos e 4 feridos 8 de Julho, 2024 Nacional 11 de Julho, 2024 Vaga de frio na \u00c1frica Austral: INAM diz que a Cidade de Maputo n\u00e3o vai ser afectada 8 de Julho, 2024 Acidente de via\u00e7\u00e3o na Matola Gare: Houve despiste e capotamento, tendo ocorrido sete \u00f3bitos e 4 feridos 4 de Julho, 2024 Com\u00e9rcio informal na cidade de Maputo: Edilidade procura solu\u00e7\u00e3o definitiva para o problema 24 de Junho, 2024 Fuga ao Fisco: AT apreende duas mil caixas de cigarros Economia 6 de Agosto, 2024 Branqueamento e fuga de capitais: Empresas fict\u00edcias exportaram ilegalmente 800 milh\u00f5es de d\u00f3lares 1 de Agosto, 2024 Fraudes Electr\u00f3nicas Banc\u00e1rias : Durante o ano passado ocorreram cerca 40 mil burlas 1 de Agosto, 2024 D\u00edvidas N\u00e3o Declaradas: Manuel Chang recebeu sete Milh\u00f5es de suborno da PRIVINVEST 30 de Julho, 2024 Senten\u00e7a sobre D\u00edvidas N\u00e3o Declaradas: Mo\u00e7ambique vence processo judicial no tribunal de Londres Pol\u00edtica 12 de Julho, 2024 Elei\u00e7\u00f5es Gerais: CNE anuncia a 17 de Julho a aprova\u00e7\u00e3o das listas de candidaturas 11 de Julho, 2024 Mo\u00e7ambique e R\u00fassia refor\u00e7am a coopera\u00e7\u00e3o: A Comiss\u00e3o inter-governamental esteve reunida em Maputo 10 de Julho, 2024 Assembleia da Rep\u00fablica : Arrancou hoje a X sess\u00e3o ordin\u00e1ria da nona legislatura 27 de Junho, 2024 Visita de estado \u00e0 Z\u00e2mbia: Presidente da Rep\u00fablica deixou Maputo esta manh\u00e3 Educa\u00e7\u00e3o 31 de Janeiro, 2024 Abertura do ano lectivo : PR, Filipe Nyusi, dirigiu hoje no Dondo as cerim\u00f3nias centrais 25 de Janeiro, 2024 Arranque do ano lectivo : Movimento not\u00f3rio de procura de material escolar na cidade de Maputo 24 de Janeiro, 2024 Ano lectivo 2024 : MINEDH com d\u00e9fice de dez mil professores em todo o pa\u00eds 9 de Janeiro, 2024 Livro escolar pouco procurado em Maputo :Encarregados aguardam a indica\u00e7\u00e3o das editoras pelas escolas Sa\u00fade 13 de Junho, 2024 F\u00edstula Obst\u00e9trica: Doen\u00e7a afecta mais de duas mil mulheres em Mo\u00e7ambique 13 de Junho, 2024 F\u00edstula Obst\u00e9trica: Doen\u00e7a afecta mais de duas mil mulheres em Mo\u00e7ambique 11 de Junho, 2024 Institutos de Sa\u00fade de \u00c1frica:Mo\u00e7ambique vai liderar a equipa de refor\u00e7o e implanta\u00e7\u00e3o das institui\u00e7\u00f5es 7 de Junho, 2024 Quarenta anos de m\u00e9dicos sem fronteira: Ministro da sa\u00fade destaca o apoio humanit\u00e1rio da ONG no pa\u00eds Mundo 17 de Julho, 2024 Novo Governo da RSA: Ministro do Interior promete ac\u00e7\u00f5es contra a imigra\u00e7\u00e3o ilegal 16 de Julho, 2024 Novo Governo na RSA: Parlamento re\u00fane-se esta semana para tra\u00e7ar quadro pol\u00edtico 1 de Julho, 2024 Novo Governo na RSA: Presidente Cyril Ramaphosa anunciou a composi\u00e7\u00e3o do Executivo 24 de Junho, 2024 Parlamento Pan Africano: Mo\u00e7ambique participa na 3\u00aa sess\u00e3o que destaca a educa\u00e7\u00e3o como lema Siga-nos: Facebook Instagram Youtube","og_url":"https:\/\/www.tvm.co.mz\/novosite\/noticias\/","og_site_name":"TVM - Televis\u00e3o de Mo\u00e7ambique","article_publisher":"https:\/\/www.facebook.com\/mocambique.tvm\/","article_modified_time":"2024-08-13T13:14:36+00:00","og_image":[{"url":"https:\/\/www.tvm.co.mz\/novosite\/wp-content\/uploads\/2024\/08\/nbgvfcdxszqouertyjiopl.png","type":"","width":"","height":""}],"twitter_card":"summary_large_image","twitter_misc":{"Tempo estimado de leitura":"11 minutos"},"schema":{"@context":"https:\/\/schema.org","@graph":[{"@type":"WebPage","@id":"https:\/\/www.tvm.co.mz\/novosite\/noticias\/","url":"https:\/\/www.tvm.co.mz\/novosite\/noticias\/","name":"Not\u00edcias - TVM - Televis\u00e3o de Mo\u00e7ambique","isPartOf":{"@id":"https:\/\/www.tvm.co.mz\/novosite\/#website"},"primaryImageOfPage":{"@id":"https:\/\/www.tvm.co.mz\/novosite\/noticias\/#primaryimage"},"image":{"@id":"https:\/\/www.tvm.co.mz\/novosite\/noticias\/#primaryimage"},"thumbnailUrl":"https:\/\/www.tvm.co.mz\/novosite\/wp-content\/uploads\/2024\/08\/nbgvfcdxszqouertyjiopl.png","datePublished":"2023-11-29T06:59:56+00:00","dateModified":"2024-08-13T13:14:36+00:00","breadcrumb":{"@id":"https:\/\/www.tvm.co.mz\/novosite\/noticias\/#breadcrumb"},"inLanguage":"pt-PT","potentialAction":[{"@type":"ReadAction","target":["https:\/\/www.tvm.co.mz\/novosite\/noticias\/"]}]},{"@type":"ImageObject","inLanguage":"pt-PT","@id":"https:\/\/www.tvm.co.mz\/novosite\/noticias\/#primaryimage","url":"https:\/\/www.tvm.co.mz\/novosite\/wp-content\/uploads\/2024\/08\/nbgvfcdxszqouertyjiopl.png","contentUrl":"https:\/\/www.tvm.co.mz\/novosite\/wp-content\/uploads\/2024\/08\/nbgvfcdxszqouertyjiopl.png","width":850,"height":479,"caption":"nbgvfcdxszqouertyjiopl.png"},{"@type":"BreadcrumbList","@id":"https:\/\/www.tvm.co.mz\/novosite\/noticias\/#breadcrumb","itemListElement":[{"@type":"ListItem","position":1,"name":"In\u00edcio","item":"https:\/\/www.tvm.co.mz\/novosite\/"},{"@type":"ListItem","position":2,"name":"Not\u00edcias"}]},{"@type":"WebSite","@id":"https:\/\/www.tvm.co.mz\/novosite\/#website","url":"https:\/\/www.tvm.co.mz\/novosite\/","name":"TVM","description":"","publisher":{"@id":"https:\/\/www.tvm.co.mz\/novosite\/#organization"},"potentialAction":[{"@type":"SearchAction","target":{"@type":"EntryPoint","urlTemplate":"https:\/\/www.tvm.co.mz\/novosite\/?s={search_term_string}"},"query-input":{"@type":"PropertyValueSpecification","valueRequired":true,"valueName":"search_term_string"}}],"inLanguage":"pt-PT"},{"@type":"Organization","@id":"https:\/\/www.tvm.co.mz\/novosite\/#organization","name":"Televis\u00e3o de Mo\u00e7ambique","url":"https:\/\/www.tvm.co.mz\/novosite\/","logo":{"@type":"ImageObject","inLanguage":"pt-PT","@id":"https:\/\/www.tvm.co.mz\/novosite\/#\/schema\/logo\/image\/","url":"","contentUrl":"","caption":"Televis\u00e3o de Mo\u00e7ambique"},"image":{"@id":"https:\/\/www.tvm.co.mz\/novosite\/#\/schema\/logo\/image\/"},"sameAs":["https:\/\/www.facebook.com\/mocambique.tvm\/","https:\/\/www.instagram.com\/tvm.mocambique\/","https:\/\/www.youtube.com\/channel\/UCfRoEW08udEmsPSIt_YDK_w"]}]}},"_links":{"self":[{"href":"https:\/\/www.tvm.co.mz\/novosite\/wp-json\/wp\/v2\/pages\/24930","targetHints":{"allow":["GET"]}}],"collection":[{"href":"https:\/\/www.tvm.co.mz\/novosite\/wp-json\/wp\/v2\/pages"}],"about":[{"href":"https:\/\/www.tvm.co.mz\/novosite\/wp-json\/wp\/v2\/types\/page"}],"author":[{"embeddable":true,"href":"https:\/\/www.tvm.co.mz\/novosite\/wp-json\/wp\/v2\/users\/1"}],"replies":[{"embeddable":true,"href":"https:\/\/www.tvm.co.mz\/novosite\/wp-json\/wp\/v2\/comments?post=24930"}],"version-history":[{"count":5,"href":"https:\/\/www.tvm.co.mz\/novosite\/wp-json\/wp\/v2\/pages\/24930\/revisions"}],"predecessor-version":[{"id":26207,"href":"https:\/\/www.tvm.co.mz\/novosite\/wp-json\/wp\/v2\/pages\/24930\/revisions\/26207"}],"wp:attachment":[{"href":"https:\/\/www.tvm.co.mz\/novosite\/wp-json\/wp\/v2\/media?parent=24930"}],"curies":[{"name":"wp","href":"https:\/\/api.w.org\/{rel}","templated":true}]}}