{"version":"1.0","provider_name":"TVM - Televis\u00e3o de Mo\u00e7ambique","provider_url":"https:\/\/www.tvm.co.mz\/novosite","author_name":"Vinodia Janete","author_url":"https:\/\/www.tvm.co.mz\/novosite\/author\/vjanete\/","title":"Capital do pa\u00eds retorna gradualmente \u00e0 normalidade - TVM - Televis\u00e3o de Mo\u00e7ambique","type":"rich","width":600,"height":338,"html":"<blockquote class=\"wp-embedded-content\" data-secret=\"pO1Vcl0ki1\"><a href=\"https:\/\/www.tvm.co.mz\/novosite\/2024\/12\/27\/capital-do-pais-retorna-gradualmente-a-normalidade\/\">Capital do pa\u00eds retorna gradualmente \u00e0 normalidade<\/a><\/blockquote><iframe sandbox=\"allow-scripts\" security=\"restricted\" src=\"https:\/\/www.tvm.co.mz\/novosite\/2024\/12\/27\/capital-do-pais-retorna-gradualmente-a-normalidade\/embed\/#?secret=pO1Vcl0ki1\" width=\"600\" height=\"338\" title=\"&#8220;Capital do pa\u00eds retorna gradualmente \u00e0 normalidade&#8221; &#8212; TVM - Televis\u00e3o de Mo\u00e7ambique\" data-secret=\"pO1Vcl0ki1\" frameborder=\"0\" marginwidth=\"0\" marginheight=\"0\" scrolling=\"no\" class=\"wp-embedded-content\"><\/iframe><script>\n\/*! This file is auto-generated *\/\n!function(d,l){\"use strict\";l.querySelector&&d.addEventListener&&\"undefined\"!=typeof URL&&(d.wp=d.wp||{},d.wp.receiveEmbedMessage||(d.wp.receiveEmbedMessage=function(e){var t=e.data;if((t||t.secret||t.message||t.value)&&!\/[^a-zA-Z0-9]\/.test(t.secret)){for(var s,r,n,a=l.querySelectorAll('iframe[data-secret=\"'+t.secret+'\"]'),o=l.querySelectorAll('blockquote[data-secret=\"'+t.secret+'\"]'),c=new RegExp(\"^https?:$\",\"i\"),i=0;i<o.length;i++)o[i].style.display=\"none\";for(i=0;i<a.length;i++)s=a[i],e.source===s.contentWindow&&(s.removeAttribute(\"style\"),\"height\"===t.message?(1e3<(r=parseInt(t.value,10))?r=1e3:~~r<200&&(r=200),s.height=r):\"link\"===t.message&&(r=new URL(s.getAttribute(\"src\")),n=new URL(t.value),c.test(n.protocol))&&n.host===r.host&&l.activeElement===s&&(d.top.location.href=t.value))}},d.addEventListener(\"message\",d.wp.receiveEmbedMessage,!1),l.addEventListener(\"DOMContentLoaded\",function(){for(var e,t,s=l.querySelectorAll(\"iframe.wp-embedded-content\"),r=0;r<s.length;r++)(t=(e=s[r]).getAttribute(\"data-secret\"))||(t=Math.random().toString(36).substring(2,12),e.src+=\"#?secret=\"+t,e.setAttribute(\"data-secret\",t)),e.contentWindow.postMessage({message:\"ready\",secret:t},\"*\")},!1)))}(window,document);\n\/\/# sourceURL=https:\/\/www.tvm.co.mz\/novosite\/wp-includes\/js\/wp-embed.min.js\n<\/script>\n","thumbnail_url":"https:\/\/www.tvm.co.mz\/novosite\/wp-content\/uploads\/2024\/12\/Screenshot_2024-12-27_at_10.17.58.jpg","thumbnail_width":830,"thumbnail_height":544,"description":"&nbsp;&nbsp; Em alguns bairros perif\u00e9ricos da Cidade e Prov\u00edncia de Maputo o com\u00e9rcio informal abriu, ainda que de forma t\u00edmida e v\u00e1rios moradores uniram-se para jornadas de limpeza e remo\u00e7\u00e3o de barricadas. Ao fim da tarde desta quinta-feira o transporte semi-colectivo de passageiros tamb\u00e9m come\u00e7ou a circular mas ainda h\u00e1 focos de tumultos em v\u00e1rios bairros, incluindo na zona verde, onde uma ambul\u00e2ncia foi incendiada. No chamado Cruzamento de Txivene, ao longo da EN1, no Bairro de Kumbeza, at\u00e9 por volta das 15 horas, alguns jovens tinham colocado barricadas e a cobrar a taxa das chamadas portagens. Mas logo depois um outro grupo decidiu remover os obst\u00e1culos e permitir a passagem de viaturas. No per\u00edodo da tarde os transportes&nbsp; semi-colectivos de passageiros come\u00e7aram a circular ainda que de forma t\u00edmida. No Bairro do Albazine e no Zimpeto o com\u00e9rcio informal tamb\u00e9m come\u00e7ou a ocupar o seu habitual espa\u00e7o e as vendedeiras dizem n\u00e3o dar mais para ficar em casa. Na Circular de Maputo e na EN1 a transitabilidade n\u00e3o estava mais condicionada e o n\u00famero de viaturas na via come\u00e7ava a aumentar. Mas nem todos bairros decidiram abra\u00e7ar a paz. Numa ac\u00e7\u00e3o que contraria todos os apelos, esta ambul\u00e2ncia foi incendiada no Bairro da Zona Verde. [iframe width=&#8221;560&#8243; height=&#8221;315&#8243; src=&#8221;https:\/\/www.youtube.com\/embed\/74ZRsMfGPG4?si=VNicDh4fl8U5s8k5&#8243; title=&#8221;YouTube video player&#8221; frameborder=&#8221;0&#8243; allow=&#8221;accelerometer; autoplay; clipboard-write; encrypted-media; gyroscope; picture-in-picture; web-share&#8221; referrerpolicy=&#8221;strict-origin-when-cross-origin&#8221; allowfullscreen ]"}