{"version":"1.0","provider_name":"TVM - Televis\u00e3o de Mo\u00e7ambique","provider_url":"https:\/\/www.tvm.co.mz\/novosite","author_name":"Vinodia Janete","author_url":"https:\/\/www.tvm.co.mz\/novosite\/author\/vjanete\/","title":"Nampula clama por semente certificada de algod\u00e3o - TVM - Televis\u00e3o de Mo\u00e7ambique","type":"rich","width":600,"height":338,"html":"<blockquote class=\"wp-embedded-content\" data-secret=\"BPwUopoqnS\"><a href=\"https:\/\/www.tvm.co.mz\/novosite\/2023\/10\/30\/nampula-clama-por-semente-certificada-de-algodao\/\">Nampula clama por semente certificada de algod\u00e3o<\/a><\/blockquote><iframe sandbox=\"allow-scripts\" security=\"restricted\" src=\"https:\/\/www.tvm.co.mz\/novosite\/2023\/10\/30\/nampula-clama-por-semente-certificada-de-algodao\/embed\/#?secret=BPwUopoqnS\" width=\"600\" height=\"338\" title=\"&#8220;Nampula clama por semente certificada de algod\u00e3o&#8221; &#8212; TVM - Televis\u00e3o de Mo\u00e7ambique\" data-secret=\"BPwUopoqnS\" frameborder=\"0\" marginwidth=\"0\" marginheight=\"0\" scrolling=\"no\" class=\"wp-embedded-content\"><\/iframe><script>\n\/*! This file is auto-generated *\/\n!function(d,l){\"use strict\";l.querySelector&&d.addEventListener&&\"undefined\"!=typeof URL&&(d.wp=d.wp||{},d.wp.receiveEmbedMessage||(d.wp.receiveEmbedMessage=function(e){var t=e.data;if((t||t.secret||t.message||t.value)&&!\/[^a-zA-Z0-9]\/.test(t.secret)){for(var s,r,n,a=l.querySelectorAll('iframe[data-secret=\"'+t.secret+'\"]'),o=l.querySelectorAll('blockquote[data-secret=\"'+t.secret+'\"]'),c=new RegExp(\"^https?:$\",\"i\"),i=0;i<o.length;i++)o[i].style.display=\"none\";for(i=0;i<a.length;i++)s=a[i],e.source===s.contentWindow&&(s.removeAttribute(\"style\"),\"height\"===t.message?(1e3<(r=parseInt(t.value,10))?r=1e3:~~r<200&&(r=200),s.height=r):\"link\"===t.message&&(r=new URL(s.getAttribute(\"src\")),n=new URL(t.value),c.test(n.protocol))&&n.host===r.host&&l.activeElement===s&&(d.top.location.href=t.value))}},d.addEventListener(\"message\",d.wp.receiveEmbedMessage,!1),l.addEventListener(\"DOMContentLoaded\",function(){for(var e,t,s=l.querySelectorAll(\"iframe.wp-embedded-content\"),r=0;r<s.length;r++)(t=(e=s[r]).getAttribute(\"data-secret\"))||(t=Math.random().toString(36).substring(2,12),e.src+=\"#?secret=\"+t,e.setAttribute(\"data-secret\",t)),e.contentWindow.postMessage({message:\"ready\",secret:t},\"*\")},!1)))}(window,document);\n\/\/# sourceURL=https:\/\/www.tvm.co.mz\/novosite\/wp-includes\/js\/wp-embed.min.js\n<\/script>\n","thumbnail_url":"https:\/\/www.tvm.co.mz\/novosite\/wp-content\/uploads\/2023\/10\/kmjnhbgpo.png","thumbnail_width":850,"thumbnail_height":479,"description":"Produtores de algod\u00e3o, em Nampula, dizem que a falta de semente certificada e insumos agr\u00edcolas s\u00e3o as principais dificuldades que enfrentam na produ\u00e7\u00e3o do chamado ouro branco. Esta preocupa\u00e7\u00e3o dos agricultores \u00e9 levantada numa altura em que os diversos intervenientes da cadeia de valor do algod\u00e3o querem que Mo\u00e7ambique esteja na lista dos maiores produtores desta cultura de rendimento, em \u00c1frica. [iframe width=&#8221;560&#8243; height=&#8221;315&#8243; src=&#8221;https:\/\/www.youtube.com\/embed\/4zfpjwueMio?si=3p8Gh-o9FUdQI_iS&#8221; title=&#8221;YouTube video player&#8221; frameborder=&#8221;0&#8243; allow=&#8221;accelerometer; autoplay; clipboard-write; encrypted-media; gyroscope; picture-in-picture; web-share&#8221; allowfullscreen ]"}