{"version":"1.0","provider_name":"TVM - Televis\u00e3o de Mo\u00e7ambique","provider_url":"https:\/\/www.tvm.co.mz\/novosite","author_name":"TVM","author_url":"https:\/\/www.tvm.co.mz\/novosite\/author\/tvm\/","title":"Ossufo Momade: Hoje \u00e9 dia de festa - TVM - Televis\u00e3o de Mo\u00e7ambique","type":"rich","width":600,"height":338,"html":"<blockquote class=\"wp-embedded-content\" data-secret=\"9AYoaSqSHQ\"><a href=\"https:\/\/www.tvm.co.mz\/novosite\/2023\/10\/11\/ossufo-momade-hoje-e-dia-de-festa\/\">Ossufo Momade: Hoje \u00e9 dia de festa<\/a><\/blockquote><iframe sandbox=\"allow-scripts\" security=\"restricted\" src=\"https:\/\/www.tvm.co.mz\/novosite\/2023\/10\/11\/ossufo-momade-hoje-e-dia-de-festa\/embed\/#?secret=9AYoaSqSHQ\" width=\"600\" height=\"338\" title=\"&#8220;Ossufo Momade: Hoje \u00e9 dia de festa&#8221; &#8212; TVM - Televis\u00e3o de Mo\u00e7ambique\" data-secret=\"9AYoaSqSHQ\" frameborder=\"0\" marginwidth=\"0\" marginheight=\"0\" scrolling=\"no\" class=\"wp-embedded-content\"><\/iframe><script>\n\/*! This file is auto-generated *\/\n!function(d,l){\"use strict\";l.querySelector&&d.addEventListener&&\"undefined\"!=typeof URL&&(d.wp=d.wp||{},d.wp.receiveEmbedMessage||(d.wp.receiveEmbedMessage=function(e){var t=e.data;if((t||t.secret||t.message||t.value)&&!\/[^a-zA-Z0-9]\/.test(t.secret)){for(var s,r,n,a=l.querySelectorAll('iframe[data-secret=\"'+t.secret+'\"]'),o=l.querySelectorAll('blockquote[data-secret=\"'+t.secret+'\"]'),c=new RegExp(\"^https?:$\",\"i\"),i=0;i<o.length;i++)o[i].style.display=\"none\";for(i=0;i<a.length;i++)s=a[i],e.source===s.contentWindow&&(s.removeAttribute(\"style\"),\"height\"===t.message?(1e3<(r=parseInt(t.value,10))?r=1e3:~~r<200&&(r=200),s.height=r):\"link\"===t.message&&(r=new URL(s.getAttribute(\"src\")),n=new URL(t.value),c.test(n.protocol))&&n.host===r.host&&l.activeElement===s&&(d.top.location.href=t.value))}},d.addEventListener(\"message\",d.wp.receiveEmbedMessage,!1),l.addEventListener(\"DOMContentLoaded\",function(){for(var e,t,s=l.querySelectorAll(\"iframe.wp-embedded-content\"),r=0;r<s.length;r++)(t=(e=s[r]).getAttribute(\"data-secret\"))||(t=Math.random().toString(36).substring(2,12),e.src+=\"#?secret=\"+t,e.setAttribute(\"data-secret\",t)),e.contentWindow.postMessage({message:\"ready\",secret:t},\"*\")},!1)))}(window,document);\n\/\/# sourceURL=https:\/\/www.tvm.co.mz\/novosite\/wp-includes\/js\/wp-embed.min.js\n<\/script>\n","thumbnail_url":"https:\/\/www.tvm.co.mz\/novosite\/wp-content\/uploads\/2023\/10\/VTossufo-momade.jpg","thumbnail_width":900,"thumbnail_height":600,"description":"O Presidente da RENAMO, Ossufo Momade, apelou \u00e0 Pol\u00edcia da Rep\u00fablica de Mo\u00e7ambique (PRM) a cumprir a lei durante as sextas elei\u00e7\u00f5es aut\u00e1rquicas, que decorrem nas 65 autarquias do pa\u00eds. \u201cExortar a todos eleitores das 65 autarquias para votarem com a consci\u00eancia no lugar, hoje \u00e9 dia de festa e n\u00e3o \u00e9 dia de guerra. Queremos elei\u00e7\u00f5es livres, justas e transparentes. Apelar \u00e0 PRM que cumpra a lei, n\u00e3o queremos excessos, queremos que os cidad\u00e3os exer\u00e7am o seu direito c\u00edvico sem ser amea\u00e7ado e intimidados\u201d, disse Ossufo Momad, ap\u00f3s exercer o seu direito de voto. Fonte\/ Jornal Not\u00edcias :https:\/\/jornalnoticias.co.mz\/politica\/ossufo-momade-hoje-e-dia-de-festa\/"}