{"version":"1.0","provider_name":"TVM - Televis\u00e3o de Mo\u00e7ambique","provider_url":"https:\/\/www.tvm.co.mz\/novosite","author_name":"Vinodia Janete","author_url":"https:\/\/www.tvm.co.mz\/novosite\/author\/vjanete\/","title":"Joaquim Chissano apela \u00e0 calma e serenidade - TVM - Televis\u00e3o de Mo\u00e7ambique","type":"rich","width":600,"height":338,"html":"<blockquote class=\"wp-embedded-content\" data-secret=\"twqPMt1d0j\"><a href=\"https:\/\/www.tvm.co.mz\/novosite\/2023\/10\/11\/joaquim-chissano-apela-a-calma-e-serenidade\/\">Joaquim Chissano apela \u00e0 calma e serenidade<\/a><\/blockquote><iframe sandbox=\"allow-scripts\" security=\"restricted\" src=\"https:\/\/www.tvm.co.mz\/novosite\/2023\/10\/11\/joaquim-chissano-apela-a-calma-e-serenidade\/embed\/#?secret=twqPMt1d0j\" width=\"600\" height=\"338\" title=\"&#8220;Joaquim Chissano apela \u00e0 calma e serenidade&#8221; &#8212; TVM - Televis\u00e3o de Mo\u00e7ambique\" data-secret=\"twqPMt1d0j\" frameborder=\"0\" marginwidth=\"0\" marginheight=\"0\" scrolling=\"no\" class=\"wp-embedded-content\"><\/iframe><script>\n\/*! This file is auto-generated *\/\n!function(d,l){\"use strict\";l.querySelector&&d.addEventListener&&\"undefined\"!=typeof URL&&(d.wp=d.wp||{},d.wp.receiveEmbedMessage||(d.wp.receiveEmbedMessage=function(e){var t=e.data;if((t||t.secret||t.message||t.value)&&!\/[^a-zA-Z0-9]\/.test(t.secret)){for(var s,r,n,a=l.querySelectorAll('iframe[data-secret=\"'+t.secret+'\"]'),o=l.querySelectorAll('blockquote[data-secret=\"'+t.secret+'\"]'),c=new RegExp(\"^https?:$\",\"i\"),i=0;i<o.length;i++)o[i].style.display=\"none\";for(i=0;i<a.length;i++)s=a[i],e.source===s.contentWindow&&(s.removeAttribute(\"style\"),\"height\"===t.message?(1e3<(r=parseInt(t.value,10))?r=1e3:~~r<200&&(r=200),s.height=r):\"link\"===t.message&&(r=new URL(s.getAttribute(\"src\")),n=new URL(t.value),c.test(n.protocol))&&n.host===r.host&&l.activeElement===s&&(d.top.location.href=t.value))}},d.addEventListener(\"message\",d.wp.receiveEmbedMessage,!1),l.addEventListener(\"DOMContentLoaded\",function(){for(var e,t,s=l.querySelectorAll(\"iframe.wp-embedded-content\"),r=0;r<s.length;r++)(t=(e=s[r]).getAttribute(\"data-secret\"))||(t=Math.random().toString(36).substring(2,12),e.src+=\"#?secret=\"+t,e.setAttribute(\"data-secret\",t)),e.contentWindow.postMessage({message:\"ready\",secret:t},\"*\")},!1)))}(window,document);\n\/\/# sourceURL=https:\/\/www.tvm.co.mz\/novosite\/wp-includes\/js\/wp-embed.min.js\n<\/script>\n","thumbnail_url":"https:\/\/www.tvm.co.mz\/novosite\/wp-content\/uploads\/2023\/10\/Screenshot_2023-10-11_at_11.01.45.png","thumbnail_width":696,"thumbnail_height":422,"description":"O antigo Presidente da Rep\u00fablica Joaquim Chissano exortou a todos mo\u00e7ambicanos que continuem a manter o ambiente calmo e sereno durante e depois das elei\u00e7\u00f5es aut\u00e1rquicas. \u201cTodos aqueles que ainda n\u00e3o votaram, por favor, venham fazer como eu, votar, e ao faz\u00ea-lo devem fazer com todo civismo, nada de confus\u00f5es. Estou satisfeito por aquilo que tenho estado acompanhar pelos meios de comunica\u00e7\u00e3o social desde esta manh\u00e3 e tudo est\u00e1 a correr bem. Espero que tudo termine bem para um bom nome de Mo\u00e7ambique e dos mo\u00e7ambicanos\u201d, referiu o antigo estadista mo\u00e7ambicano, que votou na Escola Secund\u00e1ria da Polana, acompanhado pela esposa, Marcelina Chissano. \u201cEstas elei\u00e7\u00f5es podem ser exemplares para o nosso povo, mas tamb\u00e9m para o mundo (\u2026) quero apelar que esta calma continue at\u00e9 depois das elei\u00e7\u00f5es, dos resultados e que estejamos todos em festa, que ganhe o povo mo\u00e7ambicano\u201d, afirmou. Fonte\/ Jornal Not\u00edcias:https:\/\/jornalnoticias.co.mz\/capital\/grande-maputo\/joaquim-chissano-apela-a-calma-e-serenidade\/"}