{"version":"1.0","provider_name":"TVM - Televis\u00e3o de Mo\u00e7ambique","provider_url":"https:\/\/www.tvm.co.mz\/novosite","author_name":"Vinodia Janete","author_url":"https:\/\/www.tvm.co.mz\/novosite\/author\/vjanete\/","title":"Esperan\u00e7a Bias vota na Secund\u00e1ria da Polana - TVM - Televis\u00e3o de Mo\u00e7ambique","type":"rich","width":600,"height":338,"html":"<blockquote class=\"wp-embedded-content\" data-secret=\"Y4z3Pfdwxj\"><a href=\"https:\/\/www.tvm.co.mz\/novosite\/2023\/10\/11\/esperanca-bias-vota-na-secundaria-da-polana\/\">Esperan\u00e7a Bias vota na Secund\u00e1ria da Polana<\/a><\/blockquote><iframe sandbox=\"allow-scripts\" security=\"restricted\" src=\"https:\/\/www.tvm.co.mz\/novosite\/2023\/10\/11\/esperanca-bias-vota-na-secundaria-da-polana\/embed\/#?secret=Y4z3Pfdwxj\" width=\"600\" height=\"338\" title=\"&#8220;Esperan\u00e7a Bias vota na Secund\u00e1ria da Polana&#8221; &#8212; TVM - Televis\u00e3o de Mo\u00e7ambique\" data-secret=\"Y4z3Pfdwxj\" frameborder=\"0\" marginwidth=\"0\" marginheight=\"0\" scrolling=\"no\" class=\"wp-embedded-content\"><\/iframe><script>\n\/*! This file is auto-generated *\/\n!function(d,l){\"use strict\";l.querySelector&&d.addEventListener&&\"undefined\"!=typeof URL&&(d.wp=d.wp||{},d.wp.receiveEmbedMessage||(d.wp.receiveEmbedMessage=function(e){var t=e.data;if((t||t.secret||t.message||t.value)&&!\/[^a-zA-Z0-9]\/.test(t.secret)){for(var s,r,n,a=l.querySelectorAll('iframe[data-secret=\"'+t.secret+'\"]'),o=l.querySelectorAll('blockquote[data-secret=\"'+t.secret+'\"]'),c=new RegExp(\"^https?:$\",\"i\"),i=0;i<o.length;i++)o[i].style.display=\"none\";for(i=0;i<a.length;i++)s=a[i],e.source===s.contentWindow&&(s.removeAttribute(\"style\"),\"height\"===t.message?(1e3<(r=parseInt(t.value,10))?r=1e3:~~r<200&&(r=200),s.height=r):\"link\"===t.message&&(r=new URL(s.getAttribute(\"src\")),n=new URL(t.value),c.test(n.protocol))&&n.host===r.host&&l.activeElement===s&&(d.top.location.href=t.value))}},d.addEventListener(\"message\",d.wp.receiveEmbedMessage,!1),l.addEventListener(\"DOMContentLoaded\",function(){for(var e,t,s=l.querySelectorAll(\"iframe.wp-embedded-content\"),r=0;r<s.length;r++)(t=(e=s[r]).getAttribute(\"data-secret\"))||(t=Math.random().toString(36).substring(2,12),e.src+=\"#?secret=\"+t,e.setAttribute(\"data-secret\",t)),e.contentWindow.postMessage({message:\"ready\",secret:t},\"*\")},!1)))}(window,document);\n\/\/# sourceURL=https:\/\/www.tvm.co.mz\/novosite\/wp-includes\/js\/wp-embed.min.js\n<\/script>\n","thumbnail_url":"https:\/\/www.tvm.co.mz\/novosite\/wp-content\/uploads\/2023\/10\/Screenshot_2023-10-11_at_10.32.11.png","thumbnail_width":928,"thumbnail_height":576,"description":"A Presidente da Assembleia da Rep\u00fablica, Esperan\u00e7a Bias, exerceu, h\u00e1 instantes, o seu direito c\u00edvico na Escola Secund\u00e1ria da Polana, na cidade de Maputo. Esperan\u00e7a Bias tamb\u00e9m mencionou que o processo eleitoral, desde a campanha eleitoral at\u00e9 \u00e0 vota\u00e7\u00e3o, que acontecer\u00e1 at\u00e9 \u00e0s 18 horas de hoje, est\u00e1 decorrer sem incidentes significativos, embora tenham ocorrido alguns casos isolados. Fonte\/ Jornal Not\u00edcias:&nbsp;https:\/\/jornalnoticias.co.mz\/destaque\/lutero-simango-apela-a-nao-abstencao\/https:\/\/jornalnoticias.co.mz\/capital\/grande-maputo\/esperanca-bias-vota-na-secundaria-da-polana\/"}