{"version":"1.0","provider_name":"TVM - Televis\u00e3o de Mo\u00e7ambique","provider_url":"https:\/\/www.tvm.co.mz\/novosite","author_name":"Vinodia Janete","author_url":"https:\/\/www.tvm.co.mz\/novosite\/author\/vjanete\/","title":"Parlamento debate revis\u00e3o da Constitui\u00e7\u00e3o - TVM - Televis\u00e3o de Mo\u00e7ambique","type":"rich","width":600,"height":338,"html":"<blockquote class=\"wp-embedded-content\" data-secret=\"ejZXOYzE14\"><a href=\"https:\/\/www.tvm.co.mz\/novosite\/2023\/08\/03\/parlamento-debate-revisao-da-constituicao\/\">Parlamento debate revis\u00e3o da Constitui\u00e7\u00e3o<\/a><\/blockquote><iframe sandbox=\"allow-scripts\" security=\"restricted\" src=\"https:\/\/www.tvm.co.mz\/novosite\/2023\/08\/03\/parlamento-debate-revisao-da-constituicao\/embed\/#?secret=ejZXOYzE14\" width=\"600\" height=\"338\" title=\"&#8220;Parlamento debate revis\u00e3o da Constitui\u00e7\u00e3o&#8221; &#8212; TVM - Televis\u00e3o de Mo\u00e7ambique\" data-secret=\"ejZXOYzE14\" frameborder=\"0\" marginwidth=\"0\" marginheight=\"0\" scrolling=\"no\" class=\"wp-embedded-content\"><\/iframe><script>\n\/*! This file is auto-generated *\/\n!function(d,l){\"use strict\";l.querySelector&&d.addEventListener&&\"undefined\"!=typeof URL&&(d.wp=d.wp||{},d.wp.receiveEmbedMessage||(d.wp.receiveEmbedMessage=function(e){var t=e.data;if((t||t.secret||t.message||t.value)&&!\/[^a-zA-Z0-9]\/.test(t.secret)){for(var s,r,n,a=l.querySelectorAll('iframe[data-secret=\"'+t.secret+'\"]'),o=l.querySelectorAll('blockquote[data-secret=\"'+t.secret+'\"]'),c=new RegExp(\"^https?:$\",\"i\"),i=0;i<o.length;i++)o[i].style.display=\"none\";for(i=0;i<a.length;i++)s=a[i],e.source===s.contentWindow&&(s.removeAttribute(\"style\"),\"height\"===t.message?(1e3<(r=parseInt(t.value,10))?r=1e3:~~r<200&&(r=200),s.height=r):\"link\"===t.message&&(r=new URL(s.getAttribute(\"src\")),n=new URL(t.value),c.test(n.protocol))&&n.host===r.host&&l.activeElement===s&&(d.top.location.href=t.value))}},d.addEventListener(\"message\",d.wp.receiveEmbedMessage,!1),l.addEventListener(\"DOMContentLoaded\",function(){for(var e,t,s=l.querySelectorAll(\"iframe.wp-embedded-content\"),r=0;r<s.length;r++)(t=(e=s[r]).getAttribute(\"data-secret\"))||(t=Math.random().toString(36).substring(2,12),e.src+=\"#?secret=\"+t,e.setAttribute(\"data-secret\",t)),e.contentWindow.postMessage({message:\"ready\",secret:t},\"*\")},!1)))}(window,document);\n\/\/# sourceURL=https:\/\/www.tvm.co.mz\/novosite\/wp-includes\/js\/wp-embed.min.js\n<\/script>\n","thumbnail_url":"https:\/\/www.tvm.co.mz\/novosite\/wp-content\/uploads\/2023\/08\/PARLAMENTO.jpg","thumbnail_width":730,"thumbnail_height":438,"description":"A Assembleia da Rep\u00fablica debate, hoje, em plen\u00e1rio, na generalidade e na especialidade, o projecto de revis\u00e3o pontual da Constitui\u00e7\u00e3o da Rep\u00fablica, visando acomodar o adiamento das primeiras elei\u00e7\u00f5es distritais, que deviam ter lugar em 2024. A decis\u00e3o foi tomada pela Comiss\u00e3o Permanente da Assembleia da Rep\u00fablica, que, reunida no dia 18 de Julho, agendou a realiza\u00e7\u00e3o da V sess\u00e3o extraordin\u00e1ria do \u00f3rg\u00e3o para tratar desta e de outras mat\u00e9rias legislativas de interesse nacional. A revis\u00e3o ir\u00e1 alterar apenas o ponto 3 do artigo 311 da Constitui\u00e7\u00e3o, que diz respeito \u00e0s disposi\u00e7\u00f5es transit\u00f3rias sobre as elei\u00e7\u00f5es distritais. Segundo o programa, a altera\u00e7\u00e3o da Lei-m\u00e3e ser\u00e1 o primeiro ponto a ser debatido, num dia em que, igualmente, ir\u00e1 a plen\u00e1rio a revis\u00e3o, na generalidade, da Lei de Bases de Cria\u00e7\u00e3o, Organiza\u00e7\u00e3o e Funcionamento das Autarquias."}