{"version":"1.0","provider_name":"TVM - Televis\u00e3o de Mo\u00e7ambique","provider_url":"https:\/\/www.tvm.co.mz\/novosite","author_name":"Vinodia Janete","author_url":"https:\/\/www.tvm.co.mz\/novosite\/author\/vjanete\/","title":"Director do STAE visita sede da TVM - TVM - Televis\u00e3o de Mo\u00e7ambique","type":"rich","width":600,"height":338,"html":"<blockquote class=\"wp-embedded-content\" data-secret=\"6rwvX0z17H\"><a href=\"https:\/\/www.tvm.co.mz\/novosite\/2023\/08\/01\/director-do-stae-visita-sede-da-tvm\/\">Director do STAE visita sede da TVM<\/a><\/blockquote><iframe sandbox=\"allow-scripts\" security=\"restricted\" src=\"https:\/\/www.tvm.co.mz\/novosite\/2023\/08\/01\/director-do-stae-visita-sede-da-tvm\/embed\/#?secret=6rwvX0z17H\" width=\"600\" height=\"338\" title=\"&#8220;Director do STAE visita sede da TVM&#8221; &#8212; TVM - Televis\u00e3o de Mo\u00e7ambique\" data-secret=\"6rwvX0z17H\" frameborder=\"0\" marginwidth=\"0\" marginheight=\"0\" scrolling=\"no\" class=\"wp-embedded-content\"><\/iframe><script>\n\/*! This file is auto-generated *\/\n!function(d,l){\"use strict\";l.querySelector&&d.addEventListener&&\"undefined\"!=typeof URL&&(d.wp=d.wp||{},d.wp.receiveEmbedMessage||(d.wp.receiveEmbedMessage=function(e){var t=e.data;if((t||t.secret||t.message||t.value)&&!\/[^a-zA-Z0-9]\/.test(t.secret)){for(var s,r,n,a=l.querySelectorAll('iframe[data-secret=\"'+t.secret+'\"]'),o=l.querySelectorAll('blockquote[data-secret=\"'+t.secret+'\"]'),c=new RegExp(\"^https?:$\",\"i\"),i=0;i<o.length;i++)o[i].style.display=\"none\";for(i=0;i<a.length;i++)s=a[i],e.source===s.contentWindow&&(s.removeAttribute(\"style\"),\"height\"===t.message?(1e3<(r=parseInt(t.value,10))?r=1e3:~~r<200&&(r=200),s.height=r):\"link\"===t.message&&(r=new URL(s.getAttribute(\"src\")),n=new URL(t.value),c.test(n.protocol))&&n.host===r.host&&l.activeElement===s&&(d.top.location.href=t.value))}},d.addEventListener(\"message\",d.wp.receiveEmbedMessage,!1),l.addEventListener(\"DOMContentLoaded\",function(){for(var e,t,s=l.querySelectorAll(\"iframe.wp-embedded-content\"),r=0;r<s.length;r++)(t=(e=s[r]).getAttribute(\"data-secret\"))||(t=Math.random().toString(36).substring(2,12),e.src+=\"#?secret=\"+t,e.setAttribute(\"data-secret\",t)),e.contentWindow.postMessage({message:\"ready\",secret:t},\"*\")},!1)))}(window,document);\n\/\/# sourceURL=https:\/\/www.tvm.co.mz\/novosite\/wp-includes\/js\/wp-embed.min.js\n<\/script>\n","thumbnail_url":"https:\/\/www.tvm.co.mz\/novosite\/wp-content\/uploads\/2023\/08\/jhngbsoket.jpg","thumbnail_width":850,"thumbnail_height":479,"description":"O Secretariado T\u00e9cnico da Administra\u00e7\u00e3o Eleitoral, STAE, diz que mais de cinquenta e duas mil pessoas ser\u00e3o formadas para a cobertura do processo eleitoral que se avizinha. A prepara\u00e7\u00e3o do processo eleitoral est\u00e1 na fase de selec\u00e7\u00e3o e forma\u00e7\u00e3o de mais de 50 mil agentes eleitorais.&nbsp;Quem o diz \u00e9 o Director Geral STAE, Lol\u00f3 Correia: \u201cNeste momento o processo est\u00e1 decorrer sem sobressaltos. Estamos a cumprir aquilo est\u00e1 previsto no nosso cronograma de actividades; o calend\u00e1rio foi aprovado pela CNE e estamos neste momento na fase de prepara\u00e7\u00e3o, sobretudo no que diz respeito ao recrutamento e selec\u00e7\u00e3o dos agentes eleitorais que v\u00e3o trabalhar no dia 11 de Outubro. Teremos cerca de 52 mil agentes que v\u00e3o trabalhar neste processo eleitoral\u201d.&nbsp;Esta ter\u00e7a-feira, o Director geral do STAE visitou as instala\u00e7\u00f5es da TVM, no contexto da prepara\u00e7\u00e3o das elei\u00e7\u00f5es aut\u00e1rquicas.&nbsp;\u201cA visita enquadra-se naquilo que s\u00e3o as rela\u00e7\u00f5es de coopera\u00e7\u00e3o que n\u00f3s temos com a TVM, sendo a TVM um parceiro bastante importante do STAE. Ent\u00e3o resolvemos fazer uma visita para, primeiro, nos apresentarmos e tamb\u00e9m conhecermos a casa que trabalha connosco. N\u00f3s estamos a olhar principalmente para a fase que se segue, que \u00e9 o processo de elei\u00e7\u00f5es do dia 11 de Outubro. H\u00e1 v\u00e1rias actividades que v\u00e3o acontecendo neste processo, ent\u00e3o sabemos que a TVM tem sido um parceiro baste importante e tem trabalhado connosco de forma directa &#8211; e aquilo que e abrang\u00eancia da TVM a n\u00edvel do territ\u00f3rio nacional, ent\u00e3o achamos que era prudente que n\u00f3s vi\u00e9ssemos at\u00e9 aqui\u201d \u2013 disse Lol\u00f3 Correia.&nbsp;Lol\u00f2 Correia disse que o STAE est\u00e1 aberto a colaborar com os \u00f3rg\u00e3os de informa\u00e7\u00e3o para melhor apuramento de dados no \u00e2mbito das elei\u00e7\u00f5es. [iframe width=&#8221;560&#8243; height=&#8221;315&#8243; src=&#8221;https:\/\/www.youtube.com\/embed\/RLFc5V4thps&#8221; title=&#8221;YouTube video player&#8221; frameborder=&#8221;0&#8243; allow=&#8221;accelerometer; autoplay; clipboard-write; encrypted-media; gyroscope; picture-in-picture; web-share&#8221; allowfullscreen ]"}