{"version":"1.0","provider_name":"TVM - Televis\u00e3o de Mo\u00e7ambique","provider_url":"https:\/\/www.tvm.co.mz\/novosite","author_name":"Vinodia Janete","author_url":"https:\/\/www.tvm.co.mz\/novosite\/author\/vjanete\/","title":"Nyusi defende alinhamento total na defesa do ambiente - TVM - Televis\u00e3o de Mo\u00e7ambique","type":"rich","width":600,"height":338,"html":"<blockquote class=\"wp-embedded-content\" data-secret=\"ItURwWyP1U\"><a href=\"https:\/\/www.tvm.co.mz\/novosite\/2023\/07\/05\/nyusi-defende-alinhamento-total-na-defesa-do-ambiente\/\">Nyusi defende alinhamento total na defesa do ambiente<\/a><\/blockquote><iframe sandbox=\"allow-scripts\" security=\"restricted\" src=\"https:\/\/www.tvm.co.mz\/novosite\/2023\/07\/05\/nyusi-defende-alinhamento-total-na-defesa-do-ambiente\/embed\/#?secret=ItURwWyP1U\" width=\"600\" height=\"338\" title=\"&#8220;Nyusi defende alinhamento total na defesa do ambiente&#8221; &#8212; TVM - Televis\u00e3o de Mo\u00e7ambique\" data-secret=\"ItURwWyP1U\" frameborder=\"0\" marginwidth=\"0\" marginheight=\"0\" scrolling=\"no\" class=\"wp-embedded-content\"><\/iframe><script>\n\/*! This file is auto-generated *\/\n!function(d,l){\"use strict\";l.querySelector&&d.addEventListener&&\"undefined\"!=typeof URL&&(d.wp=d.wp||{},d.wp.receiveEmbedMessage||(d.wp.receiveEmbedMessage=function(e){var t=e.data;if((t||t.secret||t.message||t.value)&&!\/[^a-zA-Z0-9]\/.test(t.secret)){for(var s,r,n,a=l.querySelectorAll('iframe[data-secret=\"'+t.secret+'\"]'),o=l.querySelectorAll('blockquote[data-secret=\"'+t.secret+'\"]'),c=new RegExp(\"^https?:$\",\"i\"),i=0;i<o.length;i++)o[i].style.display=\"none\";for(i=0;i<a.length;i++)s=a[i],e.source===s.contentWindow&&(s.removeAttribute(\"style\"),\"height\"===t.message?(1e3<(r=parseInt(t.value,10))?r=1e3:~~r<200&&(r=200),s.height=r):\"link\"===t.message&&(r=new URL(s.getAttribute(\"src\")),n=new URL(t.value),c.test(n.protocol))&&n.host===r.host&&l.activeElement===s&&(d.top.location.href=t.value))}},d.addEventListener(\"message\",d.wp.receiveEmbedMessage,!1),l.addEventListener(\"DOMContentLoaded\",function(){for(var e,t,s=l.querySelectorAll(\"iframe.wp-embedded-content\"),r=0;r<s.length;r++)(t=(e=s[r]).getAttribute(\"data-secret\"))||(t=Math.random().toString(36).substring(2,12),e.src+=\"#?secret=\"+t,e.setAttribute(\"data-secret\",t)),e.contentWindow.postMessage({message:\"ready\",secret:t},\"*\")},!1)))}(window,document);\n\/\/# sourceURL=https:\/\/www.tvm.co.mz\/novosite\/wp-includes\/js\/wp-embed.min.js\n<\/script>\n","thumbnail_url":"https:\/\/www.tvm.co.mz\/novosite\/wp-content\/uploads\/2023\/07\/hdgbdffolrt.jpg","thumbnail_width":850,"thumbnail_height":469,"description":"O Presidente da Rep\u00fablica, Filipe Nyusi, afirmou, esta ter\u00e7a-feira, em Maputo, ser preciso um grande compromisso ao n\u00edvel das lideran\u00e7as pol\u00edticas na educa\u00e7\u00e3o ambiental.bDe acordo com Filipe Nyusi, as pol\u00edticas ambientais em Mo\u00e7ambique est\u00e3o alinhadas com as conven\u00e7\u00f5es internacionais e com o chamado conhecimento ind\u00edgena. O Presidente manifesta preocupa\u00e7\u00e3o pelo incumprimento dos acordos alcan\u00e7ados, sobretudo por parte dos pa\u00edses industrializados que s\u00e3o os maiores causadores das mudan\u00e7as clim\u00e1ticas. Nyusi falava na abertura do VII Congresso Internacional de Educa\u00e7\u00e3o Ambiental dos Pa\u00edses da Comunidade de L\u00edngua Portuguesa, que visa promover o interc\u00e2mbio cient\u00edfico, oportunidades de coopera\u00e7\u00e3o e partilha de experi\u00eancias pedag\u00f3gicas entre os pa\u00edses membros da CPLP. O congresso decorre sob quatro eixos tem\u00e1ticos, nomeadamente, a Educa\u00e7\u00e3o Ambiental nas Pol\u00edticas de Desenvolvimento, a Educa\u00e7\u00e3o Ambiental no Sistema Educativo e Constru\u00e7\u00e3o da Cidadania Ambiental, a Educa\u00e7\u00e3o Ambiental como resposta aos Desafios Impostos pela Crise Clim\u00e1tica e a Educa\u00e7\u00e3o ambiental como contributo aos Grandes Projectos de Desenvolvimento. [iframe width=&#8221;560&#8243; height=&#8221;315&#8243; src=&#8221;https:\/\/www.youtube.com\/embed\/lENDio0m_fI&#8221; title=&#8221;YouTube video player&#8221; frameborder=&#8221;0&#8243; allow=&#8221;accelerometer; autoplay; clipboard-write; encrypted-media; gyroscope; picture-in-picture; web-share&#8221; allowfullscreen ]"}