{"version":"1.0","provider_name":"TVM - Televis\u00e3o de Mo\u00e7ambique","provider_url":"https:\/\/www.tvm.co.mz\/novosite","author_name":"Vinodia Janete","author_url":"https:\/\/www.tvm.co.mz\/novosite\/author\/vjanete\/","title":"Mo\u00e7ambique volta a ter C\u00f4nsul residente em Durban - TVM - Televis\u00e3o de Mo\u00e7ambique","type":"rich","width":600,"height":338,"html":"<blockquote class=\"wp-embedded-content\" data-secret=\"jUlzycFKbP\"><a href=\"https:\/\/www.tvm.co.mz\/novosite\/2023\/05\/08\/mocambique-volta-a-ter-consul-residente-em-durban\/\">Mo\u00e7ambique volta a ter C\u00f4nsul residente em Durban<\/a><\/blockquote><iframe sandbox=\"allow-scripts\" security=\"restricted\" src=\"https:\/\/www.tvm.co.mz\/novosite\/2023\/05\/08\/mocambique-volta-a-ter-consul-residente-em-durban\/embed\/#?secret=jUlzycFKbP\" width=\"600\" height=\"338\" title=\"&#8220;Mo\u00e7ambique volta a ter C\u00f4nsul residente em Durban&#8221; &#8212; TVM - Televis\u00e3o de Mo\u00e7ambique\" data-secret=\"jUlzycFKbP\" frameborder=\"0\" marginwidth=\"0\" marginheight=\"0\" scrolling=\"no\" class=\"wp-embedded-content\"><\/iframe><script>\n\/*! This file is auto-generated *\/\n!function(d,l){\"use strict\";l.querySelector&&d.addEventListener&&\"undefined\"!=typeof URL&&(d.wp=d.wp||{},d.wp.receiveEmbedMessage||(d.wp.receiveEmbedMessage=function(e){var t=e.data;if((t||t.secret||t.message||t.value)&&!\/[^a-zA-Z0-9]\/.test(t.secret)){for(var s,r,n,a=l.querySelectorAll('iframe[data-secret=\"'+t.secret+'\"]'),o=l.querySelectorAll('blockquote[data-secret=\"'+t.secret+'\"]'),c=new RegExp(\"^https?:$\",\"i\"),i=0;i<o.length;i++)o[i].style.display=\"none\";for(i=0;i<a.length;i++)s=a[i],e.source===s.contentWindow&&(s.removeAttribute(\"style\"),\"height\"===t.message?(1e3<(r=parseInt(t.value,10))?r=1e3:~~r<200&&(r=200),s.height=r):\"link\"===t.message&&(r=new URL(s.getAttribute(\"src\")),n=new URL(t.value),c.test(n.protocol))&&n.host===r.host&&l.activeElement===s&&(d.top.location.href=t.value))}},d.addEventListener(\"message\",d.wp.receiveEmbedMessage,!1),l.addEventListener(\"DOMContentLoaded\",function(){for(var e,t,s=l.querySelectorAll(\"iframe.wp-embedded-content\"),r=0;r<s.length;r++)(t=(e=s[r]).getAttribute(\"data-secret\"))||(t=Math.random().toString(36).substring(2,12),e.src+=\"#?secret=\"+t,e.setAttribute(\"data-secret\",t)),e.contentWindow.postMessage({message:\"ready\",secret:t},\"*\")},!1)))}(window,document);\n\/\/# sourceURL=https:\/\/www.tvm.co.mz\/novosite\/wp-includes\/js\/wp-embed.min.js\n<\/script>\n","thumbnail_url":"https:\/\/www.tvm.co.mz\/novosite\/wp-content\/uploads\/2023\/05\/gtfvdkjuyhdxsq.jpg","thumbnail_width":850,"thumbnail_height":478,"description":"Mo\u00e7ambique volta a ter um C\u00f4nsul residente na Cidade de Durban, a terceira maior\u00a0 urbe\u00a0 da \u00c1frica do Sul. At\u00e9 aqui Durban era coordenado pela representa\u00e7\u00e3o mo\u00e7ambicana em Joanesburgo. Um dos grandes desafios do novo representante diplom\u00e1tico ser\u00e1 rever os acordos de coopera\u00e7\u00e3o entre as prov\u00edncias de Maputo e de Kwazulu-Natal. \u00a0"}