{"version":"1.0","provider_name":"TVM - Televis\u00e3o de Mo\u00e7ambique","provider_url":"https:\/\/www.tvm.co.mz\/novosite","author_name":"Luis Pires","author_url":"https:\/\/www.tvm.co.mz\/novosite\/author\/lpires\/","title":"Frio agrava sofrimento dos sem-abrigo - TVM - Televis\u00e3o de Mo\u00e7ambique","type":"rich","width":600,"height":338,"html":"<blockquote class=\"wp-embedded-content\" data-secret=\"5rhOIAQxm5\"><a href=\"https:\/\/www.tvm.co.mz\/novosite\/2022\/06\/20\/frio-agrava-sofrimento-dos-sem-abrigo\/\">Frio agrava sofrimento dos sem-abrigo<\/a><\/blockquote><iframe sandbox=\"allow-scripts\" security=\"restricted\" src=\"https:\/\/www.tvm.co.mz\/novosite\/2022\/06\/20\/frio-agrava-sofrimento-dos-sem-abrigo\/embed\/#?secret=5rhOIAQxm5\" width=\"600\" height=\"338\" title=\"&#8220;Frio agrava sofrimento dos sem-abrigo&#8221; &#8212; TVM - Televis\u00e3o de Mo\u00e7ambique\" data-secret=\"5rhOIAQxm5\" frameborder=\"0\" marginwidth=\"0\" marginheight=\"0\" scrolling=\"no\" class=\"wp-embedded-content\"><\/iframe><script>\n\/*! This file is auto-generated *\/\n!function(d,l){\"use strict\";l.querySelector&&d.addEventListener&&\"undefined\"!=typeof URL&&(d.wp=d.wp||{},d.wp.receiveEmbedMessage||(d.wp.receiveEmbedMessage=function(e){var t=e.data;if((t||t.secret||t.message||t.value)&&!\/[^a-zA-Z0-9]\/.test(t.secret)){for(var s,r,n,a=l.querySelectorAll('iframe[data-secret=\"'+t.secret+'\"]'),o=l.querySelectorAll('blockquote[data-secret=\"'+t.secret+'\"]'),c=new RegExp(\"^https?:$\",\"i\"),i=0;i<o.length;i++)o[i].style.display=\"none\";for(i=0;i<a.length;i++)s=a[i],e.source===s.contentWindow&&(s.removeAttribute(\"style\"),\"height\"===t.message?(1e3<(r=parseInt(t.value,10))?r=1e3:~~r<200&&(r=200),s.height=r):\"link\"===t.message&&(r=new URL(s.getAttribute(\"src\")),n=new URL(t.value),c.test(n.protocol))&&n.host===r.host&&l.activeElement===s&&(d.top.location.href=t.value))}},d.addEventListener(\"message\",d.wp.receiveEmbedMessage,!1),l.addEventListener(\"DOMContentLoaded\",function(){for(var e,t,s=l.querySelectorAll(\"iframe.wp-embedded-content\"),r=0;r<s.length;r++)(t=(e=s[r]).getAttribute(\"data-secret\"))||(t=Math.random().toString(36).substring(2,12),e.src+=\"#?secret=\"+t,e.setAttribute(\"data-secret\",t)),e.contentWindow.postMessage({message:\"ready\",secret:t},\"*\")},!1)))}(window,document);\n\/\/# sourceURL=https:\/\/www.tvm.co.mz\/novosite\/wp-includes\/js\/wp-embed.min.js\n<\/script>\n","thumbnail_url":"https:\/\/www.tvm.co.mz\/novosite\/wp-content\/uploads\/2022\/06\/Sem_Abrigo.jpg","thumbnail_width":1331,"thumbnail_height":733,"description":"A vida dos Moradores de Rua ficou ainda mais dif\u00edcil com o frio que se faz sentir \u00e0 noite, na Cidade de Maputo.A TVM encontrou moradores de rua com n\u00edvel de 12\u00aa Classe conclu\u00eddo, mas que foram empurrados \u00e0 rua pelo desemprego. Alguns volunt\u00e1rios distribuem cobertores nas ruas, mas a ac\u00e7\u00e3o tem sido insignificante para a quantidade de pessoas que necessitam de ajuda. [iframe width=&#8221;560&#8243; height=&#8221;315&#8243; src=&#8221;https:\/\/www.youtube.com\/embed\/-0HSuOtCQrA&#8221; title=&#8221;YouTube video player&#8221; frameborder=&#8221;0&#8243; allow=&#8221;accelerometer; autoplay; clipboard-write; encrypted-media; gyroscope; picture-in-picture&#8221; allowfullscreen ]"}