{"version":"1.0","provider_name":"TVM - Televis\u00e3o de Mo\u00e7ambique","provider_url":"https:\/\/www.tvm.co.mz\/novosite","author_name":"Leopoldino Bambo","author_url":"https:\/\/www.tvm.co.mz\/novosite\/author\/lbambo\/","title":"Nyusi endere\u00e7a sauda\u00e7\u00e3o especial aos jovens das FDS - TVM - Televis\u00e3o de Mo\u00e7ambique","type":"rich","width":600,"height":338,"html":"<blockquote class=\"wp-embedded-content\" data-secret=\"e19hXyUzoN\"><a href=\"https:\/\/www.tvm.co.mz\/novosite\/2021\/11\/01\/nyusi-endereca-saudacao-especial-aos-jovens-das-fds\/\">Nyusi endere\u00e7a sauda\u00e7\u00e3o especial aos jovens das FDS<\/a><\/blockquote><iframe sandbox=\"allow-scripts\" security=\"restricted\" src=\"https:\/\/www.tvm.co.mz\/novosite\/2021\/11\/01\/nyusi-endereca-saudacao-especial-aos-jovens-das-fds\/embed\/#?secret=e19hXyUzoN\" width=\"600\" height=\"338\" title=\"&#8220;Nyusi endere\u00e7a sauda\u00e7\u00e3o especial aos jovens das FDS&#8221; &#8212; TVM - Televis\u00e3o de Mo\u00e7ambique\" data-secret=\"e19hXyUzoN\" frameborder=\"0\" marginwidth=\"0\" marginheight=\"0\" scrolling=\"no\" class=\"wp-embedded-content\"><\/iframe><script>\n\/*! This file is auto-generated *\/\n!function(d,l){\"use strict\";l.querySelector&&d.addEventListener&&\"undefined\"!=typeof URL&&(d.wp=d.wp||{},d.wp.receiveEmbedMessage||(d.wp.receiveEmbedMessage=function(e){var t=e.data;if((t||t.secret||t.message||t.value)&&!\/[^a-zA-Z0-9]\/.test(t.secret)){for(var s,r,n,a=l.querySelectorAll('iframe[data-secret=\"'+t.secret+'\"]'),o=l.querySelectorAll('blockquote[data-secret=\"'+t.secret+'\"]'),c=new RegExp(\"^https?:$\",\"i\"),i=0;i<o.length;i++)o[i].style.display=\"none\";for(i=0;i<a.length;i++)s=a[i],e.source===s.contentWindow&&(s.removeAttribute(\"style\"),\"height\"===t.message?(1e3<(r=parseInt(t.value,10))?r=1e3:~~r<200&&(r=200),s.height=r):\"link\"===t.message&&(r=new URL(s.getAttribute(\"src\")),n=new URL(t.value),c.test(n.protocol))&&n.host===r.host&&l.activeElement===s&&(d.top.location.href=t.value))}},d.addEventListener(\"message\",d.wp.receiveEmbedMessage,!1),l.addEventListener(\"DOMContentLoaded\",function(){for(var e,t,s=l.querySelectorAll(\"iframe.wp-embedded-content\"),r=0;r<s.length;r++)(t=(e=s[r]).getAttribute(\"data-secret\"))||(t=Math.random().toString(36).substring(2,12),e.src+=\"#?secret=\"+t,e.setAttribute(\"data-secret\",t)),e.contentWindow.postMessage({message:\"ready\",secret:t},\"*\")},!1)))}(window,document);\n\/\/# sourceURL=https:\/\/www.tvm.co.mz\/novosite\/wp-includes\/js\/wp-embed.min.js\n<\/script>\n","thumbnail_url":"https:\/\/www.tvm.co.mz\/novosite\/wp-content\/uploads\/2021\/11\/Screen_Shot_2021-11-01_at_17.54.19.png","thumbnail_width":836,"thumbnail_height":474,"description":"Presidente da Rep\u00fablica diz que o Governo mo\u00e7ambicano continuar\u00e1 a trabalhar na identifica\u00e7\u00e3o e facilita\u00e7\u00e3o \u00e0s diversas oportunidades para o engajamento da juventude, como forma de contribuir no desenvolvimento do pa\u00eds. Falando por ocasi\u00e3o do dia da Juventude Africana, Filipe Nyusi rende homenagem especial aos jovens da linha da frente no combate ao terrorismo na Prov\u00edncia de Cabo Delgado. [iframe width=&#8221;560&#8243; height=&#8221;315&#8243; src=&#8221;https:\/\/www.youtube.com\/embed\/S2I7uKsFo0w&#8221; title=&#8221;YouTube video player&#8221; frameborder=&#8221;0&#8243; allow=&#8221;accelerometer; autoplay; clipboard-write; encrypted-media; gyroscope; picture-in-picture&#8221; allowfullscreen ]"}