{"version":"1.0","provider_name":"TVM - Televis\u00e3o de Mo\u00e7ambique","provider_url":"https:\/\/www.tvm.co.mz\/novosite","author_name":"Leopoldino Bambo","author_url":"https:\/\/www.tvm.co.mz\/novosite\/author\/lbambo\/","title":"Tete epicentro do contrabando de migrantes em Mo\u00e7ambique - TVM - Televis\u00e3o de Mo\u00e7ambique","type":"rich","width":600,"height":338,"html":"<blockquote class=\"wp-embedded-content\" data-secret=\"6Nw0KHXOhR\"><a href=\"https:\/\/www.tvm.co.mz\/novosite\/2020\/11\/02\/tete-epicentro-do-contrabando-de-migrantes-em-mocambique\/\">Tete epicentro do contrabando de migrantes em Mo\u00e7ambique<\/a><\/blockquote><iframe sandbox=\"allow-scripts\" security=\"restricted\" src=\"https:\/\/www.tvm.co.mz\/novosite\/2020\/11\/02\/tete-epicentro-do-contrabando-de-migrantes-em-mocambique\/embed\/#?secret=6Nw0KHXOhR\" width=\"600\" height=\"338\" title=\"&#8220;Tete epicentro do contrabando de migrantes em Mo\u00e7ambique&#8221; &#8212; TVM - Televis\u00e3o de Mo\u00e7ambique\" data-secret=\"6Nw0KHXOhR\" frameborder=\"0\" marginwidth=\"0\" marginheight=\"0\" scrolling=\"no\" class=\"wp-embedded-content\"><\/iframe><script>\n\/*! This file is auto-generated *\/\n!function(d,l){\"use strict\";l.querySelector&&d.addEventListener&&\"undefined\"!=typeof URL&&(d.wp=d.wp||{},d.wp.receiveEmbedMessage||(d.wp.receiveEmbedMessage=function(e){var t=e.data;if((t||t.secret||t.message||t.value)&&!\/[^a-zA-Z0-9]\/.test(t.secret)){for(var s,r,n,a=l.querySelectorAll('iframe[data-secret=\"'+t.secret+'\"]'),o=l.querySelectorAll('blockquote[data-secret=\"'+t.secret+'\"]'),c=new RegExp(\"^https?:$\",\"i\"),i=0;i<o.length;i++)o[i].style.display=\"none\";for(i=0;i<a.length;i++)s=a[i],e.source===s.contentWindow&&(s.removeAttribute(\"style\"),\"height\"===t.message?(1e3<(r=parseInt(t.value,10))?r=1e3:~~r<200&&(r=200),s.height=r):\"link\"===t.message&&(r=new URL(s.getAttribute(\"src\")),n=new URL(t.value),c.test(n.protocol))&&n.host===r.host&&l.activeElement===s&&(d.top.location.href=t.value))}},d.addEventListener(\"message\",d.wp.receiveEmbedMessage,!1),l.addEventListener(\"DOMContentLoaded\",function(){for(var e,t,s=l.querySelectorAll(\"iframe.wp-embedded-content\"),r=0;r<s.length;r++)(t=(e=s[r]).getAttribute(\"data-secret\"))||(t=Math.random().toString(36).substring(2,12),e.src+=\"#?secret=\"+t,e.setAttribute(\"data-secret\",t)),e.contentWindow.postMessage({message:\"ready\",secret:t},\"*\")},!1)))}(window,document);\n\/\/# sourceURL=https:\/\/www.tvm.co.mz\/novosite\/wp-includes\/js\/wp-embed.min.js\n<\/script>\n","thumbnail_url":"https:\/\/www.tvm.co.mz\/novosite\/wp-content\/uploads\/2020\/11\/contrabando_seminario.jpg","thumbnail_width":1000,"thumbnail_height":562,"description":"Mo\u00e7ambique registou, este ano, 41 crimes de aux\u00edlio ao contrabando de migrantes. Segundo a Procuradora-geral Adjunta, a prov\u00edncia de Tete \u00e9 o epicentro dos casos criminais que movimentam avultadas somas de dinheiro. Os dados foram revelados, esta segunda-feira, em Maputo, durante o Workshop Consultivo Legislativo Multilateral sobre contrabando de migrantes em Mo\u00e7ambique. Na ocasi\u00e3o, a Procuradora-geral Adjunta, Amab\u00e9lia Chuquela, disse que na Prov\u00edncia de Tete foram registados 27 casos e 6 no Niassa. Segundo a Procuradora-geral Adjunta a actividade criminal \u00e9 lucrativa para os criminosos, porque o crime est\u00e1 interligado com o branqueamento de capitais e tr\u00e1fico de drogas. Espera-se com o semin\u00e1rio de tr\u00eas dias contribuir para que os decisores pol\u00edticos sejam sensibilizados sobre a necessidade de rever o quadro legislativo em rela\u00e7\u00e3o ao contrabando de Migrantes em Mo\u00e7ambique. De acordo com dados estat\u00edsticos divulgados no semin\u00e1rio, os indiv\u00edduos do sexo masculino s\u00e3o os que mais se envolvem no crime de contrabando de migrantes em Mo\u00e7ambique."}