{"version":"1.0","provider_name":"TVM - Televis\u00e3o de Mo\u00e7ambique","provider_url":"https:\/\/www.tvm.co.mz\/novosite","author_name":"Leopoldino Bambo","author_url":"https:\/\/www.tvm.co.mz\/novosite\/author\/lbambo\/","title":"PR Nyusi lan\u00e7a TV Digital em Mo\u00e7ambique - TVM - Televis\u00e3o de Mo\u00e7ambique","type":"rich","width":600,"height":338,"html":"<blockquote class=\"wp-embedded-content\" data-secret=\"Z6SWgGu2zx\"><a href=\"https:\/\/www.tvm.co.mz\/novosite\/2020\/10\/08\/pr-nyusi-lanca-tv-digital-em-mocambique\/\">PR Nyusi lan\u00e7a TV Digital em Mo\u00e7ambique<\/a><\/blockquote><iframe sandbox=\"allow-scripts\" security=\"restricted\" src=\"https:\/\/www.tvm.co.mz\/novosite\/2020\/10\/08\/pr-nyusi-lanca-tv-digital-em-mocambique\/embed\/#?secret=Z6SWgGu2zx\" width=\"600\" height=\"338\" title=\"&#8220;PR Nyusi lan\u00e7a TV Digital em Mo\u00e7ambique&#8221; &#8212; TVM - Televis\u00e3o de Mo\u00e7ambique\" data-secret=\"Z6SWgGu2zx\" frameborder=\"0\" marginwidth=\"0\" marginheight=\"0\" scrolling=\"no\" class=\"wp-embedded-content\"><\/iframe><script>\n\/*! This file is auto-generated *\/\n!function(d,l){\"use strict\";l.querySelector&&d.addEventListener&&\"undefined\"!=typeof URL&&(d.wp=d.wp||{},d.wp.receiveEmbedMessage||(d.wp.receiveEmbedMessage=function(e){var t=e.data;if((t||t.secret||t.message||t.value)&&!\/[^a-zA-Z0-9]\/.test(t.secret)){for(var s,r,n,a=l.querySelectorAll('iframe[data-secret=\"'+t.secret+'\"]'),o=l.querySelectorAll('blockquote[data-secret=\"'+t.secret+'\"]'),c=new RegExp(\"^https?:$\",\"i\"),i=0;i<o.length;i++)o[i].style.display=\"none\";for(i=0;i<a.length;i++)s=a[i],e.source===s.contentWindow&&(s.removeAttribute(\"style\"),\"height\"===t.message?(1e3<(r=parseInt(t.value,10))?r=1e3:~~r<200&&(r=200),s.height=r):\"link\"===t.message&&(r=new URL(s.getAttribute(\"src\")),n=new URL(t.value),c.test(n.protocol))&&n.host===r.host&&l.activeElement===s&&(d.top.location.href=t.value))}},d.addEventListener(\"message\",d.wp.receiveEmbedMessage,!1),l.addEventListener(\"DOMContentLoaded\",function(){for(var e,t,s=l.querySelectorAll(\"iframe.wp-embedded-content\"),r=0;r<s.length;r++)(t=(e=s[r]).getAttribute(\"data-secret\"))||(t=Math.random().toString(36).substring(2,12),e.src+=\"#?secret=\"+t,e.setAttribute(\"data-secret\",t)),e.contentWindow.postMessage({message:\"ready\",secret:t},\"*\")},!1)))}(window,document);\n\/\/# sourceURL=https:\/\/www.tvm.co.mz\/novosite\/wp-includes\/js\/wp-embed.min.js\n<\/script>\n","thumbnail_url":"https:\/\/www.tvm.co.mz\/novosite\/wp-content\/uploads\/2020\/10\/Untitledhdehdfhfd.jpg","thumbnail_width":1000,"thumbnail_height":576,"description":"O Presidente da Rep\u00fablica inaugurou, hoje, o edif\u00edcio do Centro de Televis\u00e3o Provincial de Sofala, constru\u00eddo no \u00e2mbito do projecto de migra\u00e7\u00e3o digital. No acto, Filipe Nyusi procedeu ao lan\u00e7amento oficial do sinal de televis\u00e3o digital no pa\u00eds.&nbsp; &nbsp;&nbsp;&nbsp; O Presidente da Rep\u00fablica chegou por volta das 10 horas e meia, desta quinta-feira, \u00e0s novas instala\u00e7\u00f5es da Televis\u00e3o de Mo\u00e7ambique na cidade da Beira. Depois de cumprimento de boas vindas, o Chefe de Estado recebeu a explica\u00e7\u00e3o do projecto sobre a migra\u00e7\u00e3o do sistema anal\u00f3gico para digital que hoje entrou, oficialmente, em funcionamento no pa\u00eds. Filipe Nyusi descerrou a l\u00e1pide e procedeu ao corte de fita marcando a inaugura\u00e7\u00e3o do edif\u00edcio do Centro de Televis\u00e3o Provincial de Sofala, constru\u00eddo no \u00e2mbito do projecto de migra\u00e7\u00e3o digital. Um edif\u00edcio equipado de meios para operacionalizar a televis\u00e3o digital em Mo\u00e7ambique. De seguida, o Presidente da Rep\u00fablica visitou as instala\u00e7\u00f5es da TVM: redac\u00e7\u00e3o, sala de edi\u00e7\u00e3o de imagens, central t\u00e9cnica, reggie e est\u00fadios. Na reggie (sala operacional), Nyusi recebeu a explica\u00e7\u00e3o sobre o funcionamento do sistema digital e activou o sinal de transmiss\u00e3o de televis\u00e3o digital, lan\u00e7ando assim uma nova era tecnol\u00f3gica em Mo\u00e7ambique, a era digital. Na ocasi\u00e3o, Nyusi visitou ainda o s\u00edtio de transmiss\u00e3o contentorizado da Empresa P\u00fablica TMT, sigla que significa Transmiss\u00e3o, Multiplexa\u00e7\u00e3o e Transporte, considerado o centro regional de transmiss\u00e3o da Televis\u00e3o Digital. &nbsp;A transi\u00e7\u00e3o do sistema anal\u00f3gico para digital marca o in\u00edcio da dupla ilumina\u00e7\u00e3o em que os sistemas anal\u00f3gicos e digitais v\u00e3o operar em simult\u00e2neo, at\u00e9 que o processo de digitaliza\u00e7\u00e3o p\u00fablico alcance todo o pa\u00eds. Prev\u00ea-se que a dupla ilumina\u00e7\u00e3o vigore no per\u00edodo de um ano, para se efectivar o apag\u00e3o do sistema anal\u00f3gico em Mo\u00e7ambique. J\u00e1 foram constru\u00eddos em oito delega\u00e7\u00f5es provinciais da Televis\u00e3o de Mo\u00e7ambique, est\u00fadios modernos e apetrechados de equipamentos digitais, faltando as prov\u00edncias de Niassa, Inhambane e o Centro de Televis\u00e3o Central em Maputo. O Projecto de Migra\u00e7\u00e3o&nbsp;Digital esta or\u00e7ado em 156 milh\u00f5es de d\u00f3lares norte-americanos, financiamento da Rep\u00fablica Popuar da China."}