{"version":"1.0","provider_name":"TVM - Televis\u00e3o de Mo\u00e7ambique","provider_url":"https:\/\/www.tvm.co.mz\/novosite","author_name":"Leopoldino Bambo","author_url":"https:\/\/www.tvm.co.mz\/novosite\/author\/lbambo\/","title":"COVID-19: MISAU equaciona uso de testes r\u00e1pidos - TVM - Televis\u00e3o de Mo\u00e7ambique","type":"rich","width":600,"height":338,"html":"<blockquote class=\"wp-embedded-content\" data-secret=\"U8bNZ6ZJiF\"><a href=\"https:\/\/www.tvm.co.mz\/novosite\/2020\/05\/23\/covid-19-misau-equaciona-uso-de-testes-rapidos\/\">COVID-19: MISAU equaciona uso de testes r\u00e1pidos<\/a><\/blockquote><iframe sandbox=\"allow-scripts\" security=\"restricted\" src=\"https:\/\/www.tvm.co.mz\/novosite\/2020\/05\/23\/covid-19-misau-equaciona-uso-de-testes-rapidos\/embed\/#?secret=U8bNZ6ZJiF\" width=\"600\" height=\"338\" title=\"&#8220;COVID-19: MISAU equaciona uso de testes r\u00e1pidos&#8221; &#8212; TVM - Televis\u00e3o de Mo\u00e7ambique\" data-secret=\"U8bNZ6ZJiF\" frameborder=\"0\" marginwidth=\"0\" marginheight=\"0\" scrolling=\"no\" class=\"wp-embedded-content\"><\/iframe><script>\n\/*! This file is auto-generated *\/\n!function(d,l){\"use strict\";l.querySelector&&d.addEventListener&&\"undefined\"!=typeof URL&&(d.wp=d.wp||{},d.wp.receiveEmbedMessage||(d.wp.receiveEmbedMessage=function(e){var t=e.data;if((t||t.secret||t.message||t.value)&&!\/[^a-zA-Z0-9]\/.test(t.secret)){for(var s,r,n,a=l.querySelectorAll('iframe[data-secret=\"'+t.secret+'\"]'),o=l.querySelectorAll('blockquote[data-secret=\"'+t.secret+'\"]'),c=new RegExp(\"^https?:$\",\"i\"),i=0;i<o.length;i++)o[i].style.display=\"none\";for(i=0;i<a.length;i++)s=a[i],e.source===s.contentWindow&&(s.removeAttribute(\"style\"),\"height\"===t.message?(1e3<(r=parseInt(t.value,10))?r=1e3:~~r<200&&(r=200),s.height=r):\"link\"===t.message&&(r=new URL(s.getAttribute(\"src\")),n=new URL(t.value),c.test(n.protocol))&&n.host===r.host&&l.activeElement===s&&(d.top.location.href=t.value))}},d.addEventListener(\"message\",d.wp.receiveEmbedMessage,!1),l.addEventListener(\"DOMContentLoaded\",function(){for(var e,t,s=l.querySelectorAll(\"iframe.wp-embedded-content\"),r=0;r<s.length;r++)(t=(e=s[r]).getAttribute(\"data-secret\"))||(t=Math.random().toString(36).substring(2,12),e.src+=\"#?secret=\"+t,e.setAttribute(\"data-secret\",t)),e.contentWindow.postMessage({message:\"ready\",secret:t},\"*\")},!1)))}(window,document);\n\/\/# sourceURL=https:\/\/www.tvm.co.mz\/novosite\/wp-includes\/js\/wp-embed.min.js\n<\/script>\n","thumbnail_url":"https:\/\/www.tvm.co.mz\/novosite\/wp-content\/uploads\/2020\/05\/Foto-para-noticia-07-04-2019-1024x682.jpg","thumbnail_width":1024,"thumbnail_height":682,"description":"A UTILIZA\u00c7\u00c3O de testes r\u00e1pidos para diagn\u00f3stico da Covid-19 ainda n\u00e3o foi validada pelo Minist\u00e9rio da Sa\u00fade (MISAU) que, no entanto, n\u00e3o descarta a possibilidade de recorrer a estes meios para melhor compreender o comportamento da doen\u00e7a no pa\u00eds.O recurso a testes r\u00e1pidos n\u00e3o tem colhido consenso a n\u00edvel da comunidade cient\u00edfica, numa altura em que v\u00e1rios pa\u00edses afectados pela pandemia optam por esta via para suprir a escassez dos diagn\u00f3sticos moleculares usados em laborat\u00f3rio. N\u00e3o obstante a produ\u00e7\u00e3o em massa de testes r\u00e1pidos, o Instituto Nacional de Sa\u00fade (INS) adverte para os cuidados a tomar em rela\u00e7\u00e3o \u00e0 sua fiabilidade. \u201cOs testes r\u00e1pidos detectam a resposta do organismo \u00e0 Covid-19, mas n\u00e3o detectam o v\u00edrus em si. Para efeitos de padroniza\u00e7\u00e3o \u00e9 preciso confirmar se os testes r\u00e1pidos foram validados a n\u00edvel internacional. Depois desta etapa, haver\u00e1 um momento em que o MISAU vai recomendar a utiliza\u00e7\u00e3o dos testes r\u00e1pidos para compreender a epidemiologia\u201d, explicou S\u00e9rgio Chicumbe, do INS. Enquanto isso, os \u00faltimos dados oficiais ilustram uma cont\u00ednua progress\u00e3o de novas infec\u00e7\u00f5es. Ontem foram anunciados mais seis resultados positivos obtidos da an\u00e1lise feita a 288 amostras no laborat\u00f3rio de refer\u00eancia do INS e em centros privados. Segundo a directora nacional de Sa\u00fade P\u00fablica, todos infectados s\u00e3o de nacionalidade mo\u00e7ambicana e cumprem isolamento domiciliar. Dois apresentam sintomas leves da doen\u00e7a e quatro n\u00e3o t\u00eam qualquer sintomatologia. As amostras testadas entre quarta-feira e ontem resultam da vigil\u00e2ncia activa, diagn\u00f3stico de suspeitas, rastreio de rotina nas unidades sanit\u00e1riaseda testagem de contactos regressados do acampamento de Afungi, em Cabo Delgado. Com esta actualiza\u00e7\u00e3o, subiu para 162 o n\u00famero de casos cumulativos de infectados no pa\u00eds, desde a eclos\u00e3o da doen\u00e7a em Mar\u00e7o \u00faltimo. Deste universo, 138 casos s\u00e3o de transmiss\u00e3o local e 24 importados. Sobre a localiza\u00e7\u00e3o dos casos positivos, Rosa Marlene deu a conhecer que dois pacientes est\u00e3o na cidade de Maputo; tr\u00eas no distrito de Palma, em Cabo Delgado, e um no distrito de Changara, prov\u00edncia de Tete. Em rela\u00e7\u00e3o ao paciente internado num dos hospitais p\u00fablicos da capital, o INS avan\u00e7ou que o mesmo est\u00e1 a merecer especial aten\u00e7\u00e3o, tendo em conta o seu historial de doen\u00e7as cr\u00f3nicas. As equipas no terreno ainda est\u00e3o a identificar os contactos expostos \u00e0 paciente que abandonou o isolamento domiciliar no distrito de Zavala, prov\u00edncia de Inhambane. S\u00e9rgio Chicumbe explicou que a testagem imediata dos contactos pode n\u00e3o revelar a presen\u00e7a do v\u00edrus devido ao per\u00edodo de encuba\u00e7\u00e3o."}