{"version":"1.0","provider_name":"TVM - Televis\u00e3o de Mo\u00e7ambique","provider_url":"https:\/\/www.tvm.co.mz\/novosite","author_name":"Leopoldino Bambo","author_url":"https:\/\/www.tvm.co.mz\/novosite\/author\/lbambo\/","title":"Reclusos evadem-se da penitenci\u00e1ria do Ile - TVM - Televis\u00e3o de Mo\u00e7ambique","type":"rich","width":600,"height":338,"html":"<blockquote class=\"wp-embedded-content\" data-secret=\"FZAgOP8tOp\"><a href=\"https:\/\/www.tvm.co.mz\/novosite\/2020\/05\/12\/reclusos-evadem-se-da-penitenciaria-do-ile\/\">Reclusos evadem-se da penitenci\u00e1ria do Ile<\/a><\/blockquote><iframe sandbox=\"allow-scripts\" security=\"restricted\" src=\"https:\/\/www.tvm.co.mz\/novosite\/2020\/05\/12\/reclusos-evadem-se-da-penitenciaria-do-ile\/embed\/#?secret=FZAgOP8tOp\" width=\"600\" height=\"338\" title=\"&#8220;Reclusos evadem-se da penitenci\u00e1ria do Ile&#8221; &#8212; TVM - Televis\u00e3o de Mo\u00e7ambique\" data-secret=\"FZAgOP8tOp\" frameborder=\"0\" marginwidth=\"0\" marginheight=\"0\" scrolling=\"no\" class=\"wp-embedded-content\"><\/iframe><script>\n\/*! This file is auto-generated *\/\n!function(d,l){\"use strict\";l.querySelector&&d.addEventListener&&\"undefined\"!=typeof URL&&(d.wp=d.wp||{},d.wp.receiveEmbedMessage||(d.wp.receiveEmbedMessage=function(e){var t=e.data;if((t||t.secret||t.message||t.value)&&!\/[^a-zA-Z0-9]\/.test(t.secret)){for(var s,r,n,a=l.querySelectorAll('iframe[data-secret=\"'+t.secret+'\"]'),o=l.querySelectorAll('blockquote[data-secret=\"'+t.secret+'\"]'),c=new RegExp(\"^https?:$\",\"i\"),i=0;i<o.length;i++)o[i].style.display=\"none\";for(i=0;i<a.length;i++)s=a[i],e.source===s.contentWindow&&(s.removeAttribute(\"style\"),\"height\"===t.message?(1e3<(r=parseInt(t.value,10))?r=1e3:~~r<200&&(r=200),s.height=r):\"link\"===t.message&&(r=new URL(s.getAttribute(\"src\")),n=new URL(t.value),c.test(n.protocol))&&n.host===r.host&&l.activeElement===s&&(d.top.location.href=t.value))}},d.addEventListener(\"message\",d.wp.receiveEmbedMessage,!1),l.addEventListener(\"DOMContentLoaded\",function(){for(var e,t,s=l.querySelectorAll(\"iframe.wp-embedded-content\"),r=0;r<s.length;r++)(t=(e=s[r]).getAttribute(\"data-secret\"))||(t=Math.random().toString(36).substring(2,12),e.src+=\"#?secret=\"+t,e.setAttribute(\"data-secret\",t)),e.contentWindow.postMessage({message:\"ready\",secret:t},\"*\")},!1)))}(window,document);\n\/\/# sourceURL=https:\/\/www.tvm.co.mz\/novosite\/wp-includes\/js\/wp-embed.min.js\n<\/script>\n","thumbnail_url":"https:\/\/www.tvm.co.mz\/novosite\/wp-content\/uploads\/2018\/04\/thumbs.web_.sapo_.jpg","thumbnail_width":800,"thumbnail_height":458,"description":"Quinze reclusos evadiram-se da penitenci\u00e1ria distrital do Ile, no \u00faltimo s\u00e1bado, na prov\u00edncia da Zamb\u00e9zia, uma informa\u00e7\u00e3o partilhada, ontem, ap\u00f3s a chegada do vice-ministro da Justi\u00e7a, Assuntos Constitucionais e Religiosos, que trabalha na Zamb\u00e9zia. O vice-ministro da Justi\u00e7a, Assuntos Constitucionais e Religiosos, Filim\u00e3o Suazi, que esta segunda-feira (11) inteirou-se da situa\u00e7\u00e3o no distrito do Ile, e garantiu a responsabiliza\u00e7\u00e3o do pessoal da guarda prisional que trabalhou na noite do sucedido. \u201cEstamos a trabalhar e no final seremos capazes de encontrar mecanismos que nos permitam, n\u00e3o s\u00f3 evitar que situa\u00e7\u00f5es do g\u00e9nero se repitam assim como responsabilizar as pessoas que poder\u00e3o ter sido culpadas por aquilo que aconteceu\u201d, disse. Para empreender a fuga, o grupo de reclusos, agora em parte incerta, arrombou parte de uma das janelas da cela feminina e puseram-se ao fresco. (Not\u00edcias\/RM)"}