{"version":"1.0","provider_name":"TVM - Televis\u00e3o de Mo\u00e7ambique","provider_url":"https:\/\/www.tvm.co.mz\/novosite","author_name":"Leopoldino Bambo","author_url":"https:\/\/www.tvm.co.mz\/novosite\/author\/lbambo\/","title":"Presidente Nyusi convoca CND - TVM - Televis\u00e3o de Mo\u00e7ambique","type":"rich","width":600,"height":338,"html":"<blockquote class=\"wp-embedded-content\" data-secret=\"HTUjkLJEgQ\"><a href=\"https:\/\/www.tvm.co.mz\/novosite\/2020\/04\/23\/presidente-nyusi-convoca-cnd\/\">Presidente Nyusi convoca CND<\/a><\/blockquote><iframe sandbox=\"allow-scripts\" security=\"restricted\" src=\"https:\/\/www.tvm.co.mz\/novosite\/2020\/04\/23\/presidente-nyusi-convoca-cnd\/embed\/#?secret=HTUjkLJEgQ\" width=\"600\" height=\"338\" title=\"&#8220;Presidente Nyusi convoca CND&#8221; &#8212; TVM - Televis\u00e3o de Mo\u00e7ambique\" data-secret=\"HTUjkLJEgQ\" frameborder=\"0\" marginwidth=\"0\" marginheight=\"0\" scrolling=\"no\" class=\"wp-embedded-content\"><\/iframe><script>\n\/*! This file is auto-generated *\/\n!function(d,l){\"use strict\";l.querySelector&&d.addEventListener&&\"undefined\"!=typeof URL&&(d.wp=d.wp||{},d.wp.receiveEmbedMessage||(d.wp.receiveEmbedMessage=function(e){var t=e.data;if((t||t.secret||t.message||t.value)&&!\/[^a-zA-Z0-9]\/.test(t.secret)){for(var s,r,n,a=l.querySelectorAll('iframe[data-secret=\"'+t.secret+'\"]'),o=l.querySelectorAll('blockquote[data-secret=\"'+t.secret+'\"]'),c=new RegExp(\"^https?:$\",\"i\"),i=0;i<o.length;i++)o[i].style.display=\"none\";for(i=0;i<a.length;i++)s=a[i],e.source===s.contentWindow&&(s.removeAttribute(\"style\"),\"height\"===t.message?(1e3<(r=parseInt(t.value,10))?r=1e3:~~r<200&&(r=200),s.height=r):\"link\"===t.message&&(r=new URL(s.getAttribute(\"src\")),n=new URL(t.value),c.test(n.protocol))&&n.host===r.host&&l.activeElement===s&&(d.top.location.href=t.value))}},d.addEventListener(\"message\",d.wp.receiveEmbedMessage,!1),l.addEventListener(\"DOMContentLoaded\",function(){for(var e,t,s=l.querySelectorAll(\"iframe.wp-embedded-content\"),r=0;r<s.length;r++)(t=(e=s[r]).getAttribute(\"data-secret\"))||(t=Math.random().toString(36).substring(2,12),e.src+=\"#?secret=\"+t,e.setAttribute(\"data-secret\",t)),e.contentWindow.postMessage({message:\"ready\",secret:t},\"*\")},!1)))}(window,document);\n\/\/# sourceURL=https:\/\/www.tvm.co.mz\/novosite\/wp-includes\/js\/wp-embed.min.js\n<\/script>\n","thumbnail_url":"https:\/\/www.tvm.co.mz\/novosite\/wp-content\/uploads\/2020\/04\/NYUSI_FALA_A_NACAO.jpg","thumbnail_width":730,"thumbnail_height":438,"description":"O Presidente da Rep\u00fablica e Comandante-Chefe das For\u00e7as de Defesa e Seguran\u00e7a, Filipe Nyusi, convocou para esta manh\u00e3 (23) o Conselho Nacional de Defesa e Seguran\u00e7a (CNDS). O encontro vai, dentre outras mant\u00e9rias, avaliar o estado de seguran\u00e7a no pa\u00eds, fazer o balan\u00e7o preliminar do grau de implementa\u00e7\u00e3o do decreto presidencial sobre o estado de emerg\u00eancia. Refira-se que esta \u00e9 a segunda sess\u00e3o ordin\u00e1ria desde a tomada de posse do CNDS, \u00f3rg\u00e3o dirigido pelo Presidente da Rep\u00fablica e Comandante-Chefe das For\u00e7as de Defesa e Seguran\u00e7a."}