{"version":"1.0","provider_name":"TVM - Televis\u00e3o de Mo\u00e7ambique","provider_url":"https:\/\/www.tvm.co.mz\/novosite","author_name":"Leopoldino Bambo","author_url":"https:\/\/www.tvm.co.mz\/novosite\/author\/lbambo\/","title":"Trezentos ventiladores para casos graves da Covid-19 - TVM - Televis\u00e3o de Mo\u00e7ambique","type":"rich","width":600,"height":338,"html":"<blockquote class=\"wp-embedded-content\" data-secret=\"zdSiarrmJV\"><a href=\"https:\/\/www.tvm.co.mz\/novosite\/2020\/04\/13\/trezentos-ventiladores-para-casos-graves-da-covid-19\/\">Trezentos ventiladores para casos graves da Covid-19<\/a><\/blockquote><iframe sandbox=\"allow-scripts\" security=\"restricted\" src=\"https:\/\/www.tvm.co.mz\/novosite\/2020\/04\/13\/trezentos-ventiladores-para-casos-graves-da-covid-19\/embed\/#?secret=zdSiarrmJV\" width=\"600\" height=\"338\" title=\"&#8220;Trezentos ventiladores para casos graves da Covid-19&#8221; &#8212; TVM - Televis\u00e3o de Mo\u00e7ambique\" data-secret=\"zdSiarrmJV\" frameborder=\"0\" marginwidth=\"0\" marginheight=\"0\" scrolling=\"no\" class=\"wp-embedded-content\"><\/iframe><script>\n\/*! This file is auto-generated *\/\n!function(d,l){\"use strict\";l.querySelector&&d.addEventListener&&\"undefined\"!=typeof URL&&(d.wp=d.wp||{},d.wp.receiveEmbedMessage||(d.wp.receiveEmbedMessage=function(e){var t=e.data;if((t||t.secret||t.message||t.value)&&!\/[^a-zA-Z0-9]\/.test(t.secret)){for(var s,r,n,a=l.querySelectorAll('iframe[data-secret=\"'+t.secret+'\"]'),o=l.querySelectorAll('blockquote[data-secret=\"'+t.secret+'\"]'),c=new RegExp(\"^https?:$\",\"i\"),i=0;i<o.length;i++)o[i].style.display=\"none\";for(i=0;i<a.length;i++)s=a[i],e.source===s.contentWindow&&(s.removeAttribute(\"style\"),\"height\"===t.message?(1e3<(r=parseInt(t.value,10))?r=1e3:~~r<200&&(r=200),s.height=r):\"link\"===t.message&&(r=new URL(s.getAttribute(\"src\")),n=new URL(t.value),c.test(n.protocol))&&n.host===r.host&&l.activeElement===s&&(d.top.location.href=t.value))}},d.addEventListener(\"message\",d.wp.receiveEmbedMessage,!1),l.addEventListener(\"DOMContentLoaded\",function(){for(var e,t,s=l.querySelectorAll(\"iframe.wp-embedded-content\"),r=0;r<s.length;r++)(t=(e=s[r]).getAttribute(\"data-secret\"))||(t=Math.random().toString(36).substring(2,12),e.src+=\"#?secret=\"+t,e.setAttribute(\"data-secret\",t)),e.contentWindow.postMessage({message:\"ready\",secret:t},\"*\")},!1)))}(window,document);\n\/\/# sourceURL=https:\/\/www.tvm.co.mz\/novosite\/wp-includes\/js\/wp-embed.min.js\n<\/script>\n","thumbnail_url":"https:\/\/www.tvm.co.mz\/novosite\/wp-content\/uploads\/2020\/04\/noticia_0000012872_0000000001.jpg","thumbnail_width":942,"thumbnail_height":609,"description":"O GOVERNO vai adquirir, em breve, trezentos ventiladores para atender poss\u00edveis doentes da Covid-19 em estado cr\u00edtico. Deste equipamento, 100 unidades ser\u00e3o fixas e 200 m\u00f3veis. Segundo o ministro da Economia e Finan\u00e7as, os ventiladores est\u00e3o or\u00e7ados em cerca de 222 milh\u00f5es de meticais, valor que j\u00e1 est\u00e1 garantido atrav\u00e9s de um financiamento dos parceiros de coopera\u00e7\u00e3o, que canalizaram os fundos via Or\u00e7amento do Estado para 2020. Falando numa audi\u00e7\u00e3o na Comiss\u00e3o do Plano e Or\u00e7amento (CPO) da Assembleia da Rep\u00fablica, Adriano Maleiane explicou que, em tempos de pandemia, os ventiladores t\u00eam uma import\u00e2ncia vital, porque fornecem oxig\u00e9nio aos doentes que j\u00e1 n\u00e3o consigam respirar sozinhos, raz\u00e3o porque a sua aquisi\u00e7\u00e3o \u00e9fundamentalpara a melhoria dos cuidados aos afectados. \u201cO mais importante \u00e9 que o valor j\u00e1 foi colocado no or\u00e7amento para este ano\u201d, disse o ministro Maleiane, que falava sobre as propostas do Plano Econ\u00f3mico e Social (PES) e da lei do Or\u00e7amento do Estado (OE) para o presente ano. O governante explicou ainda que o Banco Mundial e o Fundo Monet\u00e1rio Internacional (FMI) fazem parte do grupo de parceiros que apoiam a redu\u00e7\u00e3o do d\u00e9fice or\u00e7amental. Neste contexto e no entendimento de que do conjunto das despesas que est\u00e3o no documento est\u00e1 tamb\u00e9m a luta contra a pandemia do novo coronav\u00edrus, o Governo solicitou \u00e0queles parceiros que os recursos financeiros para fazer face \u00e0 Covid-19 sejam alocados directamente no Or\u00e7amento do Estado. \u201cDiscutimos com os parceiros para poderem trazer os apoios e financiamentos para o Or\u00e7amento, porque \u00e9 o \u00fanico instrumento que tem regras de execu\u00e7\u00e3o que conferem maior transpar\u00eancia\u201d, frisou. Para o ministro, apesar de o Executivo preferir que os recursos para o combate \u00e0 Covid-19 sejam canalizados directamente ao Or\u00e7amento, o Governo reconhece o impacto que, nesta fase, pode ter o financiamento de projectos espec\u00edficos. Neste momento, de acordo com o Ministro, o Governo abriu uma conta especial controlada pelo Minist\u00e9rio da Sa\u00fade, para receber apoios de parceiros que preferem financiar a luta contra a pandemia atrav\u00e9s de uma alternativa ao apoio directo ao Or\u00e7amento."}