{"version":"1.0","provider_name":"TVM - Televis\u00e3o de Mo\u00e7ambique","provider_url":"https:\/\/www.tvm.co.mz\/novosite","author_name":"Leopoldino Bambo","author_url":"https:\/\/www.tvm.co.mz\/novosite\/author\/lbambo\/","title":"Penitenci\u00e1rias v\u00e3o libertar mais de cinco mil reclusos - TVM - Televis\u00e3o de Mo\u00e7ambique","type":"rich","width":600,"height":338,"html":"<blockquote class=\"wp-embedded-content\" data-secret=\"7Dr9UWkTIZ\"><a href=\"https:\/\/www.tvm.co.mz\/novosite\/2020\/04\/13\/penitenciarias-vao-libertar-mais-de-cinco-mil-reclusos\/\">Penitenci\u00e1rias v\u00e3o libertar mais de cinco mil reclusos<\/a><\/blockquote><iframe sandbox=\"allow-scripts\" security=\"restricted\" src=\"https:\/\/www.tvm.co.mz\/novosite\/2020\/04\/13\/penitenciarias-vao-libertar-mais-de-cinco-mil-reclusos\/embed\/#?secret=7Dr9UWkTIZ\" width=\"600\" height=\"338\" title=\"&#8220;Penitenci\u00e1rias v\u00e3o libertar mais de cinco mil reclusos&#8221; &#8212; TVM - Televis\u00e3o de Mo\u00e7ambique\" data-secret=\"7Dr9UWkTIZ\" frameborder=\"0\" marginwidth=\"0\" marginheight=\"0\" scrolling=\"no\" class=\"wp-embedded-content\"><\/iframe><script>\n\/*! This file is auto-generated *\/\n!function(d,l){\"use strict\";l.querySelector&&d.addEventListener&&\"undefined\"!=typeof URL&&(d.wp=d.wp||{},d.wp.receiveEmbedMessage||(d.wp.receiveEmbedMessage=function(e){var t=e.data;if((t||t.secret||t.message||t.value)&&!\/[^a-zA-Z0-9]\/.test(t.secret)){for(var s,r,n,a=l.querySelectorAll('iframe[data-secret=\"'+t.secret+'\"]'),o=l.querySelectorAll('blockquote[data-secret=\"'+t.secret+'\"]'),c=new RegExp(\"^https?:$\",\"i\"),i=0;i<o.length;i++)o[i].style.display=\"none\";for(i=0;i<a.length;i++)s=a[i],e.source===s.contentWindow&&(s.removeAttribute(\"style\"),\"height\"===t.message?(1e3<(r=parseInt(t.value,10))?r=1e3:~~r<200&&(r=200),s.height=r):\"link\"===t.message&&(r=new URL(s.getAttribute(\"src\")),n=new URL(t.value),c.test(n.protocol))&&n.host===r.host&&l.activeElement===s&&(d.top.location.href=t.value))}},d.addEventListener(\"message\",d.wp.receiveEmbedMessage,!1),l.addEventListener(\"DOMContentLoaded\",function(){for(var e,t,s=l.querySelectorAll(\"iframe.wp-embedded-content\"),r=0;r<s.length;r++)(t=(e=s[r]).getAttribute(\"data-secret\"))||(t=Math.random().toString(36).substring(2,12),e.src+=\"#?secret=\"+t,e.setAttribute(\"data-secret\",t)),e.contentWindow.postMessage({message:\"ready\",secret:t},\"*\")},!1)))}(window,document);\n\/\/# sourceURL=https:\/\/www.tvm.co.mz\/novosite\/wp-includes\/js\/wp-embed.min.js\n<\/script>\n","thumbnail_url":"https:\/\/www.tvm.co.mz\/novosite\/wp-content\/uploads\/2020\/04\/42306942_303.jpg","thumbnail_width":700,"thumbnail_height":394,"description":"O Tribunal Supremo estima que 5.302 indiv\u00edduos detidos sejam soltos a partir da pr\u00f3xima semana, em cumprimento da Lei de Amnistia e Perd\u00e3o de Penas proposta pelo Presidente da Rep\u00fablica e ractificada pela Assembleia da Rep\u00fablica. A aplica\u00e7\u00e3o da Lei, segundo o Supremo, vai contribuir para o descongestionamento dos estabelecimentos penitenci\u00e1rios nacionais em cerca de cadeias na ordem de 38.4 por cento. O Porta-voz do Tribunal Supremo, Pedro Nhatitima, explica que nos 5302 reclusos incluem-se os 697 que poder\u00e3o beneficiar de liberdade condicional, desde que tenham cumprido metade da pena a que foram condenados e tenham mostrado bom comportamento durante a reclus\u00e3o, e arrependimento pelos crimes cometidos. Poder\u00e3o beneficiar da amnistia os indiv\u00edduos que cometeram crimes pun\u00edveis com pena de pris\u00e3o at\u00e9 um ano, com ou sem multa e ser\u00e3o perdoadas as penas at\u00e9 um ano de pris\u00e3o, aplic\u00e1vel tamb\u00e9m nos casos em que as respectivas decis\u00f5es n\u00e3o tenham transitado em julgado. Neste momento, a popula\u00e7\u00e3o prisional no pa\u00eds \u00e9 de 20.358 indiv\u00edduos, o que pressup\u00f5e que, com a aplica\u00e7\u00e3o desta lei e da conclus\u00e3o da vaz\u00e3o de todos os processos de pedidos de liberdade condicional pendentes nos tribunais, as penitenci\u00e1rias poder\u00e3o ficar com 15.056 presos em todo o pa\u00eds. Pedro Nhatitima, disse a jornalistas que foram tomadas medidas internas para a preven\u00e7\u00e3o da contamina\u00e7\u00e3o pela Covid-19 em todo o sistema judici\u00e1rio e o descongestionamento das cadeias faz parte desse exerc\u00edcio. Para a efectiva\u00e7\u00e3o deste dispositivo legal, Nhatitima explicou que foram uniformizados os procedimentos que consistem na elabora\u00e7\u00e3o da lista dos eleg\u00edveis pelos ju\u00edzes das sec\u00e7\u00f5es criminais, em coordena\u00e7\u00e3o com os servi\u00e7os penitenci\u00e1rios, as quais ser\u00e3o remetidas ao Minist\u00e9rio P\u00fablico para aprecia\u00e7\u00e3o, e depois devolvidas ao juiz que dever\u00e1 emitir os respectivos mandados de soltura. Esta informa\u00e7\u00e3o ser\u00e1 comunicada aos abrangidos, ao servi\u00e7o penitenci\u00e1rio e aos ofendidos que poder\u00e3o prosseguir com outros tr\u00e2mites de responsabilidade civil, caso de multas e indemniza\u00e7\u00f5es. Disse ainda que dada a urg\u00eancia da situa\u00e7\u00e3o suscitada pelo estado de emerg\u00eancia em vigor no pa\u00eds, tanto o Minist\u00e9rio P\u00fablico como os ju\u00edzes, foram instru\u00eddos a agir com celeridade no despacho dos processo."}