{"version":"1.0","provider_name":"TVM - Televis\u00e3o de Mo\u00e7ambique","provider_url":"https:\/\/www.tvm.co.mz\/novosite","author_name":"Leopoldino Bambo","author_url":"https:\/\/www.tvm.co.mz\/novosite\/author\/lbambo\/","title":"AR aprecia decreto do estado de emerg\u00eancia - TVM - Televis\u00e3o de Mo\u00e7ambique","type":"rich","width":600,"height":338,"html":"<blockquote class=\"wp-embedded-content\" data-secret=\"bPaCHf2yIN\"><a href=\"https:\/\/www.tvm.co.mz\/novosite\/2020\/03\/31\/ar-aprecia-decreto-do-estado-de-emergencia\/\">AR aprecia decreto do estado de emerg\u00eancia<\/a><\/blockquote><iframe sandbox=\"allow-scripts\" security=\"restricted\" src=\"https:\/\/www.tvm.co.mz\/novosite\/2020\/03\/31\/ar-aprecia-decreto-do-estado-de-emergencia\/embed\/#?secret=bPaCHf2yIN\" width=\"600\" height=\"338\" title=\"&#8220;AR aprecia decreto do estado de emerg\u00eancia&#8221; &#8212; TVM - Televis\u00e3o de Mo\u00e7ambique\" data-secret=\"bPaCHf2yIN\" frameborder=\"0\" marginwidth=\"0\" marginheight=\"0\" scrolling=\"no\" class=\"wp-embedded-content\"><\/iframe><script>\n\/*! This file is auto-generated *\/\n!function(d,l){\"use strict\";l.querySelector&&d.addEventListener&&\"undefined\"!=typeof URL&&(d.wp=d.wp||{},d.wp.receiveEmbedMessage||(d.wp.receiveEmbedMessage=function(e){var t=e.data;if((t||t.secret||t.message||t.value)&&!\/[^a-zA-Z0-9]\/.test(t.secret)){for(var s,r,n,a=l.querySelectorAll('iframe[data-secret=\"'+t.secret+'\"]'),o=l.querySelectorAll('blockquote[data-secret=\"'+t.secret+'\"]'),c=new RegExp(\"^https?:$\",\"i\"),i=0;i<o.length;i++)o[i].style.display=\"none\";for(i=0;i<a.length;i++)s=a[i],e.source===s.contentWindow&&(s.removeAttribute(\"style\"),\"height\"===t.message?(1e3<(r=parseInt(t.value,10))?r=1e3:~~r<200&&(r=200),s.height=r):\"link\"===t.message&&(r=new URL(s.getAttribute(\"src\")),n=new URL(t.value),c.test(n.protocol))&&n.host===r.host&&l.activeElement===s&&(d.top.location.href=t.value))}},d.addEventListener(\"message\",d.wp.receiveEmbedMessage,!1),l.addEventListener(\"DOMContentLoaded\",function(){for(var e,t,s=l.querySelectorAll(\"iframe.wp-embedded-content\"),r=0;r<s.length;r++)(t=(e=s[r]).getAttribute(\"data-secret\"))||(t=Math.random().toString(36).substring(2,12),e.src+=\"#?secret=\"+t,e.setAttribute(\"data-secret\",t)),e.contentWindow.postMessage({message:\"ready\",secret:t},\"*\")},!1)))}(window,document);\n\/\/# sourceURL=https:\/\/www.tvm.co.mz\/novosite\/wp-includes\/js\/wp-embed.min.js\n<\/script>\n","thumbnail_url":"https:\/\/www.tvm.co.mz\/novosite\/wp-content\/uploads\/2020\/03\/CGE-2017-Divida-Publica-atingiu-mais-de-661mil-milhoes-de-meticais-640x427.jpg","thumbnail_width":640,"thumbnail_height":427,"description":"Duzentos deputados da Assembleia da Rep\u00fablica encontram-se reunidos, desde o in\u00edcio desta noite, a apreciar o decreto presidencial de Estado de Emerg\u00eancia solicitada ontem pelo Presidente da Rep\u00fablica, Filipe Nyusi, devido \u00e0 pandemia de Covid-19, para a sua ratifica\u00e7\u00e3o. Esta \u00e9 a primeira vez que a \u201cMagna Casa do Povo\u201d debate a ratifica\u00e7\u00e3o de um documento desta natureza, com o objectivo de torn\u00e1-lo Lei de cumprimento obrigat\u00f3rio, bem como a sua aplica\u00e7\u00e3o. A ministra da Justi\u00e7a, Assuntos Constitucionais e Religiosos, Helena Kida, apresentou a fundamenta\u00e7\u00e3o do decreto presidencial n\u00ba 11\/2020, que declara o estado de emerg\u00eancia a entrar em vigor a partir do dia 1 de Abril e por um per\u00edodo de 30 dias, com a possibilidade de ser prorrogado. Kida fundamentou que o decreto surge devido ao surgimento de oito casos de infec\u00e7\u00e3o pelo novo coronavirus no pa\u00eds, sendo necess\u00e1rio proteger os direitos fundamentais dos cidad\u00e3os, diante desta pandemia ou calamidade natural, que j\u00e1 afectou 720 mil pessoas e a morte de mais de 30 mil pessoas. Nesta sess\u00e3o v\u00e3o discursar os chefes das tr\u00eas bancadas do Parlamento colocando as suas declara\u00e7\u00f5es e coment\u00e1rios sobre a proposta do decreto presidencial. A dirigente explicou que, o Chefe de Estado submeteu o pedido no dia 30 de Mar\u00e7o, \u00e0 aquele \u00f3rg\u00e3o para aprecia\u00e7\u00e3o e ratifica\u00e7\u00e3o, como medida de conter a propaga\u00e7\u00e3o do novo coronav\u00edrus no pa\u00eds. Esta sess\u00e3o extraordin\u00e1ria \u00e9 dirigida pela presidente da Assembleia da Rep\u00fablica, Esperan\u00e7a Bias, e foi antecedida por uma sess\u00e3o de aprecia\u00e7\u00e3o da Comissao Permanente."}