{"version":"1.0","provider_name":"TVM - Televis\u00e3o de Mo\u00e7ambique","provider_url":"https:\/\/www.tvm.co.mz\/novosite","author_name":"Leopoldino Bambo","author_url":"https:\/\/www.tvm.co.mz\/novosite\/author\/lbambo\/","title":"Presidente da Rep\u00fablica visita Finl\u00e2ndia em Junho - TVM - Televis\u00e3o de Mo\u00e7ambique","type":"rich","width":600,"height":338,"html":"<blockquote class=\"wp-embedded-content\" data-secret=\"AYL8dGMcKN\"><a href=\"https:\/\/www.tvm.co.mz\/novosite\/2020\/02\/28\/presidente-da-republica-visita-finlandia-em-junho\/\">Presidente da Rep\u00fablica visita Finl\u00e2ndia em Junho<\/a><\/blockquote><iframe sandbox=\"allow-scripts\" security=\"restricted\" src=\"https:\/\/www.tvm.co.mz\/novosite\/2020\/02\/28\/presidente-da-republica-visita-finlandia-em-junho\/embed\/#?secret=AYL8dGMcKN\" width=\"600\" height=\"338\" title=\"&#8220;Presidente da Rep\u00fablica visita Finl\u00e2ndia em Junho&#8221; &#8212; TVM - Televis\u00e3o de Mo\u00e7ambique\" data-secret=\"AYL8dGMcKN\" frameborder=\"0\" marginwidth=\"0\" marginheight=\"0\" scrolling=\"no\" class=\"wp-embedded-content\"><\/iframe><script>\n\/*! This file is auto-generated *\/\n!function(d,l){\"use strict\";l.querySelector&&d.addEventListener&&\"undefined\"!=typeof URL&&(d.wp=d.wp||{},d.wp.receiveEmbedMessage||(d.wp.receiveEmbedMessage=function(e){var t=e.data;if((t||t.secret||t.message||t.value)&&!\/[^a-zA-Z0-9]\/.test(t.secret)){for(var s,r,n,a=l.querySelectorAll('iframe[data-secret=\"'+t.secret+'\"]'),o=l.querySelectorAll('blockquote[data-secret=\"'+t.secret+'\"]'),c=new RegExp(\"^https?:$\",\"i\"),i=0;i<o.length;i++)o[i].style.display=\"none\";for(i=0;i<a.length;i++)s=a[i],e.source===s.contentWindow&&(s.removeAttribute(\"style\"),\"height\"===t.message?(1e3<(r=parseInt(t.value,10))?r=1e3:~~r<200&&(r=200),s.height=r):\"link\"===t.message&&(r=new URL(s.getAttribute(\"src\")),n=new URL(t.value),c.test(n.protocol))&&n.host===r.host&&l.activeElement===s&&(d.top.location.href=t.value))}},d.addEventListener(\"message\",d.wp.receiveEmbedMessage,!1),l.addEventListener(\"DOMContentLoaded\",function(){for(var e,t,s=l.querySelectorAll(\"iframe.wp-embedded-content\"),r=0;r<s.length;r++)(t=(e=s[r]).getAttribute(\"data-secret\"))||(t=Math.random().toString(36).substring(2,12),e.src+=\"#?secret=\"+t,e.setAttribute(\"data-secret\",t)),e.contentWindow.postMessage({message:\"ready\",secret:t},\"*\")},!1)))}(window,document);\n\/\/# sourceURL=https:\/\/www.tvm.co.mz\/novosite\/wp-includes\/js\/wp-embed.min.js\n<\/script>\n","thumbnail_url":"https:\/\/www.tvm.co.mz\/novosite\/wp-content\/uploads\/2020\/02\/thuxxmbs.web_.sapo_.jpg","thumbnail_width":800,"thumbnail_height":528,"description":"O Presidente da Rep\u00fablica, Filipe Nyusi, vai visitar o Reino da Finl\u00e2ndia em Junho, anunciou ontem, em Maputo, o ministro da Coopera\u00e7\u00e3o para o Desenvolvimento e Com\u00e9rcio Externo finland\u00eas. \u201cDiscutimos a visita do Presidente \u00e0 Finl\u00e2ndia e estamos ansiosos para o receber\u201d, disse Ville Skinnari, citado pela Lusa, falando em Maputo ap\u00f3s a reuni\u00e3o com a ministra dos Neg\u00f3cios Estrangeiros e Coopera\u00e7\u00e3o, Ver\u00f3nica Macamo, no \u00e2mbito de uma visita de trabalho que realiza a Mo\u00e7ambique. Ville Skinnari explicou que as discuss\u00f5es da reuni\u00e3o de ontem foram sobre a coopera\u00e7\u00e3o e desenvolvimento bilateral, bem como a rela\u00e7\u00e3o com a Uni\u00e3o Europeia. \u201cTivemos uma reuni\u00e3o muito produtiva e boa e esperamos ansiosamente pela pr\u00f3xima vez na Finl\u00e2ndia, em Junho\u201d, frisou. Por seu turno,Ver\u00f3nica Macamo referiu que \u201cse deve elevar as rela\u00e7\u00f5es econ\u00f3micas e empresariais para n\u00edveis mais altos\u201d. \u201cO desejo de Mo\u00e7ambique \u00e9 de ver mais ainda expandida \u00e0s \u00e1reas de agricultura, ind\u00fastria e pescas\u201d, afirmou Ver\u00f3nica Macamo, acrescentando que esteve sobre a mesa a operacionaliza\u00e7\u00e3o do plano de coopera\u00e7\u00e3o 2020-2024. A Finl\u00e2ndia tem participado no desenvolvimento rural, educa\u00e7\u00e3o e boa governa\u00e7\u00e3o, afirmou. \u201cA coisa mais dif\u00edcil para um pobre \u00e9 a fome, a quest\u00e3o da agricultura e outras \u00e1reas que comparticipam na produ\u00e7\u00e3o da comida que fossem vistas com muita aten\u00e7\u00e3o\u201d, acrescentou. A visita de Ville Skinnari a Mo\u00e7ambique visa fortalecer a coopera\u00e7\u00e3o entre os dois pa\u00edses. Al\u00e9m do encontro com a ministra dos Neg\u00f3cios Estrangeiros e Coopera\u00e7\u00e3o, Ville Skinnari tem marcadas reuni\u00f5es com o ministro da Ind\u00fastria e Com\u00e9rcio, Carlos Mesquita, com a ministra da Educa\u00e7\u00e3o e Desenvolvimento Humano, Carmelita Namashulua, e com a presidente do parlamento, Esperan\u00e7a Bias. Antes de Mo\u00e7ambique, Ville Skinnari visitou a Tanz\u00e2nia, onde tamb\u00e9m manteve encontros com quadros do Governo com o objectivo de refor\u00e7ar a coopera\u00e7\u00e3o bilateral."}