{"version":"1.0","provider_name":"TVM - Televis\u00e3o de Mo\u00e7ambique","provider_url":"https:\/\/www.tvm.co.mz\/novosite","author_name":"Leopoldino Bambo","author_url":"https:\/\/www.tvm.co.mz\/novosite\/author\/lbambo\/","title":"Ex\u00e9quias de Machungo segunda-feira no \u201cLhanguene\u201d - TVM - Televis\u00e3o de Mo\u00e7ambique","type":"rich","width":600,"height":338,"html":"<blockquote class=\"wp-embedded-content\" data-secret=\"JMfql4WhyU\"><a href=\"https:\/\/www.tvm.co.mz\/novosite\/2020\/02\/20\/exequias-de-machungo-segunda-feira-no-lhanguene\/\">Ex\u00e9quias de Machungo segunda-feira no \u201cLhanguene\u201d<\/a><\/blockquote><iframe sandbox=\"allow-scripts\" security=\"restricted\" src=\"https:\/\/www.tvm.co.mz\/novosite\/2020\/02\/20\/exequias-de-machungo-segunda-feira-no-lhanguene\/embed\/#?secret=JMfql4WhyU\" width=\"600\" height=\"338\" title=\"&#8220;Ex\u00e9quias de Machungo segunda-feira no \u201cLhanguene\u201d&#8221; &#8212; TVM - Televis\u00e3o de Mo\u00e7ambique\" data-secret=\"JMfql4WhyU\" frameborder=\"0\" marginwidth=\"0\" marginheight=\"0\" scrolling=\"no\" class=\"wp-embedded-content\"><\/iframe><script>\n\/*! This file is auto-generated *\/\n!function(d,l){\"use strict\";l.querySelector&&d.addEventListener&&\"undefined\"!=typeof URL&&(d.wp=d.wp||{},d.wp.receiveEmbedMessage||(d.wp.receiveEmbedMessage=function(e){var t=e.data;if((t||t.secret||t.message||t.value)&&!\/[^a-zA-Z0-9]\/.test(t.secret)){for(var s,r,n,a=l.querySelectorAll('iframe[data-secret=\"'+t.secret+'\"]'),o=l.querySelectorAll('blockquote[data-secret=\"'+t.secret+'\"]'),c=new RegExp(\"^https?:$\",\"i\"),i=0;i<o.length;i++)o[i].style.display=\"none\";for(i=0;i<a.length;i++)s=a[i],e.source===s.contentWindow&&(s.removeAttribute(\"style\"),\"height\"===t.message?(1e3<(r=parseInt(t.value,10))?r=1e3:~~r<200&&(r=200),s.height=r):\"link\"===t.message&&(r=new URL(s.getAttribute(\"src\")),n=new URL(t.value),c.test(n.protocol))&&n.host===r.host&&l.activeElement===s&&(d.top.location.href=t.value))}},d.addEventListener(\"message\",d.wp.receiveEmbedMessage,!1),l.addEventListener(\"DOMContentLoaded\",function(){for(var e,t,s=l.querySelectorAll(\"iframe.wp-embedded-content\"),r=0;r<s.length;r++)(t=(e=s[r]).getAttribute(\"data-secret\"))||(t=Math.random().toString(36).substring(2,12),e.src+=\"#?secret=\"+t,e.setAttribute(\"data-secret\",t)),e.contentWindow.postMessage({message:\"ready\",secret:t},\"*\")},!1)))}(window,document);\n\/\/# sourceURL=https:\/\/www.tvm.co.mz\/novosite\/wp-includes\/js\/wp-embed.min.js\n<\/script>\n","thumbnail_url":"https:\/\/www.tvm.co.mz\/novosite\/wp-content\/uploads\/2020\/02\/mario-machungo-portalmoznews.png","thumbnail_width":749,"thumbnail_height":500,"description":"OS restos mortais do antigo Primeiro-Ministro,M\u00e1rio Machungo, falecido na madrugada do dia 17 de Fevereiro corrente, em Lisboa, Portugal, v\u00e3o a enterrar na segunda-feira, pelas 15.00 horas, no Cemit\u00e9rio de Lhanguene, em Maputo, segundo informa\u00e7\u00e3o confirmada ontem pelo porta-voz da fam\u00edlia, Narciso Matos. Segundo delibera\u00e7\u00e3o do Conselho de Ministros, reunido em sess\u00e3o ordin\u00e1ria na \u00faltima ter\u00e7a-feira, M\u00e1rio Machungo ter\u00e1 um funeral oficial, nos termos definidos no Decreto 47\/2006, de 26 de Dezembro, que aprova as normas do protocolo do Estado. Ainda segundo decis\u00e3o do Governo, o pa\u00eds vai observar um luto nacional em mem\u00f3ria a M\u00e1rio Machungo, a partir de 0.00 hora de domingo, dia 23 de Fevereiro at\u00e9 \u00e0s 24.00 horas de segunda-feira, 24 de Fevereiro, dia das ex\u00e9quias. Durante o per\u00edodo de luto, a bandeira nacional ser\u00e1 i\u00e7ada a meia haste em todo o territ\u00f3rio nacional e nas miss\u00f5es diplom\u00e1ticas e consulares da Rep\u00fablica de Mo\u00e7ambique. De acordo com Matos, os restos mortais de M\u00e1rio da Gra\u00e7a Machungo, dever\u00e3o chegar ao pa\u00eds na manh\u00e3 deste s\u00e1bado, provenientes de Lisboa, devendo depois ser transportados para a capela da Igreja Anglicana S\u00e3o Cipriano, na cidade de Maputo, onde ser\u00e1 celebrada missa de corpo presente. No fim do dia, a urna contendo os restos mortais do antigo primeiro-ministro ser\u00e1 transportada para a morgue do Hospital Central de Maputo onde ser\u00e1 conservado at\u00e9 segunda-feira, dia do funeral no Cemit\u00e9rio de Lhanguene. No pr\u00f3prio dia do funeral, as cerim\u00f3nias ter\u00e3o in\u00edcio \u00e0s 10.00 horas no Pa\u00e7os do Munic\u00edpio da cidade de Maputo, onde haver\u00e1 vel\u00f3rio p\u00fablico para prestar a \u00faltima homenagem a M\u00e1rio Machungo at\u00e9 \u00e0s 14.00 horas. M\u00e1rio Machungo perdeu a vida na segunda-feira, v\u00edtima de doen\u00e7a prolongada, em Lisboa, onde permaneceu nos \u00faltimos tempos em tratamento hospitalar. Machungo \u00e9 natural de Chicuque, cidade da Maxixe, prov\u00edncia de Inhambane. Foi combatente na clandestinidade da luta de liberta\u00e7\u00e3o nacional desde 1962 enquanto estudante no Instituto Superior de Ci\u00eancias Econ\u00f3micas e Financeiras, em Portugal. Depois da independ\u00eancia, M\u00e1rio Machungo desempenhou diversas fun\u00e7\u00f5es desde o Governo de Transi\u00e7\u00e3o onde assumiu a pasta de Coopera\u00e7\u00e3o e Economia, em 1974. Entre 1975 e 1976 foi ministro da Ind\u00fastria e Com\u00e9rcio no primeiro Governo de Mo\u00e7ambique independente e, no mesmo ano foi indicado ministro da Ind\u00fastria e Energia at\u00e9 1978, quando foi chamado a assumir o Minist\u00e9rio da Agricultura. Em 1980, Machungo esteve a acumular o cargo de ministro da Agricultura e do Plano at\u00e9 1983 quando foi convidado a dirigir a prov\u00edncia da Zamb\u00e9zia onde permaneceu at\u00e9 1986. No mesmo ano foi nomeado primeiro-ministro no Governo formado pelo Presidente Joaquim Chissano, cargo que desempenhou at\u00e9 1994, depois da realiza\u00e7\u00e3o das primeira elei\u00e7\u00f5es multipartid\u00e1rias no pa\u00eds."}