{"version":"1.0","provider_name":"TVM - Televis\u00e3o de Mo\u00e7ambique","provider_url":"https:\/\/www.tvm.co.mz\/novosite","author_name":"Leopoldino Bambo","author_url":"https:\/\/www.tvm.co.mz\/novosite\/author\/lbambo\/","title":"Emirates inicia voos para o pa\u00eds em Junho - TVM - Televis\u00e3o de Mo\u00e7ambique","type":"rich","width":600,"height":338,"html":"<blockquote class=\"wp-embedded-content\" data-secret=\"CpVSIe9v7z\"><a href=\"https:\/\/www.tvm.co.mz\/novosite\/2020\/01\/30\/emirates-inicia-voos-para-o-pais-em-junho\/\">Emirates inicia voos para o pa\u00eds em Junho<\/a><\/blockquote><iframe sandbox=\"allow-scripts\" security=\"restricted\" src=\"https:\/\/www.tvm.co.mz\/novosite\/2020\/01\/30\/emirates-inicia-voos-para-o-pais-em-junho\/embed\/#?secret=CpVSIe9v7z\" width=\"600\" height=\"338\" title=\"&#8220;Emirates inicia voos para o pa\u00eds em Junho&#8221; &#8212; TVM - Televis\u00e3o de Mo\u00e7ambique\" data-secret=\"CpVSIe9v7z\" frameborder=\"0\" marginwidth=\"0\" marginheight=\"0\" scrolling=\"no\" class=\"wp-embedded-content\"><\/iframe><script>\n\/*! This file is auto-generated *\/\n!function(d,l){\"use strict\";l.querySelector&&d.addEventListener&&\"undefined\"!=typeof URL&&(d.wp=d.wp||{},d.wp.receiveEmbedMessage||(d.wp.receiveEmbedMessage=function(e){var t=e.data;if((t||t.secret||t.message||t.value)&&!\/[^a-zA-Z0-9]\/.test(t.secret)){for(var s,r,n,a=l.querySelectorAll('iframe[data-secret=\"'+t.secret+'\"]'),o=l.querySelectorAll('blockquote[data-secret=\"'+t.secret+'\"]'),c=new RegExp(\"^https?:$\",\"i\"),i=0;i<o.length;i++)o[i].style.display=\"none\";for(i=0;i<a.length;i++)s=a[i],e.source===s.contentWindow&&(s.removeAttribute(\"style\"),\"height\"===t.message?(1e3<(r=parseInt(t.value,10))?r=1e3:~~r<200&&(r=200),s.height=r):\"link\"===t.message&&(r=new URL(s.getAttribute(\"src\")),n=new URL(t.value),c.test(n.protocol))&&n.host===r.host&&l.activeElement===s&&(d.top.location.href=t.value))}},d.addEventListener(\"message\",d.wp.receiveEmbedMessage,!1),l.addEventListener(\"DOMContentLoaded\",function(){for(var e,t,s=l.querySelectorAll(\"iframe.wp-embedded-content\"),r=0;r<s.length;r++)(t=(e=s[r]).getAttribute(\"data-secret\"))||(t=Math.random().toString(36).substring(2,12),e.src+=\"#?secret=\"+t,e.setAttribute(\"data-secret\",t)),e.contentWindow.postMessage({message:\"ready\",secret:t},\"*\")},!1)))}(window,document);\n\/\/# sourceURL=https:\/\/www.tvm.co.mz\/novosite\/wp-includes\/js\/wp-embed.min.js\n<\/script>\n","thumbnail_url":"https:\/\/www.tvm.co.mz\/novosite\/wp-content\/uploads\/2020\/01\/Emir.gif","thumbnail_width":770,"thumbnail_height":500,"description":"A companhia a\u00e9rea dos Emirados \u00c1rabes Unidos, Emirates Airlines, inicia em Junho pr\u00f3ximo voos para o mercado mo\u00e7ambicano. O an\u00fancio foi feito ontem, em Maputo, pelo Presidente do Conselho de Administra\u00e7\u00e3o (PCA) do Instituto de Avia\u00e7\u00e3o Civil de Mo\u00e7ambique (IACM), Jo\u00e3o de Abreu, no final de uma visita de trabalho que o Ministro dos Transportes e Comunica\u00e7\u00f5es, Janfar Abdulai, efectuou \u00e0quela institui\u00e7\u00e3o para se inteirar do seu funcionamento. A decis\u00e3o de dar luz verde aos voos da Emirates para Mo\u00e7ambique foi tomada ap\u00f3s a conclus\u00e3o de um estudo de viabilidade comercial efectuado pela companhia ao mercado a\u00e9reo mo\u00e7ambicano no segmento internacional. Segundo ele, os voos da Emirates v\u00e3o partir de Dubai, escalando Maputo, com destino a Gaberone, no Botswana.\u201cJ\u00e1 nos pediram para come\u00e7ar a operar em Mo\u00e7ambique. Submetemos os requisitos e documentos que devem ser apresentados e estamos \u00e0 espera que eles nos d\u00eaem a resposta\u201d, disse Jo\u00e3o de Abreu. De acordo com a fonte, a companhia a\u00e9rea do Egipto, a Egypt Air, tamb\u00e9m manifestou o interesse de voar para Mo\u00e7ambique. \u201cA Emirates \u00e9 uma das 20 principais companhias a\u00e9reas do mundo, em termos de frota, receitas, passageiros transportados e quil\u00f3metros percorridos, e tornou-se na maior companhia a\u00e9rea no Oriente M\u00e9dio\u201d, afirmou de Abreu. Por seu turno, o Ministro dos Transportes e Comunica\u00e7\u00f5es, Janfar Abdulai, apontou o licenciamento e certifica\u00e7\u00e3o dos aeroportos nacionais como desafios a ultrapassar no presente ciclo de governa\u00e7\u00e3o. \u201cA avia\u00e7\u00e3o civil \u00e9 um sector importante, sobretudo nesta \u00e1rea de regulamenta\u00e7\u00e3o. Vimos aqui conhecer o sector e nos inteirarmos dos processos em curso, sobretudo os relacionados com a pol\u00edtica da avia\u00e7\u00e3o civil nacional. Percebi que existe um trabalho a ser desenvolvido. Existem tamb\u00e9m alguns desafios que julgo que iremos ultrapassar\u201d, frisou o novo timoneiro do pelouro dos Transportes e Comunica\u00e7\u00f5es. De recordar que Mo\u00e7ambique tem dois aeroportos certificados para receber voos internacionais, nomeadamente de Maputo e Nacala, estando na fase final de certifica\u00e7\u00e3o o Aeroporto Internacional da Beira."}