{"version":"1.0","provider_name":"TVM - Televis\u00e3o de Mo\u00e7ambique","provider_url":"https:\/\/www.tvm.co.mz\/novosite","author_name":"Leopoldino Bambo","author_url":"https:\/\/www.tvm.co.mz\/novosite\/author\/lbambo\/","title":"Ano escolar arranca amanh\u00e3 - TVM - Televis\u00e3o de Mo\u00e7ambique","type":"rich","width":600,"height":338,"html":"<blockquote class=\"wp-embedded-content\" data-secret=\"MatpPoMpPb\"><a href=\"https:\/\/www.tvm.co.mz\/novosite\/2020\/01\/30\/ano-escolar-arranca-amanha\/\">Ano escolar arranca amanh\u00e3<\/a><\/blockquote><iframe sandbox=\"allow-scripts\" security=\"restricted\" src=\"https:\/\/www.tvm.co.mz\/novosite\/2020\/01\/30\/ano-escolar-arranca-amanha\/embed\/#?secret=MatpPoMpPb\" width=\"600\" height=\"338\" title=\"&#8220;Ano escolar arranca amanh\u00e3&#8221; &#8212; TVM - Televis\u00e3o de Mo\u00e7ambique\" data-secret=\"MatpPoMpPb\" frameborder=\"0\" marginwidth=\"0\" marginheight=\"0\" scrolling=\"no\" class=\"wp-embedded-content\"><\/iframe><script>\n\/*! This file is auto-generated *\/\n!function(d,l){\"use strict\";l.querySelector&&d.addEventListener&&\"undefined\"!=typeof URL&&(d.wp=d.wp||{},d.wp.receiveEmbedMessage||(d.wp.receiveEmbedMessage=function(e){var t=e.data;if((t||t.secret||t.message||t.value)&&!\/[^a-zA-Z0-9]\/.test(t.secret)){for(var s,r,n,a=l.querySelectorAll('iframe[data-secret=\"'+t.secret+'\"]'),o=l.querySelectorAll('blockquote[data-secret=\"'+t.secret+'\"]'),c=new RegExp(\"^https?:$\",\"i\"),i=0;i<o.length;i++)o[i].style.display=\"none\";for(i=0;i<a.length;i++)s=a[i],e.source===s.contentWindow&&(s.removeAttribute(\"style\"),\"height\"===t.message?(1e3<(r=parseInt(t.value,10))?r=1e3:~~r<200&&(r=200),s.height=r):\"link\"===t.message&&(r=new URL(s.getAttribute(\"src\")),n=new URL(t.value),c.test(n.protocol))&&n.host===r.host&&l.activeElement===s&&(d.top.location.href=t.value))}},d.addEventListener(\"message\",d.wp.receiveEmbedMessage,!1),l.addEventListener(\"DOMContentLoaded\",function(){for(var e,t,s=l.querySelectorAll(\"iframe.wp-embedded-content\"),r=0;r<s.length;r++)(t=(e=s[r]).getAttribute(\"data-secret\"))||(t=Math.random().toString(36).substring(2,12),e.src+=\"#?secret=\"+t,e.setAttribute(\"data-secret\",t)),e.contentWindow.postMessage({message:\"ready\",secret:t},\"*\")},!1)))}(window,document);\n\/\/# sourceURL=https:\/\/www.tvm.co.mz\/novosite\/wp-includes\/js\/wp-embed.min.js\n<\/script>\n","thumbnail_url":"https:\/\/www.tvm.co.mz\/novosite\/wp-content\/uploads\/2020\/01\/ESCOLARIDADE.jpg","thumbnail_width":730,"thumbnail_height":438,"description":"O Ano lectivo 2020 arranca oficialmente amanh\u00e3 no pa\u00eds, com mais de 1.5 milh\u00e3o de crian\u00e7as a frequentar pela primeira vez a escola. O sector da Educa\u00e7\u00e3o e Desenvolvimento Humano assegura que as condi\u00e7\u00f5es est\u00e3o criadas para que o presente ano escolar decorra sem sobressaltos, pois cerca de 95 por cento dos alunos, da 1a \u00e0 12 classe, j\u00e1 foram matriculados e acontrata\u00e7\u00e3o de professores decorre a contento. Ismael Nheze, director do Instituto Nacional de Desenvolvimento da Educa\u00e7\u00e3o (INDE), disse que a distribui\u00e7\u00e3o do livro escolar, manuais e gui\u00f5es do professor est\u00e1 igualmente em curso, sendo que o material j\u00e1 est\u00e1 em praticamente todos distritos. \u201cEstamos a ter dificuldades para colocar o livro nos distritos da prov\u00edncia do Niassa e alguns pontos da Zamb\u00e9zia devido \u00e0s chuvas que continuam a cair na regi\u00e3o norte. Tudo est\u00e1 a ser feito para que at\u00e9 4 de Fevereiro todas as escolas tenham o material\u201d, disse. Para este ano foram adquiridos 18.4 milh\u00f5es de livros para o Ensino Prim\u00e1rio. Deste total 18.1 milh\u00f5es s\u00e3o livros da 1\u00aa \u00e0 7\u00aa classe, 162.6 mil s\u00e3o manuais e 163 mil gui\u00f5es do professor. Nheze disse que na cidade e prov\u00edncia de Maputo, por exemplo, os materiais did\u00e1cticos j\u00e1 est\u00e3o em todas as escolas, porque a sua distribui\u00e7\u00e3o \u00e9 feita dos armaz\u00e9ns directamente para os estabelecimentos de ensino. Nota de realce \u00e9 que este ano o pelouro da Educa\u00e7\u00e3o e Desenvolvimento Humano vai introduzir o novo curr\u00edculo na 4.\u00aa classe, no \u00e2mbito da revis\u00e3o da Lei do Sistema Nacional de Educa\u00e7\u00e3o. O processo, segundo Nheze, est\u00e1 a ser implementado de forma gradual, a cada ano, esperando-se que no pr\u00f3ximo ano lectivo seja a vez da 5.\u00aa classe, que passar\u00e1 a ter conte\u00fados novos de lecciona\u00e7\u00e3o. A fonte precisou que o novo instrumento jur\u00eddico introduz igualmente um Ensino Secund\u00e1rio de seis classes, da 7.\u00aa \u00e0 12.\u00aa, com dois ciclos de aprendizagem, sendo o primeiro da 7.\u00aa \u00e0 9.\u00aa classe e o segundo da 10.\u00aa \u00e0 12.\u00aa classe. Introduz tamb\u00e9m a gratuitidade da educa\u00e7\u00e3o b\u00e1sica, a educa\u00e7\u00e3o de adultos e forma\u00e7\u00e3o de professores como subsistemas e o regulamento \u00fanico de avalia\u00e7\u00e3o de educa\u00e7\u00e3o geral, com destaque para a aboli\u00e7\u00e3o da dispensa. A cerim\u00f3nia central de abertura do ano lectivo vai decorrer sob o lema \u201cPor Uma Educa\u00e7\u00e3o Inclusiva, Patri\u00f3tica e de Qualidade\u201d, e ter\u00e1 lugar na Escola Secund\u00e1ria de Chiconono, distrito de Muembe, na prov\u00edncia do Niassa, sendo replicada em todo o pa\u00eds."}