{"version":"1.0","provider_name":"TVM - Televis\u00e3o de Mo\u00e7ambique","provider_url":"https:\/\/www.tvm.co.mz\/novosite","author_name":"Leopoldino Bambo","author_url":"https:\/\/www.tvm.co.mz\/novosite\/author\/lbambo\/","title":"Sinistralidade imp\u00f5e refor\u00e7o da fiscaliza\u00e7\u00e3o - TVM - Televis\u00e3o de Mo\u00e7ambique","type":"rich","width":600,"height":338,"html":"<blockquote class=\"wp-embedded-content\" data-secret=\"co64opb3Ji\"><a href=\"https:\/\/www.tvm.co.mz\/novosite\/2019\/12\/28\/sinistralidade-impoe-reforco-da-fiscalizacao\/\">Sinistralidade imp\u00f5e refor\u00e7o da fiscaliza\u00e7\u00e3o<\/a><\/blockquote><iframe sandbox=\"allow-scripts\" security=\"restricted\" src=\"https:\/\/www.tvm.co.mz\/novosite\/2019\/12\/28\/sinistralidade-impoe-reforco-da-fiscalizacao\/embed\/#?secret=co64opb3Ji\" width=\"600\" height=\"338\" title=\"&#8220;Sinistralidade imp\u00f5e refor\u00e7o da fiscaliza\u00e7\u00e3o&#8221; &#8212; TVM - Televis\u00e3o de Mo\u00e7ambique\" data-secret=\"co64opb3Ji\" frameborder=\"0\" marginwidth=\"0\" marginheight=\"0\" scrolling=\"no\" class=\"wp-embedded-content\"><\/iframe><script>\n\/*! This file is auto-generated *\/\n!function(d,l){\"use strict\";l.querySelector&&d.addEventListener&&\"undefined\"!=typeof URL&&(d.wp=d.wp||{},d.wp.receiveEmbedMessage||(d.wp.receiveEmbedMessage=function(e){var t=e.data;if((t||t.secret||t.message||t.value)&&!\/[^a-zA-Z0-9]\/.test(t.secret)){for(var s,r,n,a=l.querySelectorAll('iframe[data-secret=\"'+t.secret+'\"]'),o=l.querySelectorAll('blockquote[data-secret=\"'+t.secret+'\"]'),c=new RegExp(\"^https?:$\",\"i\"),i=0;i<o.length;i++)o[i].style.display=\"none\";for(i=0;i<a.length;i++)s=a[i],e.source===s.contentWindow&&(s.removeAttribute(\"style\"),\"height\"===t.message?(1e3<(r=parseInt(t.value,10))?r=1e3:~~r<200&&(r=200),s.height=r):\"link\"===t.message&&(r=new URL(s.getAttribute(\"src\")),n=new URL(t.value),c.test(n.protocol))&&n.host===r.host&&l.activeElement===s&&(d.top.location.href=t.value))}},d.addEventListener(\"message\",d.wp.receiveEmbedMessage,!1),l.addEventListener(\"DOMContentLoaded\",function(){for(var e,t,s=l.querySelectorAll(\"iframe.wp-embedded-content\"),r=0;r<s.length;r++)(t=(e=s[r]).getAttribute(\"data-secret\"))||(t=Math.random().toString(36).substring(2,12),e.src+=\"#?secret=\"+t,e.setAttribute(\"data-secret\",t)),e.contentWindow.postMessage({message:\"ready\",secret:t},\"*\")},!1)))}(window,document);\n\/\/# sourceURL=https:\/\/www.tvm.co.mz\/novosite\/wp-includes\/js\/wp-embed.min.js\n<\/script>\n","thumbnail_url":"https:\/\/www.tvm.co.mz\/novosite\/wp-content\/uploads\/2019\/12\/INATTER-recebe-mais-uma-viatura-para-fiscalizacao_articleimage.jpg","thumbnail_width":770,"thumbnail_height":513,"description":"O Instituto Nacional de Transportes Terrestres (INATTER) investiu este ano pouco mais de 65 milh\u00f5es de meticais na aquisi\u00e7\u00e3o de equipamento de fiscaliza\u00e7\u00e3o, com destaque para radares de controlo de velocidade, alcool\u00edmetros, boquilhas, cones e viaturas. A informa\u00e7\u00e3o foi tornada p\u00fablica ontem, em Maputo, pela Vice-Ministra dos Transportes e Comunica\u00e7\u00f5es, Manuela Rebelo, no acto da entrega de 12 viaturas para a fiscaliza\u00e7\u00e3o rodovi\u00e1ria no pa\u00eds. O refor\u00e7o da capacidade do INATTER acontece numa altura em que as estat\u00edsticas dos acidentes de via\u00e7\u00e3o se revelam preocupantes, com os n\u00fameros a apontarem para a ocorr\u00eancia de 910 sinistros nos primeiros nove meses do ano, que resultaram em 752 mortes, 781 feridos graves e 1181 ligeiros. Manuela Rebelo disse na ocasi\u00e3o que a sinistralidade rodovi\u00e1ria nos \u00faltimos tempos, pelo seu impacto social e econ\u00f3mico, \u00e9 considerada um problema de sa\u00fade p\u00fablica, afectando o tecido social mo\u00e7ambicano. \u201cS\u00f3 nos \u00faltimos 10 anos registaram-se cerca de 31 mil acidentes de via\u00e7\u00e3o, que resultaram em mais de 16 mil \u00f3bitos, 22 mil feridos graves e 27 mil ligeiros\u201d, disse. Acrescentou que para al\u00e9m da aquisi\u00e7\u00e3o de meios para fiscaliza\u00e7\u00e3o o Governo tem a vis\u00e3o de privilegiar ac\u00e7\u00f5es de preven\u00e7\u00e3o atrav\u00e9s de campanhas de sensibiliza\u00e7\u00e3o e educa\u00e7\u00e3o dos utentes da via p\u00fablica para adoptarem pr\u00e1ticas seguras. \u201cEstamos na quadra festiva, per\u00edodo caracterizado pelo aumento da mobilidade de pessoas e bens no territ\u00f3rio nacional, cujo pico poder\u00e1 registar-se nos dias 30, 31 de Dezembro e primeiros dias de Janeiro de 2020\u201d, destacou a vice-ministra, real\u00e7ando que mesmo com o refor\u00e7o da fiscaliza\u00e7\u00e3o continuam a registar-se acidentes violentos que est\u00e3o a transformar o que seria festa em luto. As viaturas ontem entregues ser\u00e3o afectas \u00e0s delega\u00e7\u00f5es provinciais do INATTER e \u00e0 Ag\u00eancia Metropolitana de Transportes de Maputo (AMT), nesta \u00faltima para refor\u00e7ar as actividades de inspec\u00e7\u00e3o dos autocarros de transporte p\u00fablico de passageiros."}