{"version":"1.0","provider_name":"TVM - Televis\u00e3o de Mo\u00e7ambique","provider_url":"https:\/\/www.tvm.co.mz\/novosite","author_name":"Leopoldino Bambo","author_url":"https:\/\/www.tvm.co.mz\/novosite\/author\/lbambo\/","title":"Ver\u00f3nica Macamo orienta 46\u00aa sess\u00e3o plen\u00e1ria da SADC - TVM - Televis\u00e3o de Mo\u00e7ambique","type":"rich","width":600,"height":338,"html":"<blockquote class=\"wp-embedded-content\" data-secret=\"Mato4nv4r4\"><a href=\"https:\/\/www.tvm.co.mz\/novosite\/2019\/12\/06\/veronica-macamo-orienta-46-sessao-plenaria-da-sadc\/\">Ver\u00f3nica Macamo orienta 46\u00aa sess\u00e3o plen\u00e1ria da SADC<\/a><\/blockquote><iframe sandbox=\"allow-scripts\" security=\"restricted\" src=\"https:\/\/www.tvm.co.mz\/novosite\/2019\/12\/06\/veronica-macamo-orienta-46-sessao-plenaria-da-sadc\/embed\/#?secret=Mato4nv4r4\" width=\"600\" height=\"338\" title=\"&#8220;Ver\u00f3nica Macamo orienta 46\u00aa sess\u00e3o plen\u00e1ria da SADC&#8221; &#8212; TVM - Televis\u00e3o de Mo\u00e7ambique\" data-secret=\"Mato4nv4r4\" frameborder=\"0\" marginwidth=\"0\" marginheight=\"0\" scrolling=\"no\" class=\"wp-embedded-content\"><\/iframe><script>\n\/*! This file is auto-generated *\/\n!function(d,l){\"use strict\";l.querySelector&&d.addEventListener&&\"undefined\"!=typeof URL&&(d.wp=d.wp||{},d.wp.receiveEmbedMessage||(d.wp.receiveEmbedMessage=function(e){var t=e.data;if((t||t.secret||t.message||t.value)&&!\/[^a-zA-Z0-9]\/.test(t.secret)){for(var s,r,n,a=l.querySelectorAll('iframe[data-secret=\"'+t.secret+'\"]'),o=l.querySelectorAll('blockquote[data-secret=\"'+t.secret+'\"]'),c=new RegExp(\"^https?:$\",\"i\"),i=0;i<o.length;i++)o[i].style.display=\"none\";for(i=0;i<a.length;i++)s=a[i],e.source===s.contentWindow&&(s.removeAttribute(\"style\"),\"height\"===t.message?(1e3<(r=parseInt(t.value,10))?r=1e3:~~r<200&&(r=200),s.height=r):\"link\"===t.message&&(r=new URL(s.getAttribute(\"src\")),n=new URL(t.value),c.test(n.protocol))&&n.host===r.host&&l.activeElement===s&&(d.top.location.href=t.value))}},d.addEventListener(\"message\",d.wp.receiveEmbedMessage,!1),l.addEventListener(\"DOMContentLoaded\",function(){for(var e,t,s=l.querySelectorAll(\"iframe.wp-embedded-content\"),r=0;r<s.length;r++)(t=(e=s[r]).getAttribute(\"data-secret\"))||(t=Math.random().toString(36).substring(2,12),e.src+=\"#?secret=\"+t,e.setAttribute(\"data-secret\",t)),e.contentWindow.postMessage({message:\"ready\",secret:t},\"*\")},!1)))}(window,document);\n\/\/# sourceURL=https:\/\/www.tvm.co.mz\/novosite\/wp-includes\/js\/wp-embed.min.js\n<\/script>\n","thumbnail_url":"https:\/\/www.tvm.co.mz\/novosite\/wp-content\/uploads\/2019\/12\/VERONICAMACAMO.jpg","thumbnail_width":730,"thumbnail_height":438,"description":"A Presidente da Assembleia da Rep\u00fablica, Ver\u00f3nica Macamo, segue segunda-feira pr\u00f3xima para Nam\u00edbia, onde vai orientar a 46\u00aa Sess\u00e3o Plen\u00e1ria do F\u00f3rum Parlamentar da SADC, a ter lugar entre os dias 10 e 17 de Dezembro em curso. O evento, que \u00e9 presidido pela Presidente do Parlamento mo\u00e7ambicano, vai decorrer sob o lema \u201cO papel dos parlamentos da SADC na promo\u00e7\u00e3o da cobertura universal dos cuidados de sa\u00fade at\u00e9 2030\u201d. O F\u00f3rum Parlamentar da SADC, que realiza a sua 46\u00aa Sess\u00e3o Plen\u00e1ria, dever\u00e1, dentre v\u00e1rios assuntos, promover uma compreens\u00e3o mais profunda da Cobertura Universal da Sa\u00fade (UHC) e do seu impacto no desenvolvimento humano e social; assegurar uma compreens\u00e3o da cobertura universal de sa\u00fade na perspectiva de uma abordagem assente em direitos, com especial realce para a realiza\u00e7\u00e3o do direito humano \u00e0 sa\u00fade. A reuni\u00e3o dever\u00e1, igualmente, fazer sentir o papel do Parlamento e promover iniciativas parlamentares na regi\u00e3o da SADC para uma execu\u00e7\u00e3o est\u00e1vel e coerente dos programas de cobertura universal de sa\u00fade. Refira-se que na \u00faltima d\u00e9cada, os governos e decisores pol\u00edticos da regi\u00e3o austral de \u00c1frica v\u00eam projectando, com coer\u00eancia, uma vis\u00e3o de uma SADC com servi\u00e7os de sa\u00fade dispon\u00edveis e acess\u00edveis a todos, sem discrimina\u00e7\u00e3o, e a pre\u00e7o razo\u00e1vel. Defendeu-se a cobertura dos servi\u00e7os de sa\u00fade (tamb\u00e9m conhecida como Cobertura Universal da Sa\u00fade) a todos os cidad\u00e3os da SADC, independentemente da sua localiza\u00e7\u00e3o geogr\u00e1fica no Estado, devendo-se conceder, sem discrimina\u00e7\u00e3o, em raz\u00e3o do g\u00e9nero, credo, cor, casta, opini\u00e3o pol\u00edtica ou orienta\u00e7\u00e3o sexual. Al\u00e9m disso, os Estados membros da SADC aplicaram, cumulativamente, mais de 10% do Produto Interno Bruto da regi\u00e3o na melhoria dos cuidados e servi\u00e7os de sa\u00fade ao longo da \u00faltima d\u00e9cada, e as despesas da sa\u00fade permanecem entre as maiores dos or\u00e7amentos anuais de cada Estado, sendo esta percentagem equiparada \u00e0 da seguran\u00e7a interna e educa\u00e7\u00e3o. Nos \u00faltimos 5 anos, verificam-se, com frequ\u00eancia, d\u00e9fices or\u00e7amentais nos pa\u00edses da SADC devido a despesas com a sa\u00fade, distorcidas pelos surtos epid\u00e9micos repentinos, como a mal\u00e1ria, tuberculose e c\u00f3lera. Apesar de tais despesas na sa\u00fade p\u00fablica, a regi\u00e3o ainda se mant\u00e9m bastante aqu\u00e9m dos objectivos e compromissos ligados \u00e0 UHC. (Not\u00edcias\/RM\/AR)"}