{"version":"1.0","provider_name":"TVM - Televis\u00e3o de Mo\u00e7ambique","provider_url":"https:\/\/www.tvm.co.mz\/novosite","author_name":"Leopoldino Bambo","author_url":"https:\/\/www.tvm.co.mz\/novosite\/author\/lbambo\/","title":"Sa\u00fade reflecte sobre humaniza\u00e7\u00e3o dos seus servi\u00e7os - TVM - Televis\u00e3o de Mo\u00e7ambique","type":"rich","width":600,"height":338,"html":"<blockquote class=\"wp-embedded-content\" data-secret=\"ILRxRkVarC\"><a href=\"https:\/\/www.tvm.co.mz\/novosite\/2019\/11\/26\/saude-reflecte-sobre-humanizacao-dos-seus-servicos\/\">Sa\u00fade reflecte sobre humaniza\u00e7\u00e3o dos seus servi\u00e7os<\/a><\/blockquote><iframe sandbox=\"allow-scripts\" security=\"restricted\" src=\"https:\/\/www.tvm.co.mz\/novosite\/2019\/11\/26\/saude-reflecte-sobre-humanizacao-dos-seus-servicos\/embed\/#?secret=ILRxRkVarC\" width=\"600\" height=\"338\" title=\"&#8220;Sa\u00fade reflecte sobre humaniza\u00e7\u00e3o dos seus servi\u00e7os&#8221; &#8212; TVM - Televis\u00e3o de Mo\u00e7ambique\" data-secret=\"ILRxRkVarC\" frameborder=\"0\" marginwidth=\"0\" marginheight=\"0\" scrolling=\"no\" class=\"wp-embedded-content\"><\/iframe><script>\n\/*! This file is auto-generated *\/\n!function(d,l){\"use strict\";l.querySelector&&d.addEventListener&&\"undefined\"!=typeof URL&&(d.wp=d.wp||{},d.wp.receiveEmbedMessage||(d.wp.receiveEmbedMessage=function(e){var t=e.data;if((t||t.secret||t.message||t.value)&&!\/[^a-zA-Z0-9]\/.test(t.secret)){for(var s,r,n,a=l.querySelectorAll('iframe[data-secret=\"'+t.secret+'\"]'),o=l.querySelectorAll('blockquote[data-secret=\"'+t.secret+'\"]'),c=new RegExp(\"^https?:$\",\"i\"),i=0;i<o.length;i++)o[i].style.display=\"none\";for(i=0;i<a.length;i++)s=a[i],e.source===s.contentWindow&&(s.removeAttribute(\"style\"),\"height\"===t.message?(1e3<(r=parseInt(t.value,10))?r=1e3:~~r<200&&(r=200),s.height=r):\"link\"===t.message&&(r=new URL(s.getAttribute(\"src\")),n=new URL(t.value),c.test(n.protocol))&&n.host===r.host&&l.activeElement===s&&(d.top.location.href=t.value))}},d.addEventListener(\"message\",d.wp.receiveEmbedMessage,!1),l.addEventListener(\"DOMContentLoaded\",function(){for(var e,t,s=l.querySelectorAll(\"iframe.wp-embedded-content\"),r=0;r<s.length;r++)(t=(e=s[r]).getAttribute(\"data-secret\"))||(t=Math.random().toString(36).substring(2,12),e.src+=\"#?secret=\"+t,e.setAttribute(\"data-secret\",t)),e.contentWindow.postMessage({message:\"ready\",secret:t},\"*\")},!1)))}(window,document);\n\/\/# sourceURL=https:\/\/www.tvm.co.mz\/novosite\/wp-includes\/js\/wp-embed.min.js\n<\/script>\n","thumbnail_url":"https:\/\/www.tvm.co.mz\/novosite\/wp-content\/uploads\/2019\/11\/48129202_303.jpg","thumbnail_width":700,"thumbnail_height":394,"description":"A Ministra da Sa\u00fade, Nazira Abdula, destaca a necessidade de maior e melhor coordena\u00e7\u00e3o na comunica\u00e7\u00e3o entre os diferentes intervenientes, com vista a aumentar a participa\u00e7\u00e3o dos utentes e funcion\u00e1rios na gest\u00e3o da qualidade dos servi\u00e7os de sa\u00fade em Mo\u00e7ambique.Abdula lan\u00e7ou o repto na sess\u00e3o de abertura, ontem, da 5\u00aa reuni\u00e3o nacional de balan\u00e7o e partilha de experi\u00eancias sobre Qualidade e Humaniza\u00e7\u00e3o dos Cuidados de Sa\u00fade, um evento de dois dias, que congrega, em Maputo, a sociedade civil, comit\u00e9s de co-gest\u00e3o das unidades sanit\u00e1rias, especialistas de sa\u00fade e parceiros de coopera\u00e7\u00e3o com o objectivo de promover e fortalecer a implementa\u00e7\u00e3o das Iniciativas de Melhoria da Qualidade e Humaniza\u00e7\u00e3o nas Unidades Sanit\u00e1rias do pa\u00eds.\u201cN\u00e3o obstante os ganhos obtidos reconhecemos que o caminho ainda \u00e9 longo e est\u00e1 longe de chegar ao fim. \u00c9, por isso, necess\u00e1ria uma melhor integra\u00e7\u00e3o da qualidade nas diferentes pr\u00e1ticas cl\u00ednicas e gest\u00e3o de programas de sa\u00fade\u201d, disse a ministra.A titular da pasta da sa\u00fade disse, por outro lado, ser necess\u00e1rio melhorar a capta\u00e7\u00e3o e uso de dados referentes \u00e0 qualidade dos servi\u00e7os; melhorar a coordena\u00e7\u00e3o e comunica\u00e7\u00e3o entre os diferentes intervenientes, provedores de sa\u00fade, provedor e utente; seus familiares e comunidade e aumentar a participa\u00e7\u00e3o dos utentes e funcion\u00e1rios na gest\u00e3o da qualidade dos servi\u00e7os.Segundo a ministra, citada pela AIM, a 2\u00aa Estrat\u00e9gia de Qualidade e Humaniza\u00e7\u00e3o 2017\/23 estabelece como meta \u201cFortalecer a Implementa\u00e7\u00e3o do Sistema de Qualidade e Humaniza\u00e7\u00e3o nas Unidades Sanit\u00e1rias do Servi\u00e7o Nacional da Sa\u00fade\u201d.A t\u00edtulo de exemplo, a qualidade e humaniza\u00e7\u00e3o \u00e9 uma oferta de cuidados atempados que se traduzem na pontualidade e que atinjam os resultados desejados na forma de efic\u00e1cia, sem causar danos ao utente, ao profissional da sa\u00fade e ao ambiente (seguran\u00e7a) e que respeitem as necessidades e prefer\u00eancias dos utentes.Ali\u00e1s, no quadro da expans\u00e3o com vista a uma maior participa\u00e7\u00e3o da comunidade na gest\u00e3o dos servi\u00e7os de sa\u00fade pelos comit\u00e9s de sa\u00fade, de co-gest\u00e3o e humaniza\u00e7\u00e3o, o pa\u00eds possui, actualmente, 1302 \u00f3rg\u00e3os, contra 215 em 2011. Quanto aos gabinetes de utentes, o n\u00famero totaliza agora 246, contra 160 em 2011, ac\u00e7\u00f5es que garantem a seguran\u00e7a dos utentes e funcion\u00e1rios de sa\u00fade."}