{"version":"1.0","provider_name":"TVM - Televis\u00e3o de Mo\u00e7ambique","provider_url":"https:\/\/www.tvm.co.mz\/novosite","author_name":"Leopoldino Bambo","author_url":"https:\/\/www.tvm.co.mz\/novosite\/author\/lbambo\/","title":"Magistrados capacitados em mat\u00e9rias de insolv\u00eancia - TVM - Televis\u00e3o de Mo\u00e7ambique","type":"rich","width":600,"height":338,"html":"<blockquote class=\"wp-embedded-content\" data-secret=\"7OI9nUCIER\"><a href=\"https:\/\/www.tvm.co.mz\/novosite\/2019\/11\/26\/magistrados-capacitados-em-materias-de-insolvencia\/\">Magistrados capacitados em mat\u00e9rias de insolv\u00eancia<\/a><\/blockquote><iframe sandbox=\"allow-scripts\" security=\"restricted\" src=\"https:\/\/www.tvm.co.mz\/novosite\/2019\/11\/26\/magistrados-capacitados-em-materias-de-insolvencia\/embed\/#?secret=7OI9nUCIER\" width=\"600\" height=\"338\" title=\"&#8220;Magistrados capacitados em mat\u00e9rias de insolv\u00eancia&#8221; &#8212; TVM - Televis\u00e3o de Mo\u00e7ambique\" data-secret=\"7OI9nUCIER\" frameborder=\"0\" marginwidth=\"0\" marginheight=\"0\" scrolling=\"no\" class=\"wp-embedded-content\"><\/iframe><script>\n\/*! This file is auto-generated *\/\n!function(d,l){\"use strict\";l.querySelector&&d.addEventListener&&\"undefined\"!=typeof URL&&(d.wp=d.wp||{},d.wp.receiveEmbedMessage||(d.wp.receiveEmbedMessage=function(e){var t=e.data;if((t||t.secret||t.message||t.value)&&!\/[^a-zA-Z0-9]\/.test(t.secret)){for(var s,r,n,a=l.querySelectorAll('iframe[data-secret=\"'+t.secret+'\"]'),o=l.querySelectorAll('blockquote[data-secret=\"'+t.secret+'\"]'),c=new RegExp(\"^https?:$\",\"i\"),i=0;i<o.length;i++)o[i].style.display=\"none\";for(i=0;i<a.length;i++)s=a[i],e.source===s.contentWindow&&(s.removeAttribute(\"style\"),\"height\"===t.message?(1e3<(r=parseInt(t.value,10))?r=1e3:~~r<200&&(r=200),s.height=r):\"link\"===t.message&&(r=new URL(s.getAttribute(\"src\")),n=new URL(t.value),c.test(n.protocol))&&n.host===r.host&&l.activeElement===s&&(d.top.location.href=t.value))}},d.addEventListener(\"message\",d.wp.receiveEmbedMessage,!1),l.addEventListener(\"DOMContentLoaded\",function(){for(var e,t,s=l.querySelectorAll(\"iframe.wp-embedded-content\"),r=0;r<s.length;r++)(t=(e=s[r]).getAttribute(\"data-secret\"))||(t=Math.random().toString(36).substring(2,12),e.src+=\"#?secret=\"+t,e.setAttribute(\"data-secret\",t)),e.contentWindow.postMessage({message:\"ready\",secret:t},\"*\")},!1)))}(window,document);\n\/\/# sourceURL=https:\/\/www.tvm.co.mz\/novosite\/wp-includes\/js\/wp-embed.min.js\n<\/script>\n","thumbnail_url":"https:\/\/www.tvm.co.mz\/novosite\/wp-content\/uploads\/2019\/11\/49363702_303.jpg","thumbnail_width":700,"thumbnail_height":394,"description":"O Minist\u00e9rio da Justi\u00e7a, Assuntos Constitucionais e Religiosos (MJACR) aposta no refor\u00e7o da forma\u00e7\u00e3o dos magistrados em mat\u00e9rias de insolv\u00eancia, com o objectivo de melhorar o ambiente de neg\u00f3cios no pa\u00eds.Segundo o Ministro da Justi\u00e7a, Assuntos Constitucionais e Religiosos, Joaquim Ver\u00edssimo, o governo tem vindo a criar mudan\u00e7as no c\u00f3digo comercial e prev\u00ea a cria\u00e7\u00e3o de uma unidade reguladora que vai controlar e gerir todo esse processo de gest\u00e3o de insolv\u00eancia.Falando na abertura da forma\u00e7\u00e3o de magistrados, em mat\u00e9ria de insolv\u00eancia e recupera\u00e7\u00e3o de empresas comerciais, Ver\u00edssimo disse que com a capacita\u00e7\u00e3o pretende-se garantir que haja um ambiente que permita maior investimento no pa\u00eds e criar mais oportunidades de emprego, contribuindo para o desenvolvimento do pa\u00eds.A forma\u00e7\u00e3o, que conta com o apoio do Banco Mundial, da Su\u00ed\u00e7a e Su\u00e9cia, abrange administradores de insolv\u00eancia, ju\u00edzes que lidam com casos dessa natureza, advogados, bem como membros da Procuradoria-Geral da Rep\u00fablica.\u201c\u00c9 neste sentido que, dentro daquilo que \u00e9 realmente o nosso plano de reestrutura\u00e7\u00e3o do processo de cria\u00e7\u00e3o desta unidade, que compreende tamb\u00e9m o processo de forma\u00e7\u00e3o de todos aqueles agentes que est\u00e3o envolvidos neste processo, como, por exemplo, os administradores da insolv\u00eancia, os ju\u00edzes que julgam casos dessa natureza, os advogados que est\u00e3o realmente noutra parte do processo e, tamb\u00e9m, n\u00e3o s\u00f3, os advogados, temos a Procuradoria-Geral da Rep\u00fablica que tamb\u00e9m joga o papel muito importante\u201d, disse o ministro, citado pela AIM.O governante referiu que al\u00e9m do apoio que o \u00f3rg\u00e3o, atrav\u00e9s da Confedera\u00e7\u00e3o das Associa\u00e7\u00f5es Econ\u00f3micas de Mo\u00e7ambique (CTA), tem dado a algumas empresas tem tamb\u00e9m a colabora\u00e7\u00e3o do Minist\u00e9rio da Ind\u00fastria e Com\u00e9rcio (MIC), como uma entidade que regula a quest\u00e3o de com\u00e9rcio, que tem um papel importante no processo.Por sua vez, o juiz-presidente da Sec\u00e7\u00e3o Comercial do Tribunal Judicial da prov\u00edncia de Nampula, \u00d3scar Bas\u00edlio, disse que a quest\u00e3o das insolv\u00eancias das empresas na cria\u00e7\u00e3o de entidades reguladoras vai colmatar um vazio que existia do ponto de vista legal e tamb\u00e9m do ponto de vista de como proceder para melhor responder ao mercado.\u201cAs grandes preocupa\u00e7\u00f5es, como resolver os problemas econ\u00f3micos, usando os mecanismos jur\u00eddicos, cujos mecanismos eram insuficientes para responder cabalmente a essas quest\u00f5es, ent\u00e3o, com essas novas mat\u00e9rias de insolv\u00eancia e recupera\u00e7\u00e3o de empresas, os tribunais v\u00e3o ficar dotados de capacidade de resolver de forma acertada as quest\u00f5es que lhes s\u00e3o colocadas\u201d, disse.Segundo Bas\u00edlio, antes da legisla\u00e7\u00e3o especial em mat\u00e9ria de insolv\u00eancia era dif\u00edcil resolver de forma correcta quest\u00f5es relativas a empresas que fecham ou os respectivos s\u00f3cios est\u00e3o em desaven\u00e7as, pois se limitavam em ouvir os argumentos das partes e n\u00e3o na base de t\u00e9cnicas apropriadas.\u201cO cen\u00e1rio que se vive numa empresa em que, por exemplo, fecha ou que os s\u00f3cios est\u00e3o desavindos, actualmente, eu poderia dizer que cada um tenta puxar a raz\u00e3o para o seu lado com mecanismos e expedientes falat\u00f3rios, e para n\u00f3s, os ju\u00edzes, tornava-se dif\u00edcil, antes desta legisla\u00e7\u00e3o especial resolver de forma acertada essas quest\u00f5es, porque \u00edamos mais para os argumentos das partes e n\u00e3o por quest\u00f5es de acordo com as t\u00e9cnicas desenvolvidas a n\u00edvel mundial\u201d, explicou."}