{"version":"1.0","provider_name":"TVM - Televis\u00e3o de Mo\u00e7ambique","provider_url":"https:\/\/www.tvm.co.mz\/novosite","author_name":"Leopoldino Bambo","author_url":"https:\/\/www.tvm.co.mz\/novosite\/author\/lbambo\/","title":"Nyusi envia condol\u00eancias ao seu hom\u00f3logo do Mali - TVM - Televis\u00e3o de Mo\u00e7ambique","type":"rich","width":600,"height":338,"html":"<blockquote class=\"wp-embedded-content\" data-secret=\"cmzfgZmShs\"><a href=\"https:\/\/www.tvm.co.mz\/novosite\/2019\/11\/12\/nyusi-envia-condolencias-ao-seu-homologo-do-mali\/\">Nyusi envia condol\u00eancias ao seu hom\u00f3logo do Mali<\/a><\/blockquote><iframe sandbox=\"allow-scripts\" security=\"restricted\" src=\"https:\/\/www.tvm.co.mz\/novosite\/2019\/11\/12\/nyusi-envia-condolencias-ao-seu-homologo-do-mali\/embed\/#?secret=cmzfgZmShs\" width=\"600\" height=\"338\" title=\"&#8220;Nyusi envia condol\u00eancias ao seu hom\u00f3logo do Mali&#8221; &#8212; TVM - Televis\u00e3o de Mo\u00e7ambique\" data-secret=\"cmzfgZmShs\" frameborder=\"0\" marginwidth=\"0\" marginheight=\"0\" scrolling=\"no\" class=\"wp-embedded-content\"><\/iframe><script>\n\/*! This file is auto-generated *\/\n!function(d,l){\"use strict\";l.querySelector&&d.addEventListener&&\"undefined\"!=typeof URL&&(d.wp=d.wp||{},d.wp.receiveEmbedMessage||(d.wp.receiveEmbedMessage=function(e){var t=e.data;if((t||t.secret||t.message||t.value)&&!\/[^a-zA-Z0-9]\/.test(t.secret)){for(var s,r,n,a=l.querySelectorAll('iframe[data-secret=\"'+t.secret+'\"]'),o=l.querySelectorAll('blockquote[data-secret=\"'+t.secret+'\"]'),c=new RegExp(\"^https?:$\",\"i\"),i=0;i<o.length;i++)o[i].style.display=\"none\";for(i=0;i<a.length;i++)s=a[i],e.source===s.contentWindow&&(s.removeAttribute(\"style\"),\"height\"===t.message?(1e3<(r=parseInt(t.value,10))?r=1e3:~~r<200&&(r=200),s.height=r):\"link\"===t.message&&(r=new URL(s.getAttribute(\"src\")),n=new URL(t.value),c.test(n.protocol))&&n.host===r.host&&l.activeElement===s&&(d.top.location.href=t.value))}},d.addEventListener(\"message\",d.wp.receiveEmbedMessage,!1),l.addEventListener(\"DOMContentLoaded\",function(){for(var e,t,s=l.querySelectorAll(\"iframe.wp-embedded-content\"),r=0;r<s.length;r++)(t=(e=s[r]).getAttribute(\"data-secret\"))||(t=Math.random().toString(36).substring(2,12),e.src+=\"#?secret=\"+t,e.setAttribute(\"data-secret\",t)),e.contentWindow.postMessage({message:\"ready\",secret:t},\"*\")},!1)))}(window,document);\n\/\/# sourceURL=https:\/\/www.tvm.co.mz\/novosite\/wp-includes\/js\/wp-embed.min.js\n<\/script>\n","thumbnail_url":"https:\/\/www.tvm.co.mz\/novosite\/wp-content\/uploads\/2019\/11\/16fb50ff776de4c5b59c949cb6203874_XL.jpg","thumbnail_width":900,"thumbnail_height":540,"description":"O Presidente da Rep\u00fablica, Filipe Nyusi, endere\u00e7ou uma mensagem de condol\u00eancias ao seu hom\u00f3logo do Mali, Ibrahim Abobocar Keita, pela morte de cerca de 50 soldados malianos, v\u00edtimas de actos terroristas perpetrados pelo grupo&nbsp;jihadista, Estado Isl\u00e2mico.Na mensagem, o Chefe do Estado mo\u00e7ambicano refere que estas ac\u00e7\u00f5es impelem-nos a juntarmo-nos numa miss\u00e3o conjunta e coordenada para erradicar n\u00e3o apenas as manifesta\u00e7\u00f5es, mas tamb\u00e9m, as ra\u00edzes e os mandantes morais e materiais destes crimes hediondos que tendem a alastrar-se em \u00c1frica e no mundo, gerando um clima de instabilidade, ingovernabilidade e inseguran\u00e7a.Segundo o Presidente Nyusi, os crimes atentam contra os sonhos de progresso e bem-estar.\u201cPermita-me, pois, endere\u00e7ar, em nome do povo, do Governo da Rep\u00fablica de Mo\u00e7ambique e no meu pr\u00f3prio, as nossas mais as sentidas condol\u00eancias ao povo e Governo do Mali e, de forma particular, as fam\u00edlias dos soldados perecidos\u201d, l\u00ea-se na mensagem do Presidente Nyusi."}