{"version":"1.0","provider_name":"TVM - Televis\u00e3o de Mo\u00e7ambique","provider_url":"https:\/\/www.tvm.co.mz\/novosite","author_name":"Leopoldino Bambo","author_url":"https:\/\/www.tvm.co.mz\/novosite\/author\/lbambo\/","title":"Ansioso pelo Disney+? \u00c9 melhor ter paci\u00eancia - TVM - Televis\u00e3o de Mo\u00e7ambique","type":"rich","width":600,"height":338,"html":"<blockquote class=\"wp-embedded-content\" data-secret=\"rPZs3fQdGp\"><a href=\"https:\/\/www.tvm.co.mz\/novosite\/2019\/11\/08\/ansioso-pelo-disney-e-melhor-ter-paciencia\/\">Ansioso pelo Disney+? \u00c9 melhor ter paci\u00eancia<\/a><\/blockquote><iframe sandbox=\"allow-scripts\" security=\"restricted\" src=\"https:\/\/www.tvm.co.mz\/novosite\/2019\/11\/08\/ansioso-pelo-disney-e-melhor-ter-paciencia\/embed\/#?secret=rPZs3fQdGp\" width=\"600\" height=\"338\" title=\"&#8220;Ansioso pelo Disney+? \u00c9 melhor ter paci\u00eancia&#8221; &#8212; TVM - Televis\u00e3o de Mo\u00e7ambique\" data-secret=\"rPZs3fQdGp\" frameborder=\"0\" marginwidth=\"0\" marginheight=\"0\" scrolling=\"no\" class=\"wp-embedded-content\"><\/iframe><script>\n\/*! This file is auto-generated *\/\n!function(d,l){\"use strict\";l.querySelector&&d.addEventListener&&\"undefined\"!=typeof URL&&(d.wp=d.wp||{},d.wp.receiveEmbedMessage||(d.wp.receiveEmbedMessage=function(e){var t=e.data;if((t||t.secret||t.message||t.value)&&!\/[^a-zA-Z0-9]\/.test(t.secret)){for(var s,r,n,a=l.querySelectorAll('iframe[data-secret=\"'+t.secret+'\"]'),o=l.querySelectorAll('blockquote[data-secret=\"'+t.secret+'\"]'),c=new RegExp(\"^https?:$\",\"i\"),i=0;i<o.length;i++)o[i].style.display=\"none\";for(i=0;i<a.length;i++)s=a[i],e.source===s.contentWindow&&(s.removeAttribute(\"style\"),\"height\"===t.message?(1e3<(r=parseInt(t.value,10))?r=1e3:~~r<200&&(r=200),s.height=r):\"link\"===t.message&&(r=new URL(s.getAttribute(\"src\")),n=new URL(t.value),c.test(n.protocol))&&n.host===r.host&&l.activeElement===s&&(d.top.location.href=t.value))}},d.addEventListener(\"message\",d.wp.receiveEmbedMessage,!1),l.addEventListener(\"DOMContentLoaded\",function(){for(var e,t,s=l.querySelectorAll(\"iframe.wp-embedded-content\"),r=0;r<s.length;r++)(t=(e=s[r]).getAttribute(\"data-secret\"))||(t=Math.random().toString(36).substring(2,12),e.src+=\"#?secret=\"+t,e.setAttribute(\"data-secret\",t)),e.contentWindow.postMessage({message:\"ready\",secret:t},\"*\")},!1)))}(window,document);\n\/\/# sourceURL=https:\/\/www.tvm.co.mz\/novosite\/wp-includes\/js\/wp-embed.min.js\n<\/script>\n","thumbnail_url":"https:\/\/www.tvm.co.mz\/novosite\/wp-content\/uploads\/2019\/11\/naom_5dc51d37e94dc.jpg","thumbnail_width":1920,"thumbnail_height":1080,"description":"Os primeiros pa\u00edses europeus a ter direito ao servi\u00e7o de streaming ser\u00e3o o Reino Unido, a Alemanha, Fran\u00e7a e Espanha.ODisney+ ser\u00e1 lan\u00e7ado nos EUA, Canad\u00e1 e Holanda no dia 12 de novembro e chegar\u00e1 no mesmo m\u00eas \u00e0 Austr\u00e1lia e Nova Zel\u00e2ndia. E quanto a Portugal? Ainda teremos de esperar um pouco mais. &nbsp;A Disney anunciou que, depois do lan\u00e7amento inicial, lan\u00e7ar\u00e1 o servi\u00e7o em mais quatro pa\u00edses europeus no dia 31 de mar\u00e7o de 2020. Os pa\u00edses em quest\u00e3o s\u00e3o o Reino Unido, a Alemanha, Fran\u00e7a e Espanha. Os pa\u00edses foram anunciados por via de um v\u00eddeo onde, como poder\u00e1 reparar n\u00e3o faz qualquer refer\u00eancia em Portugal. No entanto, a Disney adianta que \u201cmais [territ\u00f3rios] ser\u00e3o anunciados em breve\u201d, pelo que \u00e9 uma quest\u00e3o de termos paci\u00eancia e esperar por not\u00edcias oficiais."}