{"version":"1.0","provider_name":"TVM - Televis\u00e3o de Mo\u00e7ambique","provider_url":"https:\/\/www.tvm.co.mz\/novosite","author_name":"Leopoldino Bambo","author_url":"https:\/\/www.tvm.co.mz\/novosite\/author\/lbambo\/","title":"Segundo o PM: O turismo est\u00e1 a crescer - TVM - Televis\u00e3o de Mo\u00e7ambique","type":"rich","width":600,"height":338,"html":"<blockquote class=\"wp-embedded-content\" data-secret=\"C6totWdRzG\"><a href=\"https:\/\/www.tvm.co.mz\/novosite\/2019\/11\/02\/segundo-o-pm-o-turismo-esta-a-crescer\/\">Segundo o PM: O turismo est\u00e1 a crescer<\/a><\/blockquote><iframe sandbox=\"allow-scripts\" security=\"restricted\" src=\"https:\/\/www.tvm.co.mz\/novosite\/2019\/11\/02\/segundo-o-pm-o-turismo-esta-a-crescer\/embed\/#?secret=C6totWdRzG\" width=\"600\" height=\"338\" title=\"&#8220;Segundo o PM: O turismo est\u00e1 a crescer&#8221; &#8212; TVM - Televis\u00e3o de Mo\u00e7ambique\" data-secret=\"C6totWdRzG\" frameborder=\"0\" marginwidth=\"0\" marginheight=\"0\" scrolling=\"no\" class=\"wp-embedded-content\"><\/iframe><script>\n\/*! This file is auto-generated *\/\n!function(d,l){\"use strict\";l.querySelector&&d.addEventListener&&\"undefined\"!=typeof URL&&(d.wp=d.wp||{},d.wp.receiveEmbedMessage||(d.wp.receiveEmbedMessage=function(e){var t=e.data;if((t||t.secret||t.message||t.value)&&!\/[^a-zA-Z0-9]\/.test(t.secret)){for(var s,r,n,a=l.querySelectorAll('iframe[data-secret=\"'+t.secret+'\"]'),o=l.querySelectorAll('blockquote[data-secret=\"'+t.secret+'\"]'),c=new RegExp(\"^https?:$\",\"i\"),i=0;i<o.length;i++)o[i].style.display=\"none\";for(i=0;i<a.length;i++)s=a[i],e.source===s.contentWindow&&(s.removeAttribute(\"style\"),\"height\"===t.message?(1e3<(r=parseInt(t.value,10))?r=1e3:~~r<200&&(r=200),s.height=r):\"link\"===t.message&&(r=new URL(s.getAttribute(\"src\")),n=new URL(t.value),c.test(n.protocol))&&n.host===r.host&&l.activeElement===s&&(d.top.location.href=t.value))}},d.addEventListener(\"message\",d.wp.receiveEmbedMessage,!1),l.addEventListener(\"DOMContentLoaded\",function(){for(var e,t,s=l.querySelectorAll(\"iframe.wp-embedded-content\"),r=0;r<s.length;r++)(t=(e=s[r]).getAttribute(\"data-secret\"))||(t=Math.random().toString(36).substring(2,12),e.src+=\"#?secret=\"+t,e.setAttribute(\"data-secret\",t)),e.contentWindow.postMessage({message:\"ready\",secret:t},\"*\")},!1)))}(window,document);\n\/\/# sourceURL=https:\/\/www.tvm.co.mz\/novosite\/wp-includes\/js\/wp-embed.min.js\n<\/script>\n","thumbnail_url":"https:\/\/www.tvm.co.mz\/novosite\/wp-content\/uploads\/2019\/11\/17683908_303.jpg","thumbnail_width":700,"thumbnail_height":394,"description":"O sector do turismo em Mo\u00e7ambique est\u00e1 a registar um crescimento gradual, facto evidenciado pelo aumento do n\u00famero de chegadas internacionais de turistas, que passou de 1.6 milh\u00f5es em 2015, para 2.8 milh\u00f5es em 2018. Falando ontem na abertura da VII edi\u00e7\u00e3o da Feira Internacional do Turismo (FIKANI), o Primeiro-Ministro, Carlos Agostinho do Ros\u00e1rio, explicou que este crescimento resulta de um conjunto de reformas que v\u00eam sendo adoptadas no sector, entre as quais se destacam a liberaliza\u00e7\u00e3o do espa\u00e7o a\u00e9reo e a introdu\u00e7\u00e3o do visto de fronteira. Jornal Not\u00edcias"}