{"version":"1.0","provider_name":"TVM - Televis\u00e3o de Mo\u00e7ambique","provider_url":"https:\/\/www.tvm.co.mz\/novosite","author_name":"Leopoldino Bambo","author_url":"https:\/\/www.tvm.co.mz\/novosite\/author\/lbambo\/","title":"Portugal sa\u00fada Filipe Nyusi e Frelimo - TVM - Televis\u00e3o de Mo\u00e7ambique","type":"rich","width":600,"height":338,"html":"<blockquote class=\"wp-embedded-content\" data-secret=\"4dfw0wtx3k\"><a href=\"https:\/\/www.tvm.co.mz\/novosite\/2019\/10\/29\/portugal-sauda-filipe-nyusi-e-frelimo\/\">Portugal sa\u00fada Filipe Nyusi e Frelimo<\/a><\/blockquote><iframe sandbox=\"allow-scripts\" security=\"restricted\" src=\"https:\/\/www.tvm.co.mz\/novosite\/2019\/10\/29\/portugal-sauda-filipe-nyusi-e-frelimo\/embed\/#?secret=4dfw0wtx3k\" width=\"600\" height=\"338\" title=\"&#8220;Portugal sa\u00fada Filipe Nyusi e Frelimo&#8221; &#8212; TVM - Televis\u00e3o de Mo\u00e7ambique\" data-secret=\"4dfw0wtx3k\" frameborder=\"0\" marginwidth=\"0\" marginheight=\"0\" scrolling=\"no\" class=\"wp-embedded-content\"><\/iframe><script>\n\/*! This file is auto-generated *\/\n!function(d,l){\"use strict\";l.querySelector&&d.addEventListener&&\"undefined\"!=typeof URL&&(d.wp=d.wp||{},d.wp.receiveEmbedMessage||(d.wp.receiveEmbedMessage=function(e){var t=e.data;if((t||t.secret||t.message||t.value)&&!\/[^a-zA-Z0-9]\/.test(t.secret)){for(var s,r,n,a=l.querySelectorAll('iframe[data-secret=\"'+t.secret+'\"]'),o=l.querySelectorAll('blockquote[data-secret=\"'+t.secret+'\"]'),c=new RegExp(\"^https?:$\",\"i\"),i=0;i<o.length;i++)o[i].style.display=\"none\";for(i=0;i<a.length;i++)s=a[i],e.source===s.contentWindow&&(s.removeAttribute(\"style\"),\"height\"===t.message?(1e3<(r=parseInt(t.value,10))?r=1e3:~~r<200&&(r=200),s.height=r):\"link\"===t.message&&(r=new URL(s.getAttribute(\"src\")),n=new URL(t.value),c.test(n.protocol))&&n.host===r.host&&l.activeElement===s&&(d.top.location.href=t.value))}},d.addEventListener(\"message\",d.wp.receiveEmbedMessage,!1),l.addEventListener(\"DOMContentLoaded\",function(){for(var e,t,s=l.querySelectorAll(\"iframe.wp-embedded-content\"),r=0;r<s.length;r++)(t=(e=s[r]).getAttribute(\"data-secret\"))||(t=Math.random().toString(36).substring(2,12),e.src+=\"#?secret=\"+t,e.setAttribute(\"data-secret\",t)),e.contentWindow.postMessage({message:\"ready\",secret:t},\"*\")},!1)))}(window,document);\n\/\/# sourceURL=https:\/\/www.tvm.co.mz\/novosite\/wp-includes\/js\/wp-embed.min.js\n<\/script>\n","thumbnail_url":"https:\/\/www.tvm.co.mz\/novosite\/wp-content\/uploads\/2019\/10\/34740241_2019_05_25T093524Z_442022820_RC1AF00F9460_RTRMADP_3_SAFRICA_ELECTION_INAUGURATION_WEB-1060x594.jpg","thumbnail_width":1060,"thumbnail_height":594,"description":"O Governo portugu\u00eas, chefiado por Ant\u00f3nio Costa, felicitou Filipe Jacinto Nyusi pela reelei\u00e7\u00e3o como Presidente de Mo\u00e7ambique, e a todos os candidatos e partidos mo\u00e7ambicanos pela sua participa\u00e7\u00e3o nas VI Elei\u00e7\u00f5es Presidenciais, Legislativas e Provinciais de 15 de Outubro corrente.\u201cO Governo portugu\u00eas felicita o Presidente Filipe Nyusi pela sua reelei\u00e7\u00e3o para a Presid\u00eancia da Rep\u00fablica e a Frelimo pela vit\u00f3ria nas elei\u00e7\u00f5es legislativas e provinciais\u201d, indica em comunicado e ainda \u201cfelicita igualmente os novos governadores provinciais, cargos que pela primeira vez foram eleitos\u201d.\u201cA preserva\u00e7\u00e3o da paz \u00e9 essencial para a prosperidade do povo mo\u00e7ambicano e o desenvolvimento sustent\u00e1vel do pa\u00eds\u201d, refere o comunicado do Governo portugu\u00eas e acrescenta: \u201cPortugal espera assim que todos os relevantes actores se empenhem no sentido de assegurar uma genu\u00edna reconcilia\u00e7\u00e3o nacional, incluindo no quadro do Acordo de Paz e Reconcilia\u00e7\u00e3o assinado a 6 de Agosto \u00faltimo\u201d.Os n\u00fameros divulgados, domingo, em Maputo, pelo presidente da Comiss\u00e3o Nacional de Elei\u00e7\u00f5es, Abdul Carimo, apontam que Filipe Nyusi ganhou as elei\u00e7\u00f5es com 73 por cento dos votos, enquanto Ossufo Momade, da Renamo, maior partido da oposi\u00e7\u00e3o, obteve 21,88 por cento, Daviz Simango, do Movimento Democr\u00e1tico de Mo\u00e7ambique (MDM), conseguiu 4,38 por cento e, na \u00faltima posi\u00e7\u00e3o, ficou o candidato M\u00e1rio Albino, do partido AMUSI, com 0,73 por cento.Nas legislativas, a Frelimo tamb\u00e9m venceu as elei\u00e7\u00f5es com 70,78 por cento, e consegue fazer eleger 184 deputados para a Assembleia da Rep\u00fablica, parlamento mo\u00e7ambicano, seguido pela Renamo que conseguiu 22, 71 por cento, garantindo a elei\u00e7\u00e3o de 60 deputados e o MDM, por sua vez, conseguiu 4,24 por cento dos votos, apurando, desta feita, seis deputados para o parlamento.\u201cConclu\u00eddas as opera\u00e7\u00f5es de verifica\u00e7\u00e3o e determina\u00e7\u00e3o de todos os pressupostos legais, a CNE, nos termos da lei, aprova a acta e os mapas de centraliza\u00e7\u00e3o das sextas elei\u00e7\u00f5es gerais, presidenciais e legislativas, e das terceiras elei\u00e7\u00f5es das assembleias provinciais realizadas no dia 15 de Outubro 2019\u201d, disse o presidente da CNE.A delibera\u00e7\u00e3o que aprova a acta e os editais de centraliza\u00e7\u00e3o dos resultados das elei\u00e7\u00f5es gerais tamb\u00e9m confirma a vit\u00f3ria do partido Frelimo na elei\u00e7\u00e3o dos membros das assembleias provinciais, que pela primeira vez em Mo\u00e7ambique tamb\u00e9m apuraram o Governador provincial.Nas 10 prov\u00edncias, a Frelimo conseguiu eleger todos os governadores.Contudo, a Renamo e o MDM insistem que houve &#8216;fraude&#8217; e n\u00e3o reconhecem os resultados."}