{"version":"1.0","provider_name":"TVM - Televis\u00e3o de Mo\u00e7ambique","provider_url":"https:\/\/www.tvm.co.mz\/novosite","author_name":"Leopoldino Bambo","author_url":"https:\/\/www.tvm.co.mz\/novosite\/author\/lbambo\/","title":"PR dirige lan\u00e7amento da campanha agr\u00edcola 2019\/20 - TVM - Televis\u00e3o de Mo\u00e7ambique","type":"rich","width":600,"height":338,"html":"<blockquote class=\"wp-embedded-content\" data-secret=\"2ZRIxSHrNA\"><a href=\"https:\/\/www.tvm.co.mz\/novosite\/2019\/10\/28\/pr-dirige-lancamento-da-campanha-agricola-2019-20\/\">PR dirige lan\u00e7amento da campanha agr\u00edcola 2019\/20<\/a><\/blockquote><iframe sandbox=\"allow-scripts\" security=\"restricted\" src=\"https:\/\/www.tvm.co.mz\/novosite\/2019\/10\/28\/pr-dirige-lancamento-da-campanha-agricola-2019-20\/embed\/#?secret=2ZRIxSHrNA\" width=\"600\" height=\"338\" title=\"&#8220;PR dirige lan\u00e7amento da campanha agr\u00edcola 2019\/20&#8221; &#8212; TVM - Televis\u00e3o de Mo\u00e7ambique\" data-secret=\"2ZRIxSHrNA\" frameborder=\"0\" marginwidth=\"0\" marginheight=\"0\" scrolling=\"no\" class=\"wp-embedded-content\"><\/iframe><script>\n\/*! This file is auto-generated *\/\n!function(d,l){\"use strict\";l.querySelector&&d.addEventListener&&\"undefined\"!=typeof URL&&(d.wp=d.wp||{},d.wp.receiveEmbedMessage||(d.wp.receiveEmbedMessage=function(e){var t=e.data;if((t||t.secret||t.message||t.value)&&!\/[^a-zA-Z0-9]\/.test(t.secret)){for(var s,r,n,a=l.querySelectorAll('iframe[data-secret=\"'+t.secret+'\"]'),o=l.querySelectorAll('blockquote[data-secret=\"'+t.secret+'\"]'),c=new RegExp(\"^https?:$\",\"i\"),i=0;i<o.length;i++)o[i].style.display=\"none\";for(i=0;i<a.length;i++)s=a[i],e.source===s.contentWindow&&(s.removeAttribute(\"style\"),\"height\"===t.message?(1e3<(r=parseInt(t.value,10))?r=1e3:~~r<200&&(r=200),s.height=r):\"link\"===t.message&&(r=new URL(s.getAttribute(\"src\")),n=new URL(t.value),c.test(n.protocol))&&n.host===r.host&&l.activeElement===s&&(d.top.location.href=t.value))}},d.addEventListener(\"message\",d.wp.receiveEmbedMessage,!1),l.addEventListener(\"DOMContentLoaded\",function(){for(var e,t,s=l.querySelectorAll(\"iframe.wp-embedded-content\"),r=0;r<s.length;r++)(t=(e=s[r]).getAttribute(\"data-secret\"))||(t=Math.random().toString(36).substring(2,12),e.src+=\"#?secret=\"+t,e.setAttribute(\"data-secret\",t)),e.contentWindow.postMessage({message:\"ready\",secret:t},\"*\")},!1)))}(window,document);\n\/\/# sourceURL=https:\/\/www.tvm.co.mz\/novosite\/wp-includes\/js\/wp-embed.min.js\n<\/script>\n","thumbnail_url":"https:\/\/www.tvm.co.mz\/novosite\/wp-content\/uploads\/2019\/10\/CA-NYUSI-1.gif","thumbnail_width":770,"thumbnail_height":513,"description":"O Presidente da Rep\u00fablica, Filipe Nyusi, encontra-se desde a manh\u00e3 de hoje, a dirigir as cerim\u00f3nias centrais do lan\u00e7amento da Campanha Agr\u00edcola 2019\/20, na localidade de Metuchira, distrito de Nhamatanda, na prov\u00edncia de Sofala. Na manh\u00e3 de hoje, o Chefe do Estado, procedeu com o lan\u00e7amento da primeira semente \u00e0 terra, na zona de Madiba, que dista 10 quil\u00f3metros da localidade de Metuchira, no distrito de Nhamatanda. Na ocasi\u00e3o, Nyusi visitou campos de produ\u00e7\u00e3o agr\u00edcola de uma associa\u00e7\u00e3o denominada Tchinansolo\u2013Tchinazero, com 33 membros, que produzem diversos produtos agr\u00edcolas. Neste momento, o Chefe de Estado dirige a entrega de distin\u00e7\u00f5es aos melhores agricultores, que inclui o agricultor jovem. Nesta cerim\u00f3nia foram igualmente galardoados os melhores pesquisadores, melhores reportagens sobre produ\u00e7\u00e3o agr\u00edcolas para as categorias de Imprensa escrita da Sociedade do Not\u00edcias, Jonas Wazir; da R\u00e1dio Mo\u00e7ambique e Televis\u00e3o de Mo\u00e7ambique. Jornal Not\u00edcias"}