{"version":"1.0","provider_name":"TVM - Televis\u00e3o de Mo\u00e7ambique","provider_url":"https:\/\/www.tvm.co.mz\/novosite","author_name":"Leopoldino Bambo","author_url":"https:\/\/www.tvm.co.mz\/novosite\/author\/lbambo\/","title":"Acidente de via\u00e7\u00e3o faz quatro mortos em Tete - TVM - Televis\u00e3o de Mo\u00e7ambique","type":"rich","width":600,"height":338,"html":"<blockquote class=\"wp-embedded-content\" data-secret=\"WrFhq1KFSo\"><a href=\"https:\/\/www.tvm.co.mz\/novosite\/2019\/09\/23\/acidente-de-viacao-faz-quatro-mortos-em-tete\/\">Acidente de via\u00e7\u00e3o faz quatro mortos em Tete<\/a><\/blockquote><iframe sandbox=\"allow-scripts\" security=\"restricted\" src=\"https:\/\/www.tvm.co.mz\/novosite\/2019\/09\/23\/acidente-de-viacao-faz-quatro-mortos-em-tete\/embed\/#?secret=WrFhq1KFSo\" width=\"600\" height=\"338\" title=\"&#8220;Acidente de via\u00e7\u00e3o faz quatro mortos em Tete&#8221; &#8212; TVM - Televis\u00e3o de Mo\u00e7ambique\" data-secret=\"WrFhq1KFSo\" frameborder=\"0\" marginwidth=\"0\" marginheight=\"0\" scrolling=\"no\" class=\"wp-embedded-content\"><\/iframe><script>\n\/*! This file is auto-generated *\/\n!function(d,l){\"use strict\";l.querySelector&&d.addEventListener&&\"undefined\"!=typeof URL&&(d.wp=d.wp||{},d.wp.receiveEmbedMessage||(d.wp.receiveEmbedMessage=function(e){var t=e.data;if((t||t.secret||t.message||t.value)&&!\/[^a-zA-Z0-9]\/.test(t.secret)){for(var s,r,n,a=l.querySelectorAll('iframe[data-secret=\"'+t.secret+'\"]'),o=l.querySelectorAll('blockquote[data-secret=\"'+t.secret+'\"]'),c=new RegExp(\"^https?:$\",\"i\"),i=0;i<o.length;i++)o[i].style.display=\"none\";for(i=0;i<a.length;i++)s=a[i],e.source===s.contentWindow&&(s.removeAttribute(\"style\"),\"height\"===t.message?(1e3<(r=parseInt(t.value,10))?r=1e3:~~r<200&&(r=200),s.height=r):\"link\"===t.message&&(r=new URL(s.getAttribute(\"src\")),n=new URL(t.value),c.test(n.protocol))&&n.host===r.host&&l.activeElement===s&&(d.top.location.href=t.value))}},d.addEventListener(\"message\",d.wp.receiveEmbedMessage,!1),l.addEventListener(\"DOMContentLoaded\",function(){for(var e,t,s=l.querySelectorAll(\"iframe.wp-embedded-content\"),r=0;r<s.length;r++)(t=(e=s[r]).getAttribute(\"data-secret\"))||(t=Math.random().toString(36).substring(2,12),e.src+=\"#?secret=\"+t,e.setAttribute(\"data-secret\",t)),e.contentWindow.postMessage({message:\"ready\",secret:t},\"*\")},!1)))}(window,document);\n\/\/# sourceURL=https:\/\/www.tvm.co.mz\/novosite\/wp-includes\/js\/wp-embed.min.js\n<\/script>\n","thumbnail_url":"https:\/\/www.tvm.co.mz\/novosite\/wp-content\/uploads\/2019\/09\/IMG-20170926-WA0004.jpg","thumbnail_width":1280,"thumbnail_height":720,"description":"Pelo menos quatro pessoas morreram ontem no Songo, prov\u00edn- cia de Tete, em consequ\u00eancia de um acidente de via\u00e7\u00e3o do tipo despiste e capotamento registado na descida do monte Maloera. O despiste envolveu um cami\u00e3o que transportava militantes e sim- patizantes da Frelimo de regresso aos seus locais de proveni\u00eancia, depois de terem participado num com\u00edcio de campanha eleitoral na vila do Songo, distrito de Cahora Bassa. O primeiro secret\u00e1rio do partido Frelimo e chefe do gabinete provincial de prepara\u00e7\u00e3o de elei\u00e7\u00f5es em Tete, Bemane de Sousa, disse em confer\u00eancia de imprensa que dados preliminares indicam que, para al\u00e9m dos mortos, 56 pessoas ficaram feridas, das quais 15 em estado grave, que foram transferidas para o Hospital Provincial de Tete e os restantes, com ferimentos ligeiros, est\u00e3o a receber tratamentos no Hospital Rural do Songo. Bemane de Sousa expressou sentidas condol\u00eancias \u00e0s fam\u00edlias enlutadas e solidarizou-se com os feridos, desejando r\u00e1pidas melhoras e breve regresso ao conv\u00edvio familiar e ao trabalho do dia-a-dia. Jornal Not\u00edcias"}