{"version":"1.0","provider_name":"TVM - Televis\u00e3o de Mo\u00e7ambique","provider_url":"https:\/\/www.tvm.co.mz\/novosite","author_name":"Leopoldino Bambo","author_url":"https:\/\/www.tvm.co.mz\/novosite\/author\/lbambo\/","title":"Inaugurada represa de \u00e1gua em Matsequenha - TVM - Televis\u00e3o de Mo\u00e7ambique","type":"rich","width":600,"height":338,"html":"<blockquote class=\"wp-embedded-content\" data-secret=\"IEgHaMuUBx\"><a href=\"https:\/\/www.tvm.co.mz\/novosite\/2019\/09\/22\/inaugurada-represa-de-agua-em-matsequenha\/\">Inaugurada represa de \u00e1gua em Matsequenha<\/a><\/blockquote><iframe sandbox=\"allow-scripts\" security=\"restricted\" src=\"https:\/\/www.tvm.co.mz\/novosite\/2019\/09\/22\/inaugurada-represa-de-agua-em-matsequenha\/embed\/#?secret=IEgHaMuUBx\" width=\"600\" height=\"338\" title=\"&#8220;Inaugurada represa de \u00e1gua em Matsequenha&#8221; &#8212; TVM - Televis\u00e3o de Mo\u00e7ambique\" data-secret=\"IEgHaMuUBx\" frameborder=\"0\" marginwidth=\"0\" marginheight=\"0\" scrolling=\"no\" class=\"wp-embedded-content\"><\/iframe><script>\n\/*! This file is auto-generated *\/\n!function(d,l){\"use strict\";l.querySelector&&d.addEventListener&&\"undefined\"!=typeof URL&&(d.wp=d.wp||{},d.wp.receiveEmbedMessage||(d.wp.receiveEmbedMessage=function(e){var t=e.data;if((t||t.secret||t.message||t.value)&&!\/[^a-zA-Z0-9]\/.test(t.secret)){for(var s,r,n,a=l.querySelectorAll('iframe[data-secret=\"'+t.secret+'\"]'),o=l.querySelectorAll('blockquote[data-secret=\"'+t.secret+'\"]'),c=new RegExp(\"^https?:$\",\"i\"),i=0;i<o.length;i++)o[i].style.display=\"none\";for(i=0;i<a.length;i++)s=a[i],e.source===s.contentWindow&&(s.removeAttribute(\"style\"),\"height\"===t.message?(1e3<(r=parseInt(t.value,10))?r=1e3:~~r<200&&(r=200),s.height=r):\"link\"===t.message&&(r=new URL(s.getAttribute(\"src\")),n=new URL(t.value),c.test(n.protocol))&&n.host===r.host&&l.activeElement===s&&(d.top.location.href=t.value))}},d.addEventListener(\"message\",d.wp.receiveEmbedMessage,!1),l.addEventListener(\"DOMContentLoaded\",function(){for(var e,t,s=l.querySelectorAll(\"iframe.wp-embedded-content\"),r=0;r<s.length;r++)(t=(e=s[r]).getAttribute(\"data-secret\"))||(t=Math.random().toString(36).substring(2,12),e.src+=\"#?secret=\"+t,e.setAttribute(\"data-secret\",t)),e.contentWindow.postMessage({message:\"ready\",secret:t},\"*\")},!1)))}(window,document);\n\/\/# sourceURL=https:\/\/www.tvm.co.mz\/novosite\/wp-includes\/js\/wp-embed.min.js\n<\/script>\n","thumbnail_url":"https:\/\/www.tvm.co.mz\/novosite\/wp-content\/uploads\/2019\/09\/MITA4-1024x682.jpg","thumbnail_width":1024,"thumbnail_height":682,"description":"UMA represa com capacidade para reter 30 mil metros c\u00fabicos de \u00e1gua foi inaugurada, semana finda, no povoado de Muswazi, localidade de Matsequenha, distrito de Namaacha, prov\u00edncia de Maputo.Trata-se de uma infra-estrutura com 20 metros de comprimento, cinco de largura e tr\u00eas de profundidade, constru\u00edda com intuito de reten\u00e7\u00e3o de \u00e1gua, para o consumo humano, beberagem de gado e irriga\u00e7\u00e3o de hort\u00edcolas.O projecto de constru\u00e7\u00e3o de duas represas na prov\u00edncia de Maputo, distritos de Namaacha e Matutuine, \u00e9 financiado pelo governo mo\u00e7ambicano, no valor de 27.989.079.23 meticais e levado a cabo pela Administra\u00e7\u00e3o Regional de \u00c1gua de Sul (ARA-SUL). Segundo H\u00e9lio Banze, director-geral da ARA-SUL, deste valor, 12.370.220.03 meticais foram gastos na instala\u00e7\u00e3o da represa de Muswazi, que vai beneficiar perto de 1.200 pessoas. Banze informou, que a outra represa de Matutuine encontra-se acima de 75 porcento de evolu\u00e7\u00e3o das obras da sua constru\u00e7\u00e3o e garantiu, que a mesma vai entrar em funcionamento na primeira quinzena de Outubro pr\u00f3ximo. O director-geral disse, que aquela infra-estrutura representa um ganho, para a popula\u00e7\u00e3o de Muswazi, devido ao seu impacto social e econ\u00f3mico. Explicou, que a \u00e1gua retida naquele canal, no per\u00edodo de escassez de chuva, vai beneficiar cerca de 1.200 pessoas, na primeira fase e fornecer \u00e1gua, para beberagem de mais de 2.000 cabe\u00e7as de gado. A fonte disse tamb\u00e9m, que o empreendimento vai condicionar o melhoramento da dieta alimentar da popula\u00e7\u00e3o local, uma vez, que vai abastecer \u00e1gua, para irriga\u00e7\u00e3o das hortas, numa extens\u00e3o de 25 hectares. Raimundo Diomba, governador da prov\u00edncia de Maputo, que dirigiu a cerim\u00f3nia da inaugura\u00e7\u00e3o da represa, disse que o Plano Quinquenal do Governo 2015-2019, considera a constru\u00e7\u00e3o de infraestruturas, como pressuposto base, para o desenvolvimento do pa\u00eds. Diomba alega, que as infraestruturas de abastecimento de \u00e1gua \u00e0s popula\u00e7\u00f5es assumem uma import\u00e2ncia estrat\u00e9gica, porque concorrem, para a melhoria da qualidade de vida, atrav\u00e9s da redu\u00e7\u00e3o da ocorr\u00eancia de doen\u00e7as de origem h\u00eddrica, como a mal\u00e1ria e a c\u00f3lera. Referiu, que, para materializa\u00e7\u00e3o do plano foi lan\u00e7ado o Programa de \u00c1gua para a Vida-PRAVIDA em Outubro de 2018, pelo Presidente da Republica, Filipe Nyusi. Diomba disse, que, na prov\u00edncia de Maputo, o PRAVIDA al\u00e9m de constru\u00e7\u00e3o de represas de Muswazi e Manhangane, nos distritos de Namaacha e Matutuine, repectivamente, est\u00e1 a reabilitar outras tr\u00eas, nomeadamente, de Macaene, em Moamba, Mantongomane e Nwambwana, no distrito de Magude. Na componente do Abastecimento de \u00c1gua, o governador disse ainda, que o PRAVIDA prev\u00ea construir, reabilitar e expandir tr\u00eas sistemas de fornecimento, no bairro 25 Junho, em Moamba, Zitundo e Ponta de Ouro, no distrito de Matutuine, para abranger perto de 12.000 novas pessoas. Jornal Not\u00edcias"}