{"version":"1.0","provider_name":"TVM - Televis\u00e3o de Mo\u00e7ambique","provider_url":"https:\/\/www.tvm.co.mz\/novosite","author_name":"Leopoldino Bambo","author_url":"https:\/\/www.tvm.co.mz\/novosite\/author\/lbambo\/","title":"PRM admite que ladr\u00f5es atacaram autocarro em Malema - TVM - Televis\u00e3o de Mo\u00e7ambique","type":"rich","width":600,"height":338,"html":"<blockquote class=\"wp-embedded-content\" data-secret=\"Y3pD1Rxu0h\"><a href=\"https:\/\/www.tvm.co.mz\/novosite\/2019\/09\/17\/prm-admite-que-ladroes-atacaram-autocarro-em-malema\/\">PRM admite que ladr\u00f5es atacaram autocarro em Malema<\/a><\/blockquote><iframe sandbox=\"allow-scripts\" security=\"restricted\" src=\"https:\/\/www.tvm.co.mz\/novosite\/2019\/09\/17\/prm-admite-que-ladroes-atacaram-autocarro-em-malema\/embed\/#?secret=Y3pD1Rxu0h\" width=\"600\" height=\"338\" title=\"&#8220;PRM admite que ladr\u00f5es atacaram autocarro em Malema&#8221; &#8212; TVM - Televis\u00e3o de Mo\u00e7ambique\" data-secret=\"Y3pD1Rxu0h\" frameborder=\"0\" marginwidth=\"0\" marginheight=\"0\" scrolling=\"no\" class=\"wp-embedded-content\"><\/iframe><script>\n\/*! This file is auto-generated *\/\n!function(d,l){\"use strict\";l.querySelector&&d.addEventListener&&\"undefined\"!=typeof URL&&(d.wp=d.wp||{},d.wp.receiveEmbedMessage||(d.wp.receiveEmbedMessage=function(e){var t=e.data;if((t||t.secret||t.message||t.value)&&!\/[^a-zA-Z0-9]\/.test(t.secret)){for(var s,r,n,a=l.querySelectorAll('iframe[data-secret=\"'+t.secret+'\"]'),o=l.querySelectorAll('blockquote[data-secret=\"'+t.secret+'\"]'),c=new RegExp(\"^https?:$\",\"i\"),i=0;i<o.length;i++)o[i].style.display=\"none\";for(i=0;i<a.length;i++)s=a[i],e.source===s.contentWindow&&(s.removeAttribute(\"style\"),\"height\"===t.message?(1e3<(r=parseInt(t.value,10))?r=1e3:~~r<200&&(r=200),s.height=r):\"link\"===t.message&&(r=new URL(s.getAttribute(\"src\")),n=new URL(t.value),c.test(n.protocol))&&n.host===r.host&&l.activeElement===s&&(d.top.location.href=t.value))}},d.addEventListener(\"message\",d.wp.receiveEmbedMessage,!1),l.addEventListener(\"DOMContentLoaded\",function(){for(var e,t,s=l.querySelectorAll(\"iframe.wp-embedded-content\"),r=0;r<s.length;r++)(t=(e=s[r]).getAttribute(\"data-secret\"))||(t=Math.random().toString(36).substring(2,12),e.src+=\"#?secret=\"+t,e.setAttribute(\"data-secret\",t)),e.contentWindow.postMessage({message:\"ready\",secret:t},\"*\")},!1)))}(window,document);\n\/\/# sourceURL=https:\/\/www.tvm.co.mz\/novosite\/wp-includes\/js\/wp-embed.min.js\n<\/script>\n","thumbnail_url":"https:\/\/www.tvm.co.mz\/novosite\/wp-content\/uploads\/2019\/09\/PRMThumb.jpg","thumbnail_width":860,"thumbnail_height":471,"description":"A Pol\u00edcia da Rep\u00fablica (PRM), em Nampula, n\u00e3o descarta a possibilidade de que o ataque da passada sexta-feira a um autocarro de passageiros, na regi\u00e3o de Tui, no distrito de Malema, tenha sido perpetrado por malfeitores movidos pela gan\u00e2ncia de lucro f\u00e1cil. O porta-voz da PRM, em Nampula, Zacarias Nacute, falando segunda-feira no habitual encontro com a imprensa, confirmou o ataque onde um cidad\u00e3o foi morto e tr\u00eas outros feridos, por indiv\u00edduos, at\u00e9 agora desconhecidos, que durante o acto empunhavam armas de fogo e catanas.\u201cNeste momento, a PRM a n\u00edvel de Nampula destacou uma equipa para fazer a investiga\u00e7\u00e3o e fez o refor\u00e7o da seguran\u00e7a em toda a \u00e1rea\u201d, explicou, segundo a AIM.Nacute descartou a possibilidade de os atacantes serem membros dos grupos de homens armados que t\u00eam estado a realizar ataques na prov\u00edncia vizinha de Cabo Delgado, onde j\u00e1 mataram civis e destru\u00edram bens.\u201cAcreditamos que possam ter sido indiv\u00edduos que tinham o objectivo de saquear os bens dos passageiros nessa viatura, uma vez que as viaturas que fazem o transporte inter-distrital ou provincial trazem muita mercadoria, da\u00ed que acreditamos que estes tenham sido movidos pela gan\u00e2ncia de lucro f\u00e1cil no sentido de se aproveitarem dos bens dos passageiros. No entanto, estamos no terreno a investigar\u201d, adiantou o porta-voz.Relativamente aos eventos tr\u00e1gicos do passado dia 11 de Setembro em que 10 pessoas perderam a vida e 88 ficaram feridas numa actividade de campanha do partido Frelimo na cidade de Nampula, Nacute referiu que as investiga\u00e7\u00f5es est\u00e3o em curso para o apuramento de circunst\u00e2ncias que estiveram na origem do acontecimento.Sobre o decurso da campanha eleitoral, o porta-voz da PRM revelou que desde o seu in\u00edcio foram registados de 11 casos de il\u00edcitos eleitorais.\u201cQuanto ao processo da campanha eleitoral, se compararmos com os anteriores, podemos dizer que tem estado a decorrer num ambiente calmo e ordeiro. Na semana em alus\u00e3o, tivemos o registo de dois casos de destrui\u00e7\u00e3o de material de propaganda eleitoral. Desde o in\u00edcio, registamos 11 casos, todos de danos de materiais de propaganda eleitoral e em conex\u00e3o com eles 12 pessoas foram indiciadas\u201d, revelou.Segundo a fonte, estes casos registaram-se na cidade de Nampula, a capital da prov\u00edncia com o mesmo nome, e nos distritos de Rib\u00e1u\u00e8, Moma, Li\u00fapo, Angoche e distrito de Nampula.Entretanto, Nacute voltou a pedir aos envolvidos na campanha eleitoral para que sejam comedidos nas suas ac\u00e7\u00f5es.\u201cVoltamos a fazer o apelo aos partidos, seus membros e simpatizantes para que continuem a fazer o trabalho da campanha eleitoral, com o mesmo comportamento c\u00edvico, evitando situa\u00e7\u00f5es que possam perturbar a ordem e tranquilidade p\u00fablicas na nossa prov\u00edncia. Pedimos ainda para que tamb\u00e9m os partidos pol\u00edticos continuem a disponibilizar-nos os seus programas para que a PRM possa garantir a seguran\u00e7a nos locais das suas actividades\u201d, apelou. Jornal Not\u00edcias"}