{"version":"1.0","provider_name":"TVM - Televis\u00e3o de Mo\u00e7ambique","provider_url":"https:\/\/www.tvm.co.mz\/novosite","author_name":"Leopoldino Bambo","author_url":"https:\/\/www.tvm.co.mz\/novosite\/author\/lbambo\/","title":"Papa Francisco j\u00e1 est\u00e1 no Madag\u00e1scar - TVM - Televis\u00e3o de Mo\u00e7ambique","type":"rich","width":600,"height":338,"html":"<blockquote class=\"wp-embedded-content\" data-secret=\"XpwQALTlBb\"><a href=\"https:\/\/www.tvm.co.mz\/novosite\/2019\/09\/06\/papa-francisco-ja-esta-no-madagascar\/\">Papa Francisco j\u00e1 est\u00e1 no Madag\u00e1scar<\/a><\/blockquote><iframe sandbox=\"allow-scripts\" security=\"restricted\" src=\"https:\/\/www.tvm.co.mz\/novosite\/2019\/09\/06\/papa-francisco-ja-esta-no-madagascar\/embed\/#?secret=XpwQALTlBb\" width=\"600\" height=\"338\" title=\"&#8220;Papa Francisco j\u00e1 est\u00e1 no Madag\u00e1scar&#8221; &#8212; TVM - Televis\u00e3o de Mo\u00e7ambique\" data-secret=\"XpwQALTlBb\" frameborder=\"0\" marginwidth=\"0\" marginheight=\"0\" scrolling=\"no\" class=\"wp-embedded-content\"><\/iframe><script>\n\/*! This file is auto-generated *\/\n!function(d,l){\"use strict\";l.querySelector&&d.addEventListener&&\"undefined\"!=typeof URL&&(d.wp=d.wp||{},d.wp.receiveEmbedMessage||(d.wp.receiveEmbedMessage=function(e){var t=e.data;if((t||t.secret||t.message||t.value)&&!\/[^a-zA-Z0-9]\/.test(t.secret)){for(var s,r,n,a=l.querySelectorAll('iframe[data-secret=\"'+t.secret+'\"]'),o=l.querySelectorAll('blockquote[data-secret=\"'+t.secret+'\"]'),c=new RegExp(\"^https?:$\",\"i\"),i=0;i<o.length;i++)o[i].style.display=\"none\";for(i=0;i<a.length;i++)s=a[i],e.source===s.contentWindow&&(s.removeAttribute(\"style\"),\"height\"===t.message?(1e3<(r=parseInt(t.value,10))?r=1e3:~~r<200&&(r=200),s.height=r):\"link\"===t.message&&(r=new URL(s.getAttribute(\"src\")),n=new URL(t.value),c.test(n.protocol))&&n.host===r.host&&l.activeElement===s&&(d.top.location.href=t.value))}},d.addEventListener(\"message\",d.wp.receiveEmbedMessage,!1),l.addEventListener(\"DOMContentLoaded\",function(){for(var e,t,s=l.querySelectorAll(\"iframe.wp-embedded-content\"),r=0;r<s.length;r++)(t=(e=s[r]).getAttribute(\"data-secret\"))||(t=Math.random().toString(36).substring(2,12),e.src+=\"#?secret=\"+t,e.setAttribute(\"data-secret\",t)),e.contentWindow.postMessage({message:\"ready\",secret:t},\"*\")},!1)))}(window,document);\n\/\/# sourceURL=https:\/\/www.tvm.co.mz\/novosite\/wp-includes\/js\/wp-embed.min.js\n<\/script>\n","thumbnail_url":"https:\/\/www.tvm.co.mz\/novosite\/wp-content\/uploads\/2019\/09\/PAPAFRANCISCO1.jpg","thumbnail_width":730,"thumbnail_height":438,"description":"Sua santidade, Papa Francisco, aterrou esta tarde no Madag\u00e1scar, para iniciar sua visita \u00e0quele pa\u00eds insular, no \u00e2mbito do p\u00e9riplo que realiza desde quarta-feira aos pa\u00edses africanos. \u00c0 sua chegada ao Madag\u00e1scar, o Santo Padre foi recebido pelo Chefe do Estado daquele pa\u00eds, Andr\u00e9 Rajoalina, que se fazia acompanhar por sua esposa e respons\u00e1veis da igreja cat\u00f3lica. O Sumo Pont\u00edfice chegou ao Madag\u00e1scar numa aeronave das Linhas A\u00e9reas de Mo\u00e7ambique, LAM, depois de tr\u00eas dias de visita que terminou com uma missa santa, pouco depois das 11.00 horas, no Est\u00e1dio Nacional do Zimpeto. Logo ap\u00f3s o encerramento da missa no Zimpeto, Papa deslocou-se ao Aeroporto Internacional do Maputo, onde despediu-se das autoridades mo\u00e7ambicanas e embarcou no voo que o levou ao Madag\u00e1scar. Consta ainda da agenda deste conjunto de visitas, escalar as Ilhas Maur\u00edcias. Jornal Not\u00edcias"}