{"version":"1.0","provider_name":"TVM - Televis\u00e3o de Mo\u00e7ambique","provider_url":"https:\/\/www.tvm.co.mz\/novosite","author_name":"Leopoldino Bambo","author_url":"https:\/\/www.tvm.co.mz\/novosite\/author\/lbambo\/","title":"PM lan\u00e7a forma\u00e7\u00e3o de Professores 12\u00aa+3 anos - TVM - Televis\u00e3o de Mo\u00e7ambique","type":"rich","width":600,"height":338,"html":"<blockquote class=\"wp-embedded-content\" data-secret=\"7fIS9dMVUy\"><a href=\"https:\/\/www.tvm.co.mz\/novosite\/2019\/08\/24\/pm-lanca-formacao-de-professores-12-3-anos\/\">PM lan\u00e7a forma\u00e7\u00e3o de Professores 12\u00aa+3 anos<\/a><\/blockquote><iframe sandbox=\"allow-scripts\" security=\"restricted\" src=\"https:\/\/www.tvm.co.mz\/novosite\/2019\/08\/24\/pm-lanca-formacao-de-professores-12-3-anos\/embed\/#?secret=7fIS9dMVUy\" width=\"600\" height=\"338\" title=\"&#8220;PM lan\u00e7a forma\u00e7\u00e3o de Professores 12\u00aa+3 anos&#8221; &#8212; TVM - Televis\u00e3o de Mo\u00e7ambique\" data-secret=\"7fIS9dMVUy\" frameborder=\"0\" marginwidth=\"0\" marginheight=\"0\" scrolling=\"no\" class=\"wp-embedded-content\"><\/iframe><script>\n\/*! This file is auto-generated *\/\n!function(d,l){\"use strict\";l.querySelector&&d.addEventListener&&\"undefined\"!=typeof URL&&(d.wp=d.wp||{},d.wp.receiveEmbedMessage||(d.wp.receiveEmbedMessage=function(e){var t=e.data;if((t||t.secret||t.message||t.value)&&!\/[^a-zA-Z0-9]\/.test(t.secret)){for(var s,r,n,a=l.querySelectorAll('iframe[data-secret=\"'+t.secret+'\"]'),o=l.querySelectorAll('blockquote[data-secret=\"'+t.secret+'\"]'),c=new RegExp(\"^https?:$\",\"i\"),i=0;i<o.length;i++)o[i].style.display=\"none\";for(i=0;i<a.length;i++)s=a[i],e.source===s.contentWindow&&(s.removeAttribute(\"style\"),\"height\"===t.message?(1e3<(r=parseInt(t.value,10))?r=1e3:~~r<200&&(r=200),s.height=r):\"link\"===t.message&&(r=new URL(s.getAttribute(\"src\")),n=new URL(t.value),c.test(n.protocol))&&n.host===r.host&&l.activeElement===s&&(d.top.location.href=t.value))}},d.addEventListener(\"message\",d.wp.receiveEmbedMessage,!1),l.addEventListener(\"DOMContentLoaded\",function(){for(var e,t,s=l.querySelectorAll(\"iframe.wp-embedded-content\"),r=0;r<s.length;r++)(t=(e=s[r]).getAttribute(\"data-secret\"))||(t=Math.random().toString(36).substring(2,12),e.src+=\"#?secret=\"+t,e.setAttribute(\"data-secret\",t)),e.contentWindow.postMessage({message:\"ready\",secret:t},\"*\")},!1)))}(window,document);\n\/\/# sourceURL=https:\/\/www.tvm.co.mz\/novosite\/wp-includes\/js\/wp-embed.min.js\n<\/script>\n","thumbnail_url":"https:\/\/www.tvm.co.mz\/novosite\/wp-content\/uploads\/2019\/08\/zxdfhdzxfhdzfhdhdh.jpg","thumbnail_width":1000,"thumbnail_height":602,"description":"O Primeiro-Ministro, Carlos Agostinho do Ros\u00e1rio, considera o in\u00edcio do programa de forma\u00e7\u00e3o de professores 12\u00aa+3 anos, como parte das realiza\u00e7\u00f5es do Governo para assegurar que todo mo\u00e7ambicano tenha acesso ao ensino e educa\u00e7\u00e3o de qualidade. Do Ros\u00e1rio falava na cerim\u00f3nia de lan\u00e7amento oficial do programa, na prov\u00edncia da Zamb\u00e9zia, onde se encontra, desde ontem, a realizar uma visita de trabalho. Segundo o dirigente, a maior aposta deste Governo \u00e9 ver Mo\u00e7ambique dotado de capital humano capaz de responder aos desafios do momento, sobretudo para converter os nossos recursos naturais em riqueza que beneficie aos cidad\u00e3os, de modo a acelerar o desenvolvimento socioecon\u00f3mico do pa\u00eds. O programa que se enquadra no \u00e2mbito do sistema da monodoc\u00eancia vai permitir que o professor esteja capacitado a leccionar todas as disciplinas do ensino prim\u00e1rio, bem como, acompanhar o progresso dos seus alunos durante os primeiros seis anos de escolaridade, referiu. O programa tem como objectivo aprimorar a forma\u00e7\u00e3o de professores para o Ensino Prim\u00e1rio e Educa\u00e7\u00e3o de Adultos, de modo a preparar-lhes e integral que lhes confere habilidades para leccionarem em regime de monodoc\u00eancia e de efectiva inclus\u00e3o."}