{"version":"1.0","provider_name":"TVM - Televis\u00e3o de Mo\u00e7ambique","provider_url":"https:\/\/www.tvm.co.mz\/novosite","author_name":"Leopoldino Bambo","author_url":"https:\/\/www.tvm.co.mz\/novosite\/author\/lbambo\/","title":"Nyusi visita hoje Cabo Delgado - TVM - Televis\u00e3o de Mo\u00e7ambique","type":"rich","width":600,"height":338,"html":"<blockquote class=\"wp-embedded-content\" data-secret=\"UDTMgn8QSB\"><a href=\"https:\/\/www.tvm.co.mz\/novosite\/2019\/08\/16\/nyusi-visita-hoje-cabo-delgado\/\">Nyusi visita hoje Cabo Delgado<\/a><\/blockquote><iframe sandbox=\"allow-scripts\" security=\"restricted\" src=\"https:\/\/www.tvm.co.mz\/novosite\/2019\/08\/16\/nyusi-visita-hoje-cabo-delgado\/embed\/#?secret=UDTMgn8QSB\" width=\"600\" height=\"338\" title=\"&#8220;Nyusi visita hoje Cabo Delgado&#8221; &#8212; TVM - Televis\u00e3o de Mo\u00e7ambique\" data-secret=\"UDTMgn8QSB\" frameborder=\"0\" marginwidth=\"0\" marginheight=\"0\" scrolling=\"no\" class=\"wp-embedded-content\"><\/iframe><script>\n\/*! This file is auto-generated *\/\n!function(d,l){\"use strict\";l.querySelector&&d.addEventListener&&\"undefined\"!=typeof URL&&(d.wp=d.wp||{},d.wp.receiveEmbedMessage||(d.wp.receiveEmbedMessage=function(e){var t=e.data;if((t||t.secret||t.message||t.value)&&!\/[^a-zA-Z0-9]\/.test(t.secret)){for(var s,r,n,a=l.querySelectorAll('iframe[data-secret=\"'+t.secret+'\"]'),o=l.querySelectorAll('blockquote[data-secret=\"'+t.secret+'\"]'),c=new RegExp(\"^https?:$\",\"i\"),i=0;i<o.length;i++)o[i].style.display=\"none\";for(i=0;i<a.length;i++)s=a[i],e.source===s.contentWindow&&(s.removeAttribute(\"style\"),\"height\"===t.message?(1e3<(r=parseInt(t.value,10))?r=1e3:~~r<200&&(r=200),s.height=r):\"link\"===t.message&&(r=new URL(s.getAttribute(\"src\")),n=new URL(t.value),c.test(n.protocol))&&n.host===r.host&&l.activeElement===s&&(d.top.location.href=t.value))}},d.addEventListener(\"message\",d.wp.receiveEmbedMessage,!1),l.addEventListener(\"DOMContentLoaded\",function(){for(var e,t,s=l.querySelectorAll(\"iframe.wp-embedded-content\"),r=0;r<s.length;r++)(t=(e=s[r]).getAttribute(\"data-secret\"))||(t=Math.random().toString(36).substring(2,12),e.src+=\"#?secret=\"+t,e.setAttribute(\"data-secret\",t)),e.contentWindow.postMessage({message:\"ready\",secret:t},\"*\")},!1)))}(window,document);\n\/\/# sourceURL=https:\/\/www.tvm.co.mz\/novosite\/wp-includes\/js\/wp-embed.min.js\n<\/script>\n","thumbnail_url":"https:\/\/www.tvm.co.mz\/novosite\/wp-content\/uploads\/2019\/08\/FILIPE-NYUSI.gif","thumbnail_width":770,"thumbnail_height":462,"description":"O Presidente da Rep\u00fablica, Filipe Jacinto Nyusi, efectua hoje uma visita de trabalho \u00e0 prov\u00edncia de Cabo Delgado, indica um comunicado de imprensa emitido pela Presid\u00eancia da Rep\u00fablica. Nesta prov\u00edncia, o Chefe do Estado mo\u00e7ambicano vai escalar o distrito de Mec\u00fafi, onde tem agendada a inaugura\u00e7\u00e3o de uma ag\u00eancia banc\u00e1ria, no \u00e2mbito da iniciativa presidencial \u201cUm Distrito, Um Banco\u201d, refere o documento. Naquele distrito, o estadista vai, igualmente, inaugurar uma escola secund\u00e1ria local, l\u00ea-se na nota. Ainda esta manh\u00e3, Nyusi inaugura o edif\u00edcio-sede do Minist\u00e9rio das Finan\u00e7as, na capital do pa\u00eds, constitu\u00eddo por duas torres de 19 andares, cada, quevai concentrar todas as unidades org\u00e2nicas do minist\u00e9rio, que antes funcionavam em lugares dispersos, o que permitir\u00e1 a facilita\u00e7\u00e3o de comunica\u00e7\u00e3o entre os diferentes sectores, bem como melhorar a acessibilidade dos servi\u00e7os p\u00fablicos de excel\u00eancia aos utentes."}