{"version":"1.0","provider_name":"TVM - Televis\u00e3o de Mo\u00e7ambique","provider_url":"https:\/\/www.tvm.co.mz\/novosite","author_name":"Edson Sengo","author_url":"https:\/\/www.tvm.co.mz\/novosite\/author\/esengo\/","title":"Privilegiar parcerias no atendimento \u00e0 crian\u00e7a - TVM - Televis\u00e3o de Mo\u00e7ambique","type":"rich","width":600,"height":338,"html":"<blockquote class=\"wp-embedded-content\" data-secret=\"zvz330jogp\"><a href=\"https:\/\/www.tvm.co.mz\/novosite\/2019\/07\/22\/privilegiar-parcerias-no-atendimento-a-crianca\/\">Privilegiar parcerias no atendimento \u00e0 crian\u00e7a<\/a><\/blockquote><iframe sandbox=\"allow-scripts\" security=\"restricted\" src=\"https:\/\/www.tvm.co.mz\/novosite\/2019\/07\/22\/privilegiar-parcerias-no-atendimento-a-crianca\/embed\/#?secret=zvz330jogp\" width=\"600\" height=\"338\" title=\"&#8220;Privilegiar parcerias no atendimento \u00e0 crian\u00e7a&#8221; &#8212; TVM - Televis\u00e3o de Mo\u00e7ambique\" data-secret=\"zvz330jogp\" frameborder=\"0\" marginwidth=\"0\" marginheight=\"0\" scrolling=\"no\" class=\"wp-embedded-content\"><\/iframe><script>\n\/*! This file is auto-generated *\/\n!function(d,l){\"use strict\";l.querySelector&&d.addEventListener&&\"undefined\"!=typeof URL&&(d.wp=d.wp||{},d.wp.receiveEmbedMessage||(d.wp.receiveEmbedMessage=function(e){var t=e.data;if((t||t.secret||t.message||t.value)&&!\/[^a-zA-Z0-9]\/.test(t.secret)){for(var s,r,n,a=l.querySelectorAll('iframe[data-secret=\"'+t.secret+'\"]'),o=l.querySelectorAll('blockquote[data-secret=\"'+t.secret+'\"]'),c=new RegExp(\"^https?:$\",\"i\"),i=0;i<o.length;i++)o[i].style.display=\"none\";for(i=0;i<a.length;i++)s=a[i],e.source===s.contentWindow&&(s.removeAttribute(\"style\"),\"height\"===t.message?(1e3<(r=parseInt(t.value,10))?r=1e3:~~r<200&&(r=200),s.height=r):\"link\"===t.message&&(r=new URL(s.getAttribute(\"src\")),n=new URL(t.value),c.test(n.protocol))&&n.host===r.host&&l.activeElement===s&&(d.top.location.href=t.value))}},d.addEventListener(\"message\",d.wp.receiveEmbedMessage,!1),l.addEventListener(\"DOMContentLoaded\",function(){for(var e,t,s=l.querySelectorAll(\"iframe.wp-embedded-content\"),r=0;r<s.length;r++)(t=(e=s[r]).getAttribute(\"data-secret\"))||(t=Math.random().toString(36).substring(2,12),e.src+=\"#?secret=\"+t,e.setAttribute(\"data-secret\",t)),e.contentWindow.postMessage({message:\"ready\",secret:t},\"*\")},!1)))}(window,document);\n\/\/# sourceURL=https:\/\/www.tvm.co.mz\/novosite\/wp-includes\/js\/wp-embed.min.js\n<\/script>\n","thumbnail_url":"https:\/\/www.tvm.co.mz\/novosite\/wp-content\/uploads\/2019\/07\/ISAURA.gif","thumbnail_width":500,"thumbnail_height":327,"description":"A ORGANIZA\u00c7\u00c3O dos Continuadores de Mo\u00e7ambique deve privilegiar parcerias com institui\u00e7\u00f5es que trabalham em prol da crian\u00e7a, como forma de complementar os esfor\u00e7os do Governo no atendimento e defesa dos direitos deste grupo. A posi\u00e7\u00e3o foi defendida ontem, na prov\u00edncia de Maputo, pela Primeira-Dama e presidente da \u201cContinuadores\u201d, Isaura Ferr\u00e3o Nyusi, no encerramento da II sess\u00e3o do Conselho Central desta organiza\u00e7\u00e3o. O encontro, que reuniu membros, organiza\u00e7\u00f5es da sociedade civil e parceiros de coopera\u00e7\u00e3o, pretendia fazer o balan\u00e7o das actividades realizadas no ano passado, proclamar novos membros honor\u00e1rios, bem como debater e aprovar o or\u00e7amento para o presente exerc\u00edcio econ\u00f3mico. A presidente da \u201cContinuadores\u201d disse, na ocasi\u00e3o, que a sess\u00e3o abre espa\u00e7o para que a organiza\u00e7\u00e3o oriente e encaminhe a crian\u00e7a a uma educa\u00e7\u00e3o baseada no amor \u00e0 fam\u00edlia, dedica\u00e7\u00e3o aos estudos, respeito pelo trabalho, pr\u00e1tica do desporto, esp\u00edrito de solidariedade, amor e protec\u00e7\u00e3o ao meio ambiente. \u201cO nosso desafio \u00e9 t\u00e3o enorme que n\u00f3s, s\u00f3 n\u00f3s sozinhos, n\u00e3o poderemos levar bem avante tudo o que almejamos, da\u00ed que temos que contar com parcerias de v\u00e1rias institui\u00e7\u00f5es que trabalham em prol da crian\u00e7a, tendentes a complementar os esfor\u00e7os do pa\u00eds no atendimento da crian\u00e7a\u201d, disse Isaura Nyusi. O secret\u00e1rio-geral da \u201cContinuadores\u201d, Danilo Teixeira, enalteceu o trabalho do Gabinete da Esposa do Presidente da Rep\u00fablica, conducentes ao bem-estar da crian\u00e7a e empoderamento da mulher, e manifestou o compromisso da organiza\u00e7\u00e3o de contribuir para o desenvolvimento do pa\u00eds. Solicitado a comentar a aprova\u00e7\u00e3o da lei contra as uni\u00f5es prematuras, Teixeira disse que o instrumento representa um ganho na promo\u00e7\u00e3o e protec\u00e7\u00e3o dos direitos da crian\u00e7a, em particular da rapariga. \u201cEsta \u00e9 uma lei oportuna e n\u00f3s, como organiza\u00e7\u00e3o que trabalha em prol da crian\u00e7a, vamos trabalhar ao lado do Estado para garantir a sua implementa\u00e7\u00e3o. N\u00e3o h\u00e1 d\u00favidas que este \u00e9 um ganho no quadro da protec\u00e7\u00e3o dos direitos da crian\u00e7a\u201d, acrescentou. Para este ano, a Organiza\u00e7\u00e3o dos Continuadores de Mo\u00e7ambique pretende refor\u00e7ar as ac\u00e7\u00f5es em prol do desenvolvimento s\u00e3o e harmonioso da crian\u00e7a e salvaguarda dos seus direitos, bem como mobilizar todos os sectores da sociedade e comunidade internacional para apoio \u00e0s actividades que visam a promo\u00e7\u00e3o do bem-estar deste grupo. De forma espec\u00edfica, pretende-se aumentar as oportunidades de educa\u00e7\u00e3o e forma\u00e7\u00e3o das crian\u00e7as com defici\u00eancia e garantir a perman\u00eancia das raparigas nas escolas, at\u00e9 \u00e0 conclus\u00e3o dos ensinos b\u00e1sico e secund\u00e1rio. No quadro da promo\u00e7\u00e3o da educa\u00e7\u00e3o no amor \u00e0 fam\u00edlia, \u00e0 p\u00e1tria e ao povo, dedica\u00e7\u00e3o aos estudos e pr\u00e1tica de actividades desportivas, a organiza\u00e7\u00e3o quer ver refor\u00e7ado o conhecimento da hist\u00f3ria do pa\u00eds, promover o plantio de \u00e1rvores e mudan\u00e7a de atitudes e comportamentos individuais na defesa do meio ambiente."}