{"version":"1.0","provider_name":"TVM - Televis\u00e3o de Mo\u00e7ambique","provider_url":"https:\/\/www.tvm.co.mz\/novosite","author_name":"Leopoldino Bambo","author_url":"https:\/\/www.tvm.co.mz\/novosite\/author\/lbambo\/","title":"Mo\u00e7ambique quer avaliar pobreza no pa\u00eds - TVM - Televis\u00e3o de Mo\u00e7ambique","type":"rich","width":600,"height":338,"html":"<blockquote class=\"wp-embedded-content\" data-secret=\"YY21DR0Llw\"><a href=\"https:\/\/www.tvm.co.mz\/novosite\/2019\/07\/18\/mocambique-quer-avaliar-pobreza-no-pais\/\">Mo\u00e7ambique quer avaliar pobreza no pa\u00eds<\/a><\/blockquote><iframe sandbox=\"allow-scripts\" security=\"restricted\" src=\"https:\/\/www.tvm.co.mz\/novosite\/2019\/07\/18\/mocambique-quer-avaliar-pobreza-no-pais\/embed\/#?secret=YY21DR0Llw\" width=\"600\" height=\"338\" title=\"&#8220;Mo\u00e7ambique quer avaliar pobreza no pa\u00eds&#8221; &#8212; TVM - Televis\u00e3o de Mo\u00e7ambique\" data-secret=\"YY21DR0Llw\" frameborder=\"0\" marginwidth=\"0\" marginheight=\"0\" scrolling=\"no\" class=\"wp-embedded-content\"><\/iframe><script>\n\/*! This file is auto-generated *\/\n!function(d,l){\"use strict\";l.querySelector&&d.addEventListener&&\"undefined\"!=typeof URL&&(d.wp=d.wp||{},d.wp.receiveEmbedMessage||(d.wp.receiveEmbedMessage=function(e){var t=e.data;if((t||t.secret||t.message||t.value)&&!\/[^a-zA-Z0-9]\/.test(t.secret)){for(var s,r,n,a=l.querySelectorAll('iframe[data-secret=\"'+t.secret+'\"]'),o=l.querySelectorAll('blockquote[data-secret=\"'+t.secret+'\"]'),c=new RegExp(\"^https?:$\",\"i\"),i=0;i<o.length;i++)o[i].style.display=\"none\";for(i=0;i<a.length;i++)s=a[i],e.source===s.contentWindow&&(s.removeAttribute(\"style\"),\"height\"===t.message?(1e3<(r=parseInt(t.value,10))?r=1e3:~~r<200&&(r=200),s.height=r):\"link\"===t.message&&(r=new URL(s.getAttribute(\"src\")),n=new URL(t.value),c.test(n.protocol))&&n.host===r.host&&l.activeElement===s&&(d.top.location.href=t.value))}},d.addEventListener(\"message\",d.wp.receiveEmbedMessage,!1),l.addEventListener(\"DOMContentLoaded\",function(){for(var e,t,s=l.querySelectorAll(\"iframe.wp-embedded-content\"),r=0;r<s.length;r++)(t=(e=s[r]).getAttribute(\"data-secret\"))||(t=Math.random().toString(36).substring(2,12),e.src+=\"#?secret=\"+t,e.setAttribute(\"data-secret\",t)),e.contentWindow.postMessage({message:\"ready\",secret:t},\"*\")},!1)))}(window,document);\n\/\/# sourceURL=https:\/\/www.tvm.co.mz\/novosite\/wp-includes\/js\/wp-embed.min.js\n<\/script>\n","thumbnail_url":"https:\/\/www.tvm.co.mz\/novosite\/wp-content\/uploads\/2019\/07\/img002836-135-20150619-063921.jpg","thumbnail_width":749,"thumbnail_height":460,"description":"O Instituto Nacional de Estat\u00edstica (INE) de Mo\u00e7ambique vai introduzir no Inqu\u00e9rito sobre Or\u00e7amento Familiar (IOF) um caderno individual para a avalia\u00e7\u00e3o da pobreza no pa\u00eds, anunciou ontem o organismo, em confer\u00eancia de imprensa. \u201cPara o pr\u00f3ximo inqu\u00e9rito, cada pessoa maior de 15 anos vai ter um caderno, em que vai anotar todas as despesas que faz fora, isto para que aqueles gastos individuais sejam somados ao gasto do agregado familiar\u201d, disse o director nacional de Censos e Inqu\u00e9ritos do INE, Ar\u00e3o Balate. Balate adiantou que o INE vai duplicar o tempo de presen\u00e7a dos recenseadores nas resid\u00eancias do universo populacional escolhido para o IOF de 2019\/20. \u201cNos inqu\u00e9ritos passados n\u00f3s fic\u00e1vamos sete dias, mas para o pr\u00f3ximo inqu\u00e9rito vamos ficar mais 14 dias\u201d, acrescentou o director do INE, citado pela Lusa. O inqu\u00e9rito vai arrancar em Novembro e vai avaliar, durante um ano, as despesas e receitas dos agregados familiares mo\u00e7ambicanos, sendo por isso a \u201cbase fundamental para a actualiza\u00e7\u00e3o da linha de pobreza do pa\u00eds\u201d. \u201cEstamos a prever que em Abril teremos o relat\u00f3rio anal\u00edtico e, meses depois, teremos a actualiza\u00e7\u00e3o da linha de pobreza, mas s\u00f3 em 2021\u201d, referiu o INE. O custo do IOF est\u00e1 avaliado em cinco milh\u00f5es de d\u00f3lares e o montante \u00e9 financiado pelo Banco Mundial. O censo vai abranger mais de 13 mil agregados familiares, dos seis milh\u00f5es que existem no pa\u00eds."}