{"version":"1.0","provider_name":"TVM - Televis\u00e3o de Mo\u00e7ambique","provider_url":"https:\/\/www.tvm.co.mz\/novosite","author_name":"Leopoldino Bambo","author_url":"https:\/\/www.tvm.co.mz\/novosite\/author\/lbambo\/","title":"Oito detidos por desvio de donativos em Sofala - TVM - Televis\u00e3o de Mo\u00e7ambique","type":"rich","width":600,"height":338,"html":"<blockquote class=\"wp-embedded-content\" data-secret=\"fLapBbgARh\"><a href=\"https:\/\/www.tvm.co.mz\/novosite\/2019\/07\/09\/oito-detidos-por-desvio-de-donativos-em-sofala\/\">Oito detidos por desvio de donativos em Sofala<\/a><\/blockquote><iframe sandbox=\"allow-scripts\" security=\"restricted\" src=\"https:\/\/www.tvm.co.mz\/novosite\/2019\/07\/09\/oito-detidos-por-desvio-de-donativos-em-sofala\/embed\/#?secret=fLapBbgARh\" width=\"600\" height=\"338\" title=\"&#8220;Oito detidos por desvio de donativos em Sofala&#8221; &#8212; TVM - Televis\u00e3o de Mo\u00e7ambique\" data-secret=\"fLapBbgARh\" frameborder=\"0\" marginwidth=\"0\" marginheight=\"0\" scrolling=\"no\" class=\"wp-embedded-content\"><\/iframe><script>\n\/*! This file is auto-generated *\/\n!function(d,l){\"use strict\";l.querySelector&&d.addEventListener&&\"undefined\"!=typeof URL&&(d.wp=d.wp||{},d.wp.receiveEmbedMessage||(d.wp.receiveEmbedMessage=function(e){var t=e.data;if((t||t.secret||t.message||t.value)&&!\/[^a-zA-Z0-9]\/.test(t.secret)){for(var s,r,n,a=l.querySelectorAll('iframe[data-secret=\"'+t.secret+'\"]'),o=l.querySelectorAll('blockquote[data-secret=\"'+t.secret+'\"]'),c=new RegExp(\"^https?:$\",\"i\"),i=0;i<o.length;i++)o[i].style.display=\"none\";for(i=0;i<a.length;i++)s=a[i],e.source===s.contentWindow&&(s.removeAttribute(\"style\"),\"height\"===t.message?(1e3<(r=parseInt(t.value,10))?r=1e3:~~r<200&&(r=200),s.height=r):\"link\"===t.message&&(r=new URL(s.getAttribute(\"src\")),n=new URL(t.value),c.test(n.protocol))&&n.host===r.host&&l.activeElement===s&&(d.top.location.href=t.value))}},d.addEventListener(\"message\",d.wp.receiveEmbedMessage,!1),l.addEventListener(\"DOMContentLoaded\",function(){for(var e,t,s=l.querySelectorAll(\"iframe.wp-embedded-content\"),r=0;r<s.length;r++)(t=(e=s[r]).getAttribute(\"data-secret\"))||(t=Math.random().toString(36).substring(2,12),e.src+=\"#?secret=\"+t,e.setAttribute(\"data-secret\",t)),e.contentWindow.postMessage({message:\"ready\",secret:t},\"*\")},!1)))}(window,document);\n\/\/# sourceURL=https:\/\/www.tvm.co.mz\/novosite\/wp-includes\/js\/wp-embed.min.js\n<\/script>\n","thumbnail_url":"https:\/\/www.tvm.co.mz\/novosite\/wp-content\/uploads\/2019\/07\/25944751.jpg","thumbnail_width":1920,"thumbnail_height":1080,"description":"A Pol\u00edcia da Rep\u00fablica de Mo\u00e7ambique (PRM) deteve oito pessoas suspeitas de desviar produtos destinados \u00e0s v\u00edtimas dos ciclones Idai, em Nhamatanda, na prov\u00edncia de Sofala, divulgou ontem fonte da corpora\u00e7\u00e3o. \u201cEstes indiv\u00edduos, que pertencem \u00e0 mesma organiza\u00e7\u00e3o n\u00e3o-governamental, engendraram um esquema de desvio de produtos destinados \u00e0 ajuda humanit\u00e1ria\u201d, declarou Daniel Macu\u00e1cua, porta-voz da Pol\u00edcia da Rep\u00fablica de Mo\u00e7ambique (PRM) em Sofala. Segundo a Pol\u00edcia, o grupo ter\u00e1 desviado uma quantidade n\u00e3o especificada de arroz, feij\u00e3o e \u00f3leo, ap\u00f3s a sua distribui\u00e7\u00e3o num dos bairros de Nhamatanda. \u201cPreocupa-nos o facto de os indiciados terem recorrido aos nomes de alguns membros da Pol\u00edcia que, segundo eles, teriam se apoderado \u00e0 for\u00e7a destes produtos\u201d, afirmou o porta-voz, acrescentando que investiga\u00e7\u00f5es decorrem para apurar estas informa\u00e7\u00f5es. Os indiciados s\u00e3o todos trabalhadores da organiza\u00e7\u00e3o n\u00e3o-governamental Oikos &#8211; Coopera\u00e7\u00e3o e Desenvolvimento, disse a fonte \u00e0 Lusa. Em Abril, o Tribunal Judicial da Cidade da Beira condenou duas pessoas \u00e0 pena de um ano de pris\u00e3o por desvio de donativos destinados \u00e0s v\u00edtimas do ciclone Idai. Al\u00e9m de B\u00fazi, Nhamatanda est\u00e1 entre os distritos mais afectados pelo ciclone Idai na prov\u00edncia de Sofala, no centro de Mo\u00e7ambique. O ciclone Idai atingiu o centro de Mo\u00e7ambique em Mar\u00e7o, provocando 604 v\u00edtimas mortais e afectando cerca de 1,8 milh\u00e3o de pessoas. Pouco tempo depois, Mo\u00e7ambique voltou a ser atingido por um outro ciclone, o Kenneth, que se abateu sobre o norte do pa\u00eds em Abril, matando 45 pessoas, para al\u00e9m de afectar outras 250 000."}