{"version":"1.0","provider_name":"TVM - Televis\u00e3o de Mo\u00e7ambique","provider_url":"https:\/\/www.tvm.co.mz\/novosite","author_name":"Leopoldino Bambo","author_url":"https:\/\/www.tvm.co.mz\/novosite\/author\/lbambo\/","title":"Limites legais para actua\u00e7\u00e3o das igrejas - TVM - Televis\u00e3o de Mo\u00e7ambique","type":"rich","width":600,"height":338,"html":"<blockquote class=\"wp-embedded-content\" data-secret=\"6rie4XDF9M\"><a href=\"https:\/\/www.tvm.co.mz\/novosite\/2019\/06\/29\/limites-legais-para-actuacao-das-igrejas\/\">Limites legais para actua\u00e7\u00e3o das igrejas<\/a><\/blockquote><iframe sandbox=\"allow-scripts\" security=\"restricted\" src=\"https:\/\/www.tvm.co.mz\/novosite\/2019\/06\/29\/limites-legais-para-actuacao-das-igrejas\/embed\/#?secret=6rie4XDF9M\" width=\"600\" height=\"338\" title=\"&#8220;Limites legais para actua\u00e7\u00e3o das igrejas&#8221; &#8212; TVM - Televis\u00e3o de Mo\u00e7ambique\" data-secret=\"6rie4XDF9M\" frameborder=\"0\" marginwidth=\"0\" marginheight=\"0\" scrolling=\"no\" class=\"wp-embedded-content\"><\/iframe><script>\n\/*! This file is auto-generated *\/\n!function(d,l){\"use strict\";l.querySelector&&d.addEventListener&&\"undefined\"!=typeof URL&&(d.wp=d.wp||{},d.wp.receiveEmbedMessage||(d.wp.receiveEmbedMessage=function(e){var t=e.data;if((t||t.secret||t.message||t.value)&&!\/[^a-zA-Z0-9]\/.test(t.secret)){for(var s,r,n,a=l.querySelectorAll('iframe[data-secret=\"'+t.secret+'\"]'),o=l.querySelectorAll('blockquote[data-secret=\"'+t.secret+'\"]'),c=new RegExp(\"^https?:$\",\"i\"),i=0;i<o.length;i++)o[i].style.display=\"none\";for(i=0;i<a.length;i++)s=a[i],e.source===s.contentWindow&&(s.removeAttribute(\"style\"),\"height\"===t.message?(1e3<(r=parseInt(t.value,10))?r=1e3:~~r<200&&(r=200),s.height=r):\"link\"===t.message&&(r=new URL(s.getAttribute(\"src\")),n=new URL(t.value),c.test(n.protocol))&&n.host===r.host&&l.activeElement===s&&(d.top.location.href=t.value))}},d.addEventListener(\"message\",d.wp.receiveEmbedMessage,!1),l.addEventListener(\"DOMContentLoaded\",function(){for(var e,t,s=l.querySelectorAll(\"iframe.wp-embedded-content\"),r=0;r<s.length;r++)(t=(e=s[r]).getAttribute(\"data-secret\"))||(t=Math.random().toString(36).substring(2,12),e.src+=\"#?secret=\"+t,e.setAttribute(\"data-secret\",t)),e.contentWindow.postMessage({message:\"ready\",secret:t},\"*\")},!1)))}(window,document);\n\/\/# sourceURL=https:\/\/www.tvm.co.mz\/novosite\/wp-includes\/js\/wp-embed.min.js\n<\/script>\n","thumbnail_url":"https:\/\/www.tvm.co.mz\/novosite\/wp-content\/uploads\/2019\/06\/Releg.gif","thumbnail_width":770,"thumbnail_height":471,"description":"O MINIST\u00c9RIO da Justi\u00e7a, Assuntos Constitucionais e Religiosos \u00e9 pelo estabelecimento de bases para a adop\u00e7\u00e3o de uma lei da liberdade religiosa e de culto em Mo\u00e7ambique, capaz de estabelecer normas para a actua\u00e7\u00e3o da igreja no pa\u00eds. A inten\u00e7\u00e3o foi manifestada ontem pelo titular da pasta, Joaquim Ver\u00edssimo, que interveio na abertura da VI Confer\u00eancia Nacional Religiosa, realizada em Maputo. Ver\u00edssimo justificou esta pretens\u00e3o com aquilo a que classificou como \u201cprolifera\u00e7\u00e3o de confiss\u00f5es religiosas sem registo\u201d. \u201cPreocupam-nos imenso as imagens; os \u00e1udios e v\u00eddeos que circulam nas redes sociais, reportando actua\u00e7\u00f5es de algumas confiss\u00f5es religiosas, o que nos chama aten\u00e7\u00e3o para uma reflex\u00e3o conjunta\u201d, disse o governante. A proposta de lei sobre liberdade religiosa e de culto \u00e9 da iniciativa do Minist\u00e9rio da Justi\u00e7a, Assuntos Constitucionais e Religiosos, com base numa interac\u00e7\u00e3o com l\u00edderes religiosos do pa\u00eds. O documento inclui ainda a proposta de c\u00f3digo de conduta das confiss\u00f5es religiosas. Joaquim Ver\u00edssimo afirmou, nesta perspectiva, que no pr\u00f3ximo ciclo de governa\u00e7\u00e3o o sector de Justi\u00e7a, Assuntos Constitucionais e Religiosos tem o desafio de refor\u00e7ar o di\u00e1logo entre o Governo e as confiss\u00f5es religiosas, como parceiras de desenvolvimento. Outro desafio, de acordo com o ministro, \u00e9 continuar a mitigar o fen\u00f3meno de prolifera\u00e7\u00e3o das confiss\u00f5es religiosas n\u00e3o registadas, bem como aprofundar os valores \u00e9ticos e morais da sociedade, sobretudo entre crian\u00e7as e jovens. O ministro Ver\u00edssimo acrescentou que a descentraliza\u00e7\u00e3o de compet\u00eancias para as direc\u00e7\u00f5es provinciais da Justi\u00e7a, Assuntos Constitucionais, a moderniza\u00e7\u00e3o da Direc\u00e7\u00e3o Nacional de Assuntos Religiosos e o refor\u00e7o institucional com pessoal munido de val\u00eancias apropriadas, s\u00e3o outros desafios que se colocam ao seu sector. As confer\u00eancias nacionais religiosas s\u00e3o uma plataforma de reflex\u00e3o sobre o papel das confiss\u00f5es religiosas na sociedade, bem como a sua participa\u00e7\u00e3o nos esfor\u00e7os do Estado em prol do desenvolvimento do nosso pa\u00eds. Segundo o ministro, as igrejas contribu\u00edram para o cumprimento do Programa Quinquenal do Governo 2015-2019, em diversos dom\u00ednios, com destaque para as \u00e1reas de Educa\u00e7\u00e3o, atrav\u00e9s da abertura de mais escolas, na Ac\u00e7\u00e3o Social, no acolhimento e protec\u00e7\u00e3o de desfavorecidas, e na Justi\u00e7a, na reabilita\u00e7\u00e3o e reinser\u00e7\u00e3o de cidad\u00e3os em reclus\u00e3o. \u201cAs vossas contribui\u00e7\u00f5es inspiraram as reformas legais que permitiram a consolida\u00e7\u00e3o e adequa\u00e7\u00e3o do nosso sistema jur\u00eddico, tornando-o cada vez mais justo, ao alcance de todos, com enfoque nos direitos, deveres e liberdades fundamentais dos cidad\u00e3os\u201d, acrescentou. O encontro conta com a participa\u00e7\u00e3o de quase todas as congrega\u00e7\u00f5es religiosas com registo formal. Estat\u00edsticas da Direc\u00e7\u00e3o Nacional de Assuntos Religiosos indicam que, at\u00e9 ao presente ciclo de governa\u00e7\u00e3o, foram registadas no pa\u00eds 957 igrejas."}