{"version":"1.0","provider_name":"TVM - Televis\u00e3o de Mo\u00e7ambique","provider_url":"https:\/\/www.tvm.co.mz\/novosite","author_name":"Leopoldino Bambo","author_url":"https:\/\/www.tvm.co.mz\/novosite\/author\/lbambo\/","title":"Costa do Sol mant\u00e9m lideran\u00e7a do Mo\u00e7ambola 2019 - TVM - Televis\u00e3o de Mo\u00e7ambique","type":"rich","width":600,"height":338,"html":"<blockquote class=\"wp-embedded-content\" data-secret=\"xPv8g5y5fK\"><a href=\"https:\/\/www.tvm.co.mz\/novosite\/2019\/06\/10\/costa-do-sol-mantem-lideranca-do-mocambola-2019\/\">Costa do Sol mant\u00e9m lideran\u00e7a do Mo\u00e7ambola 2019<\/a><\/blockquote><iframe sandbox=\"allow-scripts\" security=\"restricted\" src=\"https:\/\/www.tvm.co.mz\/novosite\/2019\/06\/10\/costa-do-sol-mantem-lideranca-do-mocambola-2019\/embed\/#?secret=xPv8g5y5fK\" width=\"600\" height=\"338\" title=\"&#8220;Costa do Sol mant\u00e9m lideran\u00e7a do Mo\u00e7ambola 2019&#8221; &#8212; TVM - Televis\u00e3o de Mo\u00e7ambique\" data-secret=\"xPv8g5y5fK\" frameborder=\"0\" marginwidth=\"0\" marginheight=\"0\" scrolling=\"no\" class=\"wp-embedded-content\"><\/iframe><script>\n\/*! This file is auto-generated *\/\n!function(d,l){\"use strict\";l.querySelector&&d.addEventListener&&\"undefined\"!=typeof URL&&(d.wp=d.wp||{},d.wp.receiveEmbedMessage||(d.wp.receiveEmbedMessage=function(e){var t=e.data;if((t||t.secret||t.message||t.value)&&!\/[^a-zA-Z0-9]\/.test(t.secret)){for(var s,r,n,a=l.querySelectorAll('iframe[data-secret=\"'+t.secret+'\"]'),o=l.querySelectorAll('blockquote[data-secret=\"'+t.secret+'\"]'),c=new RegExp(\"^https?:$\",\"i\"),i=0;i<o.length;i++)o[i].style.display=\"none\";for(i=0;i<a.length;i++)s=a[i],e.source===s.contentWindow&&(s.removeAttribute(\"style\"),\"height\"===t.message?(1e3<(r=parseInt(t.value,10))?r=1e3:~~r<200&&(r=200),s.height=r):\"link\"===t.message&&(r=new URL(s.getAttribute(\"src\")),n=new URL(t.value),c.test(n.protocol))&&n.host===r.host&&l.activeElement===s&&(d.top.location.href=t.value))}},d.addEventListener(\"message\",d.wp.receiveEmbedMessage,!1),l.addEventListener(\"DOMContentLoaded\",function(){for(var e,t,s=l.querySelectorAll(\"iframe.wp-embedded-content\"),r=0;r<s.length;r++)(t=(e=s[r]).getAttribute(\"data-secret\"))||(t=Math.random().toString(36).substring(2,12),e.src+=\"#?secret=\"+t,e.setAttribute(\"data-secret\",t)),e.contentWindow.postMessage({message:\"ready\",secret:t},\"*\")},!1)))}(window,document);\n\/\/# sourceURL=https:\/\/www.tvm.co.mz\/novosite\/wp-includes\/js\/wp-embed.min.js\n<\/script>\n","thumbnail_url":"https:\/\/www.tvm.co.mz\/novosite\/wp-content\/uploads\/2019\/06\/COSTA2.jpg","thumbnail_width":730,"thumbnail_height":438,"description":"O Costa do Sol mant\u00e9m-se firme na lideran\u00e7a do Mo\u00e7ambola, com 14 pontos, merc\u00ea da vit\u00f3ria caseira diante do Ferrovi\u00e1rio da Beira, que deu muito trabalho aos pupilos de Hor\u00e1cio Gon\u00e7alves, sem, no entanto, evitar a derrota por uma bola sem concorr\u00eancia, em jogo da sexta jornada da prova. Isolados do topo da tabela classificativa, os \u201ccanarinhos\u201d s\u00e3o seguidos por uma dupla com 12 pontos, designadamente Uni\u00e3o Desportiva do Songo e Text\u00e1frica, que nos seus compromissos da ronda se sa\u00edram a contento. O Songo recebeu e venceu o Ferrovi\u00e1rio de Nacala, por 2-1, e o Text\u00e1frica, na sua desloca\u00e7\u00e3o a Maputo, derrotou o Ferrovi\u00e1rio, em pleno Est\u00e1dio da Machava, por 2-0, naquilo que foi o melhor resultado da ronda. A jornada seis, que produziu 12 golos, registou dois empates, o primeiro no jogo de abertura da jornada, no s\u00e1bado, no Est\u00e1dio Municipal de Vilankulo, que colocou frente a frente a ENH e o rec\u00e9m-promovido Desportivo de Maputo, jogo terminado em 2-2. J\u00e1 em Nampula, no Est\u00e1dio 25 de Junho, o Ferrovi\u00e1rio n\u00e3o foi para al\u00e9m do nulo diante do estreante Ba\u00eda de Pemba. A jornada foi marcada negativamente por uma falta de compar\u00eancia do Incom\u00e1ti, que devia ter jogado no Campo da Bela Vista, em Nacala, diante do Desportivo local e n\u00e3o o fez, por conta de uma greve dos jogadores relacionada com o atraso no pagamento de sal\u00e1rios, que n\u00e3o os recebem h\u00e1 tr\u00eas meses. Refira-se que o presidente da Liga Mo\u00e7ambicana de Futebol (LMF), Ananias Couana, ainda tentou demover os membros da equipa do Incom\u00e1ti, na quinta-feira, para n\u00e3o primarem pela aus\u00eancia neste jogo. Estes esfor\u00e7os redundaram em fracasso, n\u00e3o se sabendo se ao longo dos pr\u00f3ximos dias haver\u00e1 uma sa\u00edda para a situa\u00e7\u00e3o por que os \u201ca\u00e7ucareiros\u201d est\u00e3o a passar e que mina o normal curso da prova m\u00e3e do futebol mo\u00e7ambicano."}