{"version":"1.0","provider_name":"TVM - Televis\u00e3o de Mo\u00e7ambique","provider_url":"https:\/\/www.tvm.co.mz\/novosite","author_name":"Leopoldino Bambo","author_url":"https:\/\/www.tvm.co.mz\/novosite\/author\/lbambo\/","title":"Nyusi na investidura do presidente da RAS - TVM - Televis\u00e3o de Mo\u00e7ambique","type":"rich","width":600,"height":338,"html":"<blockquote class=\"wp-embedded-content\" data-secret=\"YCQUoSZvFT\"><a href=\"https:\/\/www.tvm.co.mz\/novosite\/2019\/05\/24\/nyusi-na-investidura-do-presidente-da-ras-2\/\">Nyusi na investidura do presidente da RAS<\/a><\/blockquote><iframe sandbox=\"allow-scripts\" security=\"restricted\" src=\"https:\/\/www.tvm.co.mz\/novosite\/2019\/05\/24\/nyusi-na-investidura-do-presidente-da-ras-2\/embed\/#?secret=YCQUoSZvFT\" width=\"600\" height=\"338\" title=\"&#8220;Nyusi na investidura do presidente da RAS&#8221; &#8212; TVM - Televis\u00e3o de Mo\u00e7ambique\" data-secret=\"YCQUoSZvFT\" frameborder=\"0\" marginwidth=\"0\" marginheight=\"0\" scrolling=\"no\" class=\"wp-embedded-content\"><\/iframe><script>\n\/*! This file is auto-generated *\/\n!function(d,l){\"use strict\";l.querySelector&&d.addEventListener&&\"undefined\"!=typeof URL&&(d.wp=d.wp||{},d.wp.receiveEmbedMessage||(d.wp.receiveEmbedMessage=function(e){var t=e.data;if((t||t.secret||t.message||t.value)&&!\/[^a-zA-Z0-9]\/.test(t.secret)){for(var s,r,n,a=l.querySelectorAll('iframe[data-secret=\"'+t.secret+'\"]'),o=l.querySelectorAll('blockquote[data-secret=\"'+t.secret+'\"]'),c=new RegExp(\"^https?:$\",\"i\"),i=0;i<o.length;i++)o[i].style.display=\"none\";for(i=0;i<a.length;i++)s=a[i],e.source===s.contentWindow&&(s.removeAttribute(\"style\"),\"height\"===t.message?(1e3<(r=parseInt(t.value,10))?r=1e3:~~r<200&&(r=200),s.height=r):\"link\"===t.message&&(r=new URL(s.getAttribute(\"src\")),n=new URL(t.value),c.test(n.protocol))&&n.host===r.host&&l.activeElement===s&&(d.top.location.href=t.value))}},d.addEventListener(\"message\",d.wp.receiveEmbedMessage,!1),l.addEventListener(\"DOMContentLoaded\",function(){for(var e,t,s=l.querySelectorAll(\"iframe.wp-embedded-content\"),r=0;r<s.length;r++)(t=(e=s[r]).getAttribute(\"data-secret\"))||(t=Math.random().toString(36).substring(2,12),e.src+=\"#?secret=\"+t,e.setAttribute(\"data-secret\",t)),e.contentWindow.postMessage({message:\"ready\",secret:t},\"*\")},!1)))}(window,document);\n\/\/# sourceURL=https:\/\/www.tvm.co.mz\/novosite\/wp-includes\/js\/wp-embed.min.js\n<\/script>\n","thumbnail_url":"https:\/\/www.tvm.co.mz\/novosite\/wp-content\/uploads\/2019\/05\/INVESTIDURAdeRAMAPHOSAja-640x405.jpg","thumbnail_width":640,"thumbnail_height":405,"description":"O Presidente da Rep\u00fablica, Filipe Jacinto Nyusi, participa amanh\u00e3, em Pret\u00f3ria, na cerim\u00f3nia de tomada de posse do Presidente da \u00c1frica do Sul, Matamela Cyril Ramaphosa, eleito nas sextas Elei\u00e7\u00f5es Gerais realizadas a 8 de Maio de 2019. A desloca\u00e7\u00e3o do Chefe de Estado mo\u00e7ambicano \u00e0quele pa\u00eds surge em resposta ao convite formulado pelo seu hom\u00f3logo sul-africano e visa tamb\u00e9m o aprofundamento das rela\u00e7\u00f5es de amizade, solidariedade e coopera\u00e7\u00e3o entre os dois povos e pa\u00edses. Nesta desloca\u00e7\u00e3o, o Presidente Nyusi far-se-\u00e1 acompanhar pela vice-ministra dos Neg\u00f3cios Estrangeiros e Coopera\u00e7\u00e3o, Maria Manuela dos Santos Lucas; pelo alto-comiss\u00e1rio da Rep\u00fablica de Mo\u00e7ambique junto da Rep\u00fablica da \u00c1frica do Sul, Paulino Macaringue, e por quadros da Presid\u00eancia da Rep\u00fablica e de outras institui\u00e7\u00f5es do Estado."}