{"version":"1.0","provider_name":"TVM - Televis\u00e3o de Mo\u00e7ambique","provider_url":"https:\/\/www.tvm.co.mz\/novosite","author_name":"Leopoldino Bambo","author_url":"https:\/\/www.tvm.co.mz\/novosite\/author\/lbambo\/","title":"Cabo Delgado vacina contra a c\u00f3lera - TVM - Televis\u00e3o de Mo\u00e7ambique","type":"rich","width":600,"height":338,"html":"<blockquote class=\"wp-embedded-content\" data-secret=\"Mu4CgRShyp\"><a href=\"https:\/\/www.tvm.co.mz\/novosite\/2019\/05\/18\/cabo-delgado-vacina-contra-a-colera\/\">Cabo Delgado vacina contra a c\u00f3lera<\/a><\/blockquote><iframe sandbox=\"allow-scripts\" security=\"restricted\" src=\"https:\/\/www.tvm.co.mz\/novosite\/2019\/05\/18\/cabo-delgado-vacina-contra-a-colera\/embed\/#?secret=Mu4CgRShyp\" width=\"600\" height=\"338\" title=\"&#8220;Cabo Delgado vacina contra a c\u00f3lera&#8221; &#8212; TVM - Televis\u00e3o de Mo\u00e7ambique\" data-secret=\"Mu4CgRShyp\" frameborder=\"0\" marginwidth=\"0\" marginheight=\"0\" scrolling=\"no\" class=\"wp-embedded-content\"><\/iframe><script>\n\/*! This file is auto-generated *\/\n!function(d,l){\"use strict\";l.querySelector&&d.addEventListener&&\"undefined\"!=typeof URL&&(d.wp=d.wp||{},d.wp.receiveEmbedMessage||(d.wp.receiveEmbedMessage=function(e){var t=e.data;if((t||t.secret||t.message||t.value)&&!\/[^a-zA-Z0-9]\/.test(t.secret)){for(var s,r,n,a=l.querySelectorAll('iframe[data-secret=\"'+t.secret+'\"]'),o=l.querySelectorAll('blockquote[data-secret=\"'+t.secret+'\"]'),c=new RegExp(\"^https?:$\",\"i\"),i=0;i<o.length;i++)o[i].style.display=\"none\";for(i=0;i<a.length;i++)s=a[i],e.source===s.contentWindow&&(s.removeAttribute(\"style\"),\"height\"===t.message?(1e3<(r=parseInt(t.value,10))?r=1e3:~~r<200&&(r=200),s.height=r):\"link\"===t.message&&(r=new URL(s.getAttribute(\"src\")),n=new URL(t.value),c.test(n.protocol))&&n.host===r.host&&l.activeElement===s&&(d.top.location.href=t.value))}},d.addEventListener(\"message\",d.wp.receiveEmbedMessage,!1),l.addEventListener(\"DOMContentLoaded\",function(){for(var e,t,s=l.querySelectorAll(\"iframe.wp-embedded-content\"),r=0;r<s.length;r++)(t=(e=s[r]).getAttribute(\"data-secret\"))||(t=Math.random().toString(36).substring(2,12),e.src+=\"#?secret=\"+t,e.setAttribute(\"data-secret\",t)),e.contentWindow.postMessage({message:\"ready\",secret:t},\"*\")},!1)))}(window,document);\n\/\/# sourceURL=https:\/\/www.tvm.co.mz\/novosite\/wp-includes\/js\/wp-embed.min.js\n<\/script>\n","thumbnail_url":"https:\/\/www.tvm.co.mz\/novosite\/wp-content\/uploads\/2019\/05\/48603400_7.jpg","thumbnail_width":1920,"thumbnail_height":1080,"description":"PERTO de 285 mil pessoas ser\u00e3o imunizadas contra a c\u00f3lera na prov\u00edncia de Cabo Delgado, durante a primeira fase da campanha de vacina\u00e7\u00e3o lan\u00e7ada ontem na capital provincial, Pemba, que durante cinco dias vai cobrir tamb\u00e9m os distritos de Mec\u00fafi e Metuge. Segundo dados confirmados na ocasi\u00e3o, nas \u00faltimas semanas a doen\u00e7a afectou 180 pessoas, sem registo para \u00f3bitos. Ligado \u00e0 campanha, o Minist\u00e9rio da Sa\u00fade recebeu do UNICEF mais de 500 mil doses orais da vacina, quantidade que se espera suficiente para cobrir as necessidades de vacina\u00e7\u00e3o na prov\u00edncia, que dever\u00e1 decorrer em duas fases. O governador da prov\u00edncia, J\u00falio Parruque, que procedeu ao lan\u00e7amento da campanha em cerim\u00f3nia que decorreu no Centro de Sa\u00fade do bairro Eduardo Mondlane, exortou os gestores da Sa\u00fade na prov\u00edncia, os governos dos distritos abrangidos pela vacina\u00e7\u00e3o, no sentido de tudo fazer para que a campanha seja um marco na preven\u00e7\u00e3o da c\u00f3lera naquela prov\u00edncia, que det\u00e9m uma das taxas de preval\u00eancia mais altas do pa\u00eds. Segundo as autoridades, al\u00e9m dos 180 casos cumulativos registados at\u00e9 ao momento, h\u00e1 um n\u00famero n\u00e3o especificado de portadores assintom\u00e1ticos, que podem desenvolver a doen\u00e7a a qualquer momento, por existir factores suscept\u00edveis de propiciar tal cen\u00e1rio, nomeadamente o transbordo de latrinas devido \u00e0s \u00e1guas da chuva que se seguiu ao ciclone, entre outras raz\u00f5es. Para al\u00e9m de exortar a popula\u00e7\u00e3o a aderir massivamente \u00e0 campanha de vacina\u00e7\u00e3o, J\u00falio Parruque desencorajou os promotores de desinforma\u00e7\u00e3o contra a vacina\u00e7\u00e3o, tendo destacado que a vacina\u00e7\u00e3o vai trazer ganhos para toda a prov\u00edncia. A vacina contra c\u00f3lera, que segundo o Instituto Nacional de Sa\u00fade deve ser tomada em duas fases para aumentar sua efic\u00e1cia, tendo sido testada com sucesso nas prov\u00edncias de Nampula, Tete, Manica, Sofala, nesta \u00faltima depois da passagem do ciclone Idai. A Organiza\u00e7\u00e3o Mundial de Sa\u00fade (OMS) congratulou os esfor\u00e7os do Governo e de parceiros, pelas medidas de preven\u00e7\u00e3o e interven\u00e7\u00e3o antes e p\u00f3s-ciclone, respectivamente, que fizeram com que, vinte dias depois da passagem do fen\u00f3meno, a popula\u00e7\u00e3o afectada inicia-se o processo de reconstru\u00e7\u00e3o das suas vidas."}