{"version":"1.0","provider_name":"TVM - Televis\u00e3o de Mo\u00e7ambique","provider_url":"https:\/\/www.tvm.co.mz\/novosite","author_name":"Leopoldino Bambo","author_url":"https:\/\/www.tvm.co.mz\/novosite\/author\/lbambo\/","title":"SADC discute partilha de \u00e1gua - TVM - Televis\u00e3o de Mo\u00e7ambique","type":"rich","width":600,"height":338,"html":"<blockquote class=\"wp-embedded-content\" data-secret=\"3sqTl7qv9z\"><a href=\"https:\/\/www.tvm.co.mz\/novosite\/2019\/05\/14\/sadc-discute-partilha-de-agua\/\">SADC discute partilha de \u00e1gua<\/a><\/blockquote><iframe sandbox=\"allow-scripts\" security=\"restricted\" src=\"https:\/\/www.tvm.co.mz\/novosite\/2019\/05\/14\/sadc-discute-partilha-de-agua\/embed\/#?secret=3sqTl7qv9z\" width=\"600\" height=\"338\" title=\"&#8220;SADC discute partilha de \u00e1gua&#8221; &#8212; TVM - Televis\u00e3o de Mo\u00e7ambique\" data-secret=\"3sqTl7qv9z\" frameborder=\"0\" marginwidth=\"0\" marginheight=\"0\" scrolling=\"no\" class=\"wp-embedded-content\"><\/iframe><script>\n\/*! This file is auto-generated *\/\n!function(d,l){\"use strict\";l.querySelector&&d.addEventListener&&\"undefined\"!=typeof URL&&(d.wp=d.wp||{},d.wp.receiveEmbedMessage||(d.wp.receiveEmbedMessage=function(e){var t=e.data;if((t||t.secret||t.message||t.value)&&!\/[^a-zA-Z0-9]\/.test(t.secret)){for(var s,r,n,a=l.querySelectorAll('iframe[data-secret=\"'+t.secret+'\"]'),o=l.querySelectorAll('blockquote[data-secret=\"'+t.secret+'\"]'),c=new RegExp(\"^https?:$\",\"i\"),i=0;i<o.length;i++)o[i].style.display=\"none\";for(i=0;i<a.length;i++)s=a[i],e.source===s.contentWindow&&(s.removeAttribute(\"style\"),\"height\"===t.message?(1e3<(r=parseInt(t.value,10))?r=1e3:~~r<200&&(r=200),s.height=r):\"link\"===t.message&&(r=new URL(s.getAttribute(\"src\")),n=new URL(t.value),c.test(n.protocol))&&n.host===r.host&&l.activeElement===s&&(d.top.location.href=t.value))}},d.addEventListener(\"message\",d.wp.receiveEmbedMessage,!1),l.addEventListener(\"DOMContentLoaded\",function(){for(var e,t,s=l.querySelectorAll(\"iframe.wp-embedded-content\"),r=0;r<s.length;r++)(t=(e=s[r]).getAttribute(\"data-secret\"))||(t=Math.random().toString(36).substring(2,12),e.src+=\"#?secret=\"+t,e.setAttribute(\"data-secret\",t)),e.contentWindow.postMessage({message:\"ready\",secret:t},\"*\")},!1)))}(window,document);\n\/\/# sourceURL=https:\/\/www.tvm.co.mz\/novosite\/wp-includes\/js\/wp-embed.min.js\n<\/script>\n","thumbnail_url":"https:\/\/www.tvm.co.mz\/novosite\/wp-content\/uploads\/2019\/05\/O-Rio-Limpopo-uma-das-fgontes-de-gua-partilhadas-entre-Moambique-frica-do-Sul-e-Zimbabwe.gif","thumbnail_width":770,"thumbnail_height":513,"description":"NENHUM pa\u00eds da Comunidade para oDesenvolvimento da \u00c1frica Austral (SADC) deve ficar sem \u00e1gua em raz\u00e3o da falta de coordena\u00e7\u00e3o na gest\u00e3o dos recursos dispon\u00edveis. A posi\u00e7\u00e3o foi defendida ontem pelo Governador da prov\u00edncia de Maputo, Raimundo Diomba, intervindo na sess\u00e3o de abertura da reuni\u00e3o da River and Environmental Management Cooperation (REMCO) \u2013 entidade regional de coopera\u00e7\u00e3o nas \u00e1reas de ambiente e recursos h\u00eddricos, que decorre desde ontem na cidade da Matola. A expectativa de Diomba \u00e9 que o encontro resulte em plataformas refor\u00e7adas para uma coopera\u00e7\u00e3o que possibilite o uso racional e partilhado da \u00e1gua, sobretudo nesta fase em que a regi\u00e3o enfrenta secas prolongadas No mesmo diapas\u00e3o alinhou Bernard Shongue, respons\u00e1vel da Autoridade da Bacia Hidrogr\u00e1fica de Komati, para quem a coordena\u00e7\u00e3o tem sido crucial no uso racional da \u00e1gua do Rio Incom\u00e1ti, em particular, acrescentando esperar resultados e recomenda\u00e7\u00f5es que concorram para a melhoria dos la\u00e7os. Por seu turno, Victor Tacuale, vice-ministro das Obras P\u00fablicas, Habita\u00e7\u00e3o e Recursos H\u00eddricos, destacou a import\u00e2ncia das parcerias entre os pa\u00edses da SADC na gest\u00e3o da \u00e1gua, assumindo que \u00e9 um recurso escasso. Segundo Tacuale, a aten\u00e7\u00e3o que o Governo atribui \u00e0 coopera\u00e7\u00e3o se justifica,entre outras raz\u00f5es, pelo facto de Mo\u00e7ambique partilhar nove das suas principais bacias hidrogr\u00e1ficas com v\u00e1rios pa\u00edses da regi\u00e3o. Tauacale, que discursava na abertura do encontro da REMCO, disse que o pa\u00eds conta j\u00e1 com cerca de 20 anos de experi\u00eancia no estabelecimento e manuten\u00e7\u00e3o de gest\u00e3o partilhada dos recursos h\u00eddricos. Tem acordos com v\u00e1rios membros da SADC,com destaque para \u00c1frica do Sul, Zimbabwe, Z\u00e2mbia, Malawi, Tanzania, Botswana, nascentes ou territ\u00f3rios percorridos pelos rios que desaguam na costa mo\u00e7ambicana. A confer\u00eancia da REMCO que ontem arrancou na cidade da Matola e que amanh\u00e3 termina \u00e9 a quinta e junta Mo\u00e7ambique, \u00c1frica do Sul e o reino de eSwatini, tendo como base das discuss\u00f5es a bacia do Incom\u00e1ti, que atravessa os tr\u00eas pa\u00edses. O f\u00f3rum conta ainda com Alemanha e Holanda, tendo em conta que foi criado para melhorar a gest\u00e3o das bacias transfronteiri\u00e7as do Incom\u00e1ti e Vecht, que liga os dois pa\u00edses europeus. A confer\u00eancia constitutiva realizou-se em 2009 na Alemanha."}