{"version":"1.0","provider_name":"TVM - Televis\u00e3o de Mo\u00e7ambique","provider_url":"https:\/\/www.tvm.co.mz\/novosite","author_name":"Edson Sengo","author_url":"https:\/\/www.tvm.co.mz\/novosite\/author\/esengo\/","title":"CASO SAMORA MACHEL J\u00daNIOR - TVM - Televis\u00e3o de Mo\u00e7ambique","type":"rich","width":600,"height":338,"html":"<blockquote class=\"wp-embedded-content\" data-secret=\"qGfZhanFGg\"><a href=\"https:\/\/www.tvm.co.mz\/novosite\/2019\/02\/17\/caso-samora-machel-junior\/\">CASO SAMORA MACHEL J\u00daNIOR<\/a><\/blockquote><iframe sandbox=\"allow-scripts\" security=\"restricted\" src=\"https:\/\/www.tvm.co.mz\/novosite\/2019\/02\/17\/caso-samora-machel-junior\/embed\/#?secret=qGfZhanFGg\" width=\"600\" height=\"338\" title=\"&#8220;CASO SAMORA MACHEL J\u00daNIOR&#8221; &#8212; TVM - Televis\u00e3o de Mo\u00e7ambique\" data-secret=\"qGfZhanFGg\" frameborder=\"0\" marginwidth=\"0\" marginheight=\"0\" scrolling=\"no\" class=\"wp-embedded-content\"><\/iframe><script>\n\/*! This file is auto-generated *\/\n!function(d,l){\"use strict\";l.querySelector&&d.addEventListener&&\"undefined\"!=typeof URL&&(d.wp=d.wp||{},d.wp.receiveEmbedMessage||(d.wp.receiveEmbedMessage=function(e){var t=e.data;if((t||t.secret||t.message||t.value)&&!\/[^a-zA-Z0-9]\/.test(t.secret)){for(var s,r,n,a=l.querySelectorAll('iframe[data-secret=\"'+t.secret+'\"]'),o=l.querySelectorAll('blockquote[data-secret=\"'+t.secret+'\"]'),c=new RegExp(\"^https?:$\",\"i\"),i=0;i<o.length;i++)o[i].style.display=\"none\";for(i=0;i<a.length;i++)s=a[i],e.source===s.contentWindow&&(s.removeAttribute(\"style\"),\"height\"===t.message?(1e3<(r=parseInt(t.value,10))?r=1e3:~~r<200&&(r=200),s.height=r):\"link\"===t.message&&(r=new URL(s.getAttribute(\"src\")),n=new URL(t.value),c.test(n.protocol))&&n.host===r.host&&l.activeElement===s&&(d.top.location.href=t.value))}},d.addEventListener(\"message\",d.wp.receiveEmbedMessage,!1),l.addEventListener(\"DOMContentLoaded\",function(){for(var e,t,s=l.querySelectorAll(\"iframe.wp-embedded-content\"),r=0;r<s.length;r++)(t=(e=s[r]).getAttribute(\"data-secret\"))||(t=Math.random().toString(36).substring(2,12),e.src+=\"#?secret=\"+t,e.setAttribute(\"data-secret\",t)),e.contentWindow.postMessage({message:\"ready\",secret:t},\"*\")},!1)))}(window,document);\n\/\/# sourceURL=https:\/\/www.tvm.co.mz\/novosite\/wp-includes\/js\/wp-embed.min.js\n<\/script>\n","thumbnail_url":"https:\/\/www.tvm.co.mz\/novosite\/wp-content\/uploads\/2019\/02\/SAMITOO.png","thumbnail_width":705,"thumbnail_height":465,"description":"O Membro da Comiss\u00e3o Pol\u00edtica da Frelimo afirmou que n\u00e3o ouve falha na selec\u00e7\u00e3o de candidatos do partido, sobretudo ao n\u00edvel da Cidade de Maputo para as \u00faltimas elei\u00e7\u00f5es aut\u00e1rquicas. Manuel Tom\u00e9 disse que a Frelimo abandonou as candidaturas por vontade pr\u00f3pria ao optar por m\u00e9todo de escrutino interno. Tom\u00e9 referiu que tem que se analisar se o caso de Samora Machel J\u00fanior seguiu os procedimentos internos de selec\u00e7\u00e3o de candidaturas. [iframe width=&#8221;880&#8243; height=&#8221;395&#8243; src=&#8221;https:\/\/www.youtube.com\/embed\/qM1UHEyZ4p8&#8243; frameborder=&#8221;0&#8243; allow=&#8221;accelerometer; autoplay; encrypted-media; gyroscope; picture-in-picture&#8221; allowfullscreen ]"}